{"id":1956,"date":"2014-12-21T02:51:08","date_gmt":"2014-12-21T01:51:08","guid":{"rendered":"http:\/\/360.aktiv-panorama.de\/?page_id=1956"},"modified":"2015-02-09T23:36:25","modified_gmt":"2015-02-09T22:36:25","slug":"cannes","status":"publish","type":"page","link":"https:\/\/www.aktiv-panorama.de\/?page_id=1956","title":{"rendered":"360\u00b0-Panoramen von Cannes"},"content":{"rendered":"<!-- $is_fullpage = 0 -->\n\t\t<script type=\"text\/javascript\"> \n\n\t\t\tjQuery(document).ready(function() {\n\t\t\t\tvar fsliderContainerWidth = jQuery(\"#fgallery-slider-3625-wrapper\").width();\n\t\t\t\tvar fsliderContainerHeight = Math.floor(fsliderContainerWidth * 20 \/ 100);\n\t\t\t\tvar fsliderWindowWidth = jQuery(window).width();\n\t\t\t\tvar fsliderWindowHeight = jQuery(window).height();\n\t\t\t\tvar isFullTemplate = 0;\n\t\t\t\tvar sliderMinHeight = 0;\n\n\t\t\t\tif ( $(\"#fgallery-slider-3625-wrapper\").parents(\".textwidget\").length == 1 ) { \n\t\t\t\t   var isInWidget = 1;\n\t\t\t\t} else {\n\t\t\t\t   var isInWidget = 0;\n\t\t\t\t}\n\n\t\t\t\tif ( fsliderContainerHeight < sliderMinHeight ) {\n\t\t\t\t\tfsliderContainerHeight = sliderMinHeight;\n\t\t\t\t}\n\n\t\t\t\tif ( fsliderWindowWidth < 768 && fsliderContainerHeight < 0.65 * fsliderWindowHeight && isInWidget == 0 && isFullTemplate == 1 ) {\n\t\t\t\t\tfsliderContainerHeight = Math.floor( 0.65 * fsliderWindowHeight );\n\t\t\t\t}\n\t\t\t\t\/\/alert(fsliderWindowWidth + ', ' + fsliderContainerHeight + ', ' + 0.4 * fsliderWindowHeight + ', ' + isInWidget + ', ' + isFullTemplate);\n\t\t\t\tjQuery(\".fs-image-container-3625\").css( {\n\t\t\t\t\t\"height\": fsliderContainerHeight, \"padding-top\": 0, \"width\": \"100%\", \"display\": \"block\"\n\t\t\t\t});\n\t\t\t\tvar fslider3625 = $(\"#fslider-3625\").bxSlider( {\n\t\tmode: 'fade', \n\t\tspeed: 1500, \n\t\tauto: true, \n\t\tpause: 5000, \n\t\tcontrols: true, \n\t\tpager: false, \n\t\tautoHover: false, \n\t\teasing: 'ease',\n\t\tnextText: '',\n\t\tprevText: ''\n\t\t});\n\t\t\t\tvar currentslide;\n\t\t\t\t(function($) {\n\t\t\t\t\t$(window).resize(sliderResizeFunction);\n\t\t\t\t\tfunction sliderResizeFunction () {\n\t\t\t\t\t\tcurrentslide = fslider3625.getCurrentSlide();\n\t\t\t\t\t\tfslider3625.destroySlider();\n\t\t\t\t\t\tfsliderContainerWidth = jQuery(\"#fgallery-slider-3625-wrapper\").width();\n\t\t\t\t\t\tfsliderContainerHeight = Math.floor(fsliderContainerWidth * 20 \/ 100);\n\t\t\t\t\t\tfsliderWindowWidth = jQuery(window).width();\n\t\t\t\t\t\tfsliderWindowHeight = jQuery(window).height();\n\t\t\t\t\t\tif ( fsliderContainerHeight < sliderMinHeight ) {\n\t\t\t\t\t\t\tfsliderContainerHeight = sliderMinHeight;\n\t\t\t\t\t\t}\n\t\t\t\t\t\tif ( fsliderWindowWidth < 768 && fsliderContainerHeight < 0.65 * fsliderWindowHeight && isInWidget == 0 && isFullTemplate == 1 ) {\n\t\t\t\t\t\t\tfsliderContainerHeight = Math.floor( 0.65 * fsliderWindowHeight );\n\t\t\t\t\t\t}\n\t\t\t\t\t\tjQuery(\".fs-image-container-3625\").css( {\n\t\t\t\t\t\t\t\"height\": fsliderContainerHeight, \"padding-top\": 0, \"width\": \"100%\"\n\t\t\t\t\t\t});\n\t\t\t\t\t\tfslider3625.reloadSlider();\n\t\t\t\t\t\t\/*fslider3625 = $(\"#fslider-3625\").bxSlider( {\n\t\tmode: 'fade', \n\t\tspeed: 1500, \n\t\tauto: true, \n\t\tpause: 5000, \n\t\tcontrols: true, \n\t\tpager: false, \n\t\tautoHover: false, \n\t\teasing: 'ease',\n\t\tnextText: '',\n\t\tprevText: ''\n\t\t});*\/\n\t\t\t\t\t};\n\t\t\t\t})(jQuery);\n\t\t\t}); \n\n\t\t<\/script><!-- slider wrapper start --><div id=\"fgallery-slider-3625-wrapper\" class=\"fgallery-slider-wrapper gp-wrap gpovh\"><style type=\"text\/css\" scoped>.fs-image-container-3625 { width: 100%; padding-top: 20%; background-size: cover; background-position: center; transform: rotate( .0001deg );} <\/style><div id=\"fslider-3625\"><div class=\"fs-image-container fs-image-container-3625\" style=\"background-image: url(https:\/\/www.aktiv-panorama.de\/wp-content\/uploads\/2015\/01\/Cannes-Panorama-1_5-1_2560.jpg); display: none;\"><img decoding=\"async\" src=\"https:\/\/www.aktiv-panorama.de\/wp-content\/themes\/geopress360-v3.4.6\/img\/transparent.png\" style=\"width: 100%; height: 100%;\" alt=\"\" \/><\/div><div class=\"fs-image-container fs-image-container-3625\" style=\"background-image: url(https:\/\/www.aktiv-panorama.de\/wp-content\/uploads\/2015\/01\/Cannes-Panorama-2_4-1_2560.jpg); display: none;\"><img decoding=\"async\" src=\"https:\/\/www.aktiv-panorama.de\/wp-content\/themes\/geopress360-v3.4.6\/img\/transparent.png\" style=\"width: 100%; height: 100%;\" alt=\"\" \/><\/div><div class=\"fs-image-container fs-image-container-3625\" style=\"background-image: url(https:\/\/www.aktiv-panorama.de\/wp-content\/uploads\/2015\/01\/Cannes-Panorama-7_5-1_2560.jpg); display: none;\"><img decoding=\"async\" src=\"https:\/\/www.aktiv-panorama.de\/wp-content\/themes\/geopress360-v3.4.6\/img\/transparent.png\" style=\"width: 100%; height: 100%;\" alt=\"\" \/><\/div><\/div><\/div><!-- slider wrapper end -->\n<div class=\"gp-wrap gpcenter gpovh entry-sep bwi-entry-sep\" style=\"\"><\/div>\n<div class=\"gp-wrap gpcenter gpovh accent-bg-nh fp-bf-container\" style=\"\"> <div class=\"gp-container gpcenter gpovh \" style=\"\">\n<h1 class=\"altfont fp-bf-title\" style=\"text-align: center;\"><span style=\"color: #dbdbdb;\"><div class=\"gp-wrap gpovh tac\">\n\r<div style=\"width: 48px; height: 48px; line-height: 48px; margin: 0 auto; text-align: center; background: transparent; color: ; border-radius: px; font-size: 34px; margin-bottom: 10px;\">\n\r<span class=\"icon-arrows-cw-1\"><\/span>\n\r<\/div>\n\r<\/div>\n\r\u00a0360\u00b0-Panoramen von\u00a0Cannes<\/span><\/h1>\n<div class=\"fp-bf-underline tac\" style=\"\"><\/div><\/div><\/div>\n<p style=\"text-align: left;\"><!-- content block 1965 starts here -->\r\n<div class=\"gp-wrap gpovh \" style=\"color:#6f5d4d\">\r\n<!-- Column 1starts here -->\r\n<div class=\"gp-cblk gp-col-48 \" style=\"\">\r\n<h2 style=\"text-align: center;\"><a title=\"Yachten im Hafen von Cannes\" href=\"https:\/\/www.aktiv-panorama.de\/360panoramen\/Cannes\/Yachten_-_Jatee-Edouard\/\">Yachten am Hafen (Jet\u00e9e Albert Edouard)<\/a><br \/>\n<!-- $pano_height =  -->\r\n<!-- $gp_pano_url = https:\/\/www.aktiv-panorama.de\/360panoramen\/Cannes\/Yachten_-_Jatee-Edouard\/ -->\n\r<div id=\"pano-thumb-container-1760\" class=\"pano-thumb-container gp-container gpovh tac entry-thumb\">\r\n<a href=\"https:\/\/www.aktiv-panorama.de\/360panoramen\/Cannes\/Yachten_-_Jatee-Edouard\/\" target=\"_blank\">\r\n<img decoding=\"async\" src=\"https:\/\/www.aktiv-panorama.de\/wp-content\/uploads\/2014\/12\/Cannes-Yachten-am-Jatee-Edouard_3-1-1024x341.jpg\">\r\n<span class=\"imgl2mp\"><\/span><\/a>\r\n<\/div>\r\n<div  id=\"pano-open-link-1760\" class=\"pano-open-link\">\r\n<a href=\"https:\/\/www.aktiv-panorama.de\/360panoramen\/Cannes\/Yachten_-_Jatee-Edouard\/\" target=\"_blank\"><span class=\"icon-cw-circled\"><\/span>Panorama ansehen<\/a>\r\n<\/div>\r\n<!-- $gp_pagebldr_display_mode =  -->\r\n<\/h2>\n\r\n<\/div>\r\n<!-- Column 1ends here -->\r\n<!-- Column 2starts here -->\r\n<div class=\"gp-cblk gp-col-48 gppush3 \" style=\"\">\r\n<h2 style=\"text-align: center;\"><a title=\"Cannes - Hotel de Ville\" href=\"https:\/\/www.aktiv-panorama.de\/360panoramen\/Cannes\/Hotel_de_Ville_und_Kriegerdenkmal\/\">Hotel de Ville und Kriegerdenkmal<\/a><br \/>\n<!-- $pano_height =  -->\r\n<!-- $gp_pano_url = https:\/\/www.aktiv-panorama.de\/360panoramen\/Cannes\/Hotel_de_Ville_und_Kriegerdenkmal\/ -->\n\r<div id=\"pano-thumb-container-3586\" class=\"pano-thumb-container gp-container gpovh tac entry-thumb\">\r\n<a href=\"https:\/\/www.aktiv-panorama.de\/360panoramen\/Cannes\/Hotel_de_Ville_und_Kriegerdenkmal\/\" target=\"_blank\">\r\n<img decoding=\"async\" src=\"https:\/\/www.aktiv-panorama.de\/wp-content\/uploads\/2015\/01\/Cannes_3_3-1_1500-1024x341.jpg\">\r\n<span class=\"imgl2mp\"><\/span><\/a>\r\n<\/div>\r\n<div  id=\"pano-open-link-3586\" class=\"pano-open-link\">\r\n<a href=\"https:\/\/www.aktiv-panorama.de\/360panoramen\/Cannes\/Hotel_de_Ville_und_Kriegerdenkmal\/\" target=\"_blank\"><span class=\"icon-cw-circled\"><\/span>Panorama ansehen<\/a>\r\n<\/div>\r\n<!-- $gp_pagebldr_display_mode =  -->\r\n<\/h2>\n\r\n<\/div>\r\n<!-- Column 2ends here -->\r\n<\/div>\r\n<!-- Content block 1965 ends here -->\r\n\n<!-- content block 3622 starts here -->\r\n<div class=\"gp-wrap gpovh \" style=\"color:#515f66\">\r\n<!-- Column 1starts here -->\r\n<div class=\"gp-cblk gp-col-31 \" style=\"\">\r\n<h2 style=\"text-align: center;\"><a title=\"Jetee Albert Edouard\" href=\"https:\/\/www.aktiv-panorama.de\/360panoramen\/Cannes\/Lerins-Theatres_an_der_Jetee_Albert-Edouard\/\">Lerins Theatre an der Jet\u00e9e Albert Edouard<\/a><br \/>\n<!-- $pano_height =  -->\r\n<!-- $gp_pano_url = https:\/\/www.aktiv-panorama.de\/360panoramen\/Cannes\/Lerins-Theatres_an_der_Jetee_Albert-Edouard\/ -->\n\r<div id=\"pano-thumb-container-3568\" class=\"pano-thumb-container gp-container gpovh tac entry-thumb\">\r\n<a href=\"https:\/\/www.aktiv-panorama.de\/360panoramen\/Cannes\/Lerins-Theatres_an_der_Jetee_Albert-Edouard\/\" target=\"_blank\">\r\n<img decoding=\"async\" src=\"https:\/\/www.aktiv-panorama.de\/wp-content\/uploads\/2015\/01\/Cannes_1_3-1_1500-1024x341.jpg\">\r\n<span class=\"imgl2mp\"><\/span><\/a>\r\n<\/div>\r\n<div  id=\"pano-open-link-3568\" class=\"pano-open-link\">\r\n<a href=\"https:\/\/www.aktiv-panorama.de\/360panoramen\/Cannes\/Lerins-Theatres_an_der_Jetee_Albert-Edouard\/\" target=\"_blank\"><span class=\"icon-cw-circled\"><\/span>Panorama ansehen<\/a>\r\n<\/div>\r\n<!-- $gp_pagebldr_display_mode =  -->\r\n<\/h2>\n\r\n<\/div>\r\n<!-- Column 1ends here -->\r\n<!-- Column 2starts here -->\r\n<div class=\"gp-cblk gp-col-31 gppush3 \" style=\"\">\r\n<div class=\"card-reveal-top-container\">\n<div class=\"cards-reveal-title cards-strong\">\n<div class=\"cards-reveal-address\">\n<div>\n<h2 class=\"cards-reveal-address-line cards-text-truncate\" style=\"text-align: center;\"><a title=\"Promendade Robert Favre le Bret\" href=\"https:\/\/www.aktiv-panorama.de\/360panoramen\/Cannes\/Promenade_Robert_Favre_Le_Bret\/\">Promenade Robert Favre le Bret<\/a><br \/>\n<!-- $pano_height =  -->\r\n<!-- $gp_pano_url = https:\/\/www.aktiv-panorama.de\/360panoramen\/Cannes\/Promenade_Robert_Favre_Le_Bret\/ -->\n\r<div id=\"pano-thumb-container-3581\" class=\"pano-thumb-container gp-container gpovh tac entry-thumb\">\r\n<a href=\"https:\/\/www.aktiv-panorama.de\/360panoramen\/Cannes\/Promenade_Robert_Favre_Le_Bret\/\" target=\"_blank\">\r\n<img decoding=\"async\" src=\"https:\/\/www.aktiv-panorama.de\/wp-content\/uploads\/2015\/01\/Cannes-Promenade-Robert-Favre-Le-Bret_3-1_1500-1024x341.jpg\">\r\n<span class=\"imgl2mp\"><\/span><\/a>\r\n<\/div>\r\n<div  id=\"pano-open-link-3581\" class=\"pano-open-link\">\r\n<a href=\"https:\/\/www.aktiv-panorama.de\/360panoramen\/Cannes\/Promenade_Robert_Favre_Le_Bret\/\" target=\"_blank\"><span class=\"icon-cw-circled\"><\/span>Panorama ansehen<\/a>\r\n<\/div>\r\n<!-- $gp_pagebldr_display_mode =  -->\r\n<\/h2>\n<\/div>\n<\/div>\n<\/div>\n<\/div>\n\r\n<\/div>\r\n<!-- Column 2ends here -->\r\n<!-- Column 3starts here -->\r\n<div class=\"gp-cblk gp-col-31 gppush3 \" style=\"\">\r\n<h2 style=\"text-align: center;\"><a title=\"Jetee Albert Edouard\" href=\"https:\/\/www.aktiv-panorama.de\/360panoramen\/Cannes\/Promenade_an_der_Jetee_Albert_Edouard\/\">Jet\u00e9e Albert Edouard<\/a><br \/>\n<!-- $pano_height =  -->\r\n<!-- $gp_pano_url = https:\/\/www.aktiv-panorama.de\/360panoramen\/Cannes\/Promenade_an_der_Jetee_Albert_Edouard\/ -->\n\r<div id=\"pano-thumb-container-3583\" class=\"pano-thumb-container gp-container gpovh tac entry-thumb\">\r\n<a href=\"https:\/\/www.aktiv-panorama.de\/360panoramen\/Cannes\/Promenade_an_der_Jetee_Albert_Edouard\/\" target=\"_blank\">\r\n<img decoding=\"async\" src=\"https:\/\/www.aktiv-panorama.de\/wp-content\/uploads\/2015\/01\/Cannes_2_3-1_1500-1024x341.jpg\">\r\n<span class=\"imgl2mp\"><\/span><\/a>\r\n<\/div>\r\n<div  id=\"pano-open-link-3583\" class=\"pano-open-link\">\r\n<a href=\"https:\/\/www.aktiv-panorama.de\/360panoramen\/Cannes\/Promenade_an_der_Jetee_Albert_Edouard\/\" target=\"_blank\"><span class=\"icon-cw-circled\"><\/span>Panorama ansehen<\/a>\r\n<\/div>\r\n<!-- $gp_pagebldr_display_mode =  -->\r\n<\/h2>\n\r\n<\/div>\r\n<!-- Column 3ends here -->\r\n<\/div>\r\n<!-- Content block 3622 ends here -->\r\n\n<div class=\"gp-wrap gpcenter gpovh entry-sep bwi-entry-sep\" style=\"\"><\/div>\n<div class=\"gp-wrap gpcenter gpovh accent-bg-nh fp-bf-container\" style=\"\"> <div class=\"gp-container gpcenter gpovh \" style=\"\">\n<h1 class=\"altfont fp-bf-title\" style=\"text-align: center;\"><span style=\"color: #dbdbdb;\"><div class=\"gp-wrap gpovh tac\">\n\r<div style=\"width: 48px; height: 48px; line-height: 48px; margin: 0 auto; text-align: center; background: transparent; color: ; border-radius: px; font-size: 34px; margin-bottom: 10px;\">\n\r<span class=\"icon-exchange\"><\/span>\n\r<\/div>\n\r<\/div>\n\r\u00a0Panoramen von\u00a0Cannes \/ K\u00fcste der C\u00f4te d&#8217;Azur<\/span><\/h1>\n<div class=\"fp-bf-underline tac\" style=\"\"><\/div><\/div><\/div>\n<p>&nbsp;<\/p>\n<p style=\"text-align: center;\"><a title=\"Hafenpanorama von Cannes\" href=\"https:\/\/www.aktiv-panorama.de\/panoramen\/Cannes\/Hafen_1\/\"><img loading=\"lazy\" decoding=\"async\" class=\"aligncenter wp-image-3589 size-full\" src=\"https:\/\/www.aktiv-panorama.de\/wp-content\/uploads\/2015\/01\/Cannes-Panorama-1_5-1_2560.jpg\" alt=\"Hafen von Cannes\" width=\"2560\" height=\"512\" srcset=\"https:\/\/www.aktiv-panorama.de\/wp-content\/uploads\/2015\/01\/Cannes-Panorama-1_5-1_2560.jpg 2560w, https:\/\/www.aktiv-panorama.de\/wp-content\/uploads\/2015\/01\/Cannes-Panorama-1_5-1_2560-300x60.jpg 300w, https:\/\/www.aktiv-panorama.de\/wp-content\/uploads\/2015\/01\/Cannes-Panorama-1_5-1_2560-1024x205.jpg 1024w, https:\/\/www.aktiv-panorama.de\/wp-content\/uploads\/2015\/01\/Cannes-Panorama-1_5-1_2560-512x102.jpg 512w, https:\/\/www.aktiv-panorama.de\/wp-content\/uploads\/2015\/01\/Cannes-Panorama-1_5-1_2560-256x51.jpg 256w\" sizes=\"auto, (max-width: 2560px) 100vw, 2560px\" \/><\/a><\/p>\n<p><a title=\"K\u00fcstenlinie der Cote Azur\" href=\"https:\/\/www.aktiv-panorama.de\/panoramen\/Cannes\/Hafen_2\/\"><img loading=\"lazy\" decoding=\"async\" class=\"aligncenter wp-image-3591 size-full\" src=\"https:\/\/www.aktiv-panorama.de\/wp-content\/uploads\/2015\/01\/Cannes-Panorama-2_4-1_2560.jpg\" alt=\"Cannes - Panorama 2_4-1_2560\" width=\"2560\" height=\"512\" srcset=\"https:\/\/www.aktiv-panorama.de\/wp-content\/uploads\/2015\/01\/Cannes-Panorama-2_4-1_2560.jpg 2560w, https:\/\/www.aktiv-panorama.de\/wp-content\/uploads\/2015\/01\/Cannes-Panorama-2_4-1_2560-300x60.jpg 300w, https:\/\/www.aktiv-panorama.de\/wp-content\/uploads\/2015\/01\/Cannes-Panorama-2_4-1_2560-1024x205.jpg 1024w, https:\/\/www.aktiv-panorama.de\/wp-content\/uploads\/2015\/01\/Cannes-Panorama-2_4-1_2560-512x102.jpg 512w, https:\/\/www.aktiv-panorama.de\/wp-content\/uploads\/2015\/01\/Cannes-Panorama-2_4-1_2560-256x51.jpg 256w\" sizes=\"auto, (max-width: 2560px) 100vw, 2560px\" \/><\/a><\/p>\n<p><a title=\"K\u00fcstenlinie der Cote Azur\" href=\"https:\/\/www.aktiv-panorama.de\/panoramen\/Cannes\/Hafen_3\/\"><img loading=\"lazy\" decoding=\"async\" class=\"aligncenter wp-image-3593 size-full\" src=\"https:\/\/www.aktiv-panorama.de\/wp-content\/uploads\/2015\/01\/Cannes-Panorama-7_5-1_2560.jpg\" alt=\"Cannes - Panorama 7_5-1_2560\" width=\"2560\" height=\"512\" srcset=\"https:\/\/www.aktiv-panorama.de\/wp-content\/uploads\/2015\/01\/Cannes-Panorama-7_5-1_2560.jpg 2560w, https:\/\/www.aktiv-panorama.de\/wp-content\/uploads\/2015\/01\/Cannes-Panorama-7_5-1_2560-300x60.jpg 300w, https:\/\/www.aktiv-panorama.de\/wp-content\/uploads\/2015\/01\/Cannes-Panorama-7_5-1_2560-1024x205.jpg 1024w, https:\/\/www.aktiv-panorama.de\/wp-content\/uploads\/2015\/01\/Cannes-Panorama-7_5-1_2560-512x102.jpg 512w, https:\/\/www.aktiv-panorama.de\/wp-content\/uploads\/2015\/01\/Cannes-Panorama-7_5-1_2560-256x51.jpg 256w\" sizes=\"auto, (max-width: 2560px) 100vw, 2560px\" \/><\/a><\/p>\n<p><a title=\"K\u00fcstenpanorama von Cannes an der C\u00f4te d\u2019Azur \" href=\"https:\/\/www.aktiv-panorama.de\/panoramen\/Cannes\/Hafen_4\/\"><img loading=\"lazy\" decoding=\"async\" class=\"aligncenter wp-image-3596 size-full\" src=\"https:\/\/www.aktiv-panorama.de\/wp-content\/uploads\/2015\/01\/Cannes-Panorama-7_6-1_2560.jpg\" alt=\"Cannes - Panorama 7_6-1_2560\" width=\"2560\" height=\"427\" srcset=\"https:\/\/www.aktiv-panorama.de\/wp-content\/uploads\/2015\/01\/Cannes-Panorama-7_6-1_2560.jpg 2560w, https:\/\/www.aktiv-panorama.de\/wp-content\/uploads\/2015\/01\/Cannes-Panorama-7_6-1_2560-300x50.jpg 300w, https:\/\/www.aktiv-panorama.de\/wp-content\/uploads\/2015\/01\/Cannes-Panorama-7_6-1_2560-1024x171.jpg 1024w, https:\/\/www.aktiv-panorama.de\/wp-content\/uploads\/2015\/01\/Cannes-Panorama-7_6-1_2560-512x85.jpg 512w, https:\/\/www.aktiv-panorama.de\/wp-content\/uploads\/2015\/01\/Cannes-Panorama-7_6-1_2560-256x43.jpg 256w\" sizes=\"auto, (max-width: 2560px) 100vw, 2560px\" \/><\/a><\/p>\n<div class=\"gp-wrap gpcenter gpovh entry-sep bwi-entry-sep\" style=\"\"><\/div>\n<div class=\"gp-wrap gpcenter gpovh accent-bg-nh fp-bf-container\" style=\"\"> <div class=\"gp-container gpcenter gpovh \" style=\"\">\n<h1 class=\"altfont fp-bf-title\" style=\"text-align: center;\"><span style=\"color: #dbdbdb;\"><div class=\"gp-wrap gpovh tac\">\n\r<div style=\"width: 48px; height: 48px; line-height: 48px; margin: 0 auto; text-align: center; background: transparent; color: ; border-radius: px; font-size: 34px; margin-bottom: 10px;\">\n\r<span class=\"icon-camera-outline\"><\/span>\n\r<\/div>\n\r<\/div>\n\r\u00a0Bildergalerie zu den Panoramen\u00a0von Cannes<\/span><\/h1>\n<div class=\"fp-bf-underline tac\" style=\"\"><\/div><\/div><\/div>\n<!--gallery output starts here --><script type=\"text\/javascript\"> jQuery(document).ready(function(){ $('.mfp-gallery-3629').magnificPopup({ type: 'image', cursor: 'mfp-cursor', gallery: { enabled: true } }); var itemsPerRow03629 = 4; var itemsPerRow3629 = 4; var horSpace3629 = 10; var innerContainerWidth3629 = jQuery(\"#fgallery-3629-inner-container\").width(); var ItemWidth3629 = Math.floor( ( innerContainerWidth3629 - ( horSpace3629 * itemsPerRow3629 ) ) \/ itemsPerRow3629 ); var minItemWidth3629 = 130; while ( ItemWidth3629 < minItemWidth3629  && itemsPerRow3629 > 1 ) { itemsPerRow3629 = itemsPerRow3629 - 1; ItemWidth3629 = Math.floor( ( innerContainerWidth3629 - ( horSpace3629 * itemsPerRow3629 ) ) \/ itemsPerRow3629 ); } var newinnerContainerWidth3629 = ( ( itemsPerRow3629 * ItemWidth3629 ) ) + ( horSpace3629 *  itemsPerRow3629 ); jQuery(\".fgallery-3629-item\").css({\"width\": ItemWidth3629}); jQuery(\"#fgallery-3629-inner-container\").css({\"width\": newinnerContainerWidth3629}); var newThumbContainerPaddingTop3629 = Math.floor( ItemWidth3629 * 33.333333333333 \/ 100 ); jQuery(\".fgallery-3629-thumb-container\").css({\"padding-top\": newThumbContainerPaddingTop3629}); (function($) { $(window).resize(galleryResizeFunction); function galleryResizeFunction () { jQuery(\"#fgallery-3629-inner-container\").css({\"width\": \"100%\"}); innerContainerWidth3629 = jQuery(\"#fgallery-3629-inner-container\").width(); itemsPerRow3629 = itemsPerRow03629; ItemWidth3629 = Math.floor( ( innerContainerWidth3629 - ( horSpace3629 * itemsPerRow3629 ) ) \/ itemsPerRow3629 ); while ( ItemWidth3629 < minItemWidth3629  && itemsPerRow3629 > 1 ) { itemsPerRow3629 = itemsPerRow3629 - 1; ItemWidth3629 = Math.floor( ( innerContainerWidth3629 - ( horSpace3629 * itemsPerRow3629 ) ) \/ itemsPerRow3629 ); } newinnerContainerWidth3629 = ( ( itemsPerRow3629 * ItemWidth3629 ) ) + ( horSpace3629 *  itemsPerRow3629 ); jQuery(\".fgallery-3629-item\").css({\"width\": ItemWidth3629}); jQuery(\"#fgallery-3629-inner-container\").css({\"width\": newinnerContainerWidth3629}); newThumbContainerPaddingTop3629 = Math.floor( ItemWidth3629 * 33.333333333333 \/ 100 ); jQuery(\".fgallery-3629-thumb-container\").css({\"padding-top\": newThumbContainerPaddingTop3629}); }; })(jQuery); }); <\/script><!-- gallery wrapper start --><div class=\"gp-wrap gpovh fgallery-wrapper fgallery-wrapper-3629 mfp-gallery\"><style type=\"text\/css\" scoped>.fgallery-wrapper-3629 { padding-top: 10px; padding-bottom: 10px; z-index: 1; position: relative; } .fgallery-3629-item { width: 25%; } <\/style><!-- gallery container start --><div id=\"fgallery-container-3629\"><!-- gallery inner container start --><div id=\"fgallery-3629-inner-container\" class=\"fgallery-inner-container\"><!-- gallery item start --><div class=\"fgallery-item fgallery-3629-item\" style=\"margin: 0 5px; margin-bottom: 10px;\"><div class=\"fgallery-thumb-container fgallery-thumb-container2 fgallery-3629-thumb-container shadoweffect zoomeffect2\" style=\"padding-top: 33.333333333333%; background-image: url('https:\/\/www.aktiv-panorama.de\/wp-content\/uploads\/2015\/01\/Cannes-Panorama-7_4-1_15001-512x128.jpg')\"><a href=\"https:\/\/www.aktiv-panorama.de\/wp-content\/uploads\/2015\/01\/Cannes-Panorama-7_4-1_15001.jpg\" class=\"fgallery-tlink mfp-gallery-3629\" style=\"display: block;\" title=\"\"><div class=\"fgallery-thumb-content vignette\"><\/div><span class=\"fg-imgl2m\"><\/span><\/a><\/div><\/div><!-- gallery item end - $gallery_postCount = 1 $gallery_total_images = 3--><!-- gallery item start --><div class=\"fgallery-item fgallery-3629-item\" style=\"margin: 0 5px; margin-bottom: 10px;\"><div class=\"fgallery-thumb-container fgallery-thumb-container2 fgallery-3629-thumb-container shadoweffect zoomeffect2\" style=\"padding-top: 33.333333333333%; background-image: url('https:\/\/www.aktiv-panorama.de\/wp-content\/uploads\/2015\/01\/Cannes-Panorama-7_4-1_1500-512x128.jpg')\"><a href=\"https:\/\/www.aktiv-panorama.de\/wp-content\/uploads\/2015\/01\/Cannes-Panorama-7_4-1_1500.jpg\" class=\"fgallery-tlink mfp-gallery-3629\" style=\"display: block;\" title=\"\"><div class=\"fgallery-thumb-content vignette\"><\/div><span class=\"fg-imgl2m\"><\/span><\/a><\/div><\/div><!-- gallery item end - $gallery_postCount = 2 $gallery_total_images = 3--><!-- gallery item start --><div class=\"fgallery-item fgallery-3629-item\" style=\"margin: 0 5px; margin-bottom: 10px;\"><div class=\"fgallery-thumb-container fgallery-thumb-container2 fgallery-3629-thumb-container shadoweffect zoomeffect2\" style=\"padding-top: 33.333333333333%; background-image: url('https:\/\/www.aktiv-panorama.de\/wp-content\/uploads\/2015\/01\/Cannes-Panorama-2_4-1_1500-512x128.jpg')\"><a href=\"https:\/\/www.aktiv-panorama.de\/wp-content\/uploads\/2015\/01\/Cannes-Panorama-2_4-1_1500.jpg\" class=\"fgallery-tlink mfp-gallery-3629\" style=\"display: block;\" title=\"\"><div class=\"fgallery-thumb-content vignette\"><\/div><span class=\"fg-imgl2m\"><\/span><\/a><\/div><\/div><!-- gallery item end - $gallery_postCount = 3 $gallery_total_images = 3--><!-- gallery item start --><div class=\"fgallery-item fgallery-3629-item\" style=\"margin: 0 5px; margin-bottom: 10px;\"><div class=\"fgallery-thumb-container fgallery-thumb-container2 fgallery-3629-thumb-container shadoweffect zoomeffect2\" style=\"padding-top: 33.333333333333%; background-image: url('https:\/\/www.aktiv-panorama.de\/wp-content\/uploads\/2015\/01\/Cannes-Panorama-1_4-1_1500-512x128.jpg')\"><a href=\"https:\/\/www.aktiv-panorama.de\/wp-content\/uploads\/2015\/01\/Cannes-Panorama-1_4-1_1500.jpg\" class=\"fgallery-tlink mfp-gallery-3629\" style=\"display: block;\" title=\"\"><div class=\"fgallery-thumb-content vignette\"><\/div><span class=\"fg-imgl2m\"><\/span><\/a><\/div><\/div><!-- gallery item end - $gallery_postCount = 4 $gallery_total_images = 3--><!-- gallery item start --><div class=\"fgallery-item fgallery-3629-item\" style=\"margin: 0 5px; margin-bottom: 10px;\"><div class=\"fgallery-thumb-container fgallery-thumb-container1 fgallery-3629-thumb-container shadoweffect zoomeffect1\" style=\"padding-top: 33.333333333333%; background-image: url('https:\/\/www.aktiv-panorama.de\/wp-content\/uploads\/2015\/01\/Cannes_3_1200-512x256.jpg')\"><a href=\"https:\/\/www.aktiv-panorama.de\/wp-content\/uploads\/2015\/01\/Cannes_3_1200.jpg\" class=\"fgallery-tlink mfp-gallery-3629\" style=\"display: block;\" title=\"\"><div class=\"fgallery-thumb-content vignette\"><\/div><span class=\"fg-imgl2m\"><\/span><\/a><\/div><\/div><!-- gallery item end - $gallery_postCount = 5 $gallery_total_images = 3--><!-- gallery item start --><div class=\"fgallery-item fgallery-3629-item\" style=\"margin: 0 5px; margin-bottom: 10px;\"><div class=\"fgallery-thumb-container fgallery-thumb-container1 fgallery-3629-thumb-container shadoweffect zoomeffect1\" style=\"padding-top: 33.333333333333%; background-image: url('https:\/\/www.aktiv-panorama.de\/wp-content\/uploads\/2015\/01\/Cannes_2_1200-512x256.jpg')\"><a href=\"https:\/\/www.aktiv-panorama.de\/wp-content\/uploads\/2015\/01\/Cannes_2_1200.jpg\" class=\"fgallery-tlink mfp-gallery-3629\" style=\"display: block;\" title=\"\"><div class=\"fgallery-thumb-content vignette\"><\/div><span class=\"fg-imgl2m\"><\/span><\/a><\/div><\/div><!-- gallery item end - $gallery_postCount = 6 $gallery_total_images = 3--><!-- gallery item start --><div class=\"fgallery-item fgallery-3629-item fgallery-last-item\" style=\"margin: 0 5px; margin-bottom: 10px;\"><div class=\"fgallery-thumb-container fgallery-thumb-container1 fgallery-3629-thumb-container shadoweffect zoomeffect1\" style=\"padding-top: 33.333333333333%; background-image: url('https:\/\/www.aktiv-panorama.de\/wp-content\/uploads\/2015\/01\/Cannes-Promenade-Robert-Favre-Le-Bret_1200-512x256.jpg')\"><a href=\"https:\/\/www.aktiv-panorama.de\/wp-content\/uploads\/2015\/01\/Cannes-Promenade-Robert-Favre-Le-Bret_1200.jpg\" class=\"fgallery-tlink mfp-gallery-3629\" style=\"display: block;\" title=\"\"><div class=\"fgallery-thumb-content vignette\"><\/div><span class=\"fg-imgl2m\"><\/span><\/a><\/div><\/div><!-- gallery item end - $gallery_postCount = 7 $gallery_total_images = 3--><!-- gallery item start --><div class=\"fgallery-item fgallery-3629-item\" style=\"margin: 0 5px; margin-bottom: 10px;\"><div class=\"fgallery-thumb-container fgallery-thumb-container1 fgallery-3629-thumb-container shadoweffect zoomeffect1\" style=\"padding-top: 33.333333333333%; background-image: url('https:\/\/www.aktiv-panorama.de\/wp-content\/uploads\/2014\/12\/Cannes-Yachten-am-Jatee-Edouard_3-1-512x171.jpg')\"><a href=\"https:\/\/www.aktiv-panorama.de\/wp-content\/uploads\/2014\/12\/Cannes-Yachten-am-Jatee-Edouard_3-1.jpg\" class=\"fgallery-tlink mfp-gallery-3629\" style=\"display: block;\" title=\"\"><div class=\"fgallery-thumb-content vignette\"><\/div><span class=\"fg-imgl2m\"><\/span><\/a><\/div><\/div><!-- gallery item end - $gallery_postCount = 8 $gallery_total_images = 3--><\/div><!-- gallery inner container end --><\/div><!-- gallery container end --><\/div><!-- gallery wrapper end -->\n<div class=\"gp-container gpcenter gpovh \" style=\"\">\n<div class=\"gp-wrap gpcenter gpovh entry-sep bwi-entry-sep\" style=\"\"><\/div>\n<div class=\"gp-wrap gpcenter gpovh accent-bg-nh fp-bf-container\" style=\"\"> <div class=\"gp-container gpcenter gpovh \" style=\"\"><\/div>\n<h1 class=\"altfont fp-bf-title\" style=\"text-align: center;\"><span style=\"color: #dbdbdb;\"><div class=\"gp-wrap gpovh tac\">\n\r<div style=\"width: 48px; height: 48px; line-height: 48px; margin: 0 auto; text-align: center; background: transparent; color: ; border-radius: px; font-size: 34px; margin-bottom: 10px;\">\n\r<span class=\"icon-comment-empty\"><\/span>\n\r<\/div>\n\r<\/div>\n\r\u00a0Wissenswertes zu\u00a0Cannes<\/span><\/h1>\n<\/div>\n<p style=\"text-align: justify;\"><strong>Cannes<\/strong> befindet sich an der C\u00f4te d\u2019Azur, einer Bucht des Mittelmeers. Im Hinterland liegen nord\u00f6stlich die Ausl\u00e4ufer der Seealpen.<br \/>\nCannes genie\u00dft ein mediterranes Klima mit hei\u00dfen, trockenen Sommern und milden, feuchten Wintern. Der Mistral weht gelegentlich, obwohl die Region durch das Esterelmassiv gesch\u00fctzt wird. H\u00e4ufiger ausgesetzt ist Cannes dem Levante und dem Scirocco, die jedoch selten lange anhalten. Die mittleren H\u00f6chsttemperaturen unterscheiden sich kaum von denen von Nizza. Allerdings sind die mittleren Tiefsttemperaturen das ganze Jahr \u00fcber etwa zwei Grad niedriger. Die Niederschlagsverteilung ist typisch mediterran mit hohen Niederschl\u00e4gen in den Wintermonaten und geringen in den Sommermonaten.<\/p>\n<h2 style=\"text-align: justify;\">Geschichte<\/h2>\n<p style=\"text-align: justify;\">Vom Mittelalter bis ins fr\u00fche 19. Jahrhundert war Cannes ein Fischerdorf. In den 1830er Jahren kamen franz\u00f6sische und ausl\u00e4ndische Adelige in die Gegend und bauten Ferienh\u00e4user. Bis heute ist die Stadt ein Treffpunkt der Reichen und Sch\u00f6nen und hat sich einen mond\u00e4nen Charakter erhalten.<\/p>\n<h2 style=\"text-align: justify;\">Sehensw\u00fcrdigkeiten<\/h2>\n<p style=\"text-align: justify;\">Inmitten des Badeortes Cannes befindet sich die Flaniermeile Boulevard de la Croisette. Die Croisette wurde im Jahre 1850 nach dem Vorbild der\u00a0Promenade des Anglais\u00a0in\u00a0Nizza\u00a0angelegt. Der Boulevard hat eine L\u00e4nge von zwei Kilometern und endet im Osten am Pointe Croisette, von wo aus man einen Blick \u00fcber die gesamte Promenade hinweg auf das Festspielhaus hat. Shops, Boutiquen, Restaurants und Bars wechseln sich ab. Auch drei Casinos und der Palais des Festivals et des Congr\u00e8s, in dem das Internationale Filmfestival stattfindet, befinden sich hier. Viele der gr\u00f6\u00dferen Hotelketten f\u00fchren ein Hotel an der Croisette, darunter\u00a0InterContinental\u00a0(Carlton),\u00a0Hilton\u00a0und\u00a0Mercure. Nicht nur w\u00e4hrend der Festspiele kann man hier zahlreiche Prominente antreffen. An der Promenade befinden sich kleine Parks, die Promenade selbst ist palmenges\u00e4umt. Direkt unterhalb findet man die Plage de la Croisette, einen breiten Sandstrand. Als Frankreichs gr\u00f6\u00dfter innerst\u00e4dtischer Park gilt der Friedhof von Cannes, der\u00a0Cimeti\u00e8re du Grand Jas, auf dem unter anderem so bekannte Pers\u00f6nlichkeiten wie\u00a0Martine Carol,\u00a0Klaus Mann\u00a0oder\u00a0Lily Pons\u00a0bestattet wurden.<\/p>\n<h2 style=\"text-align: justify;\">Regelm\u00e4\u00dfige Veranstaltungen<\/h2>\n<p style=\"text-align: justify;\">Besonders bekannt ist Cannes durch die j\u00e4hrlich im Mai stattfindenden\u00a0Internationalen Filmfestspiele. Auch das j\u00e4hrliche Werbefestival \u201eCannes Lions International Advertising Festival\u201c ist international renommiert. Seit 1987 findet dort im Februar\/M\u00e4rz das \u201eFestival International des Jeux\u201c, das Internationale Spiele-Festival statt, bei dem 2012 an drei Tagen 150.000 Besucher waren.<\/p>\n<p style=\"text-align: justify;\">Von 1996 bis 2005 fand in Cannes die zweitwichtigste Mobilfunkmesse Europas neben der\u00a0Cebit\u00a0statt, der\u00a03GSM World Congress.<\/p>\n<p style=\"text-align: justify;\">J\u00e4hrlich findet im M\u00e4rz die\u00a0MIPIM, weltgr\u00f6\u00dfte Gewerbeimmobilien- und Betriebsansiedelungsmesse, und im November die\u00a0MAPIC, eine Handelsimmobilienmesse, im Palais des Festivals statt. Veranstalter ist Reed MIDEM, sie dauert vier Tage.<\/p>\n<p style=\"text-align: justify;\">Ferner findet hier die Musikmesse\u00a0Midem\u00a0statt.<\/p>\n<p style=\"text-align: justify;\">Quelle:\u00a0<a title=\"Cannes - Wikipedia 2014\" href=\"http:\/\/de.wikipedia.org\/wiki\/cannes\" target=\"_blank\">Wikipedia 2014<\/a><\/p>\n<\/div>\n","protected":false},"excerpt":{"rendered":"<p>&nbsp;<\/p>\n","protected":false},"author":1,"featured_media":0,"parent":0,"menu_order":3,"comment_status":"closed","ping_status":"closed","template":"templates\/template-page-full.php","meta":{"footnotes":""},"class_list":["post-1956","page","type-page","status-publish","hentry"],"yoast_head":"<!-- This site is optimized with the Yoast SEO plugin v27.5 - https:\/\/yoast.com\/product\/yoast-seo-wordpress\/ -->\n<title>360\u00b0-Panoramen von Cannes in Frankreich<\/title>\n<meta name=\"description\" content=\"360\u00b0-Panoramen von Cannes mit dem Filmhaus, dem Hafen und vieles mehr\" \/>\n<meta name=\"robots\" content=\"index, follow, max-snippet:-1, max-image-preview:large, max-video-preview:-1\" \/>\n<link rel=\"canonical\" href=\"https:\/\/www.aktiv-panorama.de\/?page_id=1956\" \/>\n<meta property=\"og:locale\" content=\"de_DE\" \/>\n<meta property=\"og:type\" content=\"article\" \/>\n<meta property=\"og:title\" content=\"360\u00b0-Panoramen von Cannes in Frankreich\" \/>\n<meta property=\"og:description\" content=\"360\u00b0-Panoramen von Cannes mit dem Filmhaus, dem Hafen und vieles mehr\" \/>\n<meta property=\"og:url\" content=\"https:\/\/www.aktiv-panorama.de\/?page_id=1956\" \/>\n<meta property=\"og:site_name\" content=\"Aktiv-Panorama\" \/>\n<meta property=\"article:modified_time\" content=\"2015-02-09T22:36:25+00:00\" \/>\n<meta property=\"og:image\" content=\"https:\/\/www.aktiv-panorama.de\/wp-content\/uploads\/2015\/01\/Cannes-Panorama-1_5-1_2560.jpg\" \/>\n<meta name=\"twitter:label1\" content=\"Gesch\u00e4tzte Lesezeit\" \/>\n\t<meta name=\"twitter:data1\" content=\"3\u00a0Minuten\" \/>\n<script type=\"application\/ld+json\" class=\"yoast-schema-graph\">{\"@context\":\"https:\\\/\\\/schema.org\",\"@graph\":[{\"@type\":\"WebPage\",\"@id\":\"https:\\\/\\\/www.aktiv-panorama.de\\\/?page_id=1956\",\"url\":\"https:\\\/\\\/www.aktiv-panorama.de\\\/?page_id=1956\",\"name\":\"360\u00b0-Panoramen von Cannes in Frankreich\",\"isPartOf\":{\"@id\":\"https:\\\/\\\/www.aktiv-panorama.de\\\/#website\"},\"primaryImageOfPage\":{\"@id\":\"https:\\\/\\\/www.aktiv-panorama.de\\\/?page_id=1956#primaryimage\"},\"image\":{\"@id\":\"https:\\\/\\\/www.aktiv-panorama.de\\\/?page_id=1956#primaryimage\"},\"thumbnailUrl\":\"http:\\\/\\\/www.aktiv-panorama.de\\\/wp-content\\\/uploads\\\/2015\\\/01\\\/Cannes-Panorama-1_5-1_2560.jpg\",\"datePublished\":\"2014-12-21T01:51:08+00:00\",\"dateModified\":\"2015-02-09T22:36:25+00:00\",\"description\":\"360\u00b0-Panoramen von Cannes mit dem Filmhaus, dem Hafen und vieles mehr\",\"breadcrumb\":{\"@id\":\"https:\\\/\\\/www.aktiv-panorama.de\\\/?page_id=1956#breadcrumb\"},\"inLanguage\":\"de\",\"potentialAction\":[{\"@type\":\"ReadAction\",\"target\":[\"https:\\\/\\\/www.aktiv-panorama.de\\\/?page_id=1956\"]}]},{\"@type\":\"ImageObject\",\"inLanguage\":\"de\",\"@id\":\"https:\\\/\\\/www.aktiv-panorama.de\\\/?page_id=1956#primaryimage\",\"url\":\"http:\\\/\\\/www.aktiv-panorama.de\\\/wp-content\\\/uploads\\\/2015\\\/01\\\/Cannes-Panorama-1_5-1_2560.jpg\",\"contentUrl\":\"http:\\\/\\\/www.aktiv-panorama.de\\\/wp-content\\\/uploads\\\/2015\\\/01\\\/Cannes-Panorama-1_5-1_2560.jpg\"},{\"@type\":\"BreadcrumbList\",\"@id\":\"https:\\\/\\\/www.aktiv-panorama.de\\\/?page_id=1956#breadcrumb\",\"itemListElement\":[{\"@type\":\"ListItem\",\"position\":1,\"name\":\"Startseite\",\"item\":\"https:\\\/\\\/www.aktiv-panorama.de\\\/\"},{\"@type\":\"ListItem\",\"position\":2,\"name\":\"360\u00b0-Panoramen von Cannes\"}]},{\"@type\":\"WebSite\",\"@id\":\"https:\\\/\\\/www.aktiv-panorama.de\\\/#website\",\"url\":\"https:\\\/\\\/www.aktiv-panorama.de\\\/\",\"name\":\"Aktiv-Panorama\",\"description\":\"360\u00b0-Panoramafotografie\",\"publisher\":{\"@id\":\"https:\\\/\\\/www.aktiv-panorama.de\\\/#organization\"},\"potentialAction\":[{\"@type\":\"SearchAction\",\"target\":{\"@type\":\"EntryPoint\",\"urlTemplate\":\"https:\\\/\\\/www.aktiv-panorama.de\\\/?s={search_term_string}\"},\"query-input\":{\"@type\":\"PropertyValueSpecification\",\"valueRequired\":true,\"valueName\":\"search_term_string\"}}],\"inLanguage\":\"de\"},{\"@type\":\"Organization\",\"@id\":\"https:\\\/\\\/www.aktiv-panorama.de\\\/#organization\",\"name\":\"Panorama-Fotografie\",\"url\":\"https:\\\/\\\/www.aktiv-panorama.de\\\/\",\"logo\":{\"@type\":\"ImageObject\",\"inLanguage\":\"de\",\"@id\":\"https:\\\/\\\/www.aktiv-panorama.de\\\/#\\\/schema\\\/logo\\\/image\\\/\",\"url\":\"https:\\\/\\\/i0.wp.com\\\/www.aktiv-panorama.de\\\/wp-content\\\/uploads\\\/2014\\\/11\\\/logo_aktiv-panorama-360_250px.png?fit=250%2C239\",\"contentUrl\":\"https:\\\/\\\/i0.wp.com\\\/www.aktiv-panorama.de\\\/wp-content\\\/uploads\\\/2014\\\/11\\\/logo_aktiv-panorama-360_250px.png?fit=250%2C239\",\"width\":250,\"height\":239,\"caption\":\"Panorama-Fotografie\"},\"image\":{\"@id\":\"https:\\\/\\\/www.aktiv-panorama.de\\\/#\\\/schema\\\/logo\\\/image\\\/\"}}]}<\/script>\n<!-- \/ Yoast SEO plugin. -->","yoast_head_json":{"title":"360\u00b0-Panoramen von Cannes in Frankreich","description":"360\u00b0-Panoramen von Cannes mit dem Filmhaus, dem Hafen und vieles mehr","robots":{"index":"index","follow":"follow","max-snippet":"max-snippet:-1","max-image-preview":"max-image-preview:large","max-video-preview":"max-video-preview:-1"},"canonical":"https:\/\/www.aktiv-panorama.de\/?page_id=1956","og_locale":"de_DE","og_type":"article","og_title":"360\u00b0-Panoramen von Cannes in Frankreich","og_description":"360\u00b0-Panoramen von Cannes mit dem Filmhaus, dem Hafen und vieles mehr","og_url":"https:\/\/www.aktiv-panorama.de\/?page_id=1956","og_site_name":"Aktiv-Panorama","article_modified_time":"2015-02-09T22:36:25+00:00","og_image":[{"url":"https:\/\/www.aktiv-panorama.de\/wp-content\/uploads\/2015\/01\/Cannes-Panorama-1_5-1_2560.jpg","type":"","width":"","height":""}],"twitter_misc":{"Gesch\u00e4tzte Lesezeit":"3\u00a0Minuten"},"schema":{"@context":"https:\/\/schema.org","@graph":[{"@type":"WebPage","@id":"https:\/\/www.aktiv-panorama.de\/?page_id=1956","url":"https:\/\/www.aktiv-panorama.de\/?page_id=1956","name":"360\u00b0-Panoramen von Cannes in Frankreich","isPartOf":{"@id":"https:\/\/www.aktiv-panorama.de\/#website"},"primaryImageOfPage":{"@id":"https:\/\/www.aktiv-panorama.de\/?page_id=1956#primaryimage"},"image":{"@id":"https:\/\/www.aktiv-panorama.de\/?page_id=1956#primaryimage"},"thumbnailUrl":"https:\/\/www.aktiv-panorama.de\/wp-content\/uploads\/2015\/01\/Cannes-Panorama-1_5-1_2560.jpg","datePublished":"2014-12-21T01:51:08+00:00","dateModified":"2015-02-09T22:36:25+00:00","description":"360\u00b0-Panoramen von Cannes mit dem Filmhaus, dem Hafen und vieles mehr","breadcrumb":{"@id":"https:\/\/www.aktiv-panorama.de\/?page_id=1956#breadcrumb"},"inLanguage":"de","potentialAction":[{"@type":"ReadAction","target":["https:\/\/www.aktiv-panorama.de\/?page_id=1956"]}]},{"@type":"ImageObject","inLanguage":"de","@id":"https:\/\/www.aktiv-panorama.de\/?page_id=1956#primaryimage","url":"https:\/\/www.aktiv-panorama.de\/wp-content\/uploads\/2015\/01\/Cannes-Panorama-1_5-1_2560.jpg","contentUrl":"https:\/\/www.aktiv-panorama.de\/wp-content\/uploads\/2015\/01\/Cannes-Panorama-1_5-1_2560.jpg"},{"@type":"BreadcrumbList","@id":"https:\/\/www.aktiv-panorama.de\/?page_id=1956#breadcrumb","itemListElement":[{"@type":"ListItem","position":1,"name":"Startseite","item":"https:\/\/www.aktiv-panorama.de\/"},{"@type":"ListItem","position":2,"name":"360\u00b0-Panoramen von Cannes"}]},{"@type":"WebSite","@id":"https:\/\/www.aktiv-panorama.de\/#website","url":"https:\/\/www.aktiv-panorama.de\/","name":"Aktiv-Panorama","description":"360\u00b0-Panoramafotografie","publisher":{"@id":"https:\/\/www.aktiv-panorama.de\/#organization"},"potentialAction":[{"@type":"SearchAction","target":{"@type":"EntryPoint","urlTemplate":"https:\/\/www.aktiv-panorama.de\/?s={search_term_string}"},"query-input":{"@type":"PropertyValueSpecification","valueRequired":true,"valueName":"search_term_string"}}],"inLanguage":"de"},{"@type":"Organization","@id":"https:\/\/www.aktiv-panorama.de\/#organization","name":"Panorama-Fotografie","url":"https:\/\/www.aktiv-panorama.de\/","logo":{"@type":"ImageObject","inLanguage":"de","@id":"https:\/\/www.aktiv-panorama.de\/#\/schema\/logo\/image\/","url":"https:\/\/i0.wp.com\/www.aktiv-panorama.de\/wp-content\/uploads\/2014\/11\/logo_aktiv-panorama-360_250px.png?fit=250%2C239","contentUrl":"https:\/\/i0.wp.com\/www.aktiv-panorama.de\/wp-content\/uploads\/2014\/11\/logo_aktiv-panorama-360_250px.png?fit=250%2C239","width":250,"height":239,"caption":"Panorama-Fotografie"},"image":{"@id":"https:\/\/www.aktiv-panorama.de\/#\/schema\/logo\/image\/"}}]}},"_links":{"self":[{"href":"https:\/\/www.aktiv-panorama.de\/index.php?rest_route=\/wp\/v2\/pages\/1956","targetHints":{"allow":["GET"]}}],"collection":[{"href":"https:\/\/www.aktiv-panorama.de\/index.php?rest_route=\/wp\/v2\/pages"}],"about":[{"href":"https:\/\/www.aktiv-panorama.de\/index.php?rest_route=\/wp\/v2\/types\/page"}],"author":[{"embeddable":true,"href":"https:\/\/www.aktiv-panorama.de\/index.php?rest_route=\/wp\/v2\/users\/1"}],"replies":[{"embeddable":true,"href":"https:\/\/www.aktiv-panorama.de\/index.php?rest_route=%2Fwp%2Fv2%2Fcomments&post=1956"}],"version-history":[{"count":0,"href":"https:\/\/www.aktiv-panorama.de\/index.php?rest_route=\/wp\/v2\/pages\/1956\/revisions"}],"wp:attachment":[{"href":"https:\/\/www.aktiv-panorama.de\/index.php?rest_route=%2Fwp%2Fv2%2Fmedia&parent=1956"}],"curies":[{"name":"wp","href":"https:\/\/api.w.org\/{rel}","templated":true}]}}