{"id":217,"date":"2014-11-29T17:30:22","date_gmt":"2014-11-29T16:30:22","guid":{"rendered":"http:\/\/360.aktiv-panorama.de\/?page_id=217"},"modified":"2020-01-04T17:43:35","modified_gmt":"2020-01-04T15:43:35","slug":"informationen","status":"publish","type":"page","link":"https:\/\/www.aktiv-panorama.de\/?page_id=217","title":{"rendered":"allgemeine Informationen"},"content":{"rendered":"<h3 style=\"text-align: center;\">Sie suchen einen zuverl\u00e4ssigen Panoramafotograf f\u00fcr die Umsetzung Ihrer Projekte oder f\u00fcr die Pr\u00e4sentation Ihrer Objekte?<br \/>\nSie ben\u00f6tigen noch ein paar Informationen zu unserer angebotenen Qualit\u00e4t und zu unserem Service?<\/h3>\n<h3 style=\"text-align: center;\">Hier stellen wir weitere Entscheidungshilfen f\u00fcr Sie bereit<\/h3>\n<hr \/>\n<h3 style=\"text-align: left;\">360\u00b0 virtuelle Touren &amp; Panoramafotografie<\/h3>\n<p style=\"text-align: justify;\">M\u00f6chten Sie Ihr <strong>Hotel<\/strong>, Ihre <strong>Gastst\u00e4tte<\/strong>, einen <strong>Ausstellungsraum<\/strong>, eine <strong>Immobilie<\/strong>, ein <strong>Fitnessstudio<\/strong>, Ihren <strong>Messestand<\/strong>, ihre<strong> Praxis<\/strong> oder eine <strong>Betriebsst\u00e4tte<\/strong> Ihren Kunden eindrucksvoll und realit\u00e4tsnah pr\u00e4sentieren? Dann sind Sie hier richtig &#8211; denn &#8230; so gesehen sind Sie hier im Mittelpunkt. Jeder von uns kennt herk\u00f6mmliche Bilder. Egal, wie solche Bilder fotografiert wurden, gegen\u00fcber einem virtuellen 360\u00b0 Rundgang werden sie schnell langweilig. Interaktive Bilder begeistern jeden Betrachter und fesseln den Besucher lange auf Ihrer Webseite. Pr\u00e4sentieren Sie Ihren Kunden Ihr Objekt in voller Pracht in hochaufl\u00f6senden interaktiven Panoramabildern. In endlos drehbaren 360\u00b0-Bildern kann sich Ihr Kunde einen wahren Eindruck verschaffen was ihn bei Ihnen erwartet. Zudem ist nach neuesten Studien die Verweildauer auf einer Homepage mit 360\u00b0 Rundg\u00e4ngen deutlich l\u00e4nger (bis zu 5-mal) als auf Webseiten ohne eine solche Pr\u00e4sentation. Ihre Homepage wird also wesentlich genauer und intensiver angesehen.<\/p>\n<h3 style=\"text-align: justify;\">Allgemeine Informationen<\/h3>\n<p style=\"text-align: justify;\">F\u00fcr die Erstellung unserer Panoramen verwenden wir ausschlie\u00dflich hochaufl\u00f6sende, digitale Spiegelreflexkameras mit ausgezeichneten Objektiven. Bei Verwendung von gr\u00f6\u00dferen Brennweiten sind sehr hohe Aufl\u00f6sungen machbar, die um ein vielfaches h\u00f6her sein k\u00f6nnen, als herk\u00f6mmliche Kameras in der Lage sind, zu fotografieren. Diese Kameras leisten bereits einen betr\u00e4chtlichen Kontrastumfang. Unter gewissen Umst\u00e4nden kann es n\u00f6tig sein, den Kontrastumfang \u2013 zum Beispiel in geschlossenen R\u00e4umen mit hellen Fenstern \u2013 nochmals zu steigen. Wenn n\u00f6tig oder vom Kunden ausdr\u00fccklich gew\u00fcnscht, werden solche Objekte mit einer Belichtungsreihe aufgenommen und die Panoramen im Ergebnis als HDR-Belichtung mit erweitertem Kontrastumfang ausgegeben. Wir arbeiten mit stabilen Stativen und speziell daf\u00fcr konzipierten Panoramak\u00f6pfen.<\/p>\n<p style=\"text-align: justify;\">Die interaktiven Ausgabedateien k\u00f6nnen mit allen g\u00e4ngigen Internetbrowsern betrachtet werden \u2013 auch mit mobilen Endger\u00e4ten.<\/p>\n<p style=\"text-align: justify;\">Zus\u00e4tzlich oder auf Wunsch erhalten Sie jedes Panorama auch als Bilddatei. Sie k\u00f6nnen damit Vorschaubilder erstellen oder das Bild in als Druckwerk verwenden.<\/p>\n<p style=\"text-align: justify;\">Bei uns erhalten Sie zeitlich und r\u00e4umlich unbegrenzte Nutzungsrechte. Sollten Sie bei der Umsetzung Hilfe ben\u00f6tigen, k\u00f6nnen Sie \/ oder Ihr Webmaster sich gerne mit uns in Verbindung setzten.<\/p>\n<h3 style=\"text-align: justify;\">Was k\u00f6nnen Sie von uns erwarten?<\/h3>\n<p style=\"text-align: justify;\">Wir bieten sowohl Einzelpanoramen, als auch virtuelle Touren \/ Rundg\u00e4nge an. F\u00fcr die Steuerung und Navigation durch die Panoramawelt gibt es nahezu keine Grenzen \u2013 wir erf\u00fcllen gerne alle machbaren W\u00fcnsche. Das Design der Steuerelemente wird auf die Optik Ihrer bestehenden Homepage oder nach Ihren Vorstellungen angepasst. Dar\u00fcber hinaus gestalten wir nach Ihren W\u00fcnschen und auf Ihre Internetpr\u00e4senz ein angepasstes Men\u00fc zur Tour. Sie k\u00f6nnen sich sicher sein, dass wir bestrebt sind, all Ihre W\u00fcnsche zu realisieren.<\/p>\n<h4>Kontextmen\u00fc ohne branding der Softwarehersteller<\/h4>\n<figure id=\"attachment_8635\" aria-describedby=\"caption-attachment-8635\" style=\"width: 280px\" class=\"wp-caption alignleft\"><img loading=\"lazy\" decoding=\"async\" class=\"wp-image-8635 size-full\" src=\"https:\/\/www.aktiv-panorama.de\/wp-content\/uploads\/2014\/11\/Kontextmen\u00fc-mit-branding-1.jpg\" alt=\"\" width=\"280\" height=\"274\" srcset=\"https:\/\/www.aktiv-panorama.de\/wp-content\/uploads\/2014\/11\/Kontextmen\u00fc-mit-branding-1.jpg 280w, https:\/\/www.aktiv-panorama.de\/wp-content\/uploads\/2014\/11\/Kontextmen\u00fc-mit-branding-1-256x251.jpg 256w\" sizes=\"auto, (max-width: 280px) 100vw, 280px\" \/><figcaption id=\"caption-attachment-8635\" class=\"wp-caption-text\">Branding im Kontextmen\u00fc des Panoramas &#8211; Werbelinks zu Kolor und krpano<\/figcaption><\/figure>\n<figure id=\"attachment_8636\" aria-describedby=\"caption-attachment-8636\" style=\"width: 164px\" class=\"wp-caption alignright\"><img loading=\"lazy\" decoding=\"async\" class=\"wp-image-8636 size-full\" src=\"https:\/\/www.aktiv-panorama.de\/wp-content\/uploads\/2014\/11\/Kontextmen\u00fc-branding-free-1.jpg\" alt=\"\" width=\"164\" height=\"222\" \/><figcaption id=\"caption-attachment-8636\" class=\"wp-caption-text\">Brandingfreies Kontextmen\u00fc<\/figcaption><\/figure>\n<p style=\"text-align: justify;\">Unsere virtuellen Panoramen und Panorama-Touren werden derzeit mit der Software Panotour 2.x von Kolor gestaltet. Mit dieser Software lassen sich nahezu alle denkbaren Gestaltungsvarianten und technischen W\u00fcnsche umsetzen.<br \/>\nAls besonderes Feature kann im virtuellen Panorama mit der rechten Maustaste ein Kontextmen\u00fc aufgerufen werden, das eine Vielzahl an interessanten Darstellungsvarianten anbietet (je nach Wunsch frei w\u00e4hlbar: normale Ansicht, fisheye Ansicht, architektonische Ansicht, stereografische Ansicht, pannini Ansicht, little-planet Ansicht, fisheye-ball Ansicht).<br \/>\nAllerdings haben die Hersteller und Programmierer der Software &#8211;\u00a0Kolor und <a href=\"https:\/\/krpano.com\/\">krpano<\/a>\u00a0&#8211; einen Zwangslink zu deren Internetseiten darin verankert. Solche Werbebotschaften sind auf seri\u00f6sen und neutralen Webseiten eigentlich ein No-Go.<\/p>\n<p style=\"text-align: justify;\"><strong>Wir erstellen ihre Panoramen und Panorama-Touren mit einer brandingfreien Lizenz ohne diese unliebsamen Werbelinks auf diese Herstellerseiten.<\/strong><\/p>\n<h3><\/h3>\n<h3 style=\"text-align: justify;\">M\u00f6gliche Anwendungsbereiche k\u00f6nnen zum Beispiel sein:<\/h3>\n<ul>\n<li>Immobilienmakler<\/li>\n<li>Fitness Studios<\/li>\n<li>Arztpraxen<\/li>\n<li>Ausstellungsr\u00e4ume<\/li>\n<li>Museen \/ Kunstgalerien<\/li>\n<li>Messest\u00e4nde \/ Messehallen<\/li>\n<li>Tagungsr\u00e4ume<\/li>\n<li>Ladenbesitzer<\/li>\n<li>Hotels \/ Wellnessr\u00e4ume<\/li>\n<li>Gastst\u00e4tten<\/li>\n<li>Sportst\u00e4tten<\/li>\n<li>Betriebsst\u00e4tten jeglicher Art<\/li>\n<li>u.v.m.<\/li>\n<\/ul>\n<h3 style=\"text-align: justify;\">Ihr Vorteil von 360\u00b0-Touren<\/h3>\n<p style=\"text-align: justify;\">Wir k\u00f6nnen virtuelle Panoramatouren individuell und nach Ihren Vorstellungen in sehr hoher und beeindruckender Qualit\u00e4t erstellen. Die Bilder wirken sehr real. Dadurch erreichen Sie auf ihrem Webauftritt eine h\u00f6here Effizienz, deren Geheimnis in der Interaktivit\u00e4t der Panoramen liegt. Die Besucher Ihrer Webseite k\u00f6nnen sich vorab ein aussagekr\u00e4ftiges Bild von der Atmosph\u00e4re Ihrer R\u00e4umlichkeiten machen. Der Focus kann durch bestimmte Interaktionen gezielt auf bestimmte Einzelheiten gerichtet werden. Es k\u00f6nnen Details angesteuert und zus\u00e4tzlich hervorgehoben werden.<\/p>\n<p style=\"text-align: justify;\">Wie oben bereits erw\u00e4hnt, verweilen Besucher im Schnitt auf Webseiten mit hochwertigen virtuellen Touren bis zu 5 Mal l\u00e4nger, als auf Seiten ohne diese Pr\u00e4sentationstechnik!<br \/>\nDiese Vorteile k\u00f6nnen Sie selbstverst\u00e4ndlich f\u00fcr sich nutzen.<\/p>\n<h3 style=\"text-align: justify;\"><strong>Organisation schon vor dem Shooting<\/strong><\/h3>\n<p style=\"text-align: justify;\">Eine hochwertige Panoramatour erfordert eine genaue Planung in Absprache mit Ihnen bereits vor dem Shooting. Bestimmt soll der Betrieb Ihres Unternehmens durch unsere Arbeit nicht unn\u00f6tig beeintr\u00e4chtigt werden. Dies macht ein flexibles Arbeiten notwendig. Wir nehmen uns Zeit, sowohl f\u00fcr die Vorbereitungen im Gespr\u00e4ch mit Ihnen, als auch f\u00fcr das Shooting. Das ist der professionelle Anspruch an uns selbst.<\/p>\n<h3 style=\"text-align: justify;\"><strong>Weiterverarbeitung<\/strong><\/h3>\n<p style=\"text-align: justify;\">Die vor Ort fotografierten Einzelbilder werden aufw\u00e4ndig nachbearbeitet. Sie werden quasi aus einem digitalen Negativ zum fertigen Positiv entwickelt. Hierbei wird bis ins Detail darauf geachtet, dass alle Bildelemente optimal zur Geltung kommen. Falls erforderlich werden die Bilder im HDR-Format hergestellt. In weiteren Arbeitsschritten werden die Einzelbilder mit Spezialsoftware zu einem 360\u00b0-Panorama zusammengesetzt, das den kompletten Kreis und den Blick auf den Boden (Nadir) und den Himmel \/ Decke (Zenit) &#8211; also eine komplette Kugelansicht &#8211; abdeckt.<\/p>\n<p style=\"text-align: justify;\"><strong>Programmierung zum interaktiven 360\u00b0-Panorama \/ zu virtuellen Panoramatour<\/strong><\/p>\n<p style=\"text-align: justify;\">Erst einmal m\u00fcssen die Standardparameter aller Panoramen eingestellt werden. Dazu werden die Startwerte (Blickwinkel, Blickrichtung und evtl. eine automatische Rotation) eingestellt. Bei der Erstellung von virtuellen Touren werden die einzelnen zusammengeh\u00f6renden Panoramen miteinander durch sog. Hotspots verkn\u00fcpft. Das Design der Hotspots wird nach Ihren Kundenw\u00fcnschen erstellt. Genauso werden Ihre W\u00fcnsche bez\u00fcglich dem geplanten und abgestimmten Konzept bei der Erstellung des Tourlogos, des Infoscreens, der Buttons und einer Sidemap ber\u00fccksichtigt und realisiert. Schlie\u00dflich soll sich die Tour in das bestehende Erscheinungsbild Ihrer Webseite harmonisch einf\u00fcgen.<\/p>\n<h3 style=\"text-align: justify;\"><strong>Kompatibilit\u00e4t<\/strong><\/h3>\n<p style=\"text-align: justify;\">Wir garantieren, dass die Panoramatouren auf allen Endger\u00e4ten und allen g\u00e4ngigen Webbrowsern funktionierten, egal welche Plattform Sie nutzen.<\/p>\n<h3 style=\"text-align: justify;\"><strong>Beratung und Erstellung eines individuellen Angebots<\/strong><\/h3>\n<p>Die Realisierung eines Panoramaprojektes erfordert viel Zeit. Es gibt viel zu planen und zu besprechen. Das machen wir am besten bei einem pers\u00f6nlichen Gespr\u00e4ch. Dabei werden wir gemeinsam den tats\u00e4chlichen Bedarf und die M\u00f6glichkeiten kl\u00e4ren, um f\u00fcr Sie ein optimales Ergebnis zu erreichen.<\/p>\n<p>Gerne d\u00fcrfen Sie uns\u00a0<a href=\"https:\/\/www.aktiv-panorama.de\/impressum\/kontaktformular\">kontaktieren<\/a>\u00a0\u2013 wir werden Ihnen so schnell wie m\u00f6glich antworten.<\/p>\n<p style=\"text-align: justify;\">\n","protected":false},"excerpt":{"rendered":"<p>Sie suchen einen zuverl\u00e4ssigen Panoramafotograf f\u00fcr die Umsetzung Ihrer Projekte oder f\u00fcr die Pr\u00e4sentation Ihrer Objekte? Sie ben\u00f6tigen noch ein paar Informationen zu unserer angebotenen Qualit\u00e4t und zu unserem Service? Hier stellen wir weitere Entscheidungshilfen f\u00fcr Sie bereit 360\u00b0 virtuelle Touren &amp; Panoramafotografie M\u00f6chten Sie Ihr Hotel, Ihre Gastst\u00e4tte, einen Ausstellungsraum, eine Immobilie, ein Fitnessstudio, [&hellip;]<\/p>\n","protected":false},"author":1,"featured_media":0,"parent":215,"menu_order":0,"comment_status":"closed","ping_status":"closed","template":"templates\/template-page-nosidebar.php","meta":{"footnotes":""},"class_list":["post-217","page","type-page","status-publish","hentry"],"yoast_head":"<!-- This site is optimized with the Yoast SEO plugin v27.5 - https:\/\/yoast.com\/product\/yoast-seo-wordpress\/ -->\n<title>allgemeine Informationen zu unserer 360\u00b0 Panorama-Fotografie<\/title>\n<meta name=\"description\" content=\"Sie suchen einen zuverl\u00e4ssige Panorama-Fotograf f\u00fcr die Umsetzung Ihrer Projekte. Hier geben wir n\u00fctzliche Informationen \u00fcber uns und die Panoramafotografie\" \/>\n<meta name=\"robots\" content=\"index, follow, max-snippet:-1, max-image-preview:large, max-video-preview:-1\" \/>\n<link rel=\"canonical\" href=\"https:\/\/www.aktiv-panorama.de\/?page_id=217\" \/>\n<meta property=\"og:locale\" content=\"de_DE\" \/>\n<meta property=\"og:type\" content=\"article\" \/>\n<meta property=\"og:title\" content=\"allgemeine Informationen zu unserer 360\u00b0 Panorama-Fotografie\" \/>\n<meta property=\"og:description\" content=\"Sie suchen einen zuverl\u00e4ssige Panorama-Fotograf f\u00fcr die Umsetzung Ihrer Projekte. Hier geben wir n\u00fctzliche Informationen \u00fcber uns und die Panoramafotografie\" \/>\n<meta property=\"og:url\" content=\"https:\/\/www.aktiv-panorama.de\/?page_id=217\" \/>\n<meta property=\"og:site_name\" content=\"Aktiv-Panorama\" \/>\n<meta property=\"article:modified_time\" content=\"2020-01-04T15:43:35+00:00\" \/>\n<meta name=\"twitter:label1\" content=\"Gesch\u00e4tzte Lesezeit\" \/>\n\t<meta name=\"twitter:data1\" content=\"6\u00a0Minuten\" \/>\n<script type=\"application\/ld+json\" class=\"yoast-schema-graph\">{\"@context\":\"https:\\\/\\\/schema.org\",\"@graph\":[{\"@type\":\"WebPage\",\"@id\":\"https:\\\/\\\/www.aktiv-panorama.de\\\/?page_id=217\",\"url\":\"https:\\\/\\\/www.aktiv-panorama.de\\\/?page_id=217\",\"name\":\"allgemeine Informationen zu unserer 360\u00b0 Panorama-Fotografie\",\"isPartOf\":{\"@id\":\"https:\\\/\\\/www.aktiv-panorama.de\\\/#website\"},\"datePublished\":\"2014-11-29T16:30:22+00:00\",\"dateModified\":\"2020-01-04T15:43:35+00:00\",\"description\":\"Sie suchen einen zuverl\u00e4ssige Panorama-Fotograf f\u00fcr die Umsetzung Ihrer Projekte. Hier geben wir n\u00fctzliche Informationen \u00fcber uns und die Panoramafotografie\",\"breadcrumb\":{\"@id\":\"https:\\\/\\\/www.aktiv-panorama.de\\\/?page_id=217#breadcrumb\"},\"inLanguage\":\"de\",\"potentialAction\":[{\"@type\":\"ReadAction\",\"target\":[\"https:\\\/\\\/www.aktiv-panorama.de\\\/?page_id=217\"]}]},{\"@type\":\"BreadcrumbList\",\"@id\":\"https:\\\/\\\/www.aktiv-panorama.de\\\/?page_id=217#breadcrumb\",\"itemListElement\":[{\"@type\":\"ListItem\",\"position\":1,\"name\":\"Startseite\",\"item\":\"https:\\\/\\\/www.aktiv-panorama.de\\\/\"},{\"@type\":\"ListItem\",\"position\":2,\"name\":\"Preise\",\"item\":\"https:\\\/\\\/www.aktiv-panorama.de\\\/?page_id=215\"},{\"@type\":\"ListItem\",\"position\":3,\"name\":\"allgemeine Informationen\"}]},{\"@type\":\"WebSite\",\"@id\":\"https:\\\/\\\/www.aktiv-panorama.de\\\/#website\",\"url\":\"https:\\\/\\\/www.aktiv-panorama.de\\\/\",\"name\":\"Aktiv-Panorama\",\"description\":\"360\u00b0-Panoramafotografie\",\"publisher\":{\"@id\":\"https:\\\/\\\/www.aktiv-panorama.de\\\/#organization\"},\"potentialAction\":[{\"@type\":\"SearchAction\",\"target\":{\"@type\":\"EntryPoint\",\"urlTemplate\":\"https:\\\/\\\/www.aktiv-panorama.de\\\/?s={search_term_string}\"},\"query-input\":{\"@type\":\"PropertyValueSpecification\",\"valueRequired\":true,\"valueName\":\"search_term_string\"}}],\"inLanguage\":\"de\"},{\"@type\":\"Organization\",\"@id\":\"https:\\\/\\\/www.aktiv-panorama.de\\\/#organization\",\"name\":\"Panorama-Fotografie\",\"url\":\"https:\\\/\\\/www.aktiv-panorama.de\\\/\",\"logo\":{\"@type\":\"ImageObject\",\"inLanguage\":\"de\",\"@id\":\"https:\\\/\\\/www.aktiv-panorama.de\\\/#\\\/schema\\\/logo\\\/image\\\/\",\"url\":\"https:\\\/\\\/i0.wp.com\\\/www.aktiv-panorama.de\\\/wp-content\\\/uploads\\\/2014\\\/11\\\/logo_aktiv-panorama-360_250px.png?fit=250%2C239\",\"contentUrl\":\"https:\\\/\\\/i0.wp.com\\\/www.aktiv-panorama.de\\\/wp-content\\\/uploads\\\/2014\\\/11\\\/logo_aktiv-panorama-360_250px.png?fit=250%2C239\",\"width\":250,\"height\":239,\"caption\":\"Panorama-Fotografie\"},\"image\":{\"@id\":\"https:\\\/\\\/www.aktiv-panorama.de\\\/#\\\/schema\\\/logo\\\/image\\\/\"}}]}<\/script>\n<!-- \/ Yoast SEO plugin. -->","yoast_head_json":{"title":"allgemeine Informationen zu unserer 360\u00b0 Panorama-Fotografie","description":"Sie suchen einen zuverl\u00e4ssige Panorama-Fotograf f\u00fcr die Umsetzung Ihrer Projekte. Hier geben wir n\u00fctzliche Informationen \u00fcber uns und die Panoramafotografie","robots":{"index":"index","follow":"follow","max-snippet":"max-snippet:-1","max-image-preview":"max-image-preview:large","max-video-preview":"max-video-preview:-1"},"canonical":"https:\/\/www.aktiv-panorama.de\/?page_id=217","og_locale":"de_DE","og_type":"article","og_title":"allgemeine Informationen zu unserer 360\u00b0 Panorama-Fotografie","og_description":"Sie suchen einen zuverl\u00e4ssige Panorama-Fotograf f\u00fcr die Umsetzung Ihrer Projekte. Hier geben wir n\u00fctzliche Informationen \u00fcber uns und die Panoramafotografie","og_url":"https:\/\/www.aktiv-panorama.de\/?page_id=217","og_site_name":"Aktiv-Panorama","article_modified_time":"2020-01-04T15:43:35+00:00","twitter_misc":{"Gesch\u00e4tzte Lesezeit":"6\u00a0Minuten"},"schema":{"@context":"https:\/\/schema.org","@graph":[{"@type":"WebPage","@id":"https:\/\/www.aktiv-panorama.de\/?page_id=217","url":"https:\/\/www.aktiv-panorama.de\/?page_id=217","name":"allgemeine Informationen zu unserer 360\u00b0 Panorama-Fotografie","isPartOf":{"@id":"https:\/\/www.aktiv-panorama.de\/#website"},"datePublished":"2014-11-29T16:30:22+00:00","dateModified":"2020-01-04T15:43:35+00:00","description":"Sie suchen einen zuverl\u00e4ssige Panorama-Fotograf f\u00fcr die Umsetzung Ihrer Projekte. Hier geben wir n\u00fctzliche Informationen \u00fcber uns und die Panoramafotografie","breadcrumb":{"@id":"https:\/\/www.aktiv-panorama.de\/?page_id=217#breadcrumb"},"inLanguage":"de","potentialAction":[{"@type":"ReadAction","target":["https:\/\/www.aktiv-panorama.de\/?page_id=217"]}]},{"@type":"BreadcrumbList","@id":"https:\/\/www.aktiv-panorama.de\/?page_id=217#breadcrumb","itemListElement":[{"@type":"ListItem","position":1,"name":"Startseite","item":"https:\/\/www.aktiv-panorama.de\/"},{"@type":"ListItem","position":2,"name":"Preise","item":"https:\/\/www.aktiv-panorama.de\/?page_id=215"},{"@type":"ListItem","position":3,"name":"allgemeine Informationen"}]},{"@type":"WebSite","@id":"https:\/\/www.aktiv-panorama.de\/#website","url":"https:\/\/www.aktiv-panorama.de\/","name":"Aktiv-Panorama","description":"360\u00b0-Panoramafotografie","publisher":{"@id":"https:\/\/www.aktiv-panorama.de\/#organization"},"potentialAction":[{"@type":"SearchAction","target":{"@type":"EntryPoint","urlTemplate":"https:\/\/www.aktiv-panorama.de\/?s={search_term_string}"},"query-input":{"@type":"PropertyValueSpecification","valueRequired":true,"valueName":"search_term_string"}}],"inLanguage":"de"},{"@type":"Organization","@id":"https:\/\/www.aktiv-panorama.de\/#organization","name":"Panorama-Fotografie","url":"https:\/\/www.aktiv-panorama.de\/","logo":{"@type":"ImageObject","inLanguage":"de","@id":"https:\/\/www.aktiv-panorama.de\/#\/schema\/logo\/image\/","url":"https:\/\/i0.wp.com\/www.aktiv-panorama.de\/wp-content\/uploads\/2014\/11\/logo_aktiv-panorama-360_250px.png?fit=250%2C239","contentUrl":"https:\/\/i0.wp.com\/www.aktiv-panorama.de\/wp-content\/uploads\/2014\/11\/logo_aktiv-panorama-360_250px.png?fit=250%2C239","width":250,"height":239,"caption":"Panorama-Fotografie"},"image":{"@id":"https:\/\/www.aktiv-panorama.de\/#\/schema\/logo\/image\/"}}]}},"_links":{"self":[{"href":"https:\/\/www.aktiv-panorama.de\/index.php?rest_route=\/wp\/v2\/pages\/217","targetHints":{"allow":["GET"]}}],"collection":[{"href":"https:\/\/www.aktiv-panorama.de\/index.php?rest_route=\/wp\/v2\/pages"}],"about":[{"href":"https:\/\/www.aktiv-panorama.de\/index.php?rest_route=\/wp\/v2\/types\/page"}],"author":[{"embeddable":true,"href":"https:\/\/www.aktiv-panorama.de\/index.php?rest_route=\/wp\/v2\/users\/1"}],"replies":[{"embeddable":true,"href":"https:\/\/www.aktiv-panorama.de\/index.php?rest_route=%2Fwp%2Fv2%2Fcomments&post=217"}],"version-history":[{"count":0,"href":"https:\/\/www.aktiv-panorama.de\/index.php?rest_route=\/wp\/v2\/pages\/217\/revisions"}],"up":[{"embeddable":true,"href":"https:\/\/www.aktiv-panorama.de\/index.php?rest_route=\/wp\/v2\/pages\/215"}],"wp:attachment":[{"href":"https:\/\/www.aktiv-panorama.de\/index.php?rest_route=%2Fwp%2Fv2%2Fmedia&parent=217"}],"curies":[{"name":"wp","href":"https:\/\/api.w.org\/{rel}","templated":true}]}}