{"id":221,"date":"2014-11-29T17:56:35","date_gmt":"2014-11-29T16:56:35","guid":{"rendered":"http:\/\/360.aktiv-panorama.de\/?page_id=221"},"modified":"2025-09-26T05:41:21","modified_gmt":"2025-09-26T03:41:21","slug":"technische-ausruestung","status":"publish","type":"page","link":"https:\/\/www.aktiv-panorama.de\/?page_id=221","title":{"rendered":"Technische Ausr\u00fcstung"},"content":{"rendered":"<h4 style=\"text-align: justify;\">F\u00fcr die interessierten Leser wird im Folgenden die Ausr\u00fcstung aufgelistet und erkl\u00e4rt, mit der wir unsere Panoramen aufnehmen und die Fotoshootings realisieren. Wir sind stolz darauf, dass in unserem Fotografenteam das Equipment in fast allen Teilen doppelt vorhanden ist. Unser Partner verf\u00fcgt \u00fcber dieselbe Ausr\u00fcstung und dasselbe Know-How. Das gibt Sicherheit \u2013 egal, was passiert \u2013 wir sind jederzeit einsatzbereit und haben auch in unvorhersehbaren Situationen immer eine komplette Ausr\u00fcstung parat.<\/h4>\n<h4 style=\"text-align: justify;\">\u00dcber die Jahre ist unsere Fototasche richtig voll geworden. An unseren hochwertigen Nikonkameras k\u00f6nnen wir f\u00fcr fast alle denkbaren Einsatzzwecke eines unserer 25 Objektive anbringen. Somit sind unseren fotografischen Ideen von technischer Seite keine Grenzen gesetzt. Der Zoombereich aller Objektive reicht nahtlos vom 8 mm Fisheye bis zum 600 mm Teleobjektiv.<\/h4>\n<div class=\"gp-wrap gpcenter gpovh entry-sep bwi-entry-sep\" style=\"\"><\/div>\n<div class=\"gp-wrap gpcenter gpovh entry-sep bwi-entry-sep\" style=\"\"><\/div>\n<div class=\"gp-wrap gpcenter gpovh accent-bg-nh fp-bf-container\" style=\"\"> <div class=\"gp-container gpcenter gpovh \" style=\"\">\n<h1 class=\"main-desc\" style=\"text-align: center;\"><span style=\"color: #dbdbdb;\"><strong>Nikon Z9 (45,7 MP)<\/strong><br \/>\n<\/span><\/h1>\n<div class=\"fp-bf-underline tac\" style=\"\"><\/div><\/div><\/div>\n<p style=\"text-align: justify;\"><div class=\"gp-col-25 gpovh \" style=\"\">\n<figure id=\"attachment_11849\" aria-describedby=\"caption-attachment-11849\" style=\"width: 250px\" class=\"wp-caption alignnone\"><img loading=\"lazy\" decoding=\"async\" class=\"wp-image-11849 size-full\" src=\"https:\/\/www.aktiv-panorama.de\/wp-content\/uploads\/2025\/09\/Nikon-Z9-mit-Nikkor-14-24mm-28.png\" alt=\"Nikon Z9 mit Nikkor 14-24mm, f2.8 S\" width=\"250\" height=\"238\" \/><figcaption id=\"caption-attachment-11849\" class=\"wp-caption-text\">Nikon Z9 mit Nikkor 14-24mm, f2.8 S<\/figcaption><\/figure>\n<p style=\"text-align: justify;\"><\/div>\n<p style=\"text-align: justify;\"><div class=\"gp-col-75 gpovh \" style=\"\">\n<p style=\"text-align: justify;\">Es hat ein Weilchen gedauert, bis ich mich f\u00fcr das Z-System von Nikon entschieden habe. Nicht, dass ich dem System misstraute. Nein, ich war mit meinen NikonDSLRs und allen F-Objektiven einfach immer nur sehr zufrieden.<br \/>\nIm August 2023 war es dann soweit. Beim Nikon-Service-Point in Dresden bestellte ich die Z9. Damals schon deutlich unter dem ersten urspr\u00fcnglichen UVP von 5.999 \u20ac. Um all meine F-Objektiven erst mal weiter zu verwenden, bestellte ich nat\u00fcrlich noch den FTZ-Adapter mit. Erst <span data-dobid=\"hdw\">peu \u00e0 peu<\/span> kamen die unten aufgelisteten Objektive hinzu. Zum FTZ-Adapter m\u00f6chte ich eines sagen, er funktioniert tadellos. Es gibt keinen Unterschied der Performance der F-Optiken an der Z9. AF und Bildstabilisator funktionieren wie gewohnt, eher sogar besser.<\/p>\n<p style=\"text-align: justify;\">Den Wechsel zur Nikon Z9 war eine meiner besten Entscheidungen. Die Kamera ist ein absoluter Gamechanger. Mit ihr habe ich neue Genres entdeckt und weiter entwickelt. Durch den zielsicheren Autofokus und die Serienbildrate von 20 Bildern \/ Sekunde bei RAW habe ich f\u00fcr mich die <a href=\"https:\/\/www.picdrop.com\/aktiv-panorama\/mD5Qc1oBnS\">Vogelfotografie<\/a> neu entdeckt und optimiert. Hierbei hilft auch die Pre Capture Funktion, mit der einzigartige Aufnahmen kleiner V\u00f6gel im Flug gelingen.<br \/>\nDie hohe Aufl\u00f6sung von 45,7 MP kannte ich ja bereits von der Nikon D850. In der Wildlife-Fotografie kommt mir diese hohe Aufl\u00f6sung sehr entgegen. Trotz 600mm Objektiv wird in fast jedes Bild deutlich gecropt, letztendlich bleibt aber stetig eine ordentlich Aufl\u00f6sung \u00fcbrig.<\/p>\n<p style=\"text-align: justify;\">Bei der Qualit\u00e4t der Aufnahmen sehe ich erst mal keinen Unterschied zu denen der D850. Beide Kameras machen erstklassige Bilder. Die Sensoren \u00e4hneln sich sehr, obwohl sie sich technisch doch sehr unterscheiden. Bei genauer Betrachtung gibt es dann aber die folgenden Unterschiede:<\/p>\n<ol>\n<li style=\"text-align: justify;\">Die neue Generation der Z-Objektive ist in allen Belangen denen der F-Objektive \u00fcberlegen.<\/li>\n<li style=\"text-align: justify;\">Durch den internen Bildstabilisator (IBIS) in der Z9 sind mit allen Objektiven l\u00e4ngere Belichtungszeiten m\u00f6glich, dadurch sind niedrigere ISO-Werte realisierbar, was wiederum dem Rauschverhalten zu gute kommt.<\/li>\n<li style=\"text-align: justify;\">Der Autofokus ist au\u00dfergew\u00f6hnlich schnell und treffsicher (im Vergleich zur D850).<\/li>\n<li style=\"text-align: justify;\">Auch die Zielgenauigkeit auf die Augen (bei Menschen und Tieren) ist beeindruckend.<\/li>\n<li style=\"text-align: justify;\">Skeptisch war ich vor der Anschaffung, ob mir der elektronische Sucher (EVF) zusagt. Nach ein paar Jahren Erfahrung m\u00f6chte ich nicht mehr darauf verzichten. Erstens kann ich vor der Aufnahme das zu erstellende Bild vorbeurteilen und zweitens das gemachte Bild nach der Aufnahme im Sucher kontrollieren. Der st\u00f6rende Blick auf den Monitor entf\u00e4llt somit.<\/li>\n<li style=\"text-align: justify;\">Es gibt noch zahlreiche weitere Verbesserungen und Funktionen die die Z9 zur bis heute fortschrittlichsten Nikon-Kamera machen. Alle hier aufzuz\u00e4hlen sprengt diesen Rahmen bei weitem.<\/li>\n<\/ol>\n<p style=\"text-align: justify;\">Wie gesagt, f\u00fcr mich war es ein Gamechanger in der Fotografie. Diese Kamera hat vor allem durch den zielsicheren Augen-Autofokus die Portrait- und die Wildlife-Fotografie &#8211; und hier vor allem auch wegen der hohen Serienbildgeschwindigkeit &#8211; auf das n\u00e4chste Level gehoben.<br \/>\nIn der Landschaftsfotografie kann die Nikon Z9 ihre Vorteile gegen\u00fcber der D850 weniger ausspielen.<\/p>\n<p style=\"text-align: justify;\">Die Z9 verzichtet ja bekanntlich auf einen mechanischen Verschluss und bietet stattdessen einen vollelktronischen Ausleseprozess an. Dies ist ideal f\u00fcr \u00a0Zeitraffer-Aufnahmen, bei denen unter Umst\u00e4nden f\u00fcr ein kurzes Video mehrere Hundert bis Tausende Aufnahmen n\u00f6tig werden. F\u00fcr den \u00dcbergang vom Tag in die Nacht (Heiliger Gral der Zeitraffer-Fotografie), verwende ich die Smartphone-App qSLRDashboard. Dabei wird die Z9 per WLAN mit dem Smartphone oder einem Tablet verbunden und entsprechend gesteuert.<\/p>\n<p style=\"text-align: justify;\"><\/div>\n<div class=\"gp-wrap gpcenter gpovh entry-sep bwi-entry-sep\" style=\"\"><\/div>\n<div class=\"gp-wrap gpcenter gpovh entry-sep bwi-entry-sep\" style=\"\"><\/div>\n<div class=\"gp-wrap gpcenter gpovh accent-bg-nh fp-bf-container\" style=\"\"> <div class=\"gp-container gpcenter gpovh \" style=\"\">\n<h1 class=\"main-desc\" style=\"text-align: center;\"><span style=\"color: #dbdbdb;\"><strong>Nikon D850 (45,7 MP)<\/strong><br \/>\n<\/span><\/h1>\n<div class=\"fp-bf-underline tac\" style=\"\"><\/div><\/div><\/div>\n<p style=\"text-align: justify;\"><div class=\"gp-col-25 gpovh \" style=\"\">\n<figure id=\"attachment_10436\" aria-describedby=\"caption-attachment-10436\" style=\"width: 250px\" class=\"wp-caption aligncenter\"><img loading=\"lazy\" decoding=\"async\" class=\"wp-image-10436 size-full\" src=\"https:\/\/www.aktiv-panorama.de\/wp-content\/uploads\/2020\/01\/STD_3654_01_250px.png\" alt=\"\" width=\"250\" height=\"295\" srcset=\"https:\/\/www.aktiv-panorama.de\/wp-content\/uploads\/2020\/01\/STD_3654_01_250px.png 250w, https:\/\/www.aktiv-panorama.de\/wp-content\/uploads\/2020\/01\/STD_3654_01_250px-217x256.png 217w\" sizes=\"auto, (max-width: 250px) 100vw, 250px\" \/><figcaption id=\"caption-attachment-10436\" class=\"wp-caption-text\">Nikon D850 mit Fisheye Nikkor 8-15mm (f3,5-4.5) und Batteriegriff MB-D18<\/figcaption><\/figure>\n<p style=\"text-align: justify;\"><\/div>\n<p style=\"text-align: justify;\"><div class=\"gp-col-75 gpovh \" style=\"\">\n<p style=\"text-align: justify;\">Seit Anfang 2019 nimmt das Aufl\u00f6sungs-Flaggschiff von Nikon &#8211; die D850 in meiner Kameratasche Platz. Obwohl ich mittlerweile eine Z9 habe, bleibt die D850 weiterhin in meinem Bestand. 360\u00b0-Panoramen erstelle ich nach wie vor mit dieser Kamera.<\/p>\n<p style=\"text-align: justify;\">Was soll ich \u00fcber diese Kamera schreiben? Sie ist einfach der Knaller! \u00dcber 45 Megapixel Aufl\u00f6sung, bei einem sehr geringen Rauschverhalten, auch bei h\u00f6heren ISO-Werten und ein hoher Dynamikumfang sind die Garantie f\u00fcr au\u00dfergew\u00f6hnliche Aufnahmen. Und unser Versprechen, eine stets hohe Qualit\u00e4t anzubieten.<br \/>\nSchon mit unserem Vorg\u00e4ngermodell, der D800 konnten wir qualitativ \u00a0hochwertige Panoramen realisieren. Aber mit der D850 k\u00f6nnen wir nochmal eine Kante zulegen.<\/p>\n<p style=\"text-align: justify;\">Gepaart mit dem Nikkor 8-15mm Fisheye werden die Panoramen ca. 200 MP gro\u00df.<\/p>\n<p style=\"text-align: justify;\">Dar\u00fcber hinaus werden auch mit der D850 die hier gezeigten Timelapse-Aufnahmen gemacht. Theoretisch k\u00f6nnten mit der Aufl\u00f6sung der D850 tats\u00e4chlich 8K-Videos hergestellt werden. Das ist aber nicht der Grund, weshalb wir dieses Kameramodell f\u00fcr diesen Zweck einsetzen. Trotz der riesigen Datenmengen, die hier bei den RAW-Bildern anfallen, speichert die D850 diese Daten sehr schnell auf die Speicherkarte. Es k\u00f6nnen hier auch Zeitintervalle unter einer Sekunde realisiert werden.<br \/>\nF\u00fcr Zeitraffer-Aufnahmen, die einen \u00dcbergang vom Tag in die Nacht zeigen, verwende ich die Smartphone-App qSLRDashboard. Dabei kann ich mein Smartphone mit der D850 mit dem WLAN verbinden, was mich deutlich felxibler und beweglicher macht, als das Smartphone per USB-Kabel zu verbinden.<\/p>\n<\/div>\n<div class=\"gp-wrap gpcenter gpovh entry-sep bwi-entry-sep\" style=\"\"><\/div>\n<div class=\"gp-wrap gpcenter gpovh entry-sep bwi-entry-sep\" style=\"\"><\/div>\n<div class=\"gp-wrap gpcenter gpovh accent-bg-nh fp-bf-container\" style=\"\"> <div class=\"gp-container gpcenter gpovh \" style=\"\">\n<h1 class=\"main-desc\" style=\"text-align: center;\"><span style=\"color: #dbdbdb;\"><strong>Drohne DJI Mavic 3<\/strong><\/span><\/h1>\n<div class=\"fp-bf-underline tac\" style=\"\"><\/div><\/div><\/div>\n<p style=\"text-align: justify;\"><div class=\"gp-col-25 gpovh \" style=\"\">\n<figure id=\"attachment_11281\" aria-describedby=\"caption-attachment-11281\" style=\"width: 250px\" class=\"wp-caption alignleft\"><img loading=\"lazy\" decoding=\"async\" class=\"wp-image-11281 size-full\" src=\"https:\/\/www.aktiv-panorama.de\/wp-content\/uploads\/2022\/04\/Mavic-3-mit-Landepad_250px.jpg\" alt=\"DJI Mavic 3\" width=\"250\" height=\"167\" \/><figcaption id=\"caption-attachment-11281\" class=\"wp-caption-text\">DJI Mavic 3 beim Start<\/figcaption><\/figure>\n<p style=\"text-align: justify;\"><\/div>\n<p style=\"text-align: justify;\"><div class=\"gp-col-75 gpovh \" style=\"\">\n<p style=\"text-align: justify;\">Im M\u00e4rz 2022 gab es hier die Starterlaubnis f\u00fcr eine neue Drohne &#8211; die <a href=\"https:\/\/www.dji.com\/de\/mavic-3\">DJI Mavic 3<\/a>. \u00dcber diese Drohne wurde im Netz schon viel berichtet. Der gro\u00dfe 4\/3\u201c-CMOS Sensor in der Hasselblad-Kamera ist Garant f\u00fcr eine sehr gute Bildqualit\u00e4t. Damit gelingen selbst bei wenig Licht, zum Beispiel in der D\u00e4mmerung, tolle Aufnahmen und Videoclips. In erster Linie werden wir unsere Mavic 3 f\u00fcr die Erstellung von <a href=\"https:\/\/www.aktiv-panorama.de\/category\/airpanorama\/\">Airpanoramen<\/a> einsetzen. Deshalb ist f\u00fcr uns die Bildqualit\u00e4t erst einmal wichtiger als die Videoqualit\u00e4t. Das Ergebnis der finalen Panoramen ist dank der RAW-Entwicklung und nicht zuletzt auch auf Grund des 20 MP Sensors \u00e4hnlich gut wie bei DSLR-Kameras.<br \/>\nDie Mavic 3 nimmt f\u00fcr ein sph\u00e4risches 360\u00b0-Panorama 25 Einzelbilder auf. Je 8 Bilder in 3 Reihen und zus\u00e4tzlich ein Bodenbild. Die fehlenden Daten f\u00fcr den Zenit werden entweder mit zus\u00e4tzlichen Aufnahmen des Himmels aufgef\u00fcllt oder nachtr\u00e4glich in Photoshop retuschiert. Somit werden im Zusammenspiel mit der 24 mm Weitwinkelkamera die fertigen Panoramen immerhin \u00fcber 265 MP gro\u00df (ca. 23.000 px x 11.500 px).<\/p>\n<\/div>\n<div class=\"gp-wrap gpcenter gpovh entry-sep bwi-entry-sep\" style=\"\"><\/div>\n<div class=\"gp-wrap gpcenter gpovh entry-sep bwi-entry-sep\" style=\"\"><\/div>\n<div class=\"gp-wrap gpcenter gpovh accent-bg-nh fp-bf-container\" style=\"\"> <div class=\"gp-container gpcenter gpovh \" style=\"\">\n<h1 class=\"main-desc\" style=\"text-align: center;\"><span style=\"color: #dbdbdb;\"><strong>Drohne DJI Mini 5 Pro<\/strong><\/span><\/h1>\n<div class=\"fp-bf-underline tac\" style=\"\"><\/div><\/div><\/div>\n<p style=\"text-align: justify;\"><div class=\"gp-col-25 gpovh \" style=\"\">\n<figure id=\"attachment_11837\" aria-describedby=\"caption-attachment-11837\" style=\"width: 250px\" class=\"wp-caption alignnone\"><img loading=\"lazy\" decoding=\"async\" class=\"wp-image-11837 size-full\" src=\"https:\/\/www.aktiv-panorama.de\/wp-content\/uploads\/2025\/09\/DJI-Mini-5-Pro.jpg\" alt=\"\" width=\"250\" height=\"167\" \/><figcaption id=\"caption-attachment-11837\" class=\"wp-caption-text\">DJI Mini 5 Pro<\/figcaption><\/figure>\n<p style=\"text-align: justify;\"><\/div>\n<p style=\"text-align: justify;\"><div class=\"gp-col-75 gpovh \" style=\"\">\n<p style=\"text-align: justify;\">Nach den ersten Leaks zu dieser Drohne wusste ich, die muss her. Gerade mal 250 Gramm und ein 1\u201c-Bildsensor, dazu eine &#8211; dank LiDAR-Technik &#8211; sichere omnidirektionale Hinderniserkennung. Was f\u00fcr ein technischer Fortschritt gegen\u00fcber der Mini 3 Pro (die Mini 4 Pro hatte ich nicht). Am 22. September 2025 wurde sie vom DJI-Online-Store als Fly-More-Combo geliefert. Nach Registrierung und \u00dcberspielen einiger Updates ging\u2019s dann noch am selben Tag zum ersten Start.<\/p>\n<p>Das sind nun meine ersten Erfahrungen:<\/p>\n<ol>\n<li>relativ leise<\/li>\n<li>bislang fehlerlose Hinderniserkennung &#8211; selbst bei D\u00e4mmerung<\/li>\n<li>tolle Funktionen, die ich teils bisher nur von der Mavic 3 kannte:\n<ul>\n<li>Waypoints<\/li>\n<li>Anzeige des Homepoints<\/li>\n<li>intelligenter R\u00fcckflug<\/li>\n<li>ausgefeilte Tracking-Funktionen<\/li>\n<li>brauchbarer 2-fach Zoom<\/li>\n<\/ul>\n<\/li>\n<li>gro\u00dfer interner Speicher: 42 GB (jetzt ist es egal, wenn man mal die Speicherkarte im Rechner stecken l\u00e4sst)<\/li>\n<\/ol>\n<p>Es gibt aber auch ein paar Kritikpunkte:<\/p>\n<ol>\n<li>Dei Einzelbilder f\u00fcr die sph\u00e4rischen (360\u00b0-) Panoramen werden lediglich im 12 MP-Modus aufgenommen.<\/li>\n<li>Es werden \u201enur\u201c 33 Einzelbilder f\u00fcr eine Sph\u00e4re aufgenommen. Dementsprechend gro\u00df ist das \u201eLoch\u201c im Zenit (Himmel).<br \/>\nDie Mini 3 Pro nimmt insgesamt 35 Bilder auf, verwendet also 2 weitere Bilder f\u00fcr den Himmel, so dass das Loch im Zenit fast abgedeckt wird.<br \/>\nDas gef\u00e4llt mir bei der Mini 3 deutlich besser.<\/li>\n<li>Die Intervalle werden bei 50-MP-Aufnahmen auf 5 Sekunden erh\u00f6ht. 2 Sekunden sind es bei 12 MP.<br \/>\nBei einer realistischen Flugzeit von 30 Minuten gelingen ca. 360 Aufnahmen. Bei einer Framerate von 30 Bildern\/sec wird der Timelapsefilme +- 12 Sekunden lang.<\/li>\n<li>Dass auch die Belichtungsreihen und die Serienbildfunktion bei 50 MP eingeschr\u00e4nkt ist, st\u00f6rt mich nicht.<\/li>\n<\/ol>\n<p>Das ist aber Kritik auf hohem Niveau. Die Mini 5 Pro ist eine TOP-Drohne, die mich nun auf vielen Wegen begleiten und verfolgen wird.<\/p>\n<\/div>\n<div class=\"gp-wrap gpcenter gpovh entry-sep bwi-entry-sep\" style=\"\"><\/div>\n<div class=\"gp-wrap gpcenter gpovh entry-sep bwi-entry-sep\" style=\"\"><\/div>\n<div class=\"gp-wrap gpcenter gpovh accent-bg-nh fp-bf-container\" style=\"\"> <div class=\"gp-container gpcenter gpovh \" style=\"\">\n<h1 class=\"main-desc\" style=\"text-align: center;\"><span style=\"color: #dbdbdb;\"><strong>Drohne DJI Mini 3 Pro<\/strong><\/span><\/h1>\n<div class=\"fp-bf-underline tac\" style=\"\"><\/div><\/div><\/div>\n<p style=\"text-align: justify;\"><div class=\"gp-col-25 gpovh \" style=\"\">\n<figure id=\"attachment_11473\" aria-describedby=\"caption-attachment-11473\" style=\"width: 250px\" class=\"wp-caption alignleft\"><img loading=\"lazy\" decoding=\"async\" class=\"size-full wp-image-11473\" src=\"https:\/\/www.aktiv-panorama.de\/wp-content\/uploads\/2024\/01\/DJI-Mini-3-Pro_250.jpg\" alt=\"DJI Mini 3 Pro\" width=\"250\" height=\"145\" \/><figcaption id=\"caption-attachment-11473\" class=\"wp-caption-text\">DJI Mini 3 Pro<\/figcaption><\/figure>\n<p style=\"text-align: justify;\"><\/div>\n<p style=\"text-align: justify;\"><div class=\"gp-col-75 gpovh \" style=\"\">\n<p style=\"text-align: justify;\">Im Sommer 2022 hat diese DJI Mini 3 \u00a0Pro den Vorg\u00e4nger DJI Mini 2 ersetzt.<br \/>\nObwohl ich seit dem 22. September 2025 die Mini 5 Pro habe, bleibt die Mini 3 Pro weiterhin in meiner UAS-Flotte, zumal sie \u201ebessere\u201c 360\u00b0-Panorama-Aufnahmen macht.<br \/>\nDas waren damals (2022) die Gr\u00fcnde, die mich \u00fcberzeugten, von einer Mini 2 zu der Mini 3 Pro zu wechseln:<\/p>\n<ol style=\"text-align: justify;\">\n<li>Die Kamera kann nun deutlich weiter nach oben geschwenkt werden.Somit ist es m\u00f6glich, fast den kompletten Himmel (Zenit) aufzunehmen.<\/li>\n<li>Sph\u00e4rische Panoramen werden aus insgesamt 35 Einzelbildern zusammengesetzt. 4 Reihen zu je 8 Bildern, ein Bodenbild (Nadir) und nochmal 2 Aufnahmen nach oben in den Himmel um den Zenit (fast) zu schlie\u00dfen.<\/li>\n<li>Somit gelingen perfekte sph\u00e4rische Panoramen mit einer Gr\u00f6\u00dfe von ca. 18.000 px x 9.000 px (~162 MP)<\/li>\n<li>Wegen der <b>Hinderniserkennung<\/b><\/li>\n<li>Wegen des neuen <b>RC-Controllers<\/b> (der sp\u00e4ter auch noch zur Mavic 3 kompatibel wurde)<\/li>\n<li><b>Fokus-Track<\/b>-Funktion<\/li>\n<li><b>Master-Shots <\/b><\/li>\n<li><b>Bessere Kamera<\/b> \u2013 schwenkbar f\u00fcr vertikale Aufnahmen und gr\u00f6\u00dferer Sensor<\/li>\n<\/ol>\n<p style=\"text-align: justify;\">Und das alles bei einem Gewicht von nicht einmal <b>249 Gramm<\/b>. Wegen der optimierten Panoramaerstellung und dem geringen Gewicht ziehe ich die Mini 3 Pro regelm\u00e4\u00dfig sogar der Mavic 3 vor.<\/p>\n<p style=\"text-align: justify;\"><\/div>\n<p style=\"text-align: justify;\"><div class=\"gp-wrap gpcenter gpovh entry-sep bwi-entry-sep\" style=\"\"><\/div>\n<div class=\"gp-wrap gpcenter gpovh entry-sep bwi-entry-sep\" style=\"\"><\/div>\n<div class=\"gp-wrap gpcenter gpovh accent-bg-nh fp-bf-container\" style=\"\"> <div class=\"gp-container gpcenter gpovh \" style=\"\">\n<h1 class=\"main-desc\" style=\"text-align: center;\"><span style=\"color: #dbdbdb;\"><strong>Nikon Nikkor 24-120 mm (f4) S<\/strong><br \/>\n<\/span><\/h1>\n<div class=\"fp-bf-underline tac\" style=\"\"><\/div><\/div><\/div>\n<p style=\"text-align: justify;\"><div class=\"gp-col-25 gpovh \" style=\"\">\n<figure id=\"attachment_11871\" aria-describedby=\"caption-attachment-11871\" style=\"width: 250px\" class=\"wp-caption aligncenter\"><img loading=\"lazy\" decoding=\"async\" class=\"wp-image-11871 size-full\" src=\"https:\/\/www.aktiv-panorama.de\/wp-content\/uploads\/2025\/09\/Nikon-Nikkor-24-120mm-f4-S_250px.png\" alt=\"Nikon Nikkor 24-120mm f4 S\" width=\"250\" height=\"441\" srcset=\"https:\/\/www.aktiv-panorama.de\/wp-content\/uploads\/2025\/09\/Nikon-Nikkor-24-120mm-f4-S_250px.png 250w, https:\/\/www.aktiv-panorama.de\/wp-content\/uploads\/2025\/09\/Nikon-Nikkor-24-120mm-f4-S_250px-170x300.png 170w, https:\/\/www.aktiv-panorama.de\/wp-content\/uploads\/2025\/09\/Nikon-Nikkor-24-120mm-f4-S_250px-145x256.png 145w\" sizes=\"auto, (max-width: 250px) 100vw, 250px\" \/><figcaption id=\"caption-attachment-11871\" class=\"wp-caption-text\">Nikon Nikkor Z 24-120mm, f4 S<\/figcaption><\/figure>\n<\/div>\n<p style=\"text-align: justify;\"><div class=\"gp-col-75 gpovh \" style=\"\">\n<p style=\"text-align: justify;\">Lange habe ich nicht auf Z-Objektive verzichtet. Nach etwas mehr als 3 Monaten nach dem Erwerb der Z9 kaufte ich mir als erstes Z-Objektiv das Nikkor 24-120, f4 S. Ich wollte eine Universallinse, mit der ich im Alltag die allermeisten Fotogelegenheiten abdecken kann. Bereits beim ersten St\u00f6bern im Objektiv-Portfolio von Nikon fiel mir dieses Objektiv besonders positiv und interessant auf. Es ist ein \u00e4u\u00dferst leistungsf\u00e4higes Walkaround-Objektiv f\u00fcr spontane Trips bis hin zu ausgedehnten Foto-Expeditionen und somit die ideale Linse auf Reisen und auf Ausfl\u00fcgen.<br \/>\nBesonders \u00fcberzeugt haben mich die folgenden Eigenschaften:<\/p>\n<ul>\n<li>idealer Brennweitenbereich: beginnend bei 24 mm, und wichtige Zoomerweiterung auf 120 mm (gegen\u00fcber einem 24-70 mm)<\/li>\n<li>relativ kompakt und noch leicht<\/li>\n<li>77 mm Filtergewinde (haben die meisten meiner Objektive)<\/li>\n<li>tolle Naheinstellgrenze von 35 cm, f\u00fcr einen Abbildungsma\u00dfstab von 1:2,6 (so gelingen auch mal spontane Nahaufnahmen am Wegrand)<\/li>\n<li>S-Line Serie<\/li>\n<\/ul>\n<p style=\"text-align: justify;\">Bereits bei den ersten Fotos wurde mir klar, dass die neue Generation der Z-Objektive den F-Pendants \u00fcberlegen sein wird. Der Fokus ist leiser und sp\u00fcrbar schneller. Die Abbildungsleitung ist hervorragend. Keine CAs, keine Vegnitierung, das gesamte Bild ist bis in die \u00e4u\u00dfersten Ecken extrem scharf, alles nur perfekt. Hier bekommst du die erwartete Qualit\u00e4t f\u00fcr dein Geld.<\/p>\n<p style=\"text-align: justify;\"><\/div>\n<p style=\"text-align: justify;\"><div class=\"gp-wrap gpcenter gpovh entry-sep bwi-entry-sep\" style=\"\"><\/div>\n<div class=\"gp-wrap gpcenter gpovh entry-sep bwi-entry-sep\" style=\"\"><\/div>\n<div class=\"gp-wrap gpcenter gpovh accent-bg-nh fp-bf-container\" style=\"\"> <div class=\"gp-container gpcenter gpovh \" style=\"\">\n<h1 class=\"main-desc\" style=\"text-align: center;\"><span style=\"color: #dbdbdb;\"><strong>Nikon Nikkor Z MC 105 mm (f2,8) VR S<\/strong><br \/>\n<\/span><\/h1>\n<div class=\"fp-bf-underline tac\" style=\"\"><\/div><\/div><\/div>\n<p style=\"text-align: justify;\"><div class=\"gp-col-25 gpovh \" style=\"\">\n<p><img loading=\"lazy\" decoding=\"async\" class=\"aligncenter wp-image-11866 size-full\" src=\"https:\/\/www.aktiv-panorama.de\/wp-content\/uploads\/2025\/09\/Nikon-Nikkor-Z-MC-105-f28-VR-S_250px.png\" alt=\"Nikon Nikkor Z MC 105 f2,8 VR S\" width=\"250\" height=\"516\" srcset=\"https:\/\/www.aktiv-panorama.de\/wp-content\/uploads\/2025\/09\/Nikon-Nikkor-Z-MC-105-f28-VR-S_250px.png 250w, https:\/\/www.aktiv-panorama.de\/wp-content\/uploads\/2025\/09\/Nikon-Nikkor-Z-MC-105-f28-VR-S_250px-145x300.png 145w, https:\/\/www.aktiv-panorama.de\/wp-content\/uploads\/2025\/09\/Nikon-Nikkor-Z-MC-105-f28-VR-S_250px-248x512.png 248w, https:\/\/www.aktiv-panorama.de\/wp-content\/uploads\/2025\/09\/Nikon-Nikkor-Z-MC-105-f28-VR-S_250px-124x256.png 124w\" sizes=\"auto, (max-width: 250px) 100vw, 250px\" \/><\/p>\n<\/div>\n<p style=\"text-align: justify;\"><div class=\"gp-col-75 gpovh \" style=\"\">\n<p style=\"text-align: justify;\">Ein 105er Makro ist seit jeher eines meiner Lieblingsobjektive. Mit dem Vorg\u00e4nger Nikkor 105 Macro 2,8 VR hatte ich viel Freude und ich nutzte auch das Alte noch gerne an der Z9. Die Makrowelt ist eine faszinierende Facette der Fotografie. Auch als Portraitobjektiv habe ich dieses Linse zeitweise gerne im Einsatz. Das Bokeh dieses Objektivs ist bei Offenblende wirklich gut. Es bietet somit einen wunderbaren Freistellungslook bei Personenaufnahmen.<br \/>\nDer Unterschied der Bilder zum alten Nikkor 105 Macro VR ist auf den ersten Blick nicht zu erkennen. Das spricht dann aber wohl f\u00fcr die schon damals herausragende Qualit\u00e4t des F-Objektivs. Den gr\u00f6\u00dften Unterschied macht der Fokusmotor aus. Der Alte war nun zum Vergleich des Neuen deutlich lauter, rauher und auch langsamer. Alles in Allem ist dieses Objektiv eine gute Anschaffung und auch ihr Geld wert.<\/p>\n<p>Das Vorg\u00e4ngermodel habe ich meinem Schwiegersohn vermacht. Es war mir zu schade, dieses Objektiv zu verramschen. Nun wei\u00df ich, dass es in guten H\u00e4nden ist.<\/p>\n<p style=\"text-align: justify;\"><\/div>\n<p style=\"text-align: justify;\"><div class=\"gp-wrap gpcenter gpovh entry-sep bwi-entry-sep\" style=\"\"><\/div>\n<div class=\"gp-wrap gpcenter gpovh entry-sep bwi-entry-sep\" style=\"\"><\/div>\n<div class=\"gp-wrap gpcenter gpovh accent-bg-nh fp-bf-container\" style=\"\"> <div class=\"gp-container gpcenter gpovh \" style=\"\">\n<h1 class=\"main-desc\" style=\"text-align: center;\"><span style=\"color: #dbdbdb;\"><strong>Nikon Nikkor Z 85 mm (f1,8) S<\/strong><br \/>\n<\/span><\/h1>\n<div class=\"fp-bf-underline tac\" style=\"\"><\/div><\/div><\/div>\n<p style=\"text-align: justify;\"><div class=\"gp-col-25 gpovh \" style=\"\">\n<figure id=\"attachment_11876\" aria-describedby=\"caption-attachment-11876\" style=\"width: 250px\" class=\"wp-caption aligncenter\"><img loading=\"lazy\" decoding=\"async\" class=\"wp-image-11876 size-full\" src=\"https:\/\/www.aktiv-panorama.de\/wp-content\/uploads\/2025\/09\/Nikon-Nikkor-Z-85-18-S_250px.png\" alt=\"Nikon Nikkor Z 85 1,8 S\" width=\"250\" height=\"448\" srcset=\"https:\/\/www.aktiv-panorama.de\/wp-content\/uploads\/2025\/09\/Nikon-Nikkor-Z-85-18-S_250px.png 250w, https:\/\/www.aktiv-panorama.de\/wp-content\/uploads\/2025\/09\/Nikon-Nikkor-Z-85-18-S_250px-167x300.png 167w, https:\/\/www.aktiv-panorama.de\/wp-content\/uploads\/2025\/09\/Nikon-Nikkor-Z-85-18-S_250px-143x256.png 143w\" sizes=\"auto, (max-width: 250px) 100vw, 250px\" \/><figcaption id=\"caption-attachment-11876\" class=\"wp-caption-text\">Nikon Nikkor Z 85mm, f1,8 S<\/figcaption><\/figure>\n<\/div>\n<p style=\"text-align: justify;\"><div class=\"gp-col-75 gpovh \" style=\"\">\n<p style=\"text-align: justify;\">Diesen Klassiker unter den Portraitbrennweiten bei Offenblende f1,8 hatte ich bislang noch nicht. Irgendwann wird es Zeit, dachte ich mir und nutzte den Black-Friday 2023 aus, um dieses Objektiv g\u00fcnstig zu kaufen.<br \/>\nVon diesem Objektiv wird man nicht entt\u00e4uscht. Es macht seine Arbeit hervorragend. Die Abbildungsqualit\u00e4t ist erstklassig (S-Klassik).Bei Hochzeiten musste ich mich erst an die starre Brennweite gew\u00f6hnen. Zuvor fotografierte ich derartige Situationen \u00fcblicherweise mit dem 24-70mm f2,8 oder dem 70-200, f2,8. Alternativ kam auch das 105mm Macro f2,8 hierf\u00fcr zum Einsatz. Aber keines der genannten Objektive kann mit dem weichen Bokeh des 85mm, f1,8 mithalten. Genauso die Sch\u00e4rfe &#8211; bis in die Ecken &#8211; sind f\u00fcr die alten F-Objektive unerreichbar.<\/p>\n<p>Besonders gef\u00e4llt mir an dem Objektiv die Kompaktheit und das leichte Gewicht. So packe ich diese Teil auch gerne in den Urlaubsrucksack und kann von meiner Familie au\u00dfergew\u00f6hnlich sch\u00f6ne Portraitaufnahmen machen. PRIMA!<\/p>\n<p style=\"text-align: justify;\"><\/div>\n<p style=\"text-align: justify;\"><div class=\"gp-wrap gpcenter gpovh entry-sep bwi-entry-sep\" style=\"\"><\/div>\n<div class=\"gp-wrap gpcenter gpovh entry-sep bwi-entry-sep\" style=\"\"><\/div>\n<div class=\"gp-wrap gpcenter gpovh accent-bg-nh fp-bf-container\" style=\"\"> <div class=\"gp-container gpcenter gpovh \" style=\"\">\n<h1 class=\"main-desc\" style=\"text-align: center;\"><span style=\"color: #dbdbdb;\"><strong>LAOWA 10 mm (f2,8) &#8211; Zero-D\u00a0<\/strong><br \/>\n<\/span><\/h1>\n<div class=\"fp-bf-underline tac\" style=\"\"><\/div><\/div><\/div>\n<p style=\"text-align: justify;\"><div class=\"gp-col-25 gpovh \" style=\"\">\n<figure id=\"attachment_11884\" aria-describedby=\"caption-attachment-11884\" style=\"width: 250px\" class=\"wp-caption aligncenter\"><img loading=\"lazy\" decoding=\"async\" class=\"wp-image-11884 size-full\" src=\"https:\/\/www.aktiv-panorama.de\/wp-content\/uploads\/2025\/09\/Laowa-10mm-f28-Zero-D_250px.png\" alt=\"Laowa 10 mm, f2,8 Zero-D\" width=\"250\" height=\"314\" srcset=\"https:\/\/www.aktiv-panorama.de\/wp-content\/uploads\/2025\/09\/Laowa-10mm-f28-Zero-D_250px.png 250w, https:\/\/www.aktiv-panorama.de\/wp-content\/uploads\/2025\/09\/Laowa-10mm-f28-Zero-D_250px-239x300.png 239w, https:\/\/www.aktiv-panorama.de\/wp-content\/uploads\/2025\/09\/Laowa-10mm-f28-Zero-D_250px-204x256.png 204w\" sizes=\"auto, (max-width: 250px) 100vw, 250px\" \/><figcaption id=\"caption-attachment-11884\" class=\"wp-caption-text\">Laowa 10 mm, f2,8 Zero-D<\/figcaption><\/figure>\n<\/div>\n<p style=\"text-align: justify;\"><div class=\"gp-col-75 gpovh \" style=\"\">\n<p style=\"text-align: justify;\"><span style=\"font-size: inherit;\">Ich habe nicht nur Objektive von Nikon. Wenn ein Hersteller, wie hier LAOWA, so ein au\u00dfergew\u00f6hnliches Objektiv anbietet, bin ich geneigt zuzuschlagen. Und ich habe es nicht bereut. Das Teil ist der <\/span>Hammer<span style=\"font-size: inherit;\">. Es hat tats\u00e4chlich eine Brennweite von 10 mm, also \u00fcber 130\u00b0 Bildwinkel und das ohne Verzeichnung! EINZIGARTIG.<br \/>\n<\/span>Hier mal kurz die Daten, die \u00fcberzeugen:<\/p>\n<ul>\n<li>10mm Brennweite &#8211; tats\u00e4chlich ohne Verzeichnung<\/li>\n<li>Offenblende f2,8<\/li>\n<li>Autofokus<\/li>\n<li>Naheinstellgrenze von 12 cm<\/li>\n<li>robustes und solides Geh\u00e4use aus Metall, dennoch leicht und kompakt<\/li>\n<li>77 mm Filtergewinde &#8211; genau meins<\/li>\n<li>nur 5 Blendenlamellen, womit tolle Sonnensterne erstellt werden k\u00f6nnen<br \/>\n(allerdings sind Aufnahmen gegen das Licht eine Herausforderung. Flares sind kaum zu vermeiden &#8211; hat aber auch seinen eigenen Charakter)<\/li>\n<\/ul>\n<p>Leider musste ich damals nach Ank\u00fcndigung \u00fcber ein halbes Jahr warten, bis mir dieses Prachtst\u00fcck von Foto-Koch zugeliefert wurde. Somit verpasste es 2024 die Reise nach Island, wof\u00fcr ich es zu gerne eingesetzt h\u00e4tte.<br \/>\nEin so gewaltiges Weitwinkel muss man aber auch beherrschen. Es ist nicht einfach, den richtigen Bildausschnitt zu finden. Wenn dann aber alles passt, ist das Ergebnis einzigartig.<br \/>\nIch danke LAOWA f\u00fcr dieses Objektiv!<\/p>\n<p style=\"text-align: justify;\"><\/div>\n<p style=\"text-align: justify;\"><div class=\"gp-wrap gpcenter gpovh entry-sep bwi-entry-sep\" style=\"\"><\/div>\n<div class=\"gp-wrap gpcenter gpovh entry-sep bwi-entry-sep\" style=\"\"><\/div>\n<div class=\"gp-wrap gpcenter gpovh accent-bg-nh fp-bf-container\" style=\"\"> <div class=\"gp-container gpcenter gpovh \" style=\"\">\n<h1 class=\"main-desc\" style=\"text-align: center;\"><span style=\"color: #dbdbdb;\"><strong>Nikkor 10,5 mm (f2,8) Fisheye<\/strong><br \/>\n<\/span><\/h1>\n<div class=\"fp-bf-underline tac\" style=\"\"><\/div><\/div><\/div>\n<p style=\"text-align: justify;\"><div class=\"gp-col-25 gpovh \" style=\"\">\n<figure id=\"attachment_7219\" aria-describedby=\"caption-attachment-7219\" style=\"width: 250px\" class=\"wp-caption aligncenter\"><img loading=\"lazy\" decoding=\"async\" class=\"wp-image-7219 size-full\" src=\"https:\/\/www.aktiv-panorama.de\/wp-content\/uploads\/2014\/11\/105-fisheye_250.png\" alt=\"Nikkor 10,5mm (f2,8) fisheye - rasiert und mit Adaptierung f\u00fcr Nodal Ninja Ultimate R1\" width=\"250\" height=\"282\" srcset=\"https:\/\/www.aktiv-panorama.de\/wp-content\/uploads\/2014\/11\/105-fisheye_250.png 250w, https:\/\/www.aktiv-panorama.de\/wp-content\/uploads\/2014\/11\/105-fisheye_250-227x256.png 227w\" sizes=\"auto, (max-width: 250px) 100vw, 250px\" \/><figcaption id=\"caption-attachment-7219\" class=\"wp-caption-text\">Nikkor 10,5mm (f2,8) fisheye &#8211; rasiert und mit Adaptierung f\u00fcr Nodal Ninja Ultimate R1<\/figcaption><\/figure>\n<\/div>\n<p style=\"text-align: justify;\"><div class=\"gp-col-75 gpovh \" style=\"\">\n<p style=\"text-align: justify;\">Das\u00a0f2,8, 10,5 mm Fisheye\u00a0ist urspr\u00fcnglich f\u00fcr Kameras mit Crop-Sensor (DX) konstruiert worden. Ich hatte es mir auch zu Beginn f\u00fcr die D300 zugelegt. Mit dieser Kombination waren insgesamt 6 Hochformat-Aufnahmen n\u00f6tig, um eine 360\u00b0-Umdrehung zu realisieren. Demzufolge habe ich also fast alle fr\u00fchen Panoramen dieser Webseite mit diesem Objektiv erstellt.<\/p>\n<p style=\"text-align: justify;\">Als dann die Panoramen \u00fcberwiegend mit der D800 fotografiert wurden, wurde einfach die fest angebrachte tulpenf\u00f6rmige Streulichtblende auf einer Drehbank entfernt. Denn diese Streulichtblende schattet bei Vollformatsensoren deutlich den Bildbereich ab. Durch die \u201cRasur\u201d wurde aus dem Vollformat-Fisheye ein hochwertiges Zirkular-Fisheye. Mit der Brennweite von 10,5 mm bleibt lediglich ein kleiner Teil in den oberen Kanten des Bildbereichs schwarz. Fertige Kugelpanoramen haben eine Dimension von \u00fcber 10.000 x 5.000 Pixel und auf die Zusatzaufnahmen im Nadir und Zenit kann ohne Qualit\u00e4tseinbu\u00dfen verzichtet werden.<\/p>\n<p style=\"text-align: justify;\">Trotz des hochaufl\u00f6senden Vollformatsensors der D800 ist die Abbildungsqualit\u00e4t dieser Linse immer noch sehr gut. Auch die Sch\u00e4rfe ist bis in den Randbereich akzeptabel. Lediglich die \u00e4u\u00dfersten R\u00e4nder (beim \u00dcbergang in den schwarzen Bereich) weisen Unsch\u00e4rfen auf. Kritisch sind allerdings die chromatischen Aberrationen. Sie treten im Randbereich doch relativ sichtbar hervor. In Lightroom bzw. mit einem RAW-Konverter kann dieser Abbildungsfehler weitestgehend gemildert werden.<\/p>\n<p style=\"text-align: justify;\">\n<p style=\"text-align: justify;\"><\/div>\n<p style=\"text-align: justify;\"><div class=\"gp-wrap gpcenter gpovh entry-sep bwi-entry-sep\" style=\"\"><\/div>\n<div class=\"gp-wrap gpcenter gpovh entry-sep bwi-entry-sep\" style=\"\"><\/div>\n<div class=\"gp-wrap gpcenter gpovh accent-bg-nh fp-bf-container\" style=\"\"> <div class=\"gp-container gpcenter gpovh \" style=\"\">\n<h1 class=\"main-desc\" style=\"text-align: center;\"><strong><span style=\"color: #dbdbdb;\">AF-S Fisheye Nikkor 8-15 mm (f3,5-4,5)<\/span><\/strong><\/h1>\n<div class=\"fp-bf-underline tac\" style=\"\"><\/div><\/div><\/div>\n<div class=\"gp-col-25 gpovh \" style=\"\">\n<p><a href=\"http:\/\/www.tokinalens.com\/tokina\/products\/atx\/atx107afdxfisheye\/\"><img loading=\"lazy\" decoding=\"async\" class=\"wp-image-9288 size-full aligncenter\" src=\"https:\/\/www.aktiv-panorama.de\/wp-content\/uploads\/2018\/05\/Nikkor-fisheye-8-15.png\" alt=\"Nikon fisheye 8-15 mm\" width=\"250\" height=\"344\" srcset=\"https:\/\/www.aktiv-panorama.de\/wp-content\/uploads\/2018\/05\/Nikkor-fisheye-8-15.png 250w, https:\/\/www.aktiv-panorama.de\/wp-content\/uploads\/2018\/05\/Nikkor-fisheye-8-15-218x300.png 218w, https:\/\/www.aktiv-panorama.de\/wp-content\/uploads\/2018\/05\/Nikkor-fisheye-8-15-186x256.png 186w\" sizes=\"auto, (max-width: 250px) 100vw, 250px\" \/><\/a><\/p>\n<\/div>\n<p style=\"text-align: justify;\"><div class=\"gp-col-75 gpovh \" style=\"\">\n<p style=\"text-align: justify;\">Endlich hat auch Nikon ein Fisheye-Zoom im Programm. Darauf habe ich lange gewartet. Mit dem oben beschriebenen Fisheye 10,5 mm bleiben einige kostbare Sensorpixel einer Vollformatkamera am oberen und unteren Rand unbenutzt. Dieses neue Zoom-Fischeye schl\u00e4gt das alte 10,5 er um L\u00e4ngen. Au\u00dferdem ist man mit dem Vollformatsensor unglaublich flexibel. Nun wird der Sensor der D800 \/ D850 in der vollen L\u00e4nge \/ H\u00f6he ausgenutzt. Das kommt der Aufl\u00f6sung der Panoramen voll zugute. Bei 12 mm Brennweite wird ein Panorama ca. 15.000 pixel x 7.500 Pixel gro\u00df. Daf\u00fcr sind lediglich 3 oder 4 Aufnahmen n\u00f6tig (zur Retusche des Nadirs kommt noch das Bodenbild hinzu). Bei 15 mm Brennweite wird ein Panorama fast 20.000 x 10.000 Pixel gro\u00df. Mit dem Nadir- und Zenitbild sind hierf\u00fcr 8 Aufnahmen n\u00f6tig.<\/p>\n<p style=\"text-align: justify;\">Dar\u00fcber hinaus ist das Zoomobjektiv als Vollformat-Fisheye auch als Superweitwinkel-Objektiv sehr gut zu gebrauchen. Bei 15 mm ist es ein Vollformat-Fischauge. Mit entsprechender Software &#8211; ich bevorzuge das Photoshop-Plugin Fisheye-Hemi von Imadio, k\u00f6nnen sogar die typischen Fischaugen-Verzerrungen mit einem Klick begradigt werden.<\/p>\n<p>F\u00fcr die Panorama-Fotografie wird auch dieses Objektiv mittels eines passenden Adapterrings auf den Nodal-Ninja Ultimate R1 montiert.<\/p>\n<p style=\"text-align: justify;\"><\/div>\n<p style=\"text-align: justify;\"><div class=\"gp-wrap gpcenter gpovh entry-sep bwi-entry-sep\" style=\"\"><\/div>\n<div class=\"gp-wrap gpcenter gpovh entry-sep bwi-entry-sep\" style=\"\"><\/div>\n<div class=\"gp-wrap gpcenter gpovh accent-bg-nh fp-bf-container\" style=\"\"> <div class=\"gp-container gpcenter gpovh \" style=\"\">\n<h1 class=\"main-desc\" style=\"text-align: center;\"><span style=\"color: #dbdbdb;\"><strong>Nikon Nikkor 14-30 mm (f4) S<\/strong><br \/>\n<\/span><\/h1>\n<div class=\"fp-bf-underline tac\" style=\"\"><\/div><\/div><\/div>\n<p style=\"text-align: justify;\"><div class=\"gp-col-25 gpovh \" style=\"\">\n<figure id=\"attachment_11888\" aria-describedby=\"caption-attachment-11888\" style=\"width: 250px\" class=\"wp-caption aligncenter\"><img loading=\"lazy\" decoding=\"async\" class=\"wp-image-11888 size-full\" src=\"https:\/\/www.aktiv-panorama.de\/wp-content\/uploads\/2025\/09\/Nikon-Nikkor-Z-14-30-f4-S_250px.png\" alt=\"Nikon Nikkor Z 14-30 mm,  f4 S\" width=\"250\" height=\"363\" srcset=\"https:\/\/www.aktiv-panorama.de\/wp-content\/uploads\/2025\/09\/Nikon-Nikkor-Z-14-30-f4-S_250px.png 250w, https:\/\/www.aktiv-panorama.de\/wp-content\/uploads\/2025\/09\/Nikon-Nikkor-Z-14-30-f4-S_250px-207x300.png 207w, https:\/\/www.aktiv-panorama.de\/wp-content\/uploads\/2025\/09\/Nikon-Nikkor-Z-14-30-f4-S_250px-176x256.png 176w\" sizes=\"auto, (max-width: 250px) 100vw, 250px\" \/><figcaption id=\"caption-attachment-11888\" class=\"wp-caption-text\">Nikon Nikkor Z 14-30 mm, f4 S<\/figcaption><\/figure>\n<\/div>\n<p style=\"text-align: justify;\"><div class=\"gp-col-75 gpovh \" style=\"\">\n<p style=\"text-align: justify;\">Ich hatte zuerst das Premium-Objektiv Nikon Z 14-24 mm, f2,8 S. Aber irgendwie kamen wir nie richtig zueinander. Das Premium-Objektiv ist klobig und schwer. Immer noch ist es nicht wirklich Filter tauglich. Ich setze derartige Objektive sehr gerne in der Landschaftsfotografie ein. Dann ist eine Anfangsblende von f2,8 nicht unbedingt n\u00f6tig, f4 reicht v\u00f6llig aus. Deshalb fiel die Wahl auf das Nikon Z 14-30, f4 S.<br \/>\nEs ist klein und leicht, der Bildqualit\u00e4t ist hervorragend. Auf jeden Fall besser als das AF-S 14-24, f2,8 D f\u00fcr die Nikon DSLRs. Ich behaupte mal, es kann mit dem f2,8-Premium-Objektiv mithalten. Deshalb habe ich das gro\u00dfe 14-24, f2,8 S wieder abgegeben. Mit dem kleinen 14-30, f4 bin ich sehr zufrieden. Es ist ein Objektiv, das mich begeistert.<\/p>\n<p style=\"text-align: justify;\">Die Aufnahmen dieses Objektivs sind quasi frei von Verzeichnungen. Dies wird aber durch einen interne Bearbeitung der Bilder in der Kamera korrigiert. Egal, Hauptsache das Ergebnis stimmt.<\/p>\n<p style=\"text-align: justify;\">Bei 14mm ist es bereits herausfordernd, die Bildkomposition interessant zu gestalten. Es ist kein Objektiv, mit dem man einfach mal drauf los knipst.<\/p>\n<p style=\"text-align: justify;\"><\/div>\n<p style=\"text-align: justify;\"><div class=\"gp-wrap gpcenter gpovh entry-sep bwi-entry-sep\" style=\"\"><\/div>\n<div class=\"gp-wrap gpcenter gpovh entry-sep bwi-entry-sep\" style=\"\"><\/div>\n<div class=\"gp-wrap gpcenter gpovh accent-bg-nh fp-bf-container\" style=\"\"> <div class=\"gp-container gpcenter gpovh \" style=\"\">\n<h1 class=\"main-desc\" style=\"text-align: center;\"><span style=\"color: #dbdbdb;\"><strong>Nikkor 14-24 mm (f2,8)<\/strong><br \/>\n<\/span><\/h1>\n<div class=\"fp-bf-underline tac\" style=\"\"><\/div><\/div><\/div>\n<p style=\"text-align: justify;\"><div class=\"gp-col-25 gpovh \" style=\"\">\n<figure id=\"attachment_7237\" aria-describedby=\"caption-attachment-7237\" style=\"width: 270px\" class=\"wp-caption aligncenter\"><img loading=\"lazy\" decoding=\"async\" class=\"wp-image-7237 size-full\" src=\"https:\/\/www.aktiv-panorama.de\/wp-content\/uploads\/2014\/11\/Nikon-14-24_270.png\" alt=\"Nikon Weitwinkelzoom 14-24 mm (f2,8)\" width=\"270\" height=\"372\" srcset=\"https:\/\/www.aktiv-panorama.de\/wp-content\/uploads\/2014\/11\/Nikon-14-24_270.png 270w, https:\/\/www.aktiv-panorama.de\/wp-content\/uploads\/2014\/11\/Nikon-14-24_270-218x300.png 218w, https:\/\/www.aktiv-panorama.de\/wp-content\/uploads\/2014\/11\/Nikon-14-24_270-186x256.png 186w\" sizes=\"auto, (max-width: 270px) 100vw, 270px\" \/><figcaption id=\"caption-attachment-7237\" class=\"wp-caption-text\">Nikkor AF-S 14-24 mm (f2,8) ED<\/figcaption><\/figure>\n<\/div>\n<p style=\"text-align: justify;\"><div class=\"gp-col-75 gpovh \" style=\"\">\n<p style=\"text-align: justify;\">Dieses Objektiv ist seit Juli 2014 in unserem Bestand. Seit dem ist\u00a0die hochwertige 2,8er-Serie und das Dreamteam komplett. Jetzt wird der Bereich vom Superweitwinkel mit 14 mm bis zum Tele 200 mm (35mm-Format) nahtlos abgedeckt. <em>3 Jahre sp\u00e4ter (Juli 2017) kam das Nikkor 200-500 (f5,6) hinzu um den Brennweitenbereich nach oben nochmal zu erweitern.\u00a0<\/em><\/p>\n<p style=\"text-align: justify;\">Im Vorfeld habe ich viel \u00fcber dieses Objektiv gelesen. Damals war es wohl eines der besten Superweitwinkel \u00fcberhaupt. Selbst Canonfotografen w\u00fcrden diese Linse auf ihren Body adaptieren. Und nach langj\u00e4hrigen Erfahrungen kann ich das nur best\u00e4tigen. Selbst bei 14 mm Weitwinkel sind kaum Verzeichnungen auszumachen, die Sch\u00e4rfe ist bereits bei Offenblende f2,8 im gesamten Brennweitenbereich gut (wird ab 3,5 sehr gut) und die Handhabung ist wie bei den anderen 2,8er-Nikkoren ausgezeichnet. Haptik und Qualit\u00e4t sind auch hier \u00fcber jeden Zweifel erhaben.<\/p>\n<p style=\"text-align: justify;\">F\u00fcr die h\u00f6her aufl\u00f6sende Panoramafotografie ist dieses Objektiv nicht mehr wegzudenken. Der Aufwand ist zwar gr\u00f6\u00dfer als bei Verwendung des Fisheyes, doch daf\u00fcr wird man mit ausgezeichneten, detailreichen Bildern belohnt.<\/p>\n<p style=\"text-align: justify;\">Bei\u00a014 mm\u00a0sind f\u00fcr ein Kugelpanorama 12 Aufnahmen n\u00f6tig (6+6). Das fertige Panorama hat dann eine Gr\u00f6\u00dfe von ca.\u00a018.000 x 9.000 Pixel = 162 MP.<br \/>\nBei\u00a016 mm\u00a0sind f\u00fcr ein Kugelpanorama 12 + 2 Aufnahmen n\u00f6tig (6+6+2). Das fertige Panorama hat dann eine Gr\u00f6\u00dfe von ca.\u00a020.000 x 10.000 Pixel = 200 MP.<br \/>\nBei\u00a024 mm\u00a0sind f\u00fcr ein 360\u00b0-Panorama 8 Aufnahmen n\u00f6tig. Das fertige Panorama hat dann eine Gr\u00f6\u00dfe von \u00fcber\u00a030-000 Pixel\u00a0Kantenl\u00e4nge.<\/p>\n<p style=\"text-align: justify;\"><\/div>\n<p style=\"text-align: justify;\"><div class=\"gp-wrap gpcenter gpovh entry-sep bwi-entry-sep\" style=\"\"><\/div>\n<div class=\"gp-wrap gpcenter gpovh entry-sep bwi-entry-sep\" style=\"\"><\/div>\n<div class=\"gp-wrap gpcenter gpovh accent-bg-nh fp-bf-container\" style=\"\"> <div class=\"gp-container gpcenter gpovh \" style=\"\">\n<h1 class=\"main-desc\" style=\"text-align: center;\"><strong><span style=\"color: #dbdbdb;\">Nikkor 20 mm, f1,8 G ED<\/span><\/strong><\/h1>\n<div class=\"fp-bf-underline tac\" style=\"\"><\/div><\/div><\/div>\n<p style=\"text-align: justify;\"><div class=\"gp-col-25 gpovh \" style=\"\">\n<figure id=\"attachment_10453\" aria-describedby=\"caption-attachment-10453\" style=\"width: 250px\" class=\"wp-caption aligncenter\"><img loading=\"lazy\" decoding=\"async\" class=\"size-full wp-image-10453\" src=\"https:\/\/www.aktiv-panorama.de\/wp-content\/uploads\/2020\/01\/STD_3677_250px.png\" alt=\"AF-S Nikkor 20mm, f1,8 G ED\" width=\"250\" height=\"375\" srcset=\"https:\/\/www.aktiv-panorama.de\/wp-content\/uploads\/2020\/01\/STD_3677_250px.png 250w, https:\/\/www.aktiv-panorama.de\/wp-content\/uploads\/2020\/01\/STD_3677_250px-200x300.png 200w, https:\/\/www.aktiv-panorama.de\/wp-content\/uploads\/2020\/01\/STD_3677_250px-171x256.png 171w\" sizes=\"auto, (max-width: 250px) 100vw, 250px\" \/><figcaption id=\"caption-attachment-10453\" class=\"wp-caption-text\">AF-S Nikkor 20 mm, f1,8 G ED<\/figcaption><\/figure>\n<\/div>\n<p style=\"text-align: justify;\"><div class=\"gp-col-75 gpovh \" style=\"\">\n<p style=\"text-align: justify;\">Kunden erwarten neben einer hohen Qualit\u00e4t auch einen ausgezeichneten Service. Dar\u00fcber hinaus gibt es Auftraggeber, die au\u00dfergew\u00f6hnlich hohe Aufl\u00f6sungen in ihren Panorama-Pr\u00e4sentationen erwarten. F\u00fcr diese Kommittenten bieten wir folgenden L\u00f6sungsansatz: Das o.g. Weitwinkelobjektiv mit einer Brennweite von 20mm wird in Kombination mit dem motorischen Panoramakopf RODEON piXplorer verwendet. Hier entstehen sehr pr\u00e4zise 360\u00b0-Panoramaaufnahmen mit einer Aufl\u00f6sung zwischen 300 und 400 MP. H\u00f6here Aufl\u00f6sungen sind zwar technisch mit anderen Objektiven machbar, derartige Projekte sind dann aber nicht mehr komplikationslos handelbar.<\/p>\n<p style=\"text-align: justify;\">Sehr h\u00e4ufig setzten wir dieses Objektiv auch in der Zeitraffer-Fotografie (Timelapse) in Verbindung mit der Astro- und Nachtfotografie ein. Oft werden damit auch die Aufnahmen f\u00fcr die Zeitraffersequenzen mit den \u00dcberg\u00e4ngen vom Tag zur Nacht (Holy-Grail-Timelapse) aufgenommen.<br \/>\nDieses Objektiv bietet einen gro\u00dfen Weitwinkelbereich bei sehr weiter Offenblende. Die Qualit\u00e4t ist erwartungsgem\u00e4\u00df sehr gut.<\/p>\n<p style=\"text-align: justify;\"><\/div>\n<p style=\"text-align: justify;\"><div class=\"gp-wrap gpcenter gpovh entry-sep bwi-entry-sep\" style=\"\"><\/div>\n<div class=\"gp-wrap gpcenter gpovh entry-sep bwi-entry-sep\" style=\"\"><\/div>\n<div class=\"gp-wrap gpcenter gpovh accent-bg-nh fp-bf-container\" style=\"\"> <div class=\"gp-container gpcenter gpovh \" style=\"\">\n<h1 class=\"main-desc\" style=\"text-align: center;\"><span style=\"color: #dbdbdb;\"><strong>Nikkor 24-70 mm (f2,8)<\/strong><br \/>\n<\/span><\/h1>\n<div class=\"fp-bf-underline tac\" style=\"\"><\/div><\/div><\/div>\n<p style=\"text-align: justify;\"><div class=\"gp-col-25 gpovh \" style=\"\">\n<figure id=\"attachment_7239\" aria-describedby=\"caption-attachment-7239\" style=\"width: 270px\" class=\"wp-caption aligncenter\"><img loading=\"lazy\" decoding=\"async\" class=\"wp-image-7239 size-full\" src=\"https:\/\/www.aktiv-panorama.de\/wp-content\/uploads\/2014\/11\/Nikon-24-70_270.png\" alt=\"Nikkor 24-70mm (f2,8) mit Sonnenblende\" width=\"270\" height=\"407\" srcset=\"https:\/\/www.aktiv-panorama.de\/wp-content\/uploads\/2014\/11\/Nikon-24-70_270.png 270w, https:\/\/www.aktiv-panorama.de\/wp-content\/uploads\/2014\/11\/Nikon-24-70_270-199x300.png 199w, https:\/\/www.aktiv-panorama.de\/wp-content\/uploads\/2014\/11\/Nikon-24-70_270-170x256.png 170w\" sizes=\"auto, (max-width: 270px) 100vw, 270px\" \/><figcaption id=\"caption-attachment-7239\" class=\"wp-caption-text\">Nikkor 24-70mm (f2,8)<\/figcaption><\/figure>\n<\/div>\n<p style=\"text-align: justify;\"><div class=\"gp-col-75 gpovh \" style=\"\">\n<p style=\"text-align: justify;\">Zu Beginn war es neben dem 10,5 er Fisheye das Standardobjektiv auf der D800. Die Qualit\u00e4t ist dem Preis angemessen. Bei Offenblende sind das Nikon f2,8, 70-200 mm VRII und das f2,8, 14-24 mm besser. Gerade im Weitwinkelbereich sind geringe Verzeichnungen zu erkennen. Auch Vignettierungen sind vorhanden, die aber nicht besonders st\u00f6rend sind. Bei diesem Objektiv empfiehlt es sich, ein wenig abzublenden. Ab Blende 4 ist die Abbildungsleistung in allen Bereichen hervorragend. Dann sind eigentlich keine Schw\u00e4chen mehr auszumachen.<\/p>\n<p style=\"text-align: justify;\">Bei Landschaftspanoramen im zylindrischen Format verwende ich oft und gerne dieses Objektiv zwischen 50 und 70 mm. Bei einem 180\u00b0-Shot werden die Bilder immerhin bis zu 30.000 Pixel gro\u00df. Das ist dann schon beachtlich hoch aufgel\u00f6st und es werden bei der virtuellen Darstellung viele Details sichtbar, die mit dem blo\u00dfen Auge urspr\u00fcnglich gar nicht wahrgenommen wurden.<br \/>\nBei weiten Landschaftsaufnahmen k\u00f6nnen Panoramaaufnahmen durchaus auch aus freier Hand gelingen, ohne Panoramaadapter und ohne Stativ. Nur selten geht mal ein Panorama beim Zusammensetzen daneben. Selbst das hoch aufgel\u00f6ste\u00a0<a title=\"360\u00b0-Panorama vom Eiffelturm in HD-Qualit\u00e4t\" href=\"https:\/\/www.aktiv-panorama.de\/360panoramen\/paris\/eiffelturm\/hd-panorama.html\">360\u00b0-Panorama vom Eiffelturm<\/a>\u00a0(\u00fcber 30.000 Pixel) habe ich mit diesem Objektiv\u00a0freihand\u00a0bei 24 mm aufgenommen. Hierzu waren\u00a012 Aufnahmen\u00a0im Hochformat n\u00f6tig.<\/p>\n<p style=\"text-align: justify;\">Diese\u00a0<a title=\"Feuerwerk auf dem Cannstatter Wasen 2014\" href=\"https:\/\/www.aktiv-panorama.de\/panoramen\/Stuttgart\/Feuerwerk_auf_dem_Cannstatter_Wasen\/\">Nachtaufnahme<\/a>\u00a0von\u00a0Stuttgart mit dem Feuerwerk auf dem Cannstatter Wasen zum Cannstatter Volksfest 2014\u00a0wurde mit 70 mm Brennweite aufgenommen. Das Panorama hat eine Aufl\u00f6sung von 33.000 Pixel auf 7.000 Pixel.<\/p>\n<p style=\"text-align: justify;\"><\/div>\n<p style=\"text-align: justify;\"><div class=\"gp-wrap gpcenter gpovh entry-sep bwi-entry-sep\" style=\"\"><\/div>\n<div class=\"gp-wrap gpcenter gpovh entry-sep bwi-entry-sep\" style=\"\"><\/div>\n<div class=\"gp-wrap gpcenter gpovh accent-bg-nh fp-bf-container\" style=\"\"> <div class=\"gp-container gpcenter gpovh \" style=\"\">\n<h1 class=\"main-desc\" style=\"text-align: center;\"><span style=\"color: #dbdbdb;\"><strong>Nikon Nikkor Z 24-70 mm (f2,8) S<\/strong><\/span><\/h1>\n<div class=\"fp-bf-underline tac\" style=\"\"><\/div><\/div><\/div>\n<p style=\"text-align: justify;\"><div class=\"gp-col-25 gpovh \" style=\"\">\n<figure id=\"attachment_11878\" aria-describedby=\"caption-attachment-11878\" style=\"width: 250px\" class=\"wp-caption aligncenter\"><img loading=\"lazy\" decoding=\"async\" class=\"wp-image-11878 size-full\" src=\"https:\/\/www.aktiv-panorama.de\/wp-content\/uploads\/2025\/09\/Nikon-Nikkor-Z-24-70mm-f28-S_250px.png\" alt=\"Nikon Nikkor Z 24-70mm f2,8 S\" width=\"250\" height=\"404\" srcset=\"https:\/\/www.aktiv-panorama.de\/wp-content\/uploads\/2025\/09\/Nikon-Nikkor-Z-24-70mm-f28-S_250px.png 250w, https:\/\/www.aktiv-panorama.de\/wp-content\/uploads\/2025\/09\/Nikon-Nikkor-Z-24-70mm-f28-S_250px-186x300.png 186w, https:\/\/www.aktiv-panorama.de\/wp-content\/uploads\/2025\/09\/Nikon-Nikkor-Z-24-70mm-f28-S_250px-158x256.png 158w\" sizes=\"auto, (max-width: 250px) 100vw, 250px\" \/><figcaption id=\"caption-attachment-11878\" class=\"wp-caption-text\">Nikon Nikkor Z 24-70mm f2,8 S<\/figcaption><\/figure>\n<\/div>\n<p style=\"text-align: justify;\"><div class=\"gp-col-75 gpovh \" style=\"\">\n<p style=\"text-align: justify;\">Wie zu erwarten ist, sind die Abbildungsfehler der F-Generation vollst\u00e4ndig behoben. Dieses Standardzoom ist jetzt nahezu fehlerfrei. Es hat eine tadellose Abbildungsqualit\u00e4t. CAs: Fehlanzeige, wenig Vegnitierungen bei offener Blende und die Sch\u00e4rfe ist nun auch so wie man es von einem hochpreisigen Objektiv erwarten kann. An dieser Linse gibt es nichts auszusetzen, au\u00dfer dass es einen 82mm Filterdurchmesser hat. Ich habe zwar auch 82mm Filter, bevorzuge aber irgendwie einen 77mm Filterdurchmesser. Und noch was, der Tubus f\u00e4hrt beim Zoomen aus, somit k\u00f6nnte Staub ins Innere eindringen.<\/p>\n<p style=\"text-align: justify;\"><\/div>\n<p style=\"text-align: justify;\"><div class=\"gp-wrap gpcenter gpovh entry-sep bwi-entry-sep\" style=\"\"><\/div>\n<div class=\"gp-wrap gpcenter gpovh entry-sep bwi-entry-sep\" style=\"\"><\/div>\n<div class=\"gp-wrap gpcenter gpovh accent-bg-nh fp-bf-container\" style=\"\"> <div class=\"gp-container gpcenter gpovh \" style=\"\">\n<h1 class=\"main-desc\" style=\"text-align: center;\"><span style=\"color: #dbdbdb;\"><strong>Nikkor 70-200 mm (f2,8) VRII<\/strong><br \/>\n<\/span><\/h1>\n<div class=\"fp-bf-underline tac\" style=\"\"><\/div><\/div><\/div>\n<p style=\"text-align: justify;\"><div class=\"gp-col-25 gpovh \" style=\"\">\n<figure id=\"attachment_10516\" aria-describedby=\"caption-attachment-10516\" style=\"width: 250px\" class=\"wp-caption aligncenter\"><img loading=\"lazy\" decoding=\"async\" class=\"size-full wp-image-10516\" src=\"https:\/\/www.aktiv-panorama.de\/wp-content\/uploads\/2020\/01\/STD_3485_250a.png\" alt=\"\" width=\"250\" height=\"594\" srcset=\"https:\/\/www.aktiv-panorama.de\/wp-content\/uploads\/2020\/01\/STD_3485_250a.png 250w, https:\/\/www.aktiv-panorama.de\/wp-content\/uploads\/2020\/01\/STD_3485_250a-126x300.png 126w, https:\/\/www.aktiv-panorama.de\/wp-content\/uploads\/2020\/01\/STD_3485_250a-215x512.png 215w, https:\/\/www.aktiv-panorama.de\/wp-content\/uploads\/2020\/01\/STD_3485_250a-108x256.png 108w\" sizes=\"auto, (max-width: 250px) 100vw, 250px\" \/><figcaption id=\"caption-attachment-10516\" class=\"wp-caption-text\">Nikkor 70-200mm (f2,8)<\/figcaption><\/figure>\n<\/div>\n<p style=\"text-align: justify;\"><div class=\"gp-col-75 gpovh \" style=\"\">\n<p style=\"text-align: justify;\">Auf den ersten Blick ist dieses Teleobjektiv f\u00fcr die Panoramafotografie so gut geeignet, wie ein Sportwagen f\u00fcr Gel\u00e4ndefahrten \u2013 aber nur auf den ersten Blick. F\u00fcr Kugelpanoramen ist es nicht zu gebrauchen.<br \/>\nMit dieser Pr\u00e4zisionslinse k\u00f6nnen unglaublich hoch aufgel\u00f6ste zylindrische Fl\u00e4chenpanoramen erstellt werden. Der Zoombereich innerhalb solcher Bilder ist gigantisch, aber auch die Datenmenge. Aufl\u00f6sungen deutlich jenseits von einem Gigapixel k\u00f6nnen bei 200 mm Brennweite locker erreicht werden.<\/p>\n<p style=\"text-align: justify;\">Bei 200 mm Telebrennweite wird alle 5\u00b0 eine Aufnahme gefertigt. Demnach sind bei einem Teilpanorama mit 180\u00b0 etwa 34 Aufnahmen n\u00f6tig. Da solche Panoramen aber in mehreren Reihen aufgenommen werden, multipliziert sich die Anzahl der Aufnahmen entsprechend. Bei 3 Reihen f\u00fcr ein 180\u00b0-Teilpanorama m\u00fcssen bereits \u00fcber 100 Aufnahmen miteinander verrechnet werden. Selbstverst\u00e4ndlich sind auch 360\u00b0-Panoramen machbar, mit entsprechendem Aufwand. Auf jeden Fall wird hier die Hardware so richtig auf die Probe gestellt.<\/p>\n<p style=\"text-align: justify;\">Ein paar Beispiele solcher Gigapixel-Panoramen sind hier zu sehen:<\/p>\n<p style=\"text-align: justify;\"><a href=\"https:\/\/www.aktiv-panorama.de\/panoramen\/Stuttgart\/Birkenwaldstrasse\/\">Stuttgart: Aussicht von der Birkenwaldstra\u00dfe<\/a> (<strong>2,75 Gigapixel &#8211; 148.293 x 18.506 Pixel<\/strong>)<br \/>\n<a href=\"https:\/\/www.aktiv-panorama.de\/panoramen\/Stuttgart\/Eduard-Pfeiffer-Strasse\/\">Stuttgart: Aussicht von der Edaurd-Pfeiffer-Stra\u00dfe<\/a> (<strong>2,5 Gigapixel &#8211; 100.328 x 25.059 Pixel<\/strong>)<br \/>\n<a title=\"Gigapixel-Panorama - Aussicht vom Killesberg auf Stuttgart\" href=\"https:\/\/www.aktiv-panorama.de\/panoramen\/Stuttgart\/Killesberg\/\">Stuttgart: Aussicht vom Killesberg<\/a>\u00a0(<strong>1,65 Gigapixel \u2013 93.288 Pixel x 17.861 Pixel<\/strong>)<br \/>\n<a title=\"Gigapixel-Panorama - Aussicht vom Burgholzhof auf Stuttgart\" href=\"https:\/\/www.aktiv-panorama.de\/panoramen\/Stuttgart\/Burgholzhof\/\">Stuttgart: Aussicht vom Burgholzhof<\/a>\u00a0(<strong>1,55 Gigapixel \u2013 136.357 Pixel x 11.666 Pixel<\/strong>)<\/p>\n<p style=\"text-align: justify;\">Auch f\u00fcr viele andere Zwecke wird dieses Objektiv oft und gerne eingesetzt. Es ist ein hervorragendes Portraitobjektiv, nicht nur wegen der Offenblende von 2,8. Es ist zwar schwer \u2013 so \u2018ne richtige Wuchtbrumme, daf\u00fcr aber f\u00fcr die Ewigkeit gebaut. Die Haptik und die Qualit\u00e4t sind so was von hochwertig, da klappert nix, der Fokusring und der Zoomring funktionieren geschmeidig und seidenweich \u2013 so wie es sein soll.<br \/>\nUnd die Abbildungsqualit\u00e4t erst: Dieses Rohr schie\u00dft aus allen Lagen scharf und das bis in die \u00e4u\u00dfersten Ecken, eine Vignettierung ist in der Alltagsfotografie nicht feststellbar und chromatische Aberrationen habe ich noch nicht wahrgenommen. Und was mich noch mehr begeistert: das Bokeh. Da die Sch\u00e4rfe und die restliche Qualit\u00e4t selbst bei Offenblende sehr gut sind, kann man den Blendebereich f2,8 ohne Weiteres verwenden. Der Unsch\u00e4rfeverlauf ist beeindruckend und das Bokeh fantastisch. Butterweich und sch\u00f6n anzuschauen. Leider hat die Qualit\u00e4t auch ihren Preis. Das Gewicht ist hoch und die Ausma\u00dfe sind enorm. Ob man das gute Teil im Fotorucksack auf eine Wandertour in die Berge mitnimmt, \u00fcberlegt man sich zwei mal.<\/p>\n<p style=\"text-align: justify;\"><\/div>\n<div class=\"gp-wrap gpcenter gpovh entry-sep bwi-entry-sep\" style=\"\"><\/div>\n<div class=\"gp-wrap gpcenter gpovh entry-sep bwi-entry-sep\" style=\"\"><\/div>\n<div class=\"gp-wrap gpcenter gpovh accent-bg-nh fp-bf-container\" style=\"\"> <div class=\"gp-container gpcenter gpovh \" style=\"\">\n<h1 class=\"main-desc\" style=\"text-align: center;\"><span style=\"color: #dbdbdb;\"><strong>Nikkor\u00a0200-500 (f5,6) ED VR<\/strong><br \/>\n<\/span><\/h1>\n<div class=\"fp-bf-underline tac\" style=\"\"><\/div><\/div><\/div>\n<p style=\"text-align: justify;\"><div class=\"gp-col-25 gpovh \" style=\"\">\n<figure id=\"attachment_8551\" aria-describedby=\"caption-attachment-8551\" style=\"width: 300px\" class=\"wp-caption aligncenter\"><img loading=\"lazy\" decoding=\"async\" class=\"wp-image-8551 size-full\" src=\"https:\/\/www.aktiv-panorama.de\/wp-content\/uploads\/2017\/07\/SNS_5024-1_300.png\" alt=\"AF-S Nikkor 200-500mm (f5,6)\" width=\"300\" height=\"181\" srcset=\"https:\/\/www.aktiv-panorama.de\/wp-content\/uploads\/2017\/07\/SNS_5024-1_300.png 300w, https:\/\/www.aktiv-panorama.de\/wp-content\/uploads\/2017\/07\/SNS_5024-1_300-256x154.png 256w\" sizes=\"auto, (max-width: 300px) 100vw, 300px\" \/><figcaption id=\"caption-attachment-8551\" class=\"wp-caption-text\">Supertele Zoomobjektiv Nikkor 200-500 (f5,6) an der Nikon D800<\/figcaption><\/figure>\n<p style=\"text-align: justify;\"><\/div>\n<p style=\"text-align: justify;\"><div class=\"gp-col-75 gpovh \" style=\"\">\n<p style=\"text-align: justify;\">Dieses Zoomobjektiv war von Juli 2027 bis 2024 in meiner Kameratasche. Das Objektiv ist gro\u00df, schwer und deshalb unhandlich. Es wiegt ca. 2,3 kg. An der Nikon D850 habe ich es relativ selten eingesetzt. Erst mit der Z9 entdeckte ich die Wildlife-Fotografie und setzte diese Linse drauf. Die Ergebnisse waren alle perfekt, wirklich brauchbar. Der AF funktionierte tadellos. Ich war von dem Objektiv restlos \u00fcberzeugt. Dennoch habe ich es verkauft. Von dem Erl\u00f6s g\u00f6nnte ich mir das Nikkor Z 180-600 mm, f5,6-6,3.<\/p>\n<p style=\"text-align: justify;\"><\/div>\n<div class=\"gp-wrap gpcenter gpovh entry-sep bwi-entry-sep\" style=\"\"><\/div>\n<div class=\"gp-wrap gpcenter gpovh entry-sep bwi-entry-sep\" style=\"\"><\/div>\n<div class=\"gp-wrap gpcenter gpovh accent-bg-nh fp-bf-container\" style=\"\"> <div class=\"gp-container gpcenter gpovh \" style=\"\">\n<h1 class=\"main-desc\" style=\"text-align: center;\"><span style=\"color: #dbdbdb;\"><strong>Nikon Nikkor Z 180-600 mm (f5,6-6,3) VR<\/strong><br \/>\n<\/span><\/h1>\n<div class=\"fp-bf-underline tac\" style=\"\"><\/div><\/div><\/div>\n<p style=\"text-align: justify;\"><div class=\"gp-col-25 gpovh \" style=\"\">\n<figure id=\"attachment_11892\" aria-describedby=\"caption-attachment-11892\" style=\"width: 250px\" class=\"wp-caption aligncenter\"><img loading=\"lazy\" decoding=\"async\" class=\"wp-image-11892 size-full\" src=\"https:\/\/www.aktiv-panorama.de\/wp-content\/uploads\/2025\/09\/Nikon-Nikkor-Z-180-600mm-f56-63.png\" alt=\"Nikon Nikkor Z 180-600mm, f5,6-6,3\" width=\"250\" height=\"684\" srcset=\"https:\/\/www.aktiv-panorama.de\/wp-content\/uploads\/2025\/09\/Nikon-Nikkor-Z-180-600mm-f56-63.png 250w, https:\/\/www.aktiv-panorama.de\/wp-content\/uploads\/2025\/09\/Nikon-Nikkor-Z-180-600mm-f56-63-110x300.png 110w, https:\/\/www.aktiv-panorama.de\/wp-content\/uploads\/2025\/09\/Nikon-Nikkor-Z-180-600mm-f56-63-187x512.png 187w, https:\/\/www.aktiv-panorama.de\/wp-content\/uploads\/2025\/09\/Nikon-Nikkor-Z-180-600mm-f56-63-94x256.png 94w\" sizes=\"auto, (max-width: 250px) 100vw, 250px\" \/><figcaption id=\"caption-attachment-11892\" class=\"wp-caption-text\">Nikon Nikkor Z 180-600mm, f5,6-6,3<\/figcaption><\/figure>\n<p style=\"text-align: justify;\"><\/div>\n<p style=\"text-align: justify;\"><div class=\"gp-col-75 gpovh \" style=\"\">\n<p style=\"text-align: justify;\">Hier ist das Teil, mit dem ich nun auf die Pirsch gehe und Jagd auf V\u00f6gel und sonst allerlei Tiere mache. Wie oben geschrieben, habe ich daf\u00fcr das AF-S 200-500 mm, f5,6 VR abgegeben.<br \/>\nDas 180-600 er \u00fcberzeugt mich in vielerlei Hinsicht. Die Abbildungsqualit\u00e4t ist wie bei alle Z-Optiken erstklassig. Der AF sitzt mit der Z9 nahezu zu 100%. Es ist zwar ein variables Zoomobjektiv, doch zu 95 % wird es am langen Ende bei 600 mm verwendet. Relativ selten wird der Zoomring bedient.<br \/>\nSkeptisch war ich ob der relativ schwachen Offenblende von f6,3. Doch die ist kein Problem. Klar, weiter abblenden tut man mit diesem Objektiv nicht. Ich kann mich nicht daran erinnern, jemals eine kleinere Blende bei diesem Objektiv verwendet zu haben. \u00a0Offene Blende, kurze Verschusszeit, ISO auf Automatik und dann im manuellen Modus voll drauf los, mit 20 Bildern \/ Sekunde. Sofern der Vogel im Bild ist, wird jede Feder knackscharf sein. Ausschuss ist dann Mangelware.<\/p>\n<p>Ihr seht schon, das gute St\u00fcck hat mich von den Leistungen \u00fcberzeugt, w\u00e4ren da nicht das hohe Gewicht und die gigantischen Ma\u00dfe. Das Teil ist f\u00fcr zu Hause gedacht. Es ist kein Reisezoom. Selbst auf einer Safari durch die Serengeti werde ich mir \u00fcberlegen, ob ich das Objektiv mitnehme. Das Nikkor Z 100-400 mm f4,5-5,6 VR S ist eine \u00fcberlegenswerte Alternative.<\/p>\n<\/div>\n<p style=\"text-align: justify;\"><div class=\"gp-wrap gpcenter gpovh entry-sep bwi-entry-sep\" style=\"\"><\/div>\n<div class=\"gp-wrap gpcenter gpovh entry-sep bwi-entry-sep\" style=\"\"><\/div>\n<div class=\"gp-wrap gpcenter gpovh accent-bg-nh fp-bf-container\" style=\"\"> <div class=\"gp-container gpcenter gpovh \" style=\"\">\n<h1 class=\"main-desc\" style=\"text-align: center;\"><span style=\"color: #dbdbdb;\"><strong>Sigma 14 mm f1,8 DG HSM Art<\/strong><br \/>\n<\/span><\/h1>\n<div class=\"fp-bf-underline tac\" style=\"\"><\/div><\/div><\/div>\n<div class=\"gp-col-25 gpovh \" style=\"\">\n<figure id=\"attachment_11261\" aria-describedby=\"caption-attachment-11261\" style=\"width: 250px\" class=\"wp-caption aligncenter\"><img loading=\"lazy\" decoding=\"async\" class=\"wp-image-11261 size-full\" src=\"https:\/\/www.aktiv-panorama.de\/wp-content\/uploads\/2022\/04\/Sigma-Art-14mm-f18-DG_250px.png\" alt=\"\" width=\"250\" height=\"375\" srcset=\"https:\/\/www.aktiv-panorama.de\/wp-content\/uploads\/2022\/04\/Sigma-Art-14mm-f18-DG_250px.png 250w, https:\/\/www.aktiv-panorama.de\/wp-content\/uploads\/2022\/04\/Sigma-Art-14mm-f18-DG_250px-200x300.png 200w, https:\/\/www.aktiv-panorama.de\/wp-content\/uploads\/2022\/04\/Sigma-Art-14mm-f18-DG_250px-171x256.png 171w\" sizes=\"auto, (max-width: 250px) 100vw, 250px\" \/><figcaption id=\"caption-attachment-11261\" class=\"wp-caption-text\">Sigma 14 mm f1,8 DG HSM Art<\/figcaption><\/figure>\n<p style=\"text-align: justify;\"><\/div>\n<p style=\"text-align: justify;\"><div class=\"gp-col-75 gpovh \" style=\"\">\n<p style=\"text-align: justify;\">Viele meiner Aufnahmen des Nachthimmels und der Milchstrasse machte ich mit meinem Nikkor 14-24 mm f2,8. Es war lange mein Favorit f\u00fcr derartige Bilder. F\u00fcr den Bildausschnitt wurden \u00fcblicherweise Winkeleinstellungen zwischen 20 und 14 mm gew\u00e4hlt. Bis Sigma die Festbrennweite 14 mm f1,8 Art herausbrachte, galt das Nikkor 14-24 f2,8 als Referenz f\u00fcr derartige Aufnahmen. Erste Berichte \u00fcber dieses Objektiv waren sehr vielversprechend. Das Sigma 14 mm f1,8 soll bereits bei offener Blende hervorragende Ergebnisse liefern.<span class=\"Apple-converted-space\">\u00a0<\/span><\/p>\n<p style=\"text-align: justify;\">Gerade wegen der Anfangs\u00f6ffnung f1,8 reizte mich dieses Objektiv speziell f\u00fcr Aufnahmen des Nachthimmels und der Milchstrassenfotografie. Gegen\u00fcber der Anfangs\u00f6ffnung von <strong>f2,8<\/strong> beim Nikkor 14.24 f2,8 ist der Wert von <strong>f1,8<\/strong> des neuen Sigma Art Objektivs eine andere Welt.<span class=\"Apple-converted-space\">\u00a0<\/span><\/p>\n<p style=\"text-align: justify;\">Bei Vergleichen mit dem \u00e4lteren Nikkor 14.24 f2,8 konnte ich tats\u00e4chlich selbst bei offener Blende einen qualitativen Fortschritt feststellen. Meines Erachtens ist das Sigma 14 mm \u00e4u\u00dferst scharf und kontrastreich, lediglich am \u00e4u\u00dfersten Rand weisen die Aufnahmen Fehlabbildungen auf. Aber das war bei dieser Brennweite zu erwarten und kann vernachl\u00e4ssigt werden. Ich setze das Sigma 14 f1,8 sehr gerne und h\u00e4ufig bei der Nachthimmel-Fotografie mit der Milchstrasse ein. Ein besseres Objektiv f\u00fcr diesen Zweck habe ich in meiner Fototasche momentan nicht.<span class=\"Apple-converted-space\">\u00a0<\/span><\/p>\n<p style=\"text-align: justify;\"><\/div>\n<p style=\"text-align: justify;\"><div class=\"gp-wrap gpcenter gpovh entry-sep bwi-entry-sep\" style=\"\"><\/div>\n<div class=\"gp-wrap gpcenter gpovh entry-sep bwi-entry-sep\" style=\"\"><\/div>\n<div class=\"gp-wrap gpcenter gpovh accent-bg-nh fp-bf-container\" style=\"\"> <div class=\"gp-container gpcenter gpovh \" style=\"\">\n<h1 class=\"main-desc\" style=\"text-align: center;\"><span style=\"color: #dbdbdb;\"><strong>Viltrox 135 mm, (f1,8) LAB<\/strong><br \/>\n<\/span><\/h1>\n<div class=\"fp-bf-underline tac\" style=\"\"><\/div><\/div><\/div>\n<div class=\"gp-col-25 gpovh \" style=\"\">\n<figure id=\"attachment_11909\" aria-describedby=\"caption-attachment-11909\" style=\"width: 250px\" class=\"wp-caption aligncenter\"><img loading=\"lazy\" decoding=\"async\" class=\"wp-image-11909 size-full\" src=\"https:\/\/www.aktiv-panorama.de\/wp-content\/uploads\/2025\/09\/Viltrox-AF-135mm-f18-Nikon-Z_250px.png\" alt=\"Viltrox AF 135 mm, f1,8 LAB\" width=\"250\" height=\"510\" srcset=\"https:\/\/www.aktiv-panorama.de\/wp-content\/uploads\/2025\/09\/Viltrox-AF-135mm-f18-Nikon-Z_250px.png 250w, https:\/\/www.aktiv-panorama.de\/wp-content\/uploads\/2025\/09\/Viltrox-AF-135mm-f18-Nikon-Z_250px-147x300.png 147w, https:\/\/www.aktiv-panorama.de\/wp-content\/uploads\/2025\/09\/Viltrox-AF-135mm-f18-Nikon-Z_250px-125x256.png 125w\" sizes=\"auto, (max-width: 250px) 100vw, 250px\" \/><figcaption id=\"caption-attachment-11909\" class=\"wp-caption-text\">Viltrox AF 135 mm, f1,8 LAB<\/figcaption><\/figure>\n<p style=\"text-align: justify;\"><\/div>\n<p style=\"text-align: justify;\"><div class=\"gp-col-75 gpovh \" style=\"\">\n<p style=\"text-align: justify;\">Das ist eines der Objektive in meinem Fuhrpark, das mich restlos begeistert. Was f\u00fcr tolle Aufnahmen sind mir mit dieser Linse schon gelungen! Bei Hochzeiten, beim Brautpaarshooting ist diese Linse auf einer der Kameras nun immer drauf.<\/p>\n<p style=\"text-align: justify;\">Ein 135er als Portraittele, das wollte ich schon sehr lange. Gelieb\u00e4ugelt habe ich fr\u00fcher schon mit dem Sigma 135 mm, f1,8 Art. Bekam dann aber eine g\u00fcnstige Gelegenheit, das Sigma 105 mm, f1,4 Art zu erwerben. Zwei derartige Bokehspezialisten brauchte ich dann auch nicht. Das Thema 135-Portraitlinse griff ich wieder auf, als Nikon das 135 mm, f1,8 Plena vorstellte. Allerdings fehlte mit daf\u00fcr das n\u00f6tige Kleingeld. Als Viltrox dann das schon l\u00e4nger auf dem Markt befindliche 135 mm, f1,8 LAB f\u00fcr E-Mount (Sony) dann im M\u00e4rz 2025 auch f\u00fcr den Nikon Z-Mount auf den Markt brachte, musste ich nicht lange \u00fcberlegen &#8211; KAUFEN! An den Amazon-Prime-Days war dann die Gelegenheit \u00e4u\u00dferst g\u00fcnstig: 799 \u20ac habe ich f\u00fcr dieses tolle St\u00fcck Glas bezahlt. Selbst wenn ich das Plena g\u00fcnstig bek\u00e4me, es w\u00e4re trotzdem 3 Mal so teuer.<\/p>\n<p style=\"text-align: justify;\">Das Viltrox 135 mm, f1,8 LAB ist zwar gr\u00f6\u00dfer und schwerer als das Plena, das ist aber zu verschmerzen. Einzig, was mir daran missf\u00e4llt, ist der VCM Autofokus-Motor. Im ausgeschalteten Zustand wackelt er merklich im Objektiv und klackert. Erst wenn der Motor \u00fcber die Kamera aktiviert wird, stabilisiert sich sein Zustand. Das soll wohl bei derartigen Stellmotoren normal sein, mich st\u00f6rt es dennoch ein wenig. Das ist aber wirklich der einzige Makel des Objektivs.<\/p>\n<p style=\"text-align: justify;\"><\/div>\n<p style=\"text-align: justify;\"><div class=\"gp-wrap gpcenter gpovh entry-sep bwi-entry-sep\" style=\"\"><\/div>\n<div class=\"gp-wrap gpcenter gpovh entry-sep bwi-entry-sep\" style=\"\"><\/div>\n<div class=\"gp-wrap gpcenter gpovh accent-bg-nh fp-bf-container\" style=\"\"> <div class=\"gp-container gpcenter gpovh \" style=\"\">\n<h1 class=\"main-desc\" style=\"text-align: center;\"><span style=\"color: #dbdbdb;\"><strong>Sigma 105 mm f1,4 DG HSM Art<\/strong><br \/>\n<\/span><\/h1>\n<div class=\"fp-bf-underline tac\" style=\"\"><\/div><\/div><\/div>\n<div class=\"gp-col-25 gpovh \" style=\"\">\n<figure id=\"attachment_11255\" aria-describedby=\"caption-attachment-11255\" style=\"width: 250px\" class=\"wp-caption aligncenter\"><img loading=\"lazy\" decoding=\"async\" class=\"wp-image-11255 size-full\" src=\"https:\/\/www.aktiv-panorama.de\/wp-content\/uploads\/2022\/04\/Sigma-Art-105-mm-f14-DG_250px.png\" alt=\"\" width=\"250\" height=\"352\" srcset=\"https:\/\/www.aktiv-panorama.de\/wp-content\/uploads\/2022\/04\/Sigma-Art-105-mm-f14-DG_250px.png 250w, https:\/\/www.aktiv-panorama.de\/wp-content\/uploads\/2022\/04\/Sigma-Art-105-mm-f14-DG_250px-213x300.png 213w, https:\/\/www.aktiv-panorama.de\/wp-content\/uploads\/2022\/04\/Sigma-Art-105-mm-f14-DG_250px-182x256.png 182w\" sizes=\"auto, (max-width: 250px) 100vw, 250px\" \/><figcaption id=\"caption-attachment-11255\" class=\"wp-caption-text\">Sigma Art 105 mm f1,4 DG HSM<\/figcaption><\/figure>\n<p style=\"text-align: justify;\"><\/div>\n<p style=\"text-align: justify;\"><div class=\"gp-col-75 gpovh \" style=\"\">\n<p style=\"text-align: justify;\">Wow, was f\u00fcr ein Brocken. Dieses Objektiv ist monstr\u00f6s, in allen Belangen. Es ist ein Abbildungsmonster und ein Monster in Sachen Ma\u00dfe und Gewicht.<\/p>\n<p style=\"text-align: justify;\">Es wiegt \u00fcber 1,6 kg, hat einen Filterdurchmesser von 105 mm bei einen Au\u00dfendurchmesser von 116 mm. Die L\u00e4nge betr\u00e4gt ca. 155 mm. So kompromisslos diese Werte sind, genauso kompromisslos sind auch die fotografischen Qualit\u00e4ten. Selbst an der hochaufl\u00f6senden Nikon D850 st\u00f6\u00dft diese Linse lange noch nicht an seine Grenzen. Die Bilder sind bis in die Ecken hochaufl\u00f6send und scharf, eine Randabschattung ist nicht auszumachen und der Kontrast ist ausgezeichnet.<\/p>\n<p style=\"text-align: justify;\">Ein so au\u00dfergew\u00f6hnliches und beeindruckendes Bokeh zeigt keines meiner vielen anderen Objektive*. Aber daf\u00fcr habe ich es mir ja auch zugelegt. Das Sigma Art 105 f1,4 definiert nicht nur die Portraitfotografie neu. Auch Natur- und Landschaftsaufnahmen profitieren von seinen au\u00dfergew\u00f6hnlichen Eigenschaften. Weitere St\u00e4rken wird dieses Objektiv in der Astrofotografie zeigen. Die au\u00dfergew\u00f6hnliche Anfangs\u00f6ffnung von f1,4 bei 105 mm Brennweite schreit gerade nach Eins\u00e4tzen in der Nacht. Bestimmt werde ich in diesem Einsatzbereich noch viel Freude mit dieser Linse haben.<\/p>\n<p>* Doch, das oben erw\u00e4hnte Viltrox 135 mm, f1,8 LAB zeigt ein \u00e4hnliches Bokeh<\/p>\n<\/div>\n<p style=\"text-align: justify;\"><div class=\"gp-wrap gpcenter gpovh entry-sep bwi-entry-sep\" style=\"\"><\/div>\n<div class=\"gp-wrap gpcenter gpovh entry-sep bwi-entry-sep\" style=\"\"><\/div>\n<div class=\"gp-wrap gpcenter gpovh accent-bg-nh fp-bf-container\" style=\"\"> <div class=\"gp-container gpcenter gpovh \" style=\"\">\n<h1 class=\"main-desc\" style=\"text-align: center;\"><span style=\"color: #dbdbdb;\">50 mm (f1,4) Standard-Objektive<\/span><\/h1>\n<div class=\"fp-bf-underline tac\" style=\"\"><\/div><\/div><\/div>\n<p style=\"text-align: justify;\"><!-- content block 11265 starts here -->\r\n<div class=\"gp-container gpovh gpcenter \" style=\"\">\r\n<!-- Column 1starts here -->\r\n<div class=\"gp-cblk gp-col-31 \" style=\"\">\r\n<p><img loading=\"lazy\" decoding=\"async\" class=\"aligncenter size-full wp-image-11272\" src=\"https:\/\/www.aktiv-panorama.de\/wp-content\/uploads\/2022\/04\/Sigma-Art-50mm-DG_250px.png\" alt=\"\" width=\"250\" height=\"426\" srcset=\"https:\/\/www.aktiv-panorama.de\/wp-content\/uploads\/2022\/04\/Sigma-Art-50mm-DG_250px.png 250w, https:\/\/www.aktiv-panorama.de\/wp-content\/uploads\/2022\/04\/Sigma-Art-50mm-DG_250px-176x300.png 176w, https:\/\/www.aktiv-panorama.de\/wp-content\/uploads\/2022\/04\/Sigma-Art-50mm-DG_250px-150x256.png 150w\" sizes=\"auto, (max-width: 250px) 100vw, 250px\" \/><\/p>\n<p style=\"text-align: center;\">Sigma Art 50mm f1,4 DG<\/p>\n\r\n<\/div>\r\n<!-- Column 1ends here -->\r\n<!-- Column 2starts here -->\r\n<div class=\"gp-cblk gp-col-31 gppush3 \" style=\"\">\r\n<p>&nbsp;<\/p>\n<p>&nbsp;<\/p>\n<p><img loading=\"lazy\" decoding=\"async\" class=\"aligncenter size-full wp-image-11268\" src=\"https:\/\/www.aktiv-panorama.de\/wp-content\/uploads\/2022\/04\/Nikkor-50mm-f14-D_250px.png\" alt=\"\" width=\"250\" height=\"304\" srcset=\"https:\/\/www.aktiv-panorama.de\/wp-content\/uploads\/2022\/04\/Nikkor-50mm-f14-D_250px.png 250w, https:\/\/www.aktiv-panorama.de\/wp-content\/uploads\/2022\/04\/Nikkor-50mm-f14-D_250px-247x300.png 247w, https:\/\/www.aktiv-panorama.de\/wp-content\/uploads\/2022\/04\/Nikkor-50mm-f14-D_250px-211x256.png 211w\" sizes=\"auto, (max-width: 250px) 100vw, 250px\" \/><\/p>\n<p style=\"text-align: center;\">Nikkor 50mm f1,4 D<\/p>\n\r\n<\/div>\r\n<!-- Column 2ends here -->\r\n<!-- Column 3starts here -->\r\n<div class=\"gp-cblk gp-col-31 gppush3 \" style=\"\">\r\n<p>&nbsp;<\/p>\n<p>&nbsp;<\/p>\n<p><img loading=\"lazy\" decoding=\"async\" class=\"aligncenter size-full wp-image-11267\" src=\"https:\/\/www.aktiv-panorama.de\/wp-content\/uploads\/2022\/04\/Nikkor-50mm-f14-G_2_250px.png\" alt=\"\" width=\"250\" height=\"315\" srcset=\"https:\/\/www.aktiv-panorama.de\/wp-content\/uploads\/2022\/04\/Nikkor-50mm-f14-G_2_250px.png 250w, https:\/\/www.aktiv-panorama.de\/wp-content\/uploads\/2022\/04\/Nikkor-50mm-f14-G_2_250px-238x300.png 238w, https:\/\/www.aktiv-panorama.de\/wp-content\/uploads\/2022\/04\/Nikkor-50mm-f14-G_2_250px-203x256.png 203w\" sizes=\"auto, (max-width: 250px) 100vw, 250px\" \/><\/p>\n<p style=\"text-align: center;\">Nikkor 50mm f1,4 G<\/p>\n\r\n<\/div>\r\n<!-- Column 3ends here -->\r\n<\/div>\r\n<!-- Content block 11265 ends here -->\r\n\n<p style=\"text-align: justify;\">Diese drei Objektive haben ein paar Gemeinsamkeiten. Alle drei sind Standardobjektive mit einer festen Brennweite von 50 mm. Au\u00dferdem handelt es sich bei allen drei Objektiven um \u00e4u\u00dferst lichtstarke Linsen. Sie haben alle eine Anfangs\u00f6ffnung von f1,4. Diese Eckdaten sollten eigentlich ein Garant f\u00fcr erstklassige Vertreter ihrer Klasse sein.<br \/>\nDas in der Mitte gezeigte D-Objektiv von Nikon habe ich schon sehr lange. Es begleitete mich auf vielen Fototouren und leistete mir in allen Eins\u00e4tzen gute Dienste. Irgendwann leistete ich mir das G-Modell. Es ist moderner und ich dachte, es passt zu den neuen hochaufl\u00f6senden DSLR-Kameras (D800 und D850) optimaler als das \u00e4ltere D-Model. \u00a0Es war angedacht, dass es das bisherige D-Modell ersetzen soll. Aber falsch gedacht. Das neuere G-Modell kommt nicht ansatzweise an die Abbildungsqualit\u00e4t des \u00e4lteren D-Modells ran. Bei offener Blende 1,4 ist die Sch\u00e4rfe miserabel, die Randabschattung ist ebenfalls inakzeptabel. Wenn \u00fcberhaupt, bietet es erst ab einer Blende von 2,8 einigerma\u00dfen \u00fcberzeugende Bildqualit\u00e4t. Zumindest an einer Nikon D850. Also liegt das neuere G-Modell, f\u00fcr das ich gl\u00fccklicherweise gebraucht nicht all zu viel bezahlt habe, nur noch im Schrank rum.<\/p>\n<p style=\"text-align: justify;\">Ich h\u00f6rte von dem Sigma Art 50 mm 1,4 DG (Abbildung links), es soll eine erstklassige Abbildungsleistung haben. Ich hab\u2019s gekauft und was soll ich sagen, die beiden Nikkore k\u00f6nnen einpacken. Es liegen Welten zwischen dem Sigma und den beiden Nikkoren.<br \/>\nDie Qualit\u00e4t des Sigma Art 50mm f1,4 DG ist in allen Belangen au\u00dfergew\u00f6hnlich. Es ist robust, sehr wertig, und die fotografischen Ergebnisse sind beeindruckend. Bereits offenblendig scharf bis in die Ecken. Verzeichnungen und Randabschattungen muss man suchen. Sie sind kaum auszumachen. Liegt der Schwerpunkt bei maximaler Bildqualit\u00e4t, wird dieses Objektiv auf meine Nikon gesetzt.<br \/>\nDas D-Modell setzte ich nach wie vor gerne, insbesondere auf Reisen ein. F\u00fcr sein geringes Gewicht und seine Kompaktheit liefert es eine ordentliche Bildqualit\u00e4t, auch bei offener Blende.<br \/>\nWie gesagt, das G-Modell verstaubt im Schrank. Ich m\u00f6chte es noch nicht mal gebraucht wieder verkaufen. Von diesem Objektiv bin ich ma\u00dflos entt\u00e4uscht, den Aufdruck Nikon verdient es nicht.<\/p>\n<p style=\"text-align: justify;\">Einen gro\u00dfen Nachteil hat das Sigma 50 mm f1,4 DG. Es ist gro\u00df und schwer. In der Fototasche ben\u00f6tigt es ordentlich viel Stauraum, \u00e4hnlich wie ein 24-70 f2,8. Auch das Gewicht ist dem eines Zoom-Objektivs \u00a0\u00e4hnlich. Es wiegt 815 Gramm und ist ca. 10 cm lang. Es hat einen Filterdurchmesser von 77 mm. Wer aber damit leben kann, bekommt mit dem Sigma ein erstklassiges Objektiv, das ich uneingeschr\u00e4nkt empfehlen kann.<\/p>\n<div class=\"gp-wrap gpcenter gpovh entry-sep bwi-entry-sep\" style=\"\"><\/div>\n<div class=\"gp-wrap gpcenter gpovh entry-sep bwi-entry-sep\" style=\"\"><\/div>\n<div class=\"gp-wrap gpcenter gpovh accent-bg-nh fp-bf-container\" style=\"\"> <div class=\"gp-container gpcenter gpovh \" style=\"\">\n<h1 class=\"main-desc\" style=\"text-align: center;\"><span style=\"color: #dbdbdb;\"><strong>Nikkor 28-300 mm (f3,5-5,6) VR<\/strong><br \/>\n<\/span><\/h1>\n<div class=\"fp-bf-underline tac\" style=\"\"><\/div><\/div><\/div>\n<p style=\"text-align: justify;\"><div class=\"gp-col-25 gpovh \" style=\"\">\n<figure id=\"attachment_10507\" aria-describedby=\"caption-attachment-10507\" style=\"width: 250px\" class=\"wp-caption aligncenter\"><img loading=\"lazy\" decoding=\"async\" class=\"size-full wp-image-10507\" src=\"https:\/\/www.aktiv-panorama.de\/wp-content\/uploads\/2020\/01\/STD_3506_250.png\" alt=\"\" width=\"250\" height=\"395\" srcset=\"https:\/\/www.aktiv-panorama.de\/wp-content\/uploads\/2020\/01\/STD_3506_250.png 250w, https:\/\/www.aktiv-panorama.de\/wp-content\/uploads\/2020\/01\/STD_3506_250-190x300.png 190w, https:\/\/www.aktiv-panorama.de\/wp-content\/uploads\/2020\/01\/STD_3506_250-162x256.png 162w\" sizes=\"auto, (max-width: 250px) 100vw, 250px\" \/><figcaption id=\"caption-attachment-10507\" class=\"wp-caption-text\">Nikkor 28-300 mm (f3,5-5,6)<\/figcaption><\/figure>\n<\/div>\n<p style=\"text-align: justify;\"><div class=\"gp-col-75 gpovh \" style=\"\">\n<p style=\"text-align: justify;\">Ein wahres Allround-Talent und ein echtes Schn\u00e4ppchen. Logischerweise kann es mit den Top-Objektiven der o.g. 2,8-Serie nicht ganz mithalten. Aber der Zoombereich vom 28mm-Weitwinkel bis in den 300mm-Telebereich ist beeindruckend.\u00a0 Unter diesem Gesichtspunkt ist die Abbildungsqualit\u00e4t wirklich klasse und das zu einem \u00e4u\u00dferst attraktiven Preis. Im August 2014 habe ich f\u00fcr dieses Objektiv nicht einmal 760 \u20ac bezahlt.<\/p>\n<p style=\"text-align: justify;\">Im Urlaub und auf langen Touren ist eine schwere Kameraausr\u00fcstung schon sehr bald eine Qual. Wie gut, dass es dieses Objektiv gibt. Und noch besser, dass ich es habe. Damit deckt man wirklich fast alle Fotosituationen ab. Sogar Panoramen sind machbar.<br \/>\nDar\u00fcber hinaus ist die Naheinstellgrenze bei diesem Objektiv faszinierend. 50 mm ab Sensorebene. Hier gelingen sogar Nahaufnehmen mit einem Abbildungsma\u00dfstab von ca. 3 zu 1.<\/p>\n<p style=\"text-align: justify;\">Selbst wenn ich die Fotoergebnisse akribisch pr\u00fcfe, bin ich mit den Ergebnissen regelm\u00e4\u00dfig zufrieden. Totalausf\u00e4lle habe ich mit dieser Linse noch nicht feststellen k\u00f6nnen \u2013 weder bei Offenblende, noch in irgendeinem kritischen Brennweitenbereich. Sollten die Bildfehler mal tats\u00e4chlich st\u00f6rend sein, mit g\u00e4ngigen Bildbearbeitungsprogrammen lassen diese sich jederzeit spielend leicht beheben. Au\u00dferdem haben moderne Nikon-Kameras eine automatische Korrektur f\u00fcr derartige Bildfehler an Bord.<\/p>\n<p style=\"text-align: justify;\">Also ich gebe dieses Objektiv nicht mehr her. Als Allround-Objektiv, sogar auf den hochaufl\u00f6senden Kameras D800 und D850, eine tolle Kombination. Und das, obwohl ich sehr wohl die fotografischen Ergebnisse mit sehr viel teureren Objektiven vergleichen kann.<\/p>\n<p style=\"text-align: justify;\"><\/div>\n<div class=\"gp-wrap gpcenter gpovh entry-sep bwi-entry-sep\" style=\"\"><\/div>\n<div class=\"gp-wrap gpcenter gpovh entry-sep bwi-entry-sep\" style=\"\"><\/div>\n<div class=\"gp-wrap gpcenter gpovh accent-bg-nh fp-bf-container\" style=\"\"> <div class=\"gp-container gpcenter gpovh \" style=\"\">\n<h1 class=\"main-desc\" style=\"text-align: center;\"><span style=\"color: #dbdbdb;\"><strong>Nikkor 28mm (f2,8)<\/strong><br \/>\n<\/span><\/h1>\n<div class=\"fp-bf-underline tac\" style=\"\"><\/div><\/div><\/div>\n<p style=\"text-align: justify;\"><div class=\"gp-col-25 gpovh \" style=\"\">\n<figure id=\"attachment_10466\" aria-describedby=\"caption-attachment-10466\" style=\"width: 250px\" class=\"wp-caption aligncenter\"><img loading=\"lazy\" decoding=\"async\" class=\"wp-image-10466 size-full\" src=\"https:\/\/www.aktiv-panorama.de\/wp-content\/uploads\/2020\/01\/STD_3679_250px-1.png\" alt=\"\" width=\"250\" height=\"250\" \/><figcaption id=\"caption-attachment-10466\" class=\"wp-caption-text\">Nikkor 28mm (f2,8)<\/figcaption><\/figure>\n<p style=\"text-align: justify;\"><\/div>\n<p style=\"text-align: justify;\"><div class=\"gp-col-75 gpovh \" style=\"\">\n<p style=\"text-align: justify;\"><span style=\"font-size: inherit;\">Dieses Objektiv habe ich mir mal gebraucht gekauft. Oft habe ich es noch nicht eingesetzt. Eigentlich wollte ich damit im Macro-Bereich experimentieren, indem ich das Objektiv mit einem Umkehrring an die Kamera angesetzten wollte. Das hat mich aber \u00fcberhaupt nicht begeistert. Schnell wurde mir dann klar, dass ich f\u00fcr diese Fotografie ein echtes Macro-Objektiv ben\u00f6tige. \u00a0<\/span><\/p>\n<p style=\"text-align: justify;\"><span style=\"font-size: inherit;\"><\/div><\/span><\/p>\n<p style=\"text-align: justify;\"><div class=\"gp-wrap gpcenter gpovh entry-sep bwi-entry-sep\" style=\"\"><\/div>\n<div class=\"gp-wrap gpcenter gpovh entry-sep bwi-entry-sep\" style=\"\"><\/div>\n<div class=\"gp-wrap gpcenter gpovh accent-bg-nh fp-bf-container\" style=\"\"> <div class=\"gp-container gpcenter gpovh \" style=\"\">\n<h1 class=\"main-desc\" style=\"text-align: center;\"><span style=\"color: #dbdbdb;\"><strong>Filmdigitalisierungsadapter ES-2<\/strong><br \/>\n<\/span><\/h1>\n<div class=\"fp-bf-underline tac\" style=\"\"><\/div><\/div><\/div>\n<p style=\"text-align: justify;\"><div class=\"gp-col-25 gpovh \" style=\"\">\n<figure id=\"attachment_11259\" aria-describedby=\"caption-attachment-11259\" style=\"width: 500px\" class=\"wp-caption aligncenter\"><img loading=\"lazy\" decoding=\"async\" class=\"wp-image-11259 size-full\" src=\"https:\/\/www.aktiv-panorama.de\/wp-content\/uploads\/2022\/04\/STD_3662_500px.png\" alt=\"\" width=\"500\" height=\"428\" srcset=\"https:\/\/www.aktiv-panorama.de\/wp-content\/uploads\/2022\/04\/STD_3662_500px.png 500w, https:\/\/www.aktiv-panorama.de\/wp-content\/uploads\/2022\/04\/STD_3662_500px-300x257.png 300w, https:\/\/www.aktiv-panorama.de\/wp-content\/uploads\/2022\/04\/STD_3662_500px-256x219.png 256w\" sizes=\"auto, (max-width: 500px) 100vw, 500px\" \/><figcaption id=\"caption-attachment-11259\" class=\"wp-caption-text\">Filmdigitalisierungsadapter ES-2 mit dem AF-S Micro-Nikkor 60 mm f2.8 G ED an der Nikon D850<\/figcaption><\/figure>\n<p style=\"text-align: justify;\"><\/div>\n<p style=\"text-align: justify;\"><div class=\"gp-col-75 gpovh \" style=\"\">\n<p style=\"text-align: justify;\">Ein Traum f\u00fcr Fotografen, die noch Dias und Negative aus der alten analogen Zeit in ihren Schr\u00e4nken haben. Mit dem Filmdigitalisierungsadapter ES-2 lassen dich diese Sch\u00e4tze auf \u00e4u\u00dferst einfache Art und Weise digitalisieren.<span class=\"Apple-converted-space\">\u00a0<\/span><\/p>\n<p style=\"text-align: justify;\">\u00dcber einen speziellen Modus ist die Nikon D850 in der Lage mit diesem Adapter Dias und sogar Negative farbkorrekt zu fotografieren. Zus\u00e4tzlich wird noch ein geeignetes Macro-Objektiv ben\u00f6tigt.<br \/>\nIch habe mir f\u00fcr diesen Zweck das <strong>AF-S Micro-Nikkor 60 mm F2.8G ED<\/strong>\u00a0gebraucht zugelegt. Mit dieser Kombination habe ich nun ein echtes Powertrio, das das Abfotografieren von Dias und Negativen unglaublich einfach und sehr effizient macht.<\/p>\n<p style=\"text-align: justify;\">Der\u00a0ES-2 ist eine tolle Sache, um altes analoges Bildmaterial sicher f\u00fcr die Zukunft zu machen. Der Anschaffungspreis h\u00e4lt sich mit etwa 150 bis 160 Euro in Grenzen, sofern man die geeignete Kamera* und das passende Objektiv** bereits besitzt.<span class=\"Apple-converted-space\">\u00a0<\/span><\/p>\n<p style=\"text-align: justify;\"><em>* geignete Kameras: Nikon D850 und Nikon D780<br \/>\n<i>** der Filmadapter ist f\u00fcr folgende Objektive geeignet:\u00a0AF-S DX Micro-Nikkor 40 mm F2.8G, AF-S Micro-Nikkor 60 mm F2.8G ED und das alte AF Micro-Nikkor 60 mm F2.8D<\/i><\/em><\/p>\n<p style=\"text-align: justify;\"><span style=\"font-size: inherit;\"><\/div><\/span><\/p>\n<p style=\"text-align: justify;\"><div class=\"gp-wrap gpcenter gpovh entry-sep bwi-entry-sep\" style=\"\"><\/div>\n<div class=\"gp-wrap gpcenter gpovh entry-sep bwi-entry-sep\" style=\"\"><\/div>\n<div class=\"gp-wrap gpcenter gpovh accent-bg-nh fp-bf-container\" style=\"\"> <div class=\"gp-container gpcenter gpovh \" style=\"\">\n<h1 class=\"main-desc\" style=\"text-align: center;\"><span style=\"color: #dbdbdb;\"><strong>Nikon\u00a0<\/strong><\/span><span style=\"color: #dbdbdb;\"><strong>Multifunktionsblitzger\u00e4te\u00a0<\/strong><\/span><span style=\"color: #dbdbdb;\"><strong>SB-800 &#8211; SB-910 &#8211; SB-5000 und der Godox Speedlight V1(N)<\/strong><br \/>\n<\/span><\/h1>\n<div class=\"fp-bf-underline tac\" style=\"\"><\/div><\/div><\/div>\n<p style=\"text-align: justify;\"><!-- content block 10681 starts here -->\r\n<div class=\"gp-container gpovh gpcenter \" style=\"\">\r\n<!-- Column 1starts here -->\r\n<div class=\"gp-cblk gp-col-22 \" style=\"\">\r\n<figure id=\"attachment_10491\" aria-describedby=\"caption-attachment-10491\" style=\"width: 250px\" class=\"wp-caption aligncenter\"><img loading=\"lazy\" decoding=\"async\" class=\"size-full wp-image-10491\" src=\"https:\/\/www.aktiv-panorama.de\/wp-content\/uploads\/2020\/01\/STD_3580-250px.png\" alt=\"\" width=\"250\" height=\"382\" srcset=\"https:\/\/www.aktiv-panorama.de\/wp-content\/uploads\/2020\/01\/STD_3580-250px.png 250w, https:\/\/www.aktiv-panorama.de\/wp-content\/uploads\/2020\/01\/STD_3580-250px-196x300.png 196w, https:\/\/www.aktiv-panorama.de\/wp-content\/uploads\/2020\/01\/STD_3580-250px-168x256.png 168w\" sizes=\"auto, (max-width: 250px) 100vw, 250px\" \/><figcaption id=\"caption-attachment-10491\" class=\"wp-caption-text\">Systemblitz Nikon SB-800<\/figcaption><\/figure>\n\r\n<\/div>\r\n<!-- Column 1ends here -->\r\n<!-- Column 2starts here -->\r\n<div class=\"gp-cblk gp-col-22 gppush3 \" style=\"\">\r\n<figure id=\"attachment_10500\" aria-describedby=\"caption-attachment-10500\" style=\"width: 250px\" class=\"wp-caption aligncenter\"><img loading=\"lazy\" decoding=\"async\" class=\"size-full wp-image-10500\" src=\"https:\/\/www.aktiv-panorama.de\/wp-content\/uploads\/2020\/01\/STD_3609_250px.png\" alt=\"\" width=\"250\" height=\"358\" srcset=\"https:\/\/www.aktiv-panorama.de\/wp-content\/uploads\/2020\/01\/STD_3609_250px.png 250w, https:\/\/www.aktiv-panorama.de\/wp-content\/uploads\/2020\/01\/STD_3609_250px-209x300.png 209w, https:\/\/www.aktiv-panorama.de\/wp-content\/uploads\/2020\/01\/STD_3609_250px-179x256.png 179w\" sizes=\"auto, (max-width: 250px) 100vw, 250px\" \/><figcaption id=\"caption-attachment-10500\" class=\"wp-caption-text\">Systemblitz Nikon SB-910<\/figcaption><\/figure>\n\r\n<\/div>\r\n<!-- Column 2ends here -->\r\n<!-- Column 3starts here -->\r\n<div class=\"gp-cblk gp-col-22 gppush3 \" style=\"\">\r\n<figure id=\"attachment_10682\" aria-describedby=\"caption-attachment-10682\" style=\"width: 353px\" class=\"wp-caption aligncenter\"><img loading=\"lazy\" decoding=\"async\" class=\"size-full wp-image-10682\" src=\"https:\/\/www.aktiv-panorama.de\/wp-content\/uploads\/2020\/03\/nikon-speedlight-sb5000-front-side-original.png\" alt=\"Nikon Speedlight SB-5000\" width=\"353\" height=\"300\" srcset=\"https:\/\/www.aktiv-panorama.de\/wp-content\/uploads\/2020\/03\/nikon-speedlight-sb5000-front-side-original.png 353w, https:\/\/www.aktiv-panorama.de\/wp-content\/uploads\/2020\/03\/nikon-speedlight-sb5000-front-side-original-300x255.png 300w, https:\/\/www.aktiv-panorama.de\/wp-content\/uploads\/2020\/03\/nikon-speedlight-sb5000-front-side-original-256x218.png 256w\" sizes=\"auto, (max-width: 353px) 100vw, 353px\" \/><figcaption id=\"caption-attachment-10682\" class=\"wp-caption-text\">Nikon Speedlight SB-5000<\/figcaption><\/figure>\n\r\n<\/div>\r\n<!-- Column 3ends here -->\r\n<!-- Column 4starts here -->\r\n<div class=\"gp-cblk gp-col-22 gppush3 \" style=\"\">\r\n<p><img loading=\"lazy\" decoding=\"async\" class=\"aligncenter size-full wp-image-11262\" src=\"https:\/\/www.aktiv-panorama.de\/wp-content\/uploads\/2022\/04\/Godox-V1_250px.png\" alt=\"\" width=\"250\" height=\"351\" srcset=\"https:\/\/www.aktiv-panorama.de\/wp-content\/uploads\/2022\/04\/Godox-V1_250px.png 250w, https:\/\/www.aktiv-panorama.de\/wp-content\/uploads\/2022\/04\/Godox-V1_250px-214x300.png 214w, https:\/\/www.aktiv-panorama.de\/wp-content\/uploads\/2022\/04\/Godox-V1_250px-182x256.png 182w\" sizes=\"auto, (max-width: 250px) 100vw, 250px\" \/><\/p>\n<p style=\"text-align: center;\">Blitzger\u00e4t Godox Speedlight V1 (N)<\/p>\n\r\n<\/div>\r\n<!-- Column 4ends here -->\r\n<\/div>\r\n<!-- Content block 10681 ends here -->\r\n\n<p style=\"text-align: justify;\">Als kreatives Gestaltungsmittel bei der anspruchsvollen Fotografie ist ein Blitzlicht von essentieller Bedeutung. Nikon bietet hier seit jeher au\u00dfergew\u00f6hnliche Blitztechnik an. Mit dem Creativ-Lightning-System (CLS) wird es dem Fotografen einfach gemacht, mehrere Blitze drahtlos miteinander zu koppeln. Der kreativen Lichtstimmung sind auf diese Weise keine Grenzen mehr gesetzt.<\/p>\n<p style=\"text-align: justify;\">Noch komfortabler geht dies mit der drahtlosen Blitz-Fernsteuerungstechnik von Godox. Hier k\u00f6nnen die oben gezeigten Blitze miteinander, sowohl von Nikon, als auch der Godox V1 intelligent und \u00e4u\u00dferst variabel von der Kamera entfesselt eingesetzt werden.<br \/>\nNicht selten werden bei Fotoshootings oder bei der Hochzeitsfotografie alle vorhandenen Blitze zusammen verwendet. Die Lichtf\u00fchrung l\u00e4sst sich hierbei (fast) so gut und variabel wie in einem professionellen Fotostudio einsetzen. Mit dem gro\u00dfen Unterschied, alles bleibt kompakt und mobil.<\/p>\n<p style=\"text-align: justify;\">\u00dcber die Jahre ist bei uns das Ger\u00e4telager an Multifunktionsblitzen kontinuierlich angewachsen. Heute haben wir aus allen Generationen der leistungsstarken Blitzger\u00e4te mind. einen Vertreter.<\/p>\n<p style=\"text-align: justify;\"><div class=\"gp-wrap gpcenter gpovh entry-sep bwi-entry-sep\" style=\"\"><\/div>\n<div class=\"gp-wrap gpcenter gpovh entry-sep bwi-entry-sep\" style=\"\"><\/div>\n<div class=\"gp-wrap gpcenter gpovh accent-bg-nh fp-bf-container\" style=\"\"> <div class=\"gp-container gpcenter gpovh \" style=\"\">\n<h1 class=\"main-desc\" style=\"text-align: center;\"><span style=\"color: #dbdbdb;\"><strong>Nodal-Ninja Ultimate R1 &#8211; Nodalpunktadapter<\/strong><br \/>\n<\/span><\/h1>\n<div class=\"fp-bf-underline tac\" style=\"\"><\/div><\/div><\/div>\n<p style=\"text-align: justify;\"><div class=\"gp-col-25 gpovh \" style=\"\">\n<figure id=\"attachment_10467\" aria-describedby=\"caption-attachment-10467\" style=\"width: 250px\" class=\"wp-caption aligncenter\"><img loading=\"lazy\" decoding=\"async\" class=\"size-full wp-image-10467\" src=\"https:\/\/www.aktiv-panorama.de\/wp-content\/uploads\/2020\/01\/STD_3665_250px-1.png\" alt=\"\" width=\"250\" height=\"375\" srcset=\"https:\/\/www.aktiv-panorama.de\/wp-content\/uploads\/2020\/01\/STD_3665_250px-1.png 250w, https:\/\/www.aktiv-panorama.de\/wp-content\/uploads\/2020\/01\/STD_3665_250px-1-200x300.png 200w, https:\/\/www.aktiv-panorama.de\/wp-content\/uploads\/2020\/01\/STD_3665_250px-1-171x256.png 171w\" sizes=\"auto, (max-width: 250px) 100vw, 250px\" \/><figcaption id=\"caption-attachment-10467\" class=\"wp-caption-text\">Nodal Ninja Ultimate R1 mit aufgestztem Fisheye-Objektiv<\/figcaption><\/figure>\n<\/div>\n<p style=\"text-align: justify;\"><div class=\"gp-col-75 gpovh \" style=\"\">\n<p style=\"text-align: justify;\">Das ist unser Standard-Panorama-Adapter. Er ist klein, leicht und stabil. Bei der Herstellung von sp\u00e4rishen Panoramen mit einem Fisheye, ist er alternativlos. Klar, er funktioniert nur mit einen daf\u00fcr vorgesehenen Objektiv. In unserem Fall entweder mit dem Nikkor fisheye 8-15 mm (f3,5-4.5) oder mit dem Nikkor 10,5 mm (f2,8). Das ist der Grund, weshalb bei diesen Objektiven hier, wie man auf allen Bildern sehen kann, grunds\u00e4tzlich der Adapterring montiert ist. Denn diser verbleibt immer auf dem Objektiv. Somit l\u00e4sst sich das Ganze in Sekundenschnelle montieren. Der Nodalpunkt muss nicht wieder aufs Neue ermittelt werden, alles ist voreingestellt \u2013 eine prima Sache.<\/p>\n<p style=\"text-align: justify;\">Der Nodal Ninja Ultimate R1 ist f\u00fcr die Verwendung mit Fisheye-Objektiven konzipiert, deshalb ist er nur f\u00fcr einreihige Panoramen geeignet. Falls das Fisheye den Himmelsbereich nicht ganz ausf\u00fcllt, muss eben das Zenitbild f\u00fcr eine geschlossene Kugel nachtr\u00e4glich mit etwas Aufwand gemacht werden. Auch das Bodenbild (Nadir) muss im Anschluss fotografiert werden.<\/p>\n<p>Der Nodal Ninja Ultimate R1 kann gegen\u00fcber dem Ultimate R10 zus\u00e4tzlich in der Neigung (nach oben und\/oder unten) verstellt werden.<\/p>\n<\/div>\n<p style=\"text-align: justify;\"><div class=\"gp-wrap gpcenter gpovh entry-sep bwi-entry-sep\" style=\"\"><\/div>\n<div class=\"gp-wrap gpcenter gpovh entry-sep bwi-entry-sep\" style=\"\"><\/div>\n<div class=\"gp-wrap gpcenter gpovh accent-bg-nh fp-bf-container\" style=\"\"> <div class=\"gp-container gpcenter gpovh \" style=\"\">\n<h1 class=\"main-desc\" style=\"text-align: center;\"><span style=\"color: #dbdbdb;\"><strong>Aufbau des Systems mit dem Nodal-Ninja Ultimate R1<\/strong><br \/>\n<\/span><\/h1>\n<div class=\"fp-bf-underline tac\" style=\"\"><\/div><\/div><\/div>\n<p style=\"text-align: justify;\"><div class=\"gp-col-25 gpovh \" style=\"\">\n<figure id=\"attachment_10470\" aria-describedby=\"caption-attachment-10470\" style=\"width: 250px\" class=\"wp-caption aligncenter\"><img loading=\"lazy\" decoding=\"async\" class=\"size-full wp-image-10470\" src=\"https:\/\/www.aktiv-panorama.de\/wp-content\/uploads\/2020\/01\/STD_3675_250px-1.png\" alt=\"\" width=\"250\" height=\"375\" srcset=\"https:\/\/www.aktiv-panorama.de\/wp-content\/uploads\/2020\/01\/STD_3675_250px-1.png 250w, https:\/\/www.aktiv-panorama.de\/wp-content\/uploads\/2020\/01\/STD_3675_250px-1-200x300.png 200w, https:\/\/www.aktiv-panorama.de\/wp-content\/uploads\/2020\/01\/STD_3675_250px-1-171x256.png 171w\" sizes=\"auto, (max-width: 250px) 100vw, 250px\" \/><figcaption id=\"caption-attachment-10470\" class=\"wp-caption-text\">Nodalpunktadapter Nodal-Ninja Ultimate R1 mit Kamera Nikon D850<\/figcaption><\/figure>\n<\/div>\n<p style=\"text-align: justify;\"><div class=\"gp-col-75 gpovh \" style=\"\">\n<p style=\"text-align: justify;\">So sieht die Konstruktion aus, wenn eine Kamera auf dem Nodal-Ninja Ultimate R1 montiert ist. F\u00fcr den Nodal-Ninja Ultimate R1 gibt f\u00fcr die meisten Fisheye-Objektive einen speziellen Adapterring, der mit einer Arca-Swiss genormten Platte auf den Adapter montiert wird.<\/p>\n<p style=\"text-align: justify;\">Hier ist unsere Nikon D850 mit dem Nikkor 8-15mm (f3,5-4,5) zu sehen. Auf der Kamera ist ein GPS Empf\u00e4nger von Solmeta montiert.<br \/>\nEin optimales Ergebnis wird hier mit einer Brennweite von 12mm erreicht. Ab 12mm Brennweite reichen die belichteten Pixel bis zur oberen und unteren Kante. Somit wird der Vollformatsensor optimal ausgenutzt. Es sind dann 4 Bilder (jeweils 90\u00b0) f\u00fcr den 360\u00b0-Kreis n\u00f6tig.<br \/>\nBei 15mm Brennweite wird zwar der gesamte Sensor bis in die \u00e4u\u00dferen Kanten belichtet, es fehlen dann aber Bildinformationen an den Kanten, weshalb die Kugel im Zenit und Nadir nicht komplett geschlossen wird. Weitere Aufnahmen vom Himmel und vom Boden sind dann noch n\u00f6tig. Ein Kugelpanorama mit 15mm wird aber immerhin \u00fcber 20.000 Pixel gro\u00df.<\/p>\n<\/div>\n<p style=\"text-align: justify;\"><div class=\"gp-wrap gpcenter gpovh entry-sep bwi-entry-sep\" style=\"\"><\/div>\n<div class=\"gp-wrap gpcenter gpovh entry-sep bwi-entry-sep\" style=\"\"><\/div>\n<div class=\"gp-wrap gpcenter gpovh accent-bg-nh fp-bf-container\" style=\"\"> <div class=\"gp-container gpcenter gpovh \" style=\"\">\n<h1 class=\"main-desc\" style=\"text-align: center;\"><span style=\"color: #dbdbdb;\"><strong>Gigapixel mit dem Black Forest Motion mit Pine-Controller\u00a0<\/strong><br \/>\n<\/span><\/h1>\n<div class=\"fp-bf-underline tac\" style=\"\"><\/div><\/div><\/div>\n<p style=\"text-align: justify;\"><div class=\"gp-col-25 gpovh \" style=\"\">\n<div style=\"width: 480px;\" class=\"wp-video\"><video class=\"wp-video-shortcode\" id=\"video-221-1\" width=\"480\" height=\"720\" loop autoplay preload=\"metadata\" controls=\"controls\"><source type=\"video\/mp4\" src=\"https:\/\/www.aktiv-panorama.de\/wp-content\/uploads\/2022\/04\/20210205_20_Gigapixel_mit_BFM_1_h264-420_Rec.709L_720p_30_LQ.mp4?_=1\" \/><a href=\"https:\/\/www.aktiv-panorama.de\/wp-content\/uploads\/2022\/04\/20210205_20_Gigapixel_mit_BFM_1_h264-420_Rec.709L_720p_30_LQ.mp4\">https:\/\/www.aktiv-panorama.de\/wp-content\/uploads\/2022\/04\/20210205_20_Gigapixel_mit_BFM_1_h264-420_Rec.709L_720p_30_LQ.mp4<\/a><\/video><\/div>\n<p style=\"text-align: center;\">Erstellung eines Gigapixel-Panoramas mit der Motor- und Steuereinheit von Black Forest Motion (BFM)<\/p>\n<\/div>\n<p style=\"text-align: justify;\"><div class=\"gp-col-75 gpovh \" style=\"\">\n<p style=\"text-align: justify;\"><a href=\"https:\/\/www.aktiv-panorama.de\/category\/gigapixel\/\">Gigapixel-Panoramen<\/a> sind per Definition Bilder, die aus mindestens einer Milliarde Pixel bestehen. Durch Kombination von mehreren hundert Einzelbildern (Mosaikbilder) zu einem einzigen Panorama, wird dieser enorme Detailreichtum erreicht.<span class=\"Apple-converted-space\">\u00a0<\/span><\/p>\n<p style=\"text-align: justify;\">In den Anfangszeiten habe ich diese Bilder mit dem manuellen Nodalpunktadapter <a href=\"https:\/\/www.manfrotto.com\/de-de\/virtual-reality-und-panoramakopf-mh057a5\/\">SPH 303 von Manfrotto<\/a> erstellt. Diese Erstellung war zeitaufw\u00e4ndig und fehleranf\u00e4llig.<span class=\"Apple-converted-space\">\u00a0<\/span><\/p>\n<p style=\"text-align: justify;\">Der Zeitfaktor spielt bei der Erstellung der einzelnen Bildern eine ma\u00dfgebliche Rolle. F\u00fcr eine gleichbleibende Belichtung sollte die Erstellung so z\u00fcgig wie m\u00f6glich stattfinden.<span class=\"Apple-converted-space\">\u00a0<\/span><\/p>\n<p style=\"text-align: justify;\">Bei der Timelapse-Fotografie kommt hier das modulare System der <a href=\"https:\/\/blackforestmotion.com\/\">Fa. Black Forest Motion<\/a> mit Slider und motorischer Steuerung mittels PINE-Controller zum Einsatz.<br \/>\nDiese motorische Steuerung kann nun ebenfalls bei der Erstellung von Gigapixel-Panoramen eingesetzt werden. Definiert werden lediglich 2 Aufnahmepunkte, n\u00e4mlich das erste Bild oben rechts (Startposition) und das letzte Bild unten links (Endposition). Alle weiteren Bilder errechnet und steuert die Software des PINE-Controllers, die die Daten an die Motorsteuereinheit weitergibt. Das Ergebnis ist eine<span class=\"Apple-converted-space\">\u00a0 <\/span>Matrix von definiert angeordneten Mosaikbildern, die in einem weiteren Schritt per Stitching-Software (<a href=\"https:\/\/ptgui.com\/\">PTGui<\/a> oder Autopano Giga) zu einem gigantischen Panoramabild (Gigapixel-Panorama) zusammengesetzt werden.<span class=\"Apple-converted-space\">\u00a0<\/span><\/p>\n<p style=\"text-align: justify;\">Der gro\u00dfe Vorteil des Systems von Black Forest Motion ist der modulare Aufbau und die intuitive Steuerung des Pine-Controllers. Die Steuerung l\u00e4uft \u00fcber eine Smartphone-App. Dies ist meines Erachtens ein enormer Vorteil gegen\u00fcber dem unten beschriebenen System des RODEON piXplorers der Fa. Clauss.<\/p>\n<p style=\"text-align: justify;\"><\/div>\n<div class=\"gp-wrap gpcenter gpovh entry-sep bwi-entry-sep\" style=\"\"><\/div>\n<div class=\"gp-wrap gpcenter gpovh entry-sep bwi-entry-sep\" style=\"\"><\/div>\n<div class=\"gp-wrap gpcenter gpovh accent-bg-nh fp-bf-container\" style=\"\"> <div class=\"gp-container gpcenter gpovh \" style=\"\">\n<h1 class=\"main-desc\" style=\"text-align: center;\"><span style=\"color: #dbdbdb;\"><strong>RODEON piXplorer der Fa. Clauss<\/strong><br \/>\n<\/span><\/h1>\n<div class=\"fp-bf-underline tac\" style=\"\"><\/div><\/div><\/div>\n<p style=\"text-align: justify;\"><div class=\"gp-col-25 gpovh \" style=\"\">\n<figure id=\"attachment_10476\" aria-describedby=\"caption-attachment-10476\" style=\"width: 250px\" class=\"wp-caption aligncenter\"><img loading=\"lazy\" decoding=\"async\" class=\"wp-image-10476 size-full\" src=\"https:\/\/www.aktiv-panorama.de\/wp-content\/uploads\/2020\/01\/SNP_7011_250-1.png\" alt=\"\" width=\"250\" height=\"357\" srcset=\"https:\/\/www.aktiv-panorama.de\/wp-content\/uploads\/2020\/01\/SNP_7011_250-1.png 250w, https:\/\/www.aktiv-panorama.de\/wp-content\/uploads\/2020\/01\/SNP_7011_250-1-210x300.png 210w, https:\/\/www.aktiv-panorama.de\/wp-content\/uploads\/2020\/01\/SNP_7011_250-1-179x256.png 179w\" sizes=\"auto, (max-width: 250px) 100vw, 250px\" \/><figcaption id=\"caption-attachment-10476\" class=\"wp-caption-text\">motorischer Panoramakopf RODEON piXplorer mit einer Nikon D800 und dem Nikkor 70-200mm (f2,8)<\/figcaption><\/figure>\n<\/div>\n<p style=\"text-align: justify;\"><div class=\"gp-col-75 gpovh \" style=\"\">\n<p style=\"text-align: justify;\">Bei den hochaufl\u00f6sende Panoramen und zum Teil bei den Gigapixel-Panoramen setzen wir den motorischen Panoramakopf RODEON PiXplorer der Firma Clauss ein.<\/p>\n<p style=\"text-align: justify;\">Dieser Panoramakopf erlaubt eine sehr flexible Vorgehensweise. Der piXplorer ist unter anderem sowohl f\u00fcr zylindrische Panoramen, Gigapixel-Panoramen und auch Kugelpanoramen geeignet. Wird ein sph\u00e4risches Panorama (Kugelpanorama) mit einem 20mm-Objektiv auf der Nikon d850 erstellt, erreichen wir bereits Bildgr\u00f6\u00dfen deutlich gr\u00f6\u00dfer als 300 Megapixel. Und bei 20mm ist ja lange noch nicht Schluss. Wie auf dem Bild links zu sehen ist, kommt der piXplorer auch mit riesigen Teleobjektiven (hier 200mm) zurecht.<br \/>\nWie gesagt, wir nutzen dieses System, sobald Panoramen mit hohen Aufl\u00f6sungen erzeugt werden sollen, die mit dem Fisheye nicht mehr m\u00f6glich sind.<br \/>\nInsgesamt k\u00f6nnen 10 unterschiedliche Pre-Sets im piXplorer voreingestellt werden. Das erleichtert die Arbeit und den Aufwand vor Ort erheblich. Au\u00dferdem muss der Fotograf nicht st\u00e4ndig hinter der Kamera stehen bleiben. Der piXplorer verrichtet seine Aufgabe ganz von selbst.<\/p>\n<\/div>\n<div class=\"gp-wrap gpcenter gpovh entry-sep bwi-entry-sep\" style=\"\"><\/div>\n<div class=\"gp-wrap gpcenter gpovh entry-sep bwi-entry-sep\" style=\"\"><\/div>\n<div class=\"gp-wrap gpcenter gpovh accent-bg-nh fp-bf-container\" style=\"\"> <div class=\"gp-container gpcenter gpovh \" style=\"\">\n<h1 class=\"main-desc\" style=\"text-align: center;\"><span style=\"color: #dbdbdb;\"><strong>Novoflex MagicBalance &#8211; Niveliervorrichtung<\/strong><br \/>\n<\/span><\/h1>\n<div class=\"fp-bf-underline tac\" style=\"\"><\/div><\/div><\/div>\n<p style=\"text-align: justify;\"><div class=\"gp-col-25 gpovh \" style=\"\">\n<figure id=\"attachment_10503\" aria-describedby=\"caption-attachment-10503\" style=\"width: 250px\" class=\"wp-caption aligncenter\"><img loading=\"lazy\" decoding=\"async\" class=\"wp-image-10503\" src=\"https:\/\/www.aktiv-panorama.de\/wp-content\/uploads\/2020\/01\/STD_3589_250px.png\" alt=\"\" width=\"250\" height=\"217\" srcset=\"https:\/\/www.aktiv-panorama.de\/wp-content\/uploads\/2020\/01\/STD_3589_250px.png 2646w, https:\/\/www.aktiv-panorama.de\/wp-content\/uploads\/2020\/01\/STD_3589_250px-300x261.png 300w, https:\/\/www.aktiv-panorama.de\/wp-content\/uploads\/2020\/01\/STD_3589_250px-768x667.png 768w, https:\/\/www.aktiv-panorama.de\/wp-content\/uploads\/2020\/01\/STD_3589_250px-1024x890.png 1024w, https:\/\/www.aktiv-panorama.de\/wp-content\/uploads\/2020\/01\/STD_3589_250px-512x445.png 512w, https:\/\/www.aktiv-panorama.de\/wp-content\/uploads\/2020\/01\/STD_3589_250px-256x222.png 256w\" sizes=\"auto, (max-width: 250px) 100vw, 250px\" \/><figcaption id=\"caption-attachment-10503\" class=\"wp-caption-text\">Niveliereinrichtung Novoflex MagicBalance<\/figcaption><\/figure>\n<\/div>\n<p style=\"text-align: justify;\"><div class=\"gp-col-75 gpovh \" style=\"\">\n<p style=\"text-align: justify;\">Diese kleine Vorrichtung erleichtert die waagerechte Ausrichtung des Panoramakopfes enorm. Mit dem MagicBalance geht das blitzschnell. Keine fummelige Einstellungen an kleinen Verstellr\u00e4dchen oder so was \u00e4hnliches. Hebel auf,\u00a0 Kamera in waagerechte Position bringen, Hebel wieder schlie\u00dfen \u2013 fertig. Er ist immer auf meinem Stativkopf montiert, so wird er nie vergessen. Das Teil will ich nicht mehr missen. Allerdings ist er f\u00fcr die schwere Ausr\u00fcstung nicht geeignet. Den Manfrotto SPH 303 und die D800 mit einem Zoomobjektiv h\u00e4lt der MagicBalance nicht fest. Hier kippt die Konstruktion, egal wie fest man die Halbkugel zuzieht.<\/p>\n<\/div>\n<div class=\"gp-wrap gpcenter gpovh entry-sep bwi-entry-sep\" style=\"\"><\/div>\n<div class=\"gp-wrap gpcenter gpovh entry-sep bwi-entry-sep\" style=\"\"><\/div>\n<div class=\"gp-wrap gpcenter gpovh accent-bg-nh fp-bf-container\" style=\"\"> <div class=\"gp-container gpcenter gpovh \" style=\"\">\n<h1 class=\"main-desc\" style=\"text-align: center;\"><span style=\"color: #dbdbdb;\"><strong>Manrfotto SPH 303 &#8211; Mehrzeilen-Panoramakopf<\/strong><br \/>\n<\/span><\/h1>\n<div class=\"fp-bf-underline tac\" style=\"\"><\/div><\/div><\/div>\n<p style=\"text-align: justify;\"><div class=\"gp-col-25 gpovh \" style=\"\">\n<figure id=\"attachment_10510\" aria-describedby=\"caption-attachment-10510\" style=\"width: 250px\" class=\"wp-caption aligncenter\"><img loading=\"lazy\" decoding=\"async\" class=\"size-full wp-image-10510\" src=\"https:\/\/www.aktiv-panorama.de\/wp-content\/uploads\/2020\/01\/STD_3388_250px.png\" alt=\"\" width=\"250\" height=\"341\" srcset=\"https:\/\/www.aktiv-panorama.de\/wp-content\/uploads\/2020\/01\/STD_3388_250px.png 250w, https:\/\/www.aktiv-panorama.de\/wp-content\/uploads\/2020\/01\/STD_3388_250px-220x300.png 220w, https:\/\/www.aktiv-panorama.de\/wp-content\/uploads\/2020\/01\/STD_3388_250px-188x256.png 188w\" sizes=\"auto, (max-width: 250px) 100vw, 250px\" \/><figcaption id=\"caption-attachment-10510\" class=\"wp-caption-text\">Mehrzeilenpanoramakopf (Nodalpunktadapter) von Manfrotto SPH-303<\/figcaption><\/figure>\n<\/div>\n<p style=\"text-align: justify;\"><div class=\"gp-col-75 gpovh \" style=\"\">\n<p style=\"text-align: justify;\">Dieser Panoramakopf ist stabil, wuchtig und schwer. Er wiegt \u00fcber 2, 5 kg \u2013 ohne Kamera und ohne Objektiv. Zudem ist er auf Grund seiner Gr\u00f6\u00dfe auch unhandlich und passt eigentlich in keine Fototasche oder Fotorucksack.<br \/>\nTrotzdem kann der ambitionierte Panoramafotograf auf ein solches Teil nicht verzichten. Selbst das schwere und gro\u00dfe Teleobjektiv\u00a0Nikkor f2,8, 70-200 mm, kann damit verwendet werden. Hat man einmal die Nodalpunkte f\u00fcr seine Objektivsammlung ermittelt und notiert, lassen sich diese bei einem Objektivwechsel schnell wieder einrichten.<br \/>\nWichtiges Merkmal:\u00a0Der Panoramakopf Manfrotto SPH 303 ist f\u00fcr mehrzeilige Panoramen geeignet. Der rastbare Panorama-Drehteller funktioniert sehr sauber und hat ausreichend viele Rastmarken.<br \/>\nLediglich bei Verwendung eines Fisheyes wird ein anderes System eingesetzt, obwohl er daf\u00fcr grunds\u00e4tzlich geeignet ist, n\u00e4mlich der oben beschriebene\u00a0Nodal Ninja Ultimate R1. Mit jedem anderen Objektiv \u2013 egal ob Festbrennweite oder Zoom \u2013 schw\u00f6ren wir auf diesen Panoramakopf.<\/p>\n<\/div>\n<div class=\"gp-wrap gpcenter gpovh entry-sep bwi-entry-sep\" style=\"\"><\/div>\n<div class=\"gp-wrap gpcenter gpovh entry-sep bwi-entry-sep\" style=\"\"><\/div>\n<div class=\"gp-wrap gpcenter gpovh accent-bg-nh fp-bf-container\" style=\"\"> <div class=\"gp-container gpcenter gpovh \" style=\"\">\n<h1 class=\"main-desc\" style=\"text-align: center;\"><span style=\"color: #dbdbdb;\"><strong>Solmeta GPS Geotagger N3<\/strong><br \/>\n<\/span><\/h1>\n<div class=\"fp-bf-underline tac\" style=\"\"><\/div><\/div><\/div>\n<p style=\"text-align: justify;\"><div class=\"gp-col-25 gpovh \" style=\"\">\n<figure id=\"attachment_878\" aria-describedby=\"caption-attachment-878\" style=\"width: 208px\" class=\"wp-caption alignnone\"><img loading=\"lazy\" decoding=\"async\" class=\"size-full wp-image-878\" src=\"https:\/\/www.aktiv-panorama.de\/wp-content\/uploads\/2014\/11\/Solmeta-GPS-Empf\u00e4nger.jpg\" alt=\"an der Kamera aufgesetzter Geotagger von Solmeta N3\" width=\"208\" height=\"150\" \/><figcaption id=\"caption-attachment-878\" class=\"wp-caption-text\">an der Kamera aufgesetzter Geotagger von Solmeta N3<\/figcaption><\/figure>\n<\/div>\n<p style=\"text-align: justify;\"><div class=\"gp-col-75 gpovh \" style=\"\">\n<p style=\"text-align: justify;\">Ein sinnvolles Zubeh\u00f6r, vor allem bei Panoramaaufnahmen die sp\u00e4ter im Internet mit GEO-Daten ver\u00f6ffentlicht werden. Der Solmeta GPS Geotagger N3 hat den speziellen 10-poligen Anschluss f\u00fcr die semiprofessionellen und professionellen DSLRs von Nikon (Dx00 und Dx). Er funktioniert sehr zuverl\u00e4ssig und ist schnell einsatzbereit. Sogar eine Kompassfunktion ist an Bord, die aber bei Hochformataufnahmen keine brauchbaren Ergebnisse liefert.<br \/>\nDie GEO-Daten werden direkt in die Exif-Daten der Bilder geschrieben. So entf\u00e4llt die mitunter sehr m\u00fchevolle Verortung der Bilder bei der Nachbearbeitung am PC.<\/p>\n<\/div>\n<div class=\"gp-wrap gpcenter gpovh entry-sep bwi-entry-sep\" style=\"\"><\/div>\n<div class=\"gp-wrap gpcenter gpovh entry-sep bwi-entry-sep\" style=\"\"><\/div>\n<div class=\"gp-wrap gpcenter gpovh accent-bg-nh fp-bf-container\" style=\"\"> <div class=\"gp-container gpcenter gpovh \" style=\"\">\n<h1 class=\"main-desc\" style=\"text-align: center;\"><span style=\"color: #dbdbdb;\"><strong>Funkempf\u00e4nger<\/strong><br \/>\n<\/span><\/h1>\n<div class=\"fp-bf-underline tac\" style=\"\"><\/div><\/div><\/div>\n<p style=\"text-align: justify;\"><div class=\"gp-col-25 gpovh \" style=\"\">\n<figure id=\"attachment_10513\" aria-describedby=\"caption-attachment-10513\" style=\"width: 250px\" class=\"wp-caption aligncenter\"><img loading=\"lazy\" decoding=\"async\" class=\"size-full wp-image-10513\" src=\"https:\/\/www.aktiv-panorama.de\/wp-content\/uploads\/2020\/01\/STD_3612_250px.png\" alt=\"\" width=\"250\" height=\"159\" \/><figcaption id=\"caption-attachment-10513\" class=\"wp-caption-text\">Funkempf\u00e4nger von Pixel<\/figcaption><\/figure>\n<\/div>\n<p style=\"text-align: justify;\"><div class=\"gp-col-75 gpovh \" style=\"\">\n<p style=\"text-align: justify;\">Dieser Funkempf\u00e4nger leistet hervorragende Dienste. Ich rate grunds\u00e4tzlich, sobald die Kamera auf einem Stativ montiert ist, nicht mehr mit dem Finger auszul\u00f6sen, sondern stattdessen immer einen Kabelausl\u00f6ser oder eben solche Funkausl\u00f6ser zu verwenden.<\/p>\n<p style=\"text-align: justify;\">Bei mir kommt dieser Funkausl\u00f6sen dann zum Einsatz, wenn ich den zuvor beschriebenen GPS Geotagger von Solmeta nicht verwende(n) (muss) oder das Fernbedienungskabel zu kurz ist. Beide zusammen gehen halt nicht. Au\u00dferdem ist eine drahtlose Ausl\u00f6sung bei Verwendung eines Hochstatives (siehe unten) unumg\u00e4nglich. Bei Aufnahmen von einem Hochstativ (bis 6 Meter H\u00f6he) verwende ich diesen Funkausl\u00f6ser, weil der Ausl\u00f6ser der Kamera sonst nicht mehr zu erreichen ist.<\/p>\n<p style=\"text-align: justify;\">Oft war ich an kalten Tagen auch froh, die Kamera aus der Hosentasche \/ Jackentasche heraus ausl\u00f6sen zu k\u00f6nnen. Mit diesem Teil geht das n\u00e4mlich prima.<\/p>\n<p style=\"text-align: justify;\"><\/div>\n<div class=\"gp-wrap gpcenter gpovh entry-sep bwi-entry-sep\" style=\"\"><\/div>\n<div class=\"gp-wrap gpcenter gpovh entry-sep bwi-entry-sep\" style=\"\"><\/div>\n<div class=\"gp-wrap gpcenter gpovh accent-bg-nh fp-bf-container\" style=\"\"> <div class=\"gp-container gpcenter gpovh \" style=\"\">\n<h1 class=\"main-desc\" style=\"text-align: center;\"><span style=\"color: #dbdbdb;\"><strong>Nikon D800 (36,3 MP)<\/strong><br \/>\n<\/span><\/h1>\n<div class=\"fp-bf-underline tac\" style=\"\"><\/div><\/div><\/div>\n<p style=\"text-align: justify;\"><div class=\"gp-col-25 gpovh \" style=\"\">\n<figure id=\"attachment_7224\" aria-describedby=\"caption-attachment-7224\" style=\"width: 216px\" class=\"wp-caption aligncenter\"><a href=\"http:\/\/www.nikon.de\/de_DE\/product\/discontinued\/digital-cameras\/2014\/d800\"><img loading=\"lazy\" decoding=\"async\" class=\"wp-image-7224 size-medium\" src=\"https:\/\/www.aktiv-panorama.de\/wp-content\/uploads\/2014\/11\/Nikon-D800-mit-70-200_250-1-216x300.png\" alt=\"\" width=\"216\" height=\"300\" srcset=\"https:\/\/www.aktiv-panorama.de\/wp-content\/uploads\/2014\/11\/Nikon-D800-mit-70-200_250-1-216x300.png 216w, https:\/\/www.aktiv-panorama.de\/wp-content\/uploads\/2014\/11\/Nikon-D800-mit-70-200_250-1-184x256.png 184w, https:\/\/www.aktiv-panorama.de\/wp-content\/uploads\/2014\/11\/Nikon-D800-mit-70-200_250-1.png 250w\" sizes=\"auto, (max-width: 216px) 100vw, 216px\" \/><\/a><figcaption id=\"caption-attachment-7224\" class=\"wp-caption-text\">Nikon D800 mit Nikkor 70-200mm (f2,8) und Solmeta Geotagger N3<\/figcaption><\/figure>\n<p style=\"text-align: justify;\"><\/div>\n<p style=\"text-align: justify;\"><div class=\"gp-col-75 gpovh \" style=\"\">\n<p style=\"text-align: justify;\">Von Juni 2013 bis Januar 2019 wurde eine Nikon D800 als Standardkamera eingesetzt. Sie war bis dahin die Basis aller der hier gezeigter Panoramen. Im Januar 2019 wurde die D800 gegen eine D850 ersetzt und im Sommer 2023 verkauft.<\/p>\n<p style=\"text-align: justify;\">Der 36,3 MP-Sensor der\u00a0D800\u00a0ist derart hochaufl\u00f6send, dass selbst bei der Verwendung von nur 3 Aufnahmen mit einem zirkularen Fisheye Kugelpanoramen mit deutlich \u00fcber 10.000 Pixel Kantenbreite machbar sind. Doch nicht nur die Sensoraufl\u00f6sung beeindruckt, auch der Dynamikumfang des Vollformatsensors ist \u00fcber jeden Zweifel erhaben. Dieser ist so hoch, dass man in den allermeisten F\u00e4llen \u2013 Aufnahmen im RAW-Format vorausgesetzt \u2013 auf HDR-Technik verzichten kann.<br \/>\nEbenso grandios ist die Haptik dieser Kamera. Die Bedienelemente sind genau dort, wo sie hingeh\u00f6ren. Auch die individuellen Einstellm\u00f6glichkeiten sind hervorragend. Die Kameras sind mit ihren Individualprogrammen auf die Vorlieben des Fotografen eingerichtet und k\u00f6nnen dar\u00fcber hinaus auf viele weitere unterschiedliche Aufnahmesituationen eingestellt werden.<br \/>\nEventuell vorhandene Nachteile der Kamera (Geschwindigkeit, Pixeldichte \u2026) spielen bei der Panoramafotografie so gut wie keine Rolle. Das Rauschverhalten ist f\u00fcr einen Sensor dieser Aufl\u00f6sung ohnehin als ausgezeichnet zu bewerten.<\/p>\n<p style=\"text-align: justify;\">Noch ein paar Zahlenspiele im Zusammenhang mit der Aufl\u00f6sung:<br \/>\nBei Verwendung des (rasierten)\u00a0Fisheye f2,8, 10,5 mm\u00a0sind f\u00fcr Kugelpanoramen (mindestens)\u00a04 Aufnahmen\u00a0n\u00f6tig\u00a0(3+1). Die Gr\u00f6\u00dfe betr\u00e4gt dann ca.\u00a011.500 x 5.750 Pixel = ca. 66MP.\u00a0Ein bisschen mehr Aufwand ist bei der Erstellung von Kugelpanoramen unter Verwendung des\u00a0f2,8, 14-24 mm\u00a0n\u00f6tig. Daf\u00fcr werden die Panoramen auch entsprechend gr\u00f6\u00dfer. Je nach Brennweite wird die Kantenl\u00e4nge der 360\u00b0-Panoramen zwischen 18.000 und 30.000 Pixel breit.<\/p>\n<p style=\"text-align: justify;\"><\/div>\n<p style=\"text-align: justify;\"><div class=\"gp-wrap gpcenter gpovh entry-sep bwi-entry-sep\" style=\"\"><\/div>\n<div class=\"gp-wrap gpcenter gpovh entry-sep bwi-entry-sep\" style=\"\"><\/div>\n<div class=\"gp-wrap gpcenter gpovh accent-bg-nh fp-bf-container\" style=\"\"> <div class=\"gp-container gpcenter gpovh \" style=\"\">\n<h1 class=\"main-desc\" style=\"text-align: center;\"><span style=\"color: #dbdbdb;\"><strong>Nikon D300 (12,3 MP)<\/strong><br \/>\n<\/span><\/h1>\n<div class=\"fp-bf-underline tac\" style=\"\"><\/div><\/div><\/div>\n<p style=\"text-align: justify;\"><div class=\"gp-col-25 gpovh \" style=\"\">\n<figure id=\"attachment_7226\" aria-describedby=\"caption-attachment-7226\" style=\"width: 270px\" class=\"wp-caption aligncenter\"><a href=\"http:\/\/www.digitalkamera.de\/Kamera\/Nikon\/D300.aspx\"><img loading=\"lazy\" decoding=\"async\" class=\"wp-image-7226 size-full\" src=\"https:\/\/www.aktiv-panorama.de\/wp-content\/uploads\/2014\/11\/Nikon-D300-mit-Telezoom-28-300.png\" alt=\"Nikon D300 mit Telezoom 28-300\" width=\"270\" height=\"177\" srcset=\"https:\/\/www.aktiv-panorama.de\/wp-content\/uploads\/2014\/11\/Nikon-D300-mit-Telezoom-28-300.png 270w, https:\/\/www.aktiv-panorama.de\/wp-content\/uploads\/2014\/11\/Nikon-D300-mit-Telezoom-28-300-256x168.png 256w\" sizes=\"auto, (max-width: 270px) 100vw, 270px\" \/><\/a><figcaption id=\"caption-attachment-7226\" class=\"wp-caption-text\">Nikon D300 mit Telezoom-Objektiv 28-300<\/figcaption><\/figure>\n<p style=\"text-align: justify;\"><\/div>\n<p style=\"text-align: justify;\"><div class=\"gp-col-75 gpovh \" style=\"\">\n<p style=\"text-align: justify;\">Diese Kamera habe ich tats\u00e4chlich noch und sie funktioniert nach wie vor \ud83d\ude42 Mit ihr hat damals im Januar 2008 alles angefangen. Ich entdeckte die Begeisterung f\u00fcr die Fotografie von Neuem. Sie er\u00f6ffnete mir den Zugang zur Panorama-Fotografie. Es war meine erste DSLR und dann auch das erste Arbeitstier bei Aktiv-Panorama. Seit ein zweiter D800-Body angeschafft wurde, wird die D300 nicht mehr eingesetzt.<br \/>\nAn dieser Kamera hat mir das professionelle Bedienkonzept gefallen. Auch an harten Einsatztagen hat uns die Kamera nie im Stich gelassen. Lediglich zu Wartungszwecken hat sie den Nikon-Service gesehen.<\/p>\n<p style=\"text-align: justify;\">Auch hier noch ein kleines Zahlenspiel im Zusammenhang mit dem Crop-Sensor dieser Kamera:<br \/>\nBei Verwendung des Fisheye\u00a0f2,8, 10,5 mm\u00a0sind f\u00fcr Kugelpanoramen (mindestens) 8 Aufnahmen n\u00f6tig (1+6+1). Die Gr\u00f6\u00dfe betr\u00e4gt dann ca.\u00a011.500 x 5.750 Pixel =<\/p>\n<\/div>\n<div class=\"gp-wrap gpcenter gpovh entry-sep bwi-entry-sep\" style=\"\"><\/div>\n<div class=\"gp-wrap gpcenter gpovh entry-sep bwi-entry-sep\" style=\"\"><\/div>\n<div class=\"gp-wrap gpcenter gpovh accent-bg-nh fp-bf-container\" style=\"\"> <div class=\"gp-container gpcenter gpovh \" style=\"\">\n<h1 class=\"main-desc\" style=\"text-align: center;\"><span style=\"color: #dbdbdb;\"><strong>iMac Pro<\/strong><br \/>\n<\/span><\/h1>\n<div class=\"fp-bf-underline tac\" style=\"\"><\/div><\/div><\/div>\n<p style=\"text-align: justify;\"><div class=\"gp-col-25 gpovh \" style=\"\">\n<figure id=\"attachment_11446\" aria-describedby=\"caption-attachment-11446\" style=\"width: 260px\" class=\"wp-caption alignleft\"><img loading=\"lazy\" decoding=\"async\" class=\"wp-image-11446 size-full\" src=\"https:\/\/www.aktiv-panorama.de\/wp-content\/uploads\/2023\/03\/IMac_Pro-LRTimelapse-260px.png\" alt=\"\" width=\"260\" height=\"215\" srcset=\"https:\/\/www.aktiv-panorama.de\/wp-content\/uploads\/2023\/03\/IMac_Pro-LRTimelapse-260px.png 260w, https:\/\/www.aktiv-panorama.de\/wp-content\/uploads\/2023\/03\/IMac_Pro-LRTimelapse-260px-256x212.png 256w\" sizes=\"auto, (max-width: 260px) 100vw, 260px\" \/><figcaption id=\"caption-attachment-11446\" class=\"wp-caption-text\">iMac Pro mit 5K-Display<\/figcaption><\/figure>\n<\/div>\n<p style=\"text-align: justify;\"><div class=\"gp-col-75 gpovh \" style=\"\">\n<p>Am Ende der gesamten Produktionskette steht ein iMac Pro von Apple. Um der Datenflut von hochaufl\u00f6senden Panoramen, Videos und Zeitrafffersequenzen \u00a0in bester Qualit\u00e4t Herr zu werden, ist eine enorme Rechenleistung n\u00f6tig. Wir setzen hierf\u00fcr einen 27\u2033 gro\u00dfen iMac Pro von Apple mit folgender Ausstattung ein:<\/p>\n<ul>\n<li>Bildschirmgr\u00f6\u00dfe 27 Zoll<\/li>\n<li>5K Bildschirm (5120 x 2880 Pixel)<\/li>\n<li>3,0\u00a0GHz 10-Core Intel Xeon W Prozessor<\/li>\n<li>64 GB RAM Arbeitsspeicher<\/li>\n<li>2TB SSD<\/li>\n<li>Grafikkarte Radeon Vega 64 (16 GB)<\/li>\n<li>\u2026<\/li>\n<\/ul>\n<p>Dieser iMac ist mit umfangreicher Software speziell f\u00fcr den Panorama-Workflow und den Videoschnitt mit Zeitraffer ausgestattet:<\/p>\n<ul>\n<li>Adobe Photoshop CC<\/li>\n<li>Adobe Lightroom<\/li>\n<li>Adobe Premiere + After Effects<\/li>\n<li>DaVinci Resolve<\/li>\n<li>PTGUI 13<\/li>\n<li>3DVista<\/li>\n<li>Pano2VR<\/li>\n<li>LRTimelapse<\/li>\n<\/ul>\n<\/div>\n<hr \/>\n<div class=\"gp-wrap gpcenter gpovh entry-sep bwi-entry-sep\" style=\"\"><\/div>\n<div class=\"gp-wrap gpcenter gpovh accent-bg-nh fp-bf-container\" style=\"\"> <div class=\"gp-container gpcenter gpovh \" style=\"\">\n<h1 class=\"main-desc\" style=\"text-align: center;\"><span style=\"color: #dbdbdb;\">Panorama-Software<br \/>\n<\/span><\/h1>\n<div class=\"fp-bf-underline tac\" style=\"\"><\/div><\/div><\/div>\n<hr \/>\n<!-- content block 966 starts here -->\r\n<div class=\"gp-container gpovh gpcenter \" style=\"\">\r\n<!-- Column 1starts here -->\r\n<div class=\"gp-cblk gp-col-22 \" style=\"\">\r\n<h1 style=\"text-align: center;\">\u00a0<a title=\"Stitchingsoftware PTGui\" href=\"http:\/\/www.ptgui.com\/\" target=\"_blank\" rel=\"noopener\">PTGui<\/a><\/h1>\n<h4 style=\"text-align: center;\"><a href=\"http:\/\/www.ptgui.com\"><img loading=\"lazy\" decoding=\"async\" class=\"aligncenter wp-image-967\" title=\"PTGui\" src=\"https:\/\/www.aktiv-panorama.de\/wp-content\/uploads\/2014\/12\/1295864477_ptgui-300x193.jpg\" alt=\"1295864477_ptgui\" width=\"233\" height=\"150\" srcset=\"https:\/\/www.aktiv-panorama.de\/wp-content\/uploads\/2014\/12\/1295864477_ptgui-300x193.jpg 300w, https:\/\/www.aktiv-panorama.de\/wp-content\/uploads\/2014\/12\/1295864477_ptgui-256x164.jpg 256w, https:\/\/www.aktiv-panorama.de\/wp-content\/uploads\/2014\/12\/1295864477_ptgui.jpg 450w\" sizes=\"auto, (max-width: 233px) 100vw, 233px\" \/><\/a>Zum Stitchen (aneinander f\u00fcgen der einzelnen Bilder) verwenden wir in der Regel PTGui Pro &#8211; aktuell die Version 11.<\/h4>\n\r\n<\/div>\r\n<!-- Column 1ends here -->\r\n<!-- Column 2starts here -->\r\n<div class=\"gp-cblk gp-col-22 gppush3 \" style=\"\">\r\n<h1 style=\"text-align: center;\">\u00a0<a title=\"Panoramaconverter krpano\" href=\"http:\/\/krpano.com\/\" target=\"_blank\" rel=\"noopener\">KRPANO<\/a><\/h1>\n<h4 style=\"text-align: center;\"><a href=\"http:\/\/www.krpano.com\"><img loading=\"lazy\" decoding=\"async\" class=\"aligncenter wp-image-150\" title=\"krpano\" src=\"https:\/\/www.aktiv-panorama.de\/wp-content\/uploads\/2014\/11\/krpano-roundlogo.png\" alt=\"krpano-roundlogo\" width=\"150\" height=\"150\" srcset=\"https:\/\/www.aktiv-panorama.de\/wp-content\/uploads\/2014\/11\/krpano-roundlogo.png 300w, https:\/\/www.aktiv-panorama.de\/wp-content\/uploads\/2014\/11\/krpano-roundlogo-256x256.png 256w\" sizes=\"auto, (max-width: 150px) 100vw, 150px\" \/><\/a>Der Panorama-Converter von Krpano ist unser bevorzugtes Werkzeug, wenn es um die interaktive Darstellung im Internet geht<\/h4>\n\r\n<\/div>\r\n<!-- Column 2ends here -->\r\n<!-- Column 3starts here -->\r\n<div class=\"gp-cblk gp-col-22 gppush3 \" style=\"\">\r\n<h1 style=\"text-align: center;\"><a title=\"Gardengnome-Software - pano2vr\" href=\"http:\/\/ggnome.com\/pano2vr\" target=\"_blank\" rel=\"noopener\">Pano2VR<\/a><\/h1>\n<h4 style=\"text-align: center;\"><a href=\"http:\/\/ggnome.com\/pano2vr\"><img loading=\"lazy\" decoding=\"async\" class=\"aligncenter wp-image-969\" title=\"Panorama-Software pano2vr\" src=\"https:\/\/www.aktiv-panorama.de\/wp-content\/uploads\/2014\/12\/pano2vr-01-300x300.png\" alt=\"pano2vr-01-300x300\" width=\"150\" height=\"150\" srcset=\"https:\/\/www.aktiv-panorama.de\/wp-content\/uploads\/2014\/12\/pano2vr-01-300x300.png 300w, https:\/\/www.aktiv-panorama.de\/wp-content\/uploads\/2014\/12\/pano2vr-01-300x300-256x256.png 256w\" sizes=\"auto, (max-width: 150px) 100vw, 150px\" \/><\/a>Ein umfangreicher und leicht verst\u00e4ndlicher Panorama-Converter mit einer graphischen Oberfl\u00e4che, der auch bei uns zum Einsatz kommt.<\/h4>\n\r\n<\/div>\r\n<!-- Column 3ends here -->\r\n<!-- Column 4starts here -->\r\n<div class=\"gp-cblk gp-col-22 gppush3 \" style=\"\">\r\n<h1 style=\"text-align: center;\"><a title=\"Kolor - Panotour Pro\" href=\"http:\/\/www.kolor.com\/ptp2\">Panotour<\/a><\/h1>\n<h4 style=\"text-align: center;\"><img loading=\"lazy\" decoding=\"async\" class=\"aligncenter wp-image-149\" title=\"Kolor Panotour Pro\" src=\"https:\/\/www.aktiv-panorama.de\/wp-content\/uploads\/2014\/11\/kolor-panotour-pro-300x300.jpg\" alt=\"kolor-panotour-pro\" width=\"150\" height=\"150\" srcset=\"https:\/\/www.aktiv-panorama.de\/wp-content\/uploads\/2014\/11\/kolor-panotour-pro-300x300.jpg 300w, https:\/\/www.aktiv-panorama.de\/wp-content\/uploads\/2014\/11\/kolor-panotour-pro-512x512.jpg 512w, https:\/\/www.aktiv-panorama.de\/wp-content\/uploads\/2014\/11\/kolor-panotour-pro-256x256.jpg 256w, https:\/\/www.aktiv-panorama.de\/wp-content\/uploads\/2014\/11\/kolor-panotour-pro.jpg 800w\" sizes=\"auto, (max-width: 150px) 100vw, 150px\" \/>Panotour Pro von Kolor war bis 2018 die Referenz-Software zur Erstellung von komplexen Panoramatouren. Bei uns ist die aktuelle Version 2.5 immer noch im Einsatz.<\/h4>\n\r\n<\/div>\r\n<!-- Column 4ends here -->\r\n<\/div>\r\n<!-- Content block 966 ends here -->\r\n\n<hr \/>\n<!-- content block 973 starts here -->\r\n<div class=\"gp-wrap gpovh \" style=\"\">\r\n<!-- Column 1starts here -->\r\n<div class=\"gp-cblk gp-col-22 \" style=\"\">\r\n<h1 style=\"text-align: center;\"><a title=\"WordPress Deutschland\" href=\"https:\/\/de.wordpress.org\/\" target=\"_blank\" rel=\"noopener\">WordPress<\/a><\/h1>\n<h4 style=\"text-align: center;\"><a href=\"https:\/\/wordpress.com\"><img loading=\"lazy\" decoding=\"async\" class=\"aligncenter wp-image-975\" title=\"WordPress\" src=\"https:\/\/www.aktiv-panorama.de\/wp-content\/uploads\/2014\/12\/wordpress-300x300.png\" alt=\"wordpress\" width=\"150\" height=\"150\" \/><\/a>Diese Webseite wurde mit dem CMS WordPress und dem Theme GEOPRESS 360 erstellt.<\/h4>\n\r\n<\/div>\r\n<!-- Column 1ends here -->\r\n<!-- Column 2starts here -->\r\n<div class=\"gp-cblk gp-col-22 gppush3 \" style=\"\">\r\n<h1 style=\"text-align: center;\"><a href=\"https:\/\/www.tshsoft.de\/de\/index\">PanoramaStudio 4 Pro<\/a><\/h1>\n<h4 style=\"text-align: center;\"><img loading=\"lazy\" decoding=\"async\" class=\"aligncenter wp-image-11906\" src=\"https:\/\/www.aktiv-panorama.de\/wp-content\/uploads\/2014\/12\/PanoramaStudio-4-Pro.png\" alt=\"\" width=\"150\" height=\"150\" \/>Eine g\u00fcnstige Runduml\u00f6sung f\u00fcr die Erstellung verschiedenster Panoramen bis hin zu VR-Rundg\u00e4ngen<\/h4>\n<p>&nbsp;<\/p>\n\r\n<\/div>\r\n<!-- Column 2ends here -->\r\n<!-- Column 3starts here -->\r\n<div class=\"gp-cblk gp-col-22 gppush3 \" style=\"\">\r\n<h1 style=\"text-align: center;\"><a title=\"Stitchingsoftware Hugin\" href=\"http:\/\/hugin.sourceforge.net\/\" target=\"_blank\" rel=\"noopener\">Hugin<\/a><\/h1>\n<h4 style=\"text-align: center;\"><a title=\"Hugin\" href=\"http:\/\/hugin.sourceforge.net\/\" target=\"_blank\" rel=\"noopener\"><img loading=\"lazy\" decoding=\"async\" class=\"aligncenter wp-image-3597\" src=\"https:\/\/www.aktiv-panorama.de\/wp-content\/uploads\/2014\/12\/hugin-logo-300x300.png\" alt=\"\" width=\"150\" height=\"150\" srcset=\"https:\/\/www.aktiv-panorama.de\/wp-content\/uploads\/2014\/12\/hugin-logo-300x300.png 300w, https:\/\/www.aktiv-panorama.de\/wp-content\/uploads\/2014\/12\/hugin-logo-1024x1024.png 1024w, https:\/\/www.aktiv-panorama.de\/wp-content\/uploads\/2014\/12\/hugin-logo-512x512.png 512w, https:\/\/www.aktiv-panorama.de\/wp-content\/uploads\/2014\/12\/hugin-logo-256x256.png 256w, https:\/\/www.aktiv-panorama.de\/wp-content\/uploads\/2014\/12\/hugin-logo.png 1540w\" sizes=\"auto, (max-width: 150px) 100vw, 150px\" \/><\/a>Hugin kostet nichts und kann trotzdem viel. Diese Software ist eine echte Alternative zu PTGui. Angefangen habe ich mit Hugin, bin dann sp\u00e4ter, mit h\u00f6heren Anspr\u00fcchen auf PTGui Pro umgestiegen.<\/h4>\n\r\n<\/div>\r\n<!-- Column 3ends here -->\r\n<!-- Column 4starts here -->\r\n<div class=\"gp-cblk gp-col-22 gppush3 \" style=\"\">\r\n<h1 style=\"text-align: center;\"><a href=\"http:\/\/3dvista.com\/\" target=\"_blank\" rel=\"noopener\">3DVista<\/a><\/h1>\n<h4 style=\"text-align: center;\"><a href=\"http:\/\/3dvista.com\/\" target=\"_blank\" rel=\"noopener\"><img loading=\"lazy\" decoding=\"async\" class=\"aligncenter wp-image-9420 size-full\" src=\"https:\/\/www.aktiv-panorama.de\/wp-content\/uploads\/2014\/12\/3DVista-logo_150.png\" alt=\"Logo 3DVista\" width=\"150\" height=\"150\" \/><\/a>Nachdem die Entwicklung f\u00fcr Panotour Pro im Oktober 2018 eingestellt wurde, haben wir uns eine Lizenz f\u00fcr 3DVista zugelegt. Das Programm hat ein paar beeindruckende Features an Bord, die sonst keine andere Panorama-Software anbietet:\u00a0<a href=\"https:\/\/www.aktiv-panorama.de\/360panoramen\/Stuttgart\/Neues_Schloss_-_Timelapse\/\">Live-Panoramen<\/a> und <a href=\"https:\/\/www.aktiv-panorama.de\/360panoramen\/Kleve\/Narrenbrunnen\/\">adaptive HDR-Panoramen<\/a>.<\/h4>\n\r\n<\/div>\r\n<!-- Column 4ends here -->\r\n<\/div>\r\n<!-- Content block 973 ends here -->\r\n\n<hr \/>\n<!-- content block 9421 starts here -->\r\n<div class=\"gp-container gpovh gpcenter \" style=\"\">\r\n<!-- Column 1starts here -->\r\n<div class=\"gp-cblk gp-col-100 \" style=\"\">\r\n<h1 style=\"text-align: center;\"><a href=\"http:\/\/www.superrune.com\/tools\/supercubic.php\" target=\"_blank\" rel=\"noopener\">Super Cubic<\/a><\/h1>\n<h4 style=\"text-align: center;\">Unter der Bezeichnung Super Cubic gibt es ein ausgezeichnetes Plugin f\u00fcr Photoshop zur Retusche des Nadir- und Zenitbereiches. Damit ist es super einfach, den Nadir- und Zenitbereich eines equirectangularen Panoramas zu separieren und anschlie\u00dfend in Photoshop zu retuschieren.<\/h4>\n<h4 style=\"text-align: center;\">Leider wurde das Programm nur f\u00fcr Windows geschrieben, daf\u00fcr ist die 32bit-Version kostenlos. Die Version 2 ist auch f\u00fcr 64 bit geeignet und kostet 35 US$.<\/h4>\n\r\n<\/div>\r\n<!-- Column 1ends here -->\r\n<\/div>\r\n<!-- Content block 9421 ends here -->\r\n\n<hr \/>\n<div class=\"gp-wrap gpcenter gpovh entry-sep bwi-entry-sep\" style=\"\"><\/div>\n<div class=\"gp-wrap gpcenter gpovh accent-bg-nh fp-bf-container\" style=\"\"> <div class=\"gp-container gpcenter gpovh \" style=\"\">\n<h1 class=\"main-desc\" style=\"text-align: center;\"><span style=\"color: #dbdbdb;\">Panorama-Hardware<br \/>\n<\/span><\/h1>\n<div class=\"fp-bf-underline tac\" style=\"\"><\/div><\/div><\/div>\n<hr \/>\n<!-- content block 979 starts here -->\r\n<div class=\"gp-container gpovh gpcenter \" style=\"\">\r\n<!-- Column 1starts here -->\r\n<div class=\"gp-cblk gp-col-22 \" style=\"\">\r\n<h1 style=\"text-align: center;\"><a title=\"Nikon Deutschlad\" href=\"http:\/\/www.nikon.de\/de_DE\/\" target=\"_blank\" rel=\"noopener\">Nikon<\/a><\/h1>\n<h4 style=\"text-align: center;\"><a title=\"Nikon Deutschland\" href=\"http:\/\/www.nikon.de\/de_DE\/\" target=\"_blank\" rel=\"noopener\"><img loading=\"lazy\" decoding=\"async\" class=\"aligncenter wp-image-137\" src=\"https:\/\/www.aktiv-panorama.de\/wp-content\/uploads\/2014\/11\/images.jpg\" alt=\"\" width=\"151\" height=\"150\" \/><\/a>Kameras und Objektive von Nikon sind bei Aktiv-Panorama die erste Wahl. Es werden ausschlie\u00dflich digitale Spiegelreflexkameras verwendet.<\/h4>\n\r\n<\/div>\r\n<!-- Column 1ends here -->\r\n<!-- Column 2starts here -->\r\n<div class=\"gp-cblk gp-col-22 gppush3 \" style=\"\">\r\n<h1 style=\"text-align: center;\"><a title=\"Manfrotto Deutschland\" href=\"http:\/\/www.manfrotto.de\/\" target=\"_blank\" rel=\"noopener\">Manfrotto<\/a><\/h1>\n<h4 style=\"text-align: center;\"><a title=\"Manfrotto SPH 303\" href=\"http:\/\/www.manfrotto.de\" target=\"_blank\" rel=\"noopener\"><img loading=\"lazy\" decoding=\"async\" class=\"aligncenter wp-image-980\" src=\"https:\/\/www.aktiv-panorama.de\/wp-content\/uploads\/2014\/12\/index.jpg\" alt=\"\" width=\"150\" height=\"150\" \/><\/a>Der &#8222;Nodalpunkt-Adapter&#8220; SPH 303 von Manfrotto ist auch f\u00fcr gro\u00dfe und schwere Kameramodelle geeignet. Gleichzeitig sorgen\u00a0 Manfrotto-Stative f\u00fcr die erforderliche Stabilit\u00e4t.<\/h4>\n\r\n<\/div>\r\n<!-- Column 2ends here -->\r\n<!-- Column 3starts here -->\r\n<div class=\"gp-cblk gp-col-22 gppush3 \" style=\"\">\r\n<h1 style=\"text-align: center;\"><a title=\"Nodal-Ninja Shop\" href=\"http:\/\/shop.nodalninja.com\/\" target=\"_blank\" rel=\"noopener\">Nodal Ninja<\/a><\/h1>\n<h4 style=\"text-align: center;\"><a title=\"Shop Nodal-Ninja \" href=\"http:\/\/shop.nodalninja.com\/ultimate-r1-r10-series-1\/\" target=\"_blank\" rel=\"noopener\"><img loading=\"lazy\" decoding=\"async\" class=\"aligncenter wp-image-981 size-full\" src=\"https:\/\/www.aktiv-panorama.de\/wp-content\/uploads\/2014\/12\/nodalninjaLogo_500-150x150.png\" alt=\"nodalninjaLogo_500-150x150\" width=\"150\" height=\"150\" \/><\/a>Der &#8222;Nodalpunkt-Adapter&#8220; Ultimate R1 ist die beste Wahl bei der Verwendung eines Fisheyes. Hier kann der User fast nichts falsch machen. Einmal eingerichtet, gelingen perfekte Panoramen.<\/h4>\n\r\n<\/div>\r\n<!-- Column 3ends here -->\r\n<!-- Column 4starts here -->\r\n<div class=\"gp-cblk gp-col-22 gppush3 \" style=\"\">\r\n<h1 style=\"text-align: center;\"><a title=\"Solmeta - geotag your world\" href=\"http:\/\/www.solmeta.com\/\" target=\"_blank\" rel=\"noopener\">Solmeta<\/a><\/h1>\n<h4 style=\"text-align: center;\"><a title=\"Solmeta GPS Geotagger N3\" href=\"http:\/\/www.solmeta.com\/index.php\/Product\/show\/id\/2\" target=\"_blank\" rel=\"noopener\"><img loading=\"lazy\" decoding=\"async\" class=\"aligncenter wp-image-3604 size-full\" src=\"https:\/\/www.aktiv-panorama.de\/wp-content\/uploads\/2014\/12\/SometaLogo1.png\" alt=\"\" width=\"150\" height=\"150\" \/><\/a>Die Geotagger von Solmeta schreiben automatisch die GPS-Geodaten in die EXIF-Dateien der Bilder. Das geht sehr einfach und problemlos und spart bei der sp\u00e4teren Verortung der Panoramen viel Zeit.<\/h4>\n\r\n<\/div>\r\n<!-- Column 4ends here -->\r\n<\/div>\r\n<!-- Content block 979 ends here -->\r\n\n<hr \/>\n","protected":false},"excerpt":{"rendered":"<p>F\u00fcr die interessierten Leser wird im Folgenden die Ausr\u00fcstung aufgelistet und erkl\u00e4rt, mit der wir unsere Panoramen aufnehmen und die Fotoshootings realisieren. Wir sind stolz darauf, dass in unserem Fotografenteam das Equipment in fast allen Teilen doppelt vorhanden ist. Unser Partner verf\u00fcgt \u00fcber dieselbe Ausr\u00fcstung und dasselbe Know-How. Das gibt Sicherheit \u2013 egal, was passiert [&hellip;]<\/p>\n","protected":false},"author":1,"featured_media":0,"parent":0,"menu_order":6,"comment_status":"closed","ping_status":"closed","template":"templates\/template-page-nosidebar.php","meta":{"footnotes":""},"class_list":["post-221","page","type-page","status-publish","hentry"],"yoast_head":"<!-- This site is optimized with the Yoast SEO plugin v27.5 - https:\/\/yoast.com\/product\/yoast-seo-wordpress\/ -->\n<title>Unser Kameratasche - Ausr\u00fcstung und Technik - Objektive und Kameras<\/title>\n<meta name=\"description\" content=\"Hier wird unsere technische Ausr\u00fcstung vorgestellt, mit der wir sowohl unsere Panoramen als auch das weitere fotografische Portfolio herstellen.\" \/>\n<meta name=\"robots\" content=\"index, follow, max-snippet:-1, max-image-preview:large, max-video-preview:-1\" \/>\n<link rel=\"canonical\" href=\"https:\/\/www.aktiv-panorama.de\/?page_id=221\" \/>\n<meta property=\"og:locale\" content=\"de_DE\" \/>\n<meta property=\"og:type\" content=\"article\" \/>\n<meta property=\"og:title\" content=\"Unser Kameratasche - Ausr\u00fcstung und Technik - Objektive und Kameras\" \/>\n<meta property=\"og:description\" content=\"Hier wird unsere technische Ausr\u00fcstung vorgestellt, mit der wir sowohl unsere Panoramen als auch das weitere fotografische Portfolio herstellen.\" \/>\n<meta property=\"og:url\" content=\"https:\/\/www.aktiv-panorama.de\/?page_id=221\" \/>\n<meta property=\"og:site_name\" content=\"Aktiv-Panorama\" \/>\n<meta property=\"article:modified_time\" content=\"2025-09-26T03:41:21+00:00\" \/>\n<meta property=\"og:image\" content=\"https:\/\/www.aktiv-panorama.de\/wp-content\/uploads\/2025\/09\/Nikon-Z9-mit-Nikkor-14-24mm-28.png\" \/>\n<meta name=\"twitter:label1\" content=\"Gesch\u00e4tzte Lesezeit\" \/>\n\t<meta name=\"twitter:data1\" content=\"43\u00a0Minuten\" \/>\n<script type=\"application\/ld+json\" class=\"yoast-schema-graph\">{\"@context\":\"https:\\\/\\\/schema.org\",\"@graph\":[{\"@type\":\"WebPage\",\"@id\":\"https:\\\/\\\/www.aktiv-panorama.de\\\/?page_id=221\",\"url\":\"https:\\\/\\\/www.aktiv-panorama.de\\\/?page_id=221\",\"name\":\"Unser Kameratasche - Ausr\u00fcstung und Technik - Objektive und Kameras\",\"isPartOf\":{\"@id\":\"https:\\\/\\\/www.aktiv-panorama.de\\\/#website\"},\"primaryImageOfPage\":{\"@id\":\"https:\\\/\\\/www.aktiv-panorama.de\\\/?page_id=221#primaryimage\"},\"image\":{\"@id\":\"https:\\\/\\\/www.aktiv-panorama.de\\\/?page_id=221#primaryimage\"},\"thumbnailUrl\":\"http:\\\/\\\/www.aktiv-panorama.de\\\/wp-content\\\/uploads\\\/2025\\\/09\\\/Nikon-Z9-mit-Nikkor-14-24mm-28.png\",\"datePublished\":\"2014-11-29T16:56:35+00:00\",\"dateModified\":\"2025-09-26T03:41:21+00:00\",\"description\":\"Hier wird unsere technische Ausr\u00fcstung vorgestellt, mit der wir sowohl unsere Panoramen als auch das weitere fotografische Portfolio herstellen.\",\"breadcrumb\":{\"@id\":\"https:\\\/\\\/www.aktiv-panorama.de\\\/?page_id=221#breadcrumb\"},\"inLanguage\":\"de\",\"potentialAction\":[{\"@type\":\"ReadAction\",\"target\":[\"https:\\\/\\\/www.aktiv-panorama.de\\\/?page_id=221\"]}]},{\"@type\":\"ImageObject\",\"inLanguage\":\"de\",\"@id\":\"https:\\\/\\\/www.aktiv-panorama.de\\\/?page_id=221#primaryimage\",\"url\":\"http:\\\/\\\/www.aktiv-panorama.de\\\/wp-content\\\/uploads\\\/2025\\\/09\\\/Nikon-Z9-mit-Nikkor-14-24mm-28.png\",\"contentUrl\":\"http:\\\/\\\/www.aktiv-panorama.de\\\/wp-content\\\/uploads\\\/2025\\\/09\\\/Nikon-Z9-mit-Nikkor-14-24mm-28.png\"},{\"@type\":\"BreadcrumbList\",\"@id\":\"https:\\\/\\\/www.aktiv-panorama.de\\\/?page_id=221#breadcrumb\",\"itemListElement\":[{\"@type\":\"ListItem\",\"position\":1,\"name\":\"Startseite\",\"item\":\"https:\\\/\\\/www.aktiv-panorama.de\\\/\"},{\"@type\":\"ListItem\",\"position\":2,\"name\":\"Technische Ausr\u00fcstung\"}]},{\"@type\":\"WebSite\",\"@id\":\"https:\\\/\\\/www.aktiv-panorama.de\\\/#website\",\"url\":\"https:\\\/\\\/www.aktiv-panorama.de\\\/\",\"name\":\"Aktiv-Panorama\",\"description\":\"360\u00b0-Panoramafotografie\",\"publisher\":{\"@id\":\"https:\\\/\\\/www.aktiv-panorama.de\\\/#organization\"},\"potentialAction\":[{\"@type\":\"SearchAction\",\"target\":{\"@type\":\"EntryPoint\",\"urlTemplate\":\"https:\\\/\\\/www.aktiv-panorama.de\\\/?s={search_term_string}\"},\"query-input\":{\"@type\":\"PropertyValueSpecification\",\"valueRequired\":true,\"valueName\":\"search_term_string\"}}],\"inLanguage\":\"de\"},{\"@type\":\"Organization\",\"@id\":\"https:\\\/\\\/www.aktiv-panorama.de\\\/#organization\",\"name\":\"Panorama-Fotografie\",\"url\":\"https:\\\/\\\/www.aktiv-panorama.de\\\/\",\"logo\":{\"@type\":\"ImageObject\",\"inLanguage\":\"de\",\"@id\":\"https:\\\/\\\/www.aktiv-panorama.de\\\/#\\\/schema\\\/logo\\\/image\\\/\",\"url\":\"https:\\\/\\\/i0.wp.com\\\/www.aktiv-panorama.de\\\/wp-content\\\/uploads\\\/2014\\\/11\\\/logo_aktiv-panorama-360_250px.png?fit=250%2C239\",\"contentUrl\":\"https:\\\/\\\/i0.wp.com\\\/www.aktiv-panorama.de\\\/wp-content\\\/uploads\\\/2014\\\/11\\\/logo_aktiv-panorama-360_250px.png?fit=250%2C239\",\"width\":250,\"height\":239,\"caption\":\"Panorama-Fotografie\"},\"image\":{\"@id\":\"https:\\\/\\\/www.aktiv-panorama.de\\\/#\\\/schema\\\/logo\\\/image\\\/\"}}]}<\/script>\n<!-- \/ Yoast SEO plugin. -->","yoast_head_json":{"title":"Unser Kameratasche - Ausr\u00fcstung und Technik - Objektive und Kameras","description":"Hier wird unsere technische Ausr\u00fcstung vorgestellt, mit der wir sowohl unsere Panoramen als auch das weitere fotografische Portfolio herstellen.","robots":{"index":"index","follow":"follow","max-snippet":"max-snippet:-1","max-image-preview":"max-image-preview:large","max-video-preview":"max-video-preview:-1"},"canonical":"https:\/\/www.aktiv-panorama.de\/?page_id=221","og_locale":"de_DE","og_type":"article","og_title":"Unser Kameratasche - Ausr\u00fcstung und Technik - Objektive und Kameras","og_description":"Hier wird unsere technische Ausr\u00fcstung vorgestellt, mit der wir sowohl unsere Panoramen als auch das weitere fotografische Portfolio herstellen.","og_url":"https:\/\/www.aktiv-panorama.de\/?page_id=221","og_site_name":"Aktiv-Panorama","article_modified_time":"2025-09-26T03:41:21+00:00","og_image":[{"url":"https:\/\/www.aktiv-panorama.de\/wp-content\/uploads\/2025\/09\/Nikon-Z9-mit-Nikkor-14-24mm-28.png","type":"","width":"","height":""}],"twitter_misc":{"Gesch\u00e4tzte Lesezeit":"43\u00a0Minuten"},"schema":{"@context":"https:\/\/schema.org","@graph":[{"@type":"WebPage","@id":"https:\/\/www.aktiv-panorama.de\/?page_id=221","url":"https:\/\/www.aktiv-panorama.de\/?page_id=221","name":"Unser Kameratasche - Ausr\u00fcstung und Technik - Objektive und Kameras","isPartOf":{"@id":"https:\/\/www.aktiv-panorama.de\/#website"},"primaryImageOfPage":{"@id":"https:\/\/www.aktiv-panorama.de\/?page_id=221#primaryimage"},"image":{"@id":"https:\/\/www.aktiv-panorama.de\/?page_id=221#primaryimage"},"thumbnailUrl":"https:\/\/www.aktiv-panorama.de\/wp-content\/uploads\/2025\/09\/Nikon-Z9-mit-Nikkor-14-24mm-28.png","datePublished":"2014-11-29T16:56:35+00:00","dateModified":"2025-09-26T03:41:21+00:00","description":"Hier wird unsere technische Ausr\u00fcstung vorgestellt, mit der wir sowohl unsere Panoramen als auch das weitere fotografische Portfolio herstellen.","breadcrumb":{"@id":"https:\/\/www.aktiv-panorama.de\/?page_id=221#breadcrumb"},"inLanguage":"de","potentialAction":[{"@type":"ReadAction","target":["https:\/\/www.aktiv-panorama.de\/?page_id=221"]}]},{"@type":"ImageObject","inLanguage":"de","@id":"https:\/\/www.aktiv-panorama.de\/?page_id=221#primaryimage","url":"https:\/\/www.aktiv-panorama.de\/wp-content\/uploads\/2025\/09\/Nikon-Z9-mit-Nikkor-14-24mm-28.png","contentUrl":"https:\/\/www.aktiv-panorama.de\/wp-content\/uploads\/2025\/09\/Nikon-Z9-mit-Nikkor-14-24mm-28.png"},{"@type":"BreadcrumbList","@id":"https:\/\/www.aktiv-panorama.de\/?page_id=221#breadcrumb","itemListElement":[{"@type":"ListItem","position":1,"name":"Startseite","item":"https:\/\/www.aktiv-panorama.de\/"},{"@type":"ListItem","position":2,"name":"Technische Ausr\u00fcstung"}]},{"@type":"WebSite","@id":"https:\/\/www.aktiv-panorama.de\/#website","url":"https:\/\/www.aktiv-panorama.de\/","name":"Aktiv-Panorama","description":"360\u00b0-Panoramafotografie","publisher":{"@id":"https:\/\/www.aktiv-panorama.de\/#organization"},"potentialAction":[{"@type":"SearchAction","target":{"@type":"EntryPoint","urlTemplate":"https:\/\/www.aktiv-panorama.de\/?s={search_term_string}"},"query-input":{"@type":"PropertyValueSpecification","valueRequired":true,"valueName":"search_term_string"}}],"inLanguage":"de"},{"@type":"Organization","@id":"https:\/\/www.aktiv-panorama.de\/#organization","name":"Panorama-Fotografie","url":"https:\/\/www.aktiv-panorama.de\/","logo":{"@type":"ImageObject","inLanguage":"de","@id":"https:\/\/www.aktiv-panorama.de\/#\/schema\/logo\/image\/","url":"https:\/\/i0.wp.com\/www.aktiv-panorama.de\/wp-content\/uploads\/2014\/11\/logo_aktiv-panorama-360_250px.png?fit=250%2C239","contentUrl":"https:\/\/i0.wp.com\/www.aktiv-panorama.de\/wp-content\/uploads\/2014\/11\/logo_aktiv-panorama-360_250px.png?fit=250%2C239","width":250,"height":239,"caption":"Panorama-Fotografie"},"image":{"@id":"https:\/\/www.aktiv-panorama.de\/#\/schema\/logo\/image\/"}}]}},"_links":{"self":[{"href":"https:\/\/www.aktiv-panorama.de\/index.php?rest_route=\/wp\/v2\/pages\/221","targetHints":{"allow":["GET"]}}],"collection":[{"href":"https:\/\/www.aktiv-panorama.de\/index.php?rest_route=\/wp\/v2\/pages"}],"about":[{"href":"https:\/\/www.aktiv-panorama.de\/index.php?rest_route=\/wp\/v2\/types\/page"}],"author":[{"embeddable":true,"href":"https:\/\/www.aktiv-panorama.de\/index.php?rest_route=\/wp\/v2\/users\/1"}],"replies":[{"embeddable":true,"href":"https:\/\/www.aktiv-panorama.de\/index.php?rest_route=%2Fwp%2Fv2%2Fcomments&post=221"}],"version-history":[{"count":55,"href":"https:\/\/www.aktiv-panorama.de\/index.php?rest_route=\/wp\/v2\/pages\/221\/revisions"}],"predecessor-version":[{"id":11913,"href":"https:\/\/www.aktiv-panorama.de\/index.php?rest_route=\/wp\/v2\/pages\/221\/revisions\/11913"}],"wp:attachment":[{"href":"https:\/\/www.aktiv-panorama.de\/index.php?rest_route=%2Fwp%2Fv2%2Fmedia&parent=221"}],"curies":[{"name":"wp","href":"https:\/\/api.w.org\/{rel}","templated":true}]}}