{"id":2523,"date":"2015-01-12T15:52:19","date_gmt":"2015-01-12T14:52:19","guid":{"rendered":"https:\/\/www.aktiv-panorama.de\/?page_id=2523"},"modified":"2015-01-14T16:28:14","modified_gmt":"2015-01-14T15:28:14","slug":"paris-jardins-du-trocadero","status":"publish","type":"page","link":"https:\/\/www.aktiv-panorama.de\/?page_id=2523","title":{"rendered":"360\u00b0-Panoramen von den Jardins du Trocadero"},"content":{"rendered":"<p>Der <strong><span style=\"color: #ff6600;\">illuminierte Eiffelturm gilt als zeitweilige Kunstaktion<\/span><\/strong> und genie\u00dft deshalb einen urheblichen Schutz. Demnach d\u00fcrfen nur Tagesaufnahmen des Eiffelturms ohne Einschr\u00e4nkung ver\u00f6ffentlicht werden. Fotografien des beleuchteten Eiffelturms d\u00fcrfen nur unter den folgenden Voraussetzungen gezeigt werden:<\/p>\n<ul style=\"text-align: justify;\">\n<li>keine kommerzielle Nutzng<\/li>\n<li>Hinweis des folgenden Urheberrechtsvermerks unter dem Bild: <strong><span style=\"color: #ff6600;\">&#8222;Copyright Tour Eiffel &#8211; Illuminations Pierre Bideau&#8220;<\/span><\/strong><\/li>\n<\/ul>\n<p><strong>Deshalb k\u00f6nnen die hier gezeigten Panoramen des illuminierten Eiffelturms <span style=\"text-decoration: underline;\">nicht<\/span> erworben werden.<\/strong><\/p>\n<p>&nbsp;<\/p>\n<h2><span class=\"xr_tl xr_s4\" style=\"top: -13px;\"><a title=\"Warschauer Font\u00e4nen in den Jardins du Trocadero\" href=\"https:\/\/www.aktiv-panorama.de\/360panoramen\/paris\/Paris_-_Trocadero_Warschauer_Fontaenen_8.html\">Warschauer Font\u00e4nen in den Jardins du Trocadero<\/a><br \/>\n<\/span><\/h2>\n<div class=\"xr_s4\" style=\"position: absolute; left: 504px; top: 496px; text-shadow: 5px 5px 3px rgba(0, 0, 0, 0.25);\"><\/div>\n[pano file=&#8220;https:\/\/www.aktiv-panorama.de\/360panoramen\/paris\/Paris_-_Trocadero_Warschauer_Fontaenen_8.html&#8220; width=&#8220;860&#8243; height=&#8220;300&#8243; title=&#8220;Warschauer Font\u00e4nen in den Jardins du Trocadero&#8220; alt=&#8220;Warschauer Font\u00e4nen in den Jardins du Trocadero&#8220; preview=&#8220;https:\/\/www.aktiv-panorama.de\/wp-content\/uploads\/2014\/05\/Paris-Trocadero_Warschauer-Fontaenen_8.jpg&#8220;]\n<hr \/>\n<p>&nbsp;<\/p>\n<h2><span class=\"xr_tl xr_s4\" style=\"top: -13px;\"><a title=\"Warschauer Font\u00e4nen in den Jardins du Trocadero\" href=\"https:\/\/www.aktiv-panorama.de\/360panoramen\/paris\/Paris_-_Trocadero_Warschauer_Fontaenen_6.html\">Warschauer Font\u00e4nen in den Jardins du Trocadero<\/a><br \/>\n<\/span><\/h2>\n<div class=\"xr_s4\" style=\"position: absolute; left: 504px; top: 496px; text-shadow: 5px 5px 3px rgba(0, 0, 0, 0.25);\"><\/div>\n[pano file=&#8220;https:\/\/www.aktiv-panorama.de\/360panoramen\/paris\/Paris_-_Trocadero_Warschauer_Fontaenen_6.html&#8220; width=&#8220;860&#8243; height=&#8220;300&#8243; title=&#8220;Warschauer Font\u00e4nen in den Jardins du Trocadero&#8220; alt=&#8220;Warschauer Font\u00e4nen in den Jardins du Trocadero&#8220; preview=&#8220;https:\/\/www.aktiv-panorama.de\/wp-content\/uploads\/2014\/05\/Paris-Trocadero_Warschauer-Fontaenen_6.jpg&#8220;]\n<hr \/>\n<p>&nbsp;<\/p>\n<h2><span class=\"xr_tl xr_s4\" style=\"top: -13px;\"><a title=\"Warschauer Font\u00e4nen in den Jardins du Trocadero\" href=\"https:\/\/www.aktiv-panorama.de\/360panoramen\/paris\/Paris_-_Trocadero_Warschauer_Fontaenen_5.html\">Warschauer Font\u00e4nen in den Jardins du Trocadero<\/a><br \/>\n<\/span><\/h2>\n<div class=\"xr_s4\" style=\"position: absolute; left: 504px; top: 496px; text-shadow: 5px 5px 3px rgba(0, 0, 0, 0.25);\"><\/div>\n[pano file=&#8220;https:\/\/www.aktiv-panorama.de\/360panoramen\/paris\/Paris_-_Trocadero_Warschauer_Fontaenen_5.html&#8220; width=&#8220;860&#8243; height=&#8220;300&#8243; title=&#8220;Warschauer Font\u00e4nen in den Jardins du Trocadero&#8220; alt=&#8220;Warschauer Font\u00e4nen in den Jardins du Trocadero&#8220; preview=&#8220;https:\/\/www.aktiv-panorama.de\/wp-content\/uploads\/2014\/05\/Paris-Trocadero_Warschauer-Fontaenen_5.jpg&#8220;]\n<hr \/>\n<p>&nbsp;<\/p>\n<h2><span class=\"xr_tl xr_s4\" style=\"top: -13px;\"><a title=\"Warschauer Font\u00e4nen in den Jardins du Trocadero\" href=\"https:\/\/www.aktiv-panorama.de\/360panoramen\/paris\/Paris_-_Trocadero_Warschauer_Fontaenen_2.html\">Warschauer Font\u00e4nen in den Jardins du Trocadero<\/a><br \/>\n<\/span><\/h2>\n<div class=\"xr_s4\" style=\"position: absolute; left: 504px; top: 496px; text-shadow: 5px 5px 3px rgba(0, 0, 0, 0.25);\"><\/div>\n[pano file=&#8220;https:\/\/www.aktiv-panorama.de\/360panoramen\/paris\/Paris_-_Trocadero_Warschauer_Fontaenen_2.html&#8220; width=&#8220;860&#8243; height=&#8220;300&#8243; title=&#8220;Warschauer Font\u00e4nen in den Jardins du Trocadero&#8220; alt=&#8220;Warschauer Font\u00e4nen in den Jardins du Trocadero&#8220; preview=&#8220;https:\/\/www.aktiv-panorama.de\/wp-content\/uploads\/2014\/05\/Paris-Trocadero_Warschauer-Fontaenen_2.jpg&#8220;]\n<hr \/>\n<p>&nbsp;<\/p>\n<h2><span class=\"xr_tl xr_s4\" style=\"top: -13px;\"><a title=\"Warschauer Font\u00e4nen in den Jardins du Trocadero\" href=\"https:\/\/www.aktiv-panorama.de\/360panoramen\/paris\/Paris_-_Trocadero_Fotaenen_3.html\">Warschauer Font\u00e4nen in den Jardins du Trocadero<\/a><br \/>\n<\/span><\/h2>\n<div class=\"xr_s4\" style=\"position: absolute; left: 504px; top: 496px; text-shadow: 5px 5px 3px rgba(0, 0, 0, 0.25);\"><\/div>\n[pano file=&#8220;https:\/\/www.aktiv-panorama.de\/360panoramen\/paris\/Paris_-_Trocadero_Fotaenen_3.html&#8220; width=&#8220;860&#8243; height=&#8220;300&#8243; title=&#8220;Warschauer Font\u00e4nen in den Jardins du Trocadero&#8220; alt=&#8220;Warschauer Font\u00e4nen in den Jardins du Trocadero&#8220; preview=&#8220;https:\/\/www.aktiv-panorama.de\/wp-content\/uploads\/2014\/05\/Paris-Trocadero-Fotaenen_3.jpg&#8220;]\n<hr \/>\n<p>&nbsp;<\/p>\n<h2><span class=\"xr_tl xr_s4\" style=\"top: -13px;\"><a title=\"Blick von den Treppen des Trocadero auf den Eiffelturm \u00fcber die Font\u00e4nen von Warschau\" href=\"https:\/\/www.aktiv-panorama.de\/360panoramen\/paris\/Paris_-_Trocadero_-_Blick_auf_Eiffelturm.html\">Blick von den Treppen des Trocadero auf den Eiffelturm<\/a><\/span><\/h2>\n[pano file=&#8220;https:\/\/www.aktiv-panorama.de\/360panoramen\/paris\/Paris_-_Trocadero_-_Blick_auf_Eiffelturm.html&#8220; width=&#8220;860&#8243; height=&#8220;300&#8243; title=&#8220;Blick von den Treppen des Trocadero auf den Eiffelturm \u00fcber die Font\u00e4nen von Warschau&#8220; alt=&#8220;Blick von den Treppen des Trocadero auf den Eiffelturm \u00fcber die Font\u00e4nen von Warschau&#8220; preview=&#8220;https:\/\/www.aktiv-panorama.de\/wp-content\/uploads\/2014\/05\/Paris-Trocadero-Blick-auf-Eiffelturm1.jpg&#8220;]\n<hr \/>\n<p>&nbsp;<\/p>\n<h2><span class=\"xr_tl xr_s4\" style=\"top: -13px;\"><a title=\"Warschauer Font\u00e4nen in den Jardins du Trocadero\" href=\"https:\/\/www.aktiv-panorama.de\/360panoramen\/paris\/Paris_-_Trocadero_Fonaenen_4.html\">Warschauer Font\u00e4nen in den Jardins du Trocadero<\/a><br \/>\n<\/span><\/h2>\n<div class=\"xr_s4\" style=\"position: absolute; left: 504px; top: 496px; text-shadow: 5px 5px 3px rgba(0, 0, 0, 0.25);\"><\/div>\n[pano file=&#8220;https:\/\/www.aktiv-panorama.de\/360panoramen\/paris\/Paris_-_Trocadero_Fonaenen_4.html&#8220; width=&#8220;860&#8243; height=&#8220;300&#8243; title=&#8220;Warschauer Font\u00e4nen in den Jardins du Trocadero&#8220; alt=&#8220;Warschauer Font\u00e4nen in den Jardins du Trocadero&#8220; preview=&#8220;https:\/\/www.aktiv-panorama.de\/wp-content\/uploads\/2014\/05\/Paris-Trocadero-Fonaenen_4.jpg&#8220;]\n<hr \/>\n<p>&nbsp;<\/p>\n<h2><span class=\"xr_tl xr_s4\" style=\"top: -13px;\"><a title=\"Warschauer Font\u00e4nen in den Jardins du Trocadero\" href=\"https:\/\/www.aktiv-panorama.de\/360panoramen\/paris\/Paris_-_Trocadero_Warschauer_Fontaenen_1.html\">Warschauer Font\u00e4nen in den Jardins du Trocadero<\/a><br \/>\n<\/span><\/h2>\n<div class=\"xr_s4\" style=\"position: absolute; left: 504px; top: 496px; text-shadow: 5px 5px 3px rgba(0, 0, 0, 0.25);\"><\/div>\n[pano file=&#8220;https:\/\/www.aktiv-panorama.de\/360panoramen\/paris\/Paris_-_Trocadero_Warschauer_Fontaenen_1.html&#8220; width=&#8220;860&#8243; height=&#8220;300&#8243; title=&#8220;Warschauer Font\u00e4nen in den Jardins du Trocadero&#8220; alt=&#8220;Warschauer Font\u00e4nen in den Jardins du Trocadero&#8220; preview=&#8220;https:\/\/www.aktiv-panorama.de\/wp-content\/uploads\/2014\/05\/Paris-Trocadero_Warschauer-Fontaenen_1.jpg&#8220;]\n<hr \/>\n<p>&nbsp;<\/p>\n<h2><span class=\"xr_tl xr_s4\" style=\"top: -13px;\"><a title=\"Eiffelturm vom Palais de Chialot \" href=\"https:\/\/www.aktiv-panorama.de\/360panoramen\/paris\/Paris_-_Palais_de_Chailot.html\">Eiffelturm vom Palais de Chailot<\/a><br \/>\n<\/span><\/h2>\n<div class=\"xr_s4\" style=\"position: absolute; left: 504px; top: 496px; text-shadow: 5px 5px 3px rgba(0, 0, 0, 0.25);\"><\/div>\n[pano file=&#8220;https:\/\/www.aktiv-panorama.de\/360panoramen\/paris\/Paris_-_Palais_de_Chailot.html&#8220; width=&#8220;860&#8243; height=&#8220;300&#8243; title=&#8220;Eiffelturm vom Palais de Chialot&#8220; alt=&#8220;Eiffelturm vom Palais de Chialot&#8220; preview=&#8220;https:\/\/www.aktiv-panorama.de\/wp-content\/uploads\/2014\/05\/Paris-Palais-de-Chailot.jpg&#8220;]\n<hr \/>\n<p>&nbsp;<\/p>\n<h2><span class=\"xr_tl xr_s4\" style=\"top: -13px;\"><a title=\"Palais de Chialot - Esplanade de Trocadero\" href=\"https:\/\/www.aktiv-panorama.de\/360panoramen\/paris\/Paris_-_Palais_de_Chailot_Denkmal.html\">Palais de Chialot &#8211; Esplanade de Trocadero<\/a><br \/>\n<\/span><\/h2>\n<div class=\"xr_s4\" style=\"position: absolute; left: 504px; top: 496px; text-shadow: 5px 5px 3px rgba(0, 0, 0, 0.25);\"><\/div>\n[pano file=&#8220;https:\/\/www.aktiv-panorama.de\/360panoramen\/paris\/Paris_-_Palais_de_Chailot_Denkmal.html&#8220; width=&#8220;860&#8243; height=&#8220;300&#8243; title=&#8220;Palais de Chialot &#8211; Esplanade de Trocadero&#8220; alt=&#8220;Palais de Chialot &#8211; Esplanade de Trocadero&#8220; preview=&#8220;https:\/\/www.aktiv-panorama.de\/wp-content\/uploads\/2014\/05\/Paris-Palais-de-Chailot_Denkmal.jpg&#8220;]\n<hr \/>\n<p>&nbsp;<\/p>\n<h2><span class=\"xr_tl xr_s4\" style=\"top: -13px;\"><a title=\"Illumination am Eiffelturm - vom Trocadero\" href=\"https:\/\/www.aktiv-panorama.de\/360panoramen\/Paris_-_Illumination_am_Eiffelturm.html\">Illumination am\u00a0 Eiffelturm vom Trocadero<\/a><br \/>\n<\/span><\/h2>\n<div class=\"xr_s4\" style=\"position: absolute; left: 504px; top: 496px; text-shadow: 5px 5px 3px rgba(0, 0, 0, 0.25);\"><\/div>\n[pano file=&#8220;https:\/\/www.aktiv-panorama.de\/360panoramen\/Paris_-_Illumination_am_Eiffelturm.html&#8220; width=&#8220;860&#8243; height=&#8220;300&#8243; title=&#8220;Trocadero &#8211; <span class=\"xr_tl xr_s4\" style=\"top: -13px;\">Illumination am Eiffelturm<\/span>&#8220; alt=&#8220;Trocadero &#8211; <span class=\"xr_tl xr_s4\" style=\"top: -13px;\">Illumination am Eiffelturm<\/span>&#8220; preview=&#8220;https:\/\/www.aktiv-panorama.de\/wp-content\/uploads\/2014\/05\/Paris-Illumination-am-Eiffelturm.jpg&#8220;]\n<div class=\"icon-lightning\"><strong><span style=\"color: #ff6600;\">Copyright Tour Eiffel &#8211; Illuminations Pierre Bideau<\/span><\/strong><\/div>\n<hr \/>\n<p>&nbsp;<\/p>\n<h2><span class=\"xr_tl xr_s4\" style=\"top: -13px;\"><a title=\"Illumination am Eiffelturm - vom Trocadero\" href=\"https:\/\/www.aktiv-panorama.de\/360panoramen\/Paris_-_Eiffelturm_vom_Trocadero_2.html\">Abendliche Beleuchtung am\u00a0 Eiffelturm vom Trocadero<\/a><br \/>\n<\/span><\/h2>\n<div class=\"xr_s4\" style=\"position: absolute; left: 504px; top: 496px; text-shadow: 5px 5px 3px rgba(0, 0, 0, 0.25);\"><\/div>\n[pano file=&#8220;https:\/\/www.aktiv-panorama.de\/360panoramen\/Paris_-_Eiffelturm_vom_Trocadero_2.html&#8220; width=&#8220;860&#8243; height=&#8220;300&#8243; title=&#8220;abendliche Beleuchtung am Eiffelturm vom Trocadero&#8220; alt=&#8220;<span class=\"xr_tl xr_s4\" style=\"top: -13px;\">abendliche Beleuchtung am Eiffelturm vom Trocadero<\/span>&#8220; preview=&#8220;https:\/\/www.aktiv-panorama.de\/wp-content\/uploads\/2014\/05\/Paris-Eiffelturm-vom-Trocadero_2.jpg&#8220;]\n<div class=\"icon-lightning\"><strong><span style=\"color: #ff6600;\">Copyright Tour Eiffel &#8211; Illuminations Pierre Bideau<\/span><\/strong><\/div>\n<hr \/>\n<p>&nbsp;<\/p>\n<h2><a title=\"Eiffelturm vom Palais de Chialot bei Nacht \" href=\"https:\/\/www.aktiv-panorama.de\/360panoramen\/Paris_-_Eiffelturm_vom_Palais_de_Chialot_bei_Nacht.html\">Eiffelturm vom Palais de Chialot bei Nacht<\/a><\/h2>\n[pano file=&#8220;https:\/\/www.aktiv-panorama.de\/360panoramen\/Paris_-_Eiffelturm_vom_Palais_de_Chialot_bei_Nacht.html&#8220; width=&#8220;860&#8243; height=&#8220;300&#8243; title=&#8220;Eiffelturm vom Palais de Chialot bei Nacht&#8220; alt=&#8220;Eiffelturm vom Palais de Chialot bei Nacht&#8220; preview=&#8220;https:\/\/www.aktiv-panorama.de\/wp-content\/uploads\/2014\/05\/Paris-Eiffelturm-vom-Palais-de-Chialot-bei-Nacht.jpg&#8220;]\n<div class=\"icon-lightning\"><strong><span style=\"color: #ff6600;\">Copyright Tour Eiffel &#8211; Illuminations Pierre Bideau<\/span><\/strong><\/div>\n<hr \/>\n<p>&nbsp;<\/p>\n<h2><a title=\"Eiffelturms bei Nacht\" href=\"https:\/\/www.aktiv-panorama.de\/360panoramen\/Paris_-_Eiffelturm_bei_Nacht.html\">Eiffelturm\u00a0 bei Nacht<\/a><\/h2>\n[pano file=&#8220;https:\/\/www.aktiv-panorama.de\/360panoramen\/Paris_-_Eiffelturm_bei_Nacht.html&#8220; width=&#8220;860&#8243; height=&#8220;300&#8243; title=&#8220;Eiffelturm\u00a0 bei Nacht&#8220; alt=&#8220;Eiffelturm bei Nacht&#8220; preview=&#8220;https:\/\/www.aktiv-panorama.de\/wp-content\/uploads\/2014\/05\/Paris-Eiffelturm-bei-Nacht.jpg&#8220;]\n<div class=\"icon-lightning\"><strong><span style=\"color: #ff6600;\">Copyright Tour Eiffel &#8211; Illuminations Pierre Bideau<\/span><\/strong><\/div>\n<hr \/>\n<p>&nbsp;<\/p>\n<h3><span class=\"xr_tl xr_s4\" style=\"top: -13px;\"><a title=\"unterhalb des Eiffelturms\" href=\"https:\/\/www.aktiv-panorama.de\/360panoramen\/paris\/Paris_-_beleuchteter_Eiffelturm_von_unten.html\">Unter dem Eiffelturm<\/a><br \/>\n<\/span><\/h3>\n<div class=\"xr_s4\" style=\"position: absolute; left: 504px; top: 496px; text-shadow: 5px 5px 3px rgba(0, 0, 0, 0.25);\"><\/div>\n[pano file=&#8220;https:\/\/www.aktiv-panorama.de\/360panoramen\/paris\/Paris_-_beleuchteter_Eiffelturm_von_unten.html&#8220; width=&#8220;860&#8243; height=&#8220;300&#8243; title=&#8220;unter dem <span class=\"xr_tl xr_s4\" style=\"top: -13px;\">Eiffelturm &#8211; Illumination bei Nacht<\/span>&#8220; alt=&#8220;unter dem <span class=\"xr_tl xr_s4\" style=\"top: -13px;\">Eiffelturm &#8211; Illumination bei Nacht<\/span>&#8220; preview=&#8220;https:\/\/www.aktiv-panorama.de\/wp-content\/uploads\/2014\/05\/Paris-beleuchteter-Eiffelturm-von-unten.jpg&#8220;]\n<div class=\"icon-lightning\"><strong><span style=\"color: #ff6600;\">Copyright Tour Eiffel &#8211; Illuminations Pierre Bideau<\/span><\/strong><\/div>\n<hr \/>\n<p>&nbsp;<\/p>\n<h2><span class=\"xr_tl xr_s4\" style=\"top: -13px;\"><a title=\"Eiffelturms bei Nacht\" href=\"https:\/\/www.aktiv-panorama.de\/360panoramen\/paris\/Paris_-_Eiffelturm_am_Abend.html\">Eiffelturm am Abend<\/a><br \/>\n<\/span><\/h2>\n<div class=\"xr_s4\" style=\"position: absolute; left: 504px; top: 496px; text-shadow: 5px 5px 3px rgba(0, 0, 0, 0.25);\"><\/div>\n[pano file=&#8220;https:\/\/www.aktiv-panorama.de\/360panoramen\/paris\/Paris_-_Eiffelturm_am_Abend.html&#8220; width=&#8220;860&#8243; height=&#8220;300&#8243; title=&#8220;<span class=\"xr_tl xr_s4\" style=\"top: -13px;\">Eiffelturm &#8211; Illumination bei Nacht<\/span>&#8220; alt=&#8220;<span class=\"xr_tl xr_s4\" style=\"top: -13px;\">Eiffelturm &#8211; Illumination bei Nacht<\/span>&#8220; preview=&#8220;https:\/\/www.aktiv-panorama.de\/wp-content\/uploads\/2014\/05\/Paris-Eiffelturm-am-Abend.jpg&#8220;]\n<div class=\"icon-lightning\"><strong><span style=\"color: #ff6600;\">Copyright Tour Eiffel &#8211; Illuminations Pierre Bideau<\/span><\/strong><\/div>\n<hr \/>\n<p>&nbsp;<\/p>\n<h2><a title=\"Eiffelturms bei Nacht\" href=\"https:\/\/www.aktiv-panorama.de\/360panoramen\/paris\/Paris_-_Eiffelturm_bei_Nacht_1.html\"><span class=\"xr_tl xr_s4\" style=\"top: -13px;\">Eiffelturm bei Nacht<\/span><\/a><\/h2>\n<div class=\"xr_s4\" style=\"position: absolute; left: 504px; top: 496px; text-shadow: 5px 5px 3px rgba(0, 0, 0, 0.25);\"><\/div>\n[pano file=&#8220;https:\/\/www.aktiv-panorama.de\/360panoramen\/paris\/Paris_-_Eiffelturm_bei_Nacht_1.html&#8220; width=&#8220;860&#8243; height=&#8220;300&#8243; title=&#8220;<span class=\"xr_tl xr_s4\" style=\"top: -13px;\">Eiffelturm bei Nacht<\/span>&#8220; alt=&#8220;<span class=\"xr_tl xr_s4\" style=\"top: -13px;\">Eiffelturm bei Nacht<\/span>&#8220; preview=&#8220;https:\/\/www.aktiv-panorama.de\/wp-content\/uploads\/2014\/05\/Paris-Eiffelturm-bei-Nacht_1.jpg&#8220;]\n<div class=\"icon-lightning\">\n<p><strong><span style=\"color: #ff6600;\">Copyright Tour Eiffel &#8211; Illuminations Pierre Bideau<\/span><\/strong><\/p>\n<hr \/>\n<\/div>\n<h2><span class=\"xr_tl xr_s4\" style=\"top: -13px;\"><a title=\"Warschauer Font\u00e4nen in den Jardins du Trocadero\" href=\"https:\/\/www.aktiv-panorama.de\/360panoramen\/paris\/Paris_-_Trocadero_Warschauer_Fontaenen_7_mit_Eiffelturm_1.html\">Warschauer Font\u00e4nen in den Jardins du Trocadero<\/a><br \/>\n<\/span><\/h2>\n<div class=\"xr_s4\" style=\"position: absolute; left: 504px; top: 496px; text-shadow: 5px 5px 3px rgba(0, 0, 0, 0.25);\"><\/div>\n[pano file=&#8220;https:\/\/www.aktiv-panorama.de\/360panoramen\/paris\/Paris_-_Trocadero_Warschauer_Fontaenen_7_mit_Eiffelturm_1.html&#8220; width=&#8220;860&#8243; height=&#8220;300&#8243; title=&#8220;Warschauer Font\u00e4nen in den Jardins du Trocadero&#8220; alt=&#8220;Warschauer Font\u00e4nen in den Jardins du Trocadero&#8220; preview=&#8220;https:\/\/www.aktiv-panorama.de\/wp-content\/uploads\/2014\/05\/Paris-Trocadero_Warschauer-Fontaenen_7_mit-Eiffelturm-1.jpg&#8220;]\n<hr \/>\n<p>&nbsp;<\/p>\n<div class=\"gp-wrap gpcenter gpovh entry-sep bwi-entry-sep\" style=\"\"><\/div>\n<div class=\"gp-wrap gpcenter gpovh accent-bg-nh fp-bf-container\" style=\"\"> <div class=\"gp-container gpcenter gpovh \" style=\"\">\n<h1 class=\"altfont fp-bf-title\" style=\"text-align: center;\"><span style=\"color: #dbdbdb;\">Bildergalerie zu den Panoramen im\u00a0Jardins du Trocadero<\/span><\/h1>\n<div class=\"fp-bf-underline tac\" style=\"\"><\/div><\/div><\/div>\n<!--gallery output starts here --><script type=\"text\/javascript\"> jQuery(document).ready(function(){ $('.mfp-gallery-2811').magnificPopup({ type: 'image', cursor: 'mfp-cursor', gallery: { enabled: true } }); var itemsPerRow02811 = 3; var itemsPerRow2811 = 3; var horSpace2811 = 10; var innerContainerWidth2811 = jQuery(\"#fgallery-2811-inner-container\").width(); var ItemWidth2811 = Math.floor( ( innerContainerWidth2811 - ( horSpace2811 * itemsPerRow2811 ) ) \/ itemsPerRow2811 ); var minItemWidth2811 = 130; while ( ItemWidth2811 < minItemWidth2811  && itemsPerRow2811 > 1 ) { itemsPerRow2811 = itemsPerRow2811 - 1; ItemWidth2811 = Math.floor( ( innerContainerWidth2811 - ( horSpace2811 * itemsPerRow2811 ) ) \/ itemsPerRow2811 ); } var newinnerContainerWidth2811 = ( ( itemsPerRow2811 * ItemWidth2811 ) ) + ( horSpace2811 *  itemsPerRow2811 ); jQuery(\".fgallery-2811-item\").css({\"width\": ItemWidth2811}); jQuery(\"#fgallery-2811-inner-container\").css({\"width\": newinnerContainerWidth2811}); var newThumbContainerPaddingTop2811 = Math.floor( ItemWidth2811 * 33.333333333333 \/ 100 ); jQuery(\".fgallery-2811-thumb-container\").css({\"padding-top\": newThumbContainerPaddingTop2811}); (function($) { $(window).resize(galleryResizeFunction); function galleryResizeFunction () { jQuery(\"#fgallery-2811-inner-container\").css({\"width\": \"100%\"}); innerContainerWidth2811 = jQuery(\"#fgallery-2811-inner-container\").width(); itemsPerRow2811 = itemsPerRow02811; ItemWidth2811 = Math.floor( ( innerContainerWidth2811 - ( horSpace2811 * itemsPerRow2811 ) ) \/ itemsPerRow2811 ); while ( ItemWidth2811 < minItemWidth2811  && itemsPerRow2811 > 1 ) { itemsPerRow2811 = itemsPerRow2811 - 1; ItemWidth2811 = Math.floor( ( innerContainerWidth2811 - ( horSpace2811 * itemsPerRow2811 ) ) \/ itemsPerRow2811 ); } newinnerContainerWidth2811 = ( ( itemsPerRow2811 * ItemWidth2811 ) ) + ( horSpace2811 *  itemsPerRow2811 ); jQuery(\".fgallery-2811-item\").css({\"width\": ItemWidth2811}); jQuery(\"#fgallery-2811-inner-container\").css({\"width\": newinnerContainerWidth2811}); newThumbContainerPaddingTop2811 = Math.floor( ItemWidth2811 * 33.333333333333 \/ 100 ); jQuery(\".fgallery-2811-thumb-container\").css({\"padding-top\": newThumbContainerPaddingTop2811}); }; })(jQuery); }); <\/script><!-- gallery wrapper start --><div class=\"gp-wrap gpovh fgallery-wrapper fgallery-wrapper-2811 mfp-gallery\"><style type=\"text\/css\" scoped>.fgallery-wrapper-2811 { padding-top: 10px; padding-bottom: 10px; z-index: 1; position: relative; } .fgallery-2811-item { width: 33.333333333333%; } <\/style><!-- gallery container start --><div id=\"fgallery-container-2811\"><!-- gallery inner container start --><div id=\"fgallery-2811-inner-container\" class=\"fgallery-inner-container\"><!-- gallery item start --><div class=\"fgallery-item fgallery-2811-item\" style=\"margin: 0 5px; margin-bottom: 10px;\"><div class=\"fgallery-thumb-container fgallery-thumb-container1 fgallery-2811-thumb-container shadoweffect zoomeffect1\" style=\"padding-top: 33.333333333333%; background-image: url('https:\/\/www.aktiv-panorama.de\/wp-content\/uploads\/2014\/11\/Paris-Trocadero-Fotaenen_3-512x256.jpg')\"><a href=\"https:\/\/www.aktiv-panorama.de\/wp-content\/uploads\/2014\/11\/Paris-Trocadero-Fotaenen_3.jpg\" class=\"fgallery-tlink mfp-gallery-2811\" style=\"display: block;\" title=\"\"><div class=\"fgallery-thumb-content vignette\"><\/div><span class=\"fg-imgl2m\"><\/span><\/a><\/div><\/div><!-- gallery item end - $gallery_postCount = 1 $gallery_total_images = 3--><!-- gallery item start --><div class=\"fgallery-item fgallery-2811-item\" style=\"margin: 0 5px; margin-bottom: 10px;\"><div class=\"fgallery-thumb-container fgallery-thumb-container1 fgallery-2811-thumb-container shadoweffect zoomeffect1\" style=\"padding-top: 33.333333333333%; background-image: url('https:\/\/www.aktiv-panorama.de\/wp-content\/uploads\/2014\/11\/Paris-Trocadero-Fonaenen_4-512x256.jpg')\"><a href=\"https:\/\/www.aktiv-panorama.de\/wp-content\/uploads\/2014\/11\/Paris-Trocadero-Fonaenen_4.jpg\" class=\"fgallery-tlink mfp-gallery-2811\" style=\"display: block;\" title=\"\"><div class=\"fgallery-thumb-content vignette\"><\/div><span class=\"fg-imgl2m\"><\/span><\/a><\/div><\/div><!-- gallery item end - $gallery_postCount = 2 $gallery_total_images = 3--><!-- gallery item start --><div class=\"fgallery-item fgallery-2811-item fgallery-last-item\" style=\"margin: 0 5px; margin-bottom: 10px;\"><div class=\"fgallery-thumb-container fgallery-thumb-container1 fgallery-2811-thumb-container shadoweffect zoomeffect1\" style=\"padding-top: 33.333333333333%; background-image: url('https:\/\/www.aktiv-panorama.de\/wp-content\/uploads\/2014\/11\/Paris-Trocadero-Blick-auf-Eiffelturm1-512x256.jpg')\"><a href=\"https:\/\/www.aktiv-panorama.de\/wp-content\/uploads\/2014\/11\/Paris-Trocadero-Blick-auf-Eiffelturm1.jpg\" class=\"fgallery-tlink mfp-gallery-2811\" style=\"display: block;\" title=\"\"><div class=\"fgallery-thumb-content vignette\"><\/div><span class=\"fg-imgl2m\"><\/span><\/a><\/div><\/div><!-- gallery item end - $gallery_postCount = 3 $gallery_total_images = 3--><!-- gallery item start --><div class=\"fgallery-item fgallery-2811-item\" style=\"margin: 0 5px; margin-bottom: 10px;\"><div class=\"fgallery-thumb-container fgallery-thumb-container1 fgallery-2811-thumb-container shadoweffect zoomeffect1\" style=\"padding-top: 33.333333333333%; background-image: url('https:\/\/www.aktiv-panorama.de\/wp-content\/uploads\/2014\/11\/Paris-Trocadero_Warschauer-Fontaenen_8-512x256.jpg')\"><a href=\"https:\/\/www.aktiv-panorama.de\/wp-content\/uploads\/2014\/11\/Paris-Trocadero_Warschauer-Fontaenen_8.jpg\" class=\"fgallery-tlink mfp-gallery-2811\" style=\"display: block;\" title=\"\"><div class=\"fgallery-thumb-content vignette\"><\/div><span class=\"fg-imgl2m\"><\/span><\/a><\/div><\/div><!-- gallery item end - $gallery_postCount = 4 $gallery_total_images = 3--><!-- gallery item start --><div class=\"fgallery-item fgallery-2811-item\" style=\"margin: 0 5px; margin-bottom: 10px;\"><div class=\"fgallery-thumb-container fgallery-thumb-container1 fgallery-2811-thumb-container shadoweffect zoomeffect1\" style=\"padding-top: 33.333333333333%; background-image: url('https:\/\/www.aktiv-panorama.de\/wp-content\/uploads\/2014\/11\/Paris-Trocadero_Warschauer-Fontaenen_7_mit-Eiffelturm-1-512x256.jpg')\"><a href=\"https:\/\/www.aktiv-panorama.de\/wp-content\/uploads\/2014\/11\/Paris-Trocadero_Warschauer-Fontaenen_7_mit-Eiffelturm-1.jpg\" class=\"fgallery-tlink mfp-gallery-2811\" style=\"display: block;\" title=\"\"><div class=\"fgallery-thumb-content vignette\"><\/div><span class=\"fg-imgl2m\"><\/span><\/a><\/div><\/div><!-- gallery item end - $gallery_postCount = 5 $gallery_total_images = 3--><!-- gallery item start --><div class=\"fgallery-item fgallery-2811-item fgallery-last-item\" style=\"margin: 0 5px; margin-bottom: 10px;\"><div class=\"fgallery-thumb-container fgallery-thumb-container1 fgallery-2811-thumb-container shadoweffect zoomeffect1\" style=\"padding-top: 33.333333333333%; background-image: url('https:\/\/www.aktiv-panorama.de\/wp-content\/uploads\/2014\/11\/Paris-Trocadero_Warschauer-Fontaenen_6-512x256.jpg')\"><a href=\"https:\/\/www.aktiv-panorama.de\/wp-content\/uploads\/2014\/11\/Paris-Trocadero_Warschauer-Fontaenen_6.jpg\" class=\"fgallery-tlink mfp-gallery-2811\" style=\"display: block;\" title=\"\"><div class=\"fgallery-thumb-content vignette\"><\/div><span class=\"fg-imgl2m\"><\/span><\/a><\/div><\/div><!-- gallery item end - $gallery_postCount = 6 $gallery_total_images = 3--><!-- gallery item start --><div class=\"fgallery-item fgallery-2811-item\" style=\"margin: 0 5px; margin-bottom: 10px;\"><div class=\"fgallery-thumb-container fgallery-thumb-container1 fgallery-2811-thumb-container shadoweffect zoomeffect1\" style=\"padding-top: 33.333333333333%; background-image: url('https:\/\/www.aktiv-panorama.de\/wp-content\/uploads\/2014\/11\/Paris-Trocadero_Warschauer-Fontaenen_5-512x256.jpg')\"><a href=\"https:\/\/www.aktiv-panorama.de\/wp-content\/uploads\/2014\/11\/Paris-Trocadero_Warschauer-Fontaenen_5.jpg\" class=\"fgallery-tlink mfp-gallery-2811\" style=\"display: block;\" title=\"\"><div class=\"fgallery-thumb-content vignette\"><\/div><span class=\"fg-imgl2m\"><\/span><\/a><\/div><\/div><!-- gallery item end - $gallery_postCount = 7 $gallery_total_images = 3--><!-- gallery item start --><div class=\"fgallery-item fgallery-2811-item\" style=\"margin: 0 5px; margin-bottom: 10px;\"><div class=\"fgallery-thumb-container fgallery-thumb-container1 fgallery-2811-thumb-container shadoweffect zoomeffect1\" style=\"padding-top: 33.333333333333%; background-image: url('https:\/\/www.aktiv-panorama.de\/wp-content\/uploads\/2014\/11\/Paris-Trocadero_Warschauer-Fontaenen_2-512x256.jpg')\"><a href=\"https:\/\/www.aktiv-panorama.de\/wp-content\/uploads\/2014\/11\/Paris-Trocadero_Warschauer-Fontaenen_2.jpg\" class=\"fgallery-tlink mfp-gallery-2811\" style=\"display: block;\" title=\"\"><div class=\"fgallery-thumb-content vignette\"><\/div><span class=\"fg-imgl2m\"><\/span><\/a><\/div><\/div><!-- gallery item end - $gallery_postCount = 8 $gallery_total_images = 3--><!-- gallery item start --><div class=\"fgallery-item fgallery-2811-item fgallery-last-item\" style=\"margin: 0 5px; margin-bottom: 10px;\"><div class=\"fgallery-thumb-container fgallery-thumb-container1 fgallery-2811-thumb-container shadoweffect zoomeffect1\" style=\"padding-top: 33.333333333333%; background-image: url('https:\/\/www.aktiv-panorama.de\/wp-content\/uploads\/2014\/11\/Paris-Trocadero_Warschauer-Fontaenen_1-512x256.jpg')\"><a href=\"https:\/\/www.aktiv-panorama.de\/wp-content\/uploads\/2014\/11\/Paris-Trocadero_Warschauer-Fontaenen_1.jpg\" class=\"fgallery-tlink mfp-gallery-2811\" style=\"display: block;\" title=\"\"><div class=\"fgallery-thumb-content vignette\"><\/div><span class=\"fg-imgl2m\"><\/span><\/a><\/div><\/div><!-- gallery item end - $gallery_postCount = 9 $gallery_total_images = 3--><!-- gallery item start --><div class=\"fgallery-item fgallery-2811-item\" style=\"margin: 0 5px; margin-bottom: 10px;\"><div class=\"fgallery-thumb-container fgallery-thumb-container1 fgallery-2811-thumb-container shadoweffect zoomeffect1\" style=\"padding-top: 33.333333333333%; background-image: url('https:\/\/www.aktiv-panorama.de\/wp-content\/uploads\/2014\/11\/Paris-Eiffelturm-vom-Trocadero_2-512x256.jpg')\"><a href=\"https:\/\/www.aktiv-panorama.de\/wp-content\/uploads\/2014\/11\/Paris-Eiffelturm-vom-Trocadero_2.jpg\" class=\"fgallery-tlink mfp-gallery-2811\" style=\"display: block;\" title=\"\"><div class=\"fgallery-thumb-content vignette\"><\/div><span class=\"fg-imgl2m\"><\/span><\/a><\/div><\/div><!-- gallery item end - $gallery_postCount = 10 $gallery_total_images = 3--><!-- gallery item start --><div class=\"fgallery-item fgallery-2811-item\" style=\"margin: 0 5px; margin-bottom: 10px;\"><div class=\"fgallery-thumb-container fgallery-thumb-container1 fgallery-2811-thumb-container shadoweffect zoomeffect1\" style=\"padding-top: 33.333333333333%; background-image: url('https:\/\/www.aktiv-panorama.de\/wp-content\/uploads\/2014\/11\/Paris-Eiffelturm-vom-Trocadero_1-512x256.jpg')\"><a href=\"https:\/\/www.aktiv-panorama.de\/wp-content\/uploads\/2014\/11\/Paris-Eiffelturm-vom-Trocadero_1.jpg\" class=\"fgallery-tlink mfp-gallery-2811\" style=\"display: block;\" title=\"\"><div class=\"fgallery-thumb-content vignette\"><\/div><span class=\"fg-imgl2m\"><\/span><\/a><\/div><\/div><!-- gallery item end - $gallery_postCount = 11 $gallery_total_images = 3--><!-- gallery item start --><div class=\"fgallery-item fgallery-2811-item fgallery-last-item\" style=\"margin: 0 5px; margin-bottom: 10px;\"><div class=\"fgallery-thumb-container fgallery-thumb-container1 fgallery-2811-thumb-container shadoweffect zoomeffect1\" style=\"padding-top: 33.333333333333%; background-image: url('https:\/\/www.aktiv-panorama.de\/wp-content\/uploads\/2014\/11\/Paris-Illumination-am-Eiffelturm-sw-gezeichnet-512x256.jpg')\"><a href=\"https:\/\/www.aktiv-panorama.de\/wp-content\/uploads\/2014\/11\/Paris-Illumination-am-Eiffelturm-sw-gezeichnet.jpg\" class=\"fgallery-tlink mfp-gallery-2811\" style=\"display: block;\" title=\"\"><div class=\"fgallery-thumb-content vignette\"><\/div><span class=\"fg-imgl2m\"><\/span><\/a><\/div><\/div><!-- gallery item end - $gallery_postCount = 12 $gallery_total_images = 3--><!-- gallery item start --><div class=\"fgallery-item fgallery-2811-item\" style=\"margin: 0 5px; margin-bottom: 10px;\"><div class=\"fgallery-thumb-container fgallery-thumb-container1 fgallery-2811-thumb-container shadoweffect zoomeffect1\" style=\"padding-top: 33.333333333333%; background-image: url('https:\/\/www.aktiv-panorama.de\/wp-content\/uploads\/2014\/11\/Paris-Eiffelturm-vom-Palais-de-Chialot-bei-Nacht-sw-gezeichnet-512x256.jpg')\"><a href=\"https:\/\/www.aktiv-panorama.de\/wp-content\/uploads\/2014\/11\/Paris-Eiffelturm-vom-Palais-de-Chialot-bei-Nacht-sw-gezeichnet.jpg\" class=\"fgallery-tlink mfp-gallery-2811\" style=\"display: block;\" title=\"\"><div class=\"fgallery-thumb-content vignette\"><\/div><span class=\"fg-imgl2m\"><\/span><\/a><\/div><\/div><!-- gallery item end - $gallery_postCount = 13 $gallery_total_images = 3--><!-- gallery item start --><div class=\"fgallery-item fgallery-2811-item\" style=\"margin: 0 5px; margin-bottom: 10px;\"><div class=\"fgallery-thumb-container fgallery-thumb-container1 fgallery-2811-thumb-container shadoweffect zoomeffect1\" style=\"padding-top: 33.333333333333%; background-image: url('https:\/\/www.aktiv-panorama.de\/wp-content\/uploads\/2014\/11\/Paris-Eiffelturm-bei-Nacht-sw-gezeichnet-512x256.jpg')\"><a href=\"https:\/\/www.aktiv-panorama.de\/wp-content\/uploads\/2014\/11\/Paris-Eiffelturm-bei-Nacht-sw-gezeichnet.jpg\" class=\"fgallery-tlink mfp-gallery-2811\" style=\"display: block;\" title=\"\"><div class=\"fgallery-thumb-content vignette\"><\/div><span class=\"fg-imgl2m\"><\/span><\/a><\/div><\/div><!-- gallery item end - $gallery_postCount = 14 $gallery_total_images = 3--><\/div><!-- gallery inner container end --><\/div><!-- gallery container end --><\/div><!-- gallery wrapper end -->\n<div class=\"gp-wrap gpcenter gpovh entry-sep bwi-entry-sep\" style=\"\"><\/div>\n<div class=\"gp-container gpcenter gpovh \" style=\"\"><\/div>\n<div class=\"gp-wrap gpcenter gpovh accent-bg-nh fp-bf-container\" style=\"\"> <div class=\"gp-container gpcenter gpovh \" style=\"\"><\/div>\n<h1 class=\"altfont fp-bf-title\" style=\"text-align: center;\"><span style=\"color: #dbdbdb;\">Wissenswertes zu den Jardins du Trocadero<br \/>\n<\/span><\/h1>\n<\/div>\n<p style=\"text-align: justify;\">Die Jardins du Trocad\u00e9ro sind zwei am H\u00fcgel von Chaillot, im 16. Pariser Arrondissement , symmetrisch angelegte Gr\u00fcnanlagen.<\/p>\n<h3 style=\"text-align: justify;\">Lage<\/h3>\n<p style=\"text-align: justify;\">Die G\u00e4rten liegen am rechten Seineufer, von dem sie nur die Avenue des Nations Unies trennt. Im Norden werden sie durch die beiden viertelkreisf\u00f6rmigen Fl\u00fcgel des Palais de Chaillot begrenzt, zwischen denen eine beliebte Aussichtsplattform einen sch\u00f6nen Blick \u00fcber einen Teil des Rive Gauche (dt. linkes Ufer der Seine) bietet.<\/p>\n<p style=\"text-align: justify;\">Die imposanten Treppen der Anlage f\u00fchren vom Place du Trocad\u00e9ro et du 11 Novembre hinunter zu einer Br\u00fccke \u00fcber die Seine, der Pont d\u2019I\u00e9na. Sie sind Ausgangspunkt der imposanten Perspektive, die jenseits der Seine \u00fcber den Eiffelturm und die Gr\u00fcnfl\u00e4che des Champ de Mars geht und ihren Abschluss an der \u00c9cole Militaire (Milit\u00e4rschule) findet.<\/p>\n<h3 style=\"text-align: justify;\">Geschichte<\/h3>\n<p style=\"text-align: justify;\">Anstelle der ausgedehnten Esplanade auf dem Hang des H\u00fcgels von Chaillot stand seit 1651 das Kloster der Visitation (frz.: couvent de la Visitation), das nach der Revolution zerst\u00f6rt wurde. Es wurden mehrfach Umgestaltungspl\u00e4ne f\u00fcr den Ort entworfen: Napoleon Bonaparte wollte ein Monument zu Ehren seines Sohnes, des damaligen K\u00f6nigs von Rom, erbauen lassen. Der Bildhauer Antoine Etex schlug den Bau einer riesigen Font\u00e4ne vor, in deren Mitte ein Leuchtturm stehen sollte. Auch Ludwig XVIII. wollte im Gedenken an die Schlacht von Trocadero im Jahre 1823 ein Monument namens Villa Trocad\u00e9ro bauen lassen. Jedoch wurde keines dieser Projekt verwirklicht. Der Name des letzten Projekts pr\u00e4gte den Ort bis heute.<\/p>\n<p style=\"text-align: justify;\">Napoleon III. und Baron Haussmann erkannten die Begeisterung der franz\u00f6sischen Bev\u00f6lkerung f\u00fcr Gartenanlagen und nutzten sie als politisches Mittel. Schon in England betrachtete man G\u00e4rten als Instrument f\u00fcr soziale Reformen. Sie \u00fcbernahmen diese Idee und wollten aus den G\u00e4rten von Paris ein Symbol der sozialen Harmonie machen, das die urbanen Spannungen w\u00e4hrend dieser unruhigen Zeiten ausgleichen sollte.<\/p>\n<p style=\"text-align: justify;\">F\u00fcr die Weltausstellung Paris 1878 wurden endlich die Jardins du Trocad\u00e9ro angelegt. Der Ingenieur Jean-Charles Alphand lie\u00df die G\u00e4rten in Harmonie mit dem vom Architekten Gabriel Davioud geplanten \u201ePalais du Trocad\u00e9ro\u201c anlegen, der im orientalischen Stil mit 70 m hohen Minaretten gestaltet wurde. Gleichzeitig entstand im nord\u00f6stlichen Bereich der G\u00e4rten das unterirdische Aquarium du Trocad\u00e9ro (frz.), dessen Besonderheit darin bestand, dass es Flussfische zeigte.<\/p>\n<p style=\"text-align: justify;\">Im Zuge der Vorbereitungen f\u00fcr die Weltausstellung von 1937 entstand nach dem Abriss des orientalischen Palais auf den vorhandenen Fundamenten das heutige Palais de Chaillot mit seinen Terrassen, Treppen und Brunnen. Im Anschluss an den Abbau der provisorischen Ausstellungspavillons wurden die G\u00e4rten von Roger Lardat, einem der f\u00fcr die Stadt Paris t\u00e4tigen Architekten, restauriert und teilweise umgestaltet, das Aquarium saniert. Letzteres wurde nach \u00fcber hundertj\u00e4hrigem Bestehen trotz seines internationalen Ruhmes 1985 wegen Bauf\u00e4lligkeit geschlossen. Seit 1997 ist von der Wiederer\u00f6ffnung die Sprache, die aus Kostengr\u00fcnden mehrmals verz\u00f6gert wurde. Gegenw\u00e4rtig werden umfassende Renovierungsarbeiten durchgef\u00fchrt. Das neue Aquarium soll noch vor Ende des Jahres 2006 fertiggestellt und der \u00d6ffentlichkeit zug\u00e4nglich gemacht werden.<\/p>\n<h3 style=\"text-align: justify;\">Gestaltung<\/h3>\n<p style=\"text-align: justify;\">Die 93.930 m\u00b2 gro\u00dfe Anlage ist in mehrere Terrassen unterteilt. Auf der zentralen Terrasse befindet sich die Font\u00e4ne von Warschau (frz. fontaine de Varsovie, 1937), an der 20 Wasserkanonen ein Volumen von 8.240 m\u00b3 in die H\u00f6he schie\u00dfen und dabei 56 Font\u00e4nen bilden. Das Wasser flie\u00dft daraufhin \u00fcber seitliche Treppen in ein l\u00e4ngliches Becken, das bis an den Fu\u00df des Hangs reicht. Die Font\u00e4nen werden abends von einem beeindruckenden Lichtspiel hervorgehoben.<\/p>\n<p style=\"text-align: justify;\">W\u00e4hrend die offenen Terrassen im Zentrum der G\u00e4rten aus breiten Promenaden bestehen, sind die Fl\u00e4chen zu beiden Seiten dicht mit Laubb\u00e4umen bepflanzt. Ein k\u00fcnstlicher Bachlauf verl\u00e4uft durch die unregelm\u00e4\u00dfig angelegten G\u00e4rten. Man findet hier Buchen, Kastanien, Linden, sowie eine Roteiche, eine Stiel-Eiche und einen hundertj\u00e4hrigen Haselnussstrauch. Aber auch eine Kaukasische Fl\u00fcgelnuss, die 1891 gepflanzt wurde und eine H\u00f6he von 28 m erreicht hat, steht hier. Diese \u00fcppige Vegetation trifft zum Zentrum hin auf eine geradlinig angelegte Reihe von Paulownien, die die offene Esplanade beidseitig begrenzt.<\/p>\n<p style=\"text-align: justify;\">Die G\u00e4rten sind vereinzelt mit Skulpturen versehen die zum gr\u00f6\u00dften Teil aus den 1930er Jahren stammen. So zum Beispiel die Skulpturen Homme (dt.: Mann) von Traverse und Femme (dt.: Frau) von Bacqu\u00e9, die sich \u00fcber den Becken erheben. Man kann dort auch seltene \u00dcberreste der Stadtgeschichte finden: eine obere Ecke des H\u00f4tel de Ville aus dem 16. Jahrhundert, sowie einen Teil der Fassade des Palais des Tuileries.<\/p>\n<p style=\"text-align: justify;\">Quelle: <a title=\"Wikipedia - Trocadero (2014)\" href=\"http:\/\/de.wikipedia.org\/wiki\/Jardins_du_Trocad%C3%A9ro\" target=\"_blank\">Wikipedia (2014)<\/a><\/p>\n","protected":false},"excerpt":{"rendered":"<p>Der illuminierte Eiffelturm gilt als zeitweilige Kunstaktion und genie\u00dft deshalb einen urheblichen Schutz. Demnach d\u00fcrfen nur Tagesaufnahmen des Eiffelturms ohne Einschr\u00e4nkung ver\u00f6ffentlicht werden. Fotografien des beleuchteten Eiffelturms d\u00fcrfen nur unter den folgenden Voraussetzungen gezeigt werden: keine kommerzielle Nutzng Hinweis des folgenden Urheberrechtsvermerks unter dem Bild: &#8222;Copyright Tour Eiffel &#8211; Illuminations Pierre Bideau&#8220; Deshalb k\u00f6nnen die [&hellip;]<\/p>\n","protected":false},"author":1,"featured_media":0,"parent":0,"menu_order":0,"comment_status":"closed","ping_status":"closed","template":"","meta":{"footnotes":""},"class_list":["post-2523","page","type-page","status-publish","hentry"],"yoast_head":"<!-- This site is optimized with the Yoast SEO plugin v27.5 - https:\/\/yoast.com\/product\/yoast-seo-wordpress\/ -->\n<title>360\u00b0-Panoramen von den Jardins du Trocadero | aktiv-panorama<\/title>\n<meta name=\"description\" content=\"360\u00b0-Panoramen von den Jardins du Trocadero. Einzigartige Aufnahmen von den Warschauer Font\u00e4nen des Jardin du Trocadero mit dem Eiffelturm im Hintergrund.\" \/>\n<meta name=\"robots\" content=\"index, follow, max-snippet:-1, max-image-preview:large, max-video-preview:-1\" \/>\n<link rel=\"canonical\" href=\"https:\/\/www.aktiv-panorama.de\/?page_id=2523\" \/>\n<meta property=\"og:locale\" content=\"de_DE\" \/>\n<meta property=\"og:type\" content=\"article\" \/>\n<meta property=\"og:title\" content=\"360\u00b0-Panoramen von den Jardins du Trocadero | aktiv-panorama\" \/>\n<meta property=\"og:description\" content=\"360\u00b0-Panoramen von den Jardins du Trocadero. Einzigartige Aufnahmen von den Warschauer Font\u00e4nen des Jardin du Trocadero mit dem Eiffelturm im Hintergrund.\" \/>\n<meta property=\"og:url\" content=\"https:\/\/www.aktiv-panorama.de\/?page_id=2523\" \/>\n<meta property=\"og:site_name\" content=\"Aktiv-Panorama\" \/>\n<meta property=\"article:modified_time\" content=\"2015-01-14T15:28:14+00:00\" \/>\n<meta name=\"twitter:label1\" content=\"Gesch\u00e4tzte Lesezeit\" \/>\n\t<meta name=\"twitter:data1\" content=\"9\u00a0Minuten\" \/>\n<script type=\"application\/ld+json\" class=\"yoast-schema-graph\">{\"@context\":\"https:\\\/\\\/schema.org\",\"@graph\":[{\"@type\":\"WebPage\",\"@id\":\"https:\\\/\\\/www.aktiv-panorama.de\\\/?page_id=2523\",\"url\":\"https:\\\/\\\/www.aktiv-panorama.de\\\/?page_id=2523\",\"name\":\"360\u00b0-Panoramen von den Jardins du Trocadero | aktiv-panorama\",\"isPartOf\":{\"@id\":\"https:\\\/\\\/www.aktiv-panorama.de\\\/#website\"},\"datePublished\":\"2015-01-12T14:52:19+00:00\",\"dateModified\":\"2015-01-14T15:28:14+00:00\",\"description\":\"360\u00b0-Panoramen von den Jardins du Trocadero. Einzigartige Aufnahmen von den Warschauer Font\u00e4nen des Jardin du Trocadero mit dem Eiffelturm im Hintergrund.\",\"breadcrumb\":{\"@id\":\"https:\\\/\\\/www.aktiv-panorama.de\\\/?page_id=2523#breadcrumb\"},\"inLanguage\":\"de\",\"potentialAction\":[{\"@type\":\"ReadAction\",\"target\":[\"https:\\\/\\\/www.aktiv-panorama.de\\\/?page_id=2523\"]}]},{\"@type\":\"BreadcrumbList\",\"@id\":\"https:\\\/\\\/www.aktiv-panorama.de\\\/?page_id=2523#breadcrumb\",\"itemListElement\":[{\"@type\":\"ListItem\",\"position\":1,\"name\":\"Startseite\",\"item\":\"https:\\\/\\\/www.aktiv-panorama.de\\\/\"},{\"@type\":\"ListItem\",\"position\":2,\"name\":\"360\u00b0-Panoramen von den Jardins du Trocadero\"}]},{\"@type\":\"WebSite\",\"@id\":\"https:\\\/\\\/www.aktiv-panorama.de\\\/#website\",\"url\":\"https:\\\/\\\/www.aktiv-panorama.de\\\/\",\"name\":\"Aktiv-Panorama\",\"description\":\"360\u00b0-Panoramafotografie\",\"publisher\":{\"@id\":\"https:\\\/\\\/www.aktiv-panorama.de\\\/#organization\"},\"potentialAction\":[{\"@type\":\"SearchAction\",\"target\":{\"@type\":\"EntryPoint\",\"urlTemplate\":\"https:\\\/\\\/www.aktiv-panorama.de\\\/?s={search_term_string}\"},\"query-input\":{\"@type\":\"PropertyValueSpecification\",\"valueRequired\":true,\"valueName\":\"search_term_string\"}}],\"inLanguage\":\"de\"},{\"@type\":\"Organization\",\"@id\":\"https:\\\/\\\/www.aktiv-panorama.de\\\/#organization\",\"name\":\"Panorama-Fotografie\",\"url\":\"https:\\\/\\\/www.aktiv-panorama.de\\\/\",\"logo\":{\"@type\":\"ImageObject\",\"inLanguage\":\"de\",\"@id\":\"https:\\\/\\\/www.aktiv-panorama.de\\\/#\\\/schema\\\/logo\\\/image\\\/\",\"url\":\"https:\\\/\\\/i0.wp.com\\\/www.aktiv-panorama.de\\\/wp-content\\\/uploads\\\/2014\\\/11\\\/logo_aktiv-panorama-360_250px.png?fit=250%2C239\",\"contentUrl\":\"https:\\\/\\\/i0.wp.com\\\/www.aktiv-panorama.de\\\/wp-content\\\/uploads\\\/2014\\\/11\\\/logo_aktiv-panorama-360_250px.png?fit=250%2C239\",\"width\":250,\"height\":239,\"caption\":\"Panorama-Fotografie\"},\"image\":{\"@id\":\"https:\\\/\\\/www.aktiv-panorama.de\\\/#\\\/schema\\\/logo\\\/image\\\/\"}}]}<\/script>\n<!-- \/ Yoast SEO plugin. -->","yoast_head_json":{"title":"360\u00b0-Panoramen von den Jardins du Trocadero | aktiv-panorama","description":"360\u00b0-Panoramen von den Jardins du Trocadero. Einzigartige Aufnahmen von den Warschauer Font\u00e4nen des Jardin du Trocadero mit dem Eiffelturm im Hintergrund.","robots":{"index":"index","follow":"follow","max-snippet":"max-snippet:-1","max-image-preview":"max-image-preview:large","max-video-preview":"max-video-preview:-1"},"canonical":"https:\/\/www.aktiv-panorama.de\/?page_id=2523","og_locale":"de_DE","og_type":"article","og_title":"360\u00b0-Panoramen von den Jardins du Trocadero | aktiv-panorama","og_description":"360\u00b0-Panoramen von den Jardins du Trocadero. Einzigartige Aufnahmen von den Warschauer Font\u00e4nen des Jardin du Trocadero mit dem Eiffelturm im Hintergrund.","og_url":"https:\/\/www.aktiv-panorama.de\/?page_id=2523","og_site_name":"Aktiv-Panorama","article_modified_time":"2015-01-14T15:28:14+00:00","twitter_misc":{"Gesch\u00e4tzte Lesezeit":"9\u00a0Minuten"},"schema":{"@context":"https:\/\/schema.org","@graph":[{"@type":"WebPage","@id":"https:\/\/www.aktiv-panorama.de\/?page_id=2523","url":"https:\/\/www.aktiv-panorama.de\/?page_id=2523","name":"360\u00b0-Panoramen von den Jardins du Trocadero | aktiv-panorama","isPartOf":{"@id":"https:\/\/www.aktiv-panorama.de\/#website"},"datePublished":"2015-01-12T14:52:19+00:00","dateModified":"2015-01-14T15:28:14+00:00","description":"360\u00b0-Panoramen von den Jardins du Trocadero. Einzigartige Aufnahmen von den Warschauer Font\u00e4nen des Jardin du Trocadero mit dem Eiffelturm im Hintergrund.","breadcrumb":{"@id":"https:\/\/www.aktiv-panorama.de\/?page_id=2523#breadcrumb"},"inLanguage":"de","potentialAction":[{"@type":"ReadAction","target":["https:\/\/www.aktiv-panorama.de\/?page_id=2523"]}]},{"@type":"BreadcrumbList","@id":"https:\/\/www.aktiv-panorama.de\/?page_id=2523#breadcrumb","itemListElement":[{"@type":"ListItem","position":1,"name":"Startseite","item":"https:\/\/www.aktiv-panorama.de\/"},{"@type":"ListItem","position":2,"name":"360\u00b0-Panoramen von den Jardins du Trocadero"}]},{"@type":"WebSite","@id":"https:\/\/www.aktiv-panorama.de\/#website","url":"https:\/\/www.aktiv-panorama.de\/","name":"Aktiv-Panorama","description":"360\u00b0-Panoramafotografie","publisher":{"@id":"https:\/\/www.aktiv-panorama.de\/#organization"},"potentialAction":[{"@type":"SearchAction","target":{"@type":"EntryPoint","urlTemplate":"https:\/\/www.aktiv-panorama.de\/?s={search_term_string}"},"query-input":{"@type":"PropertyValueSpecification","valueRequired":true,"valueName":"search_term_string"}}],"inLanguage":"de"},{"@type":"Organization","@id":"https:\/\/www.aktiv-panorama.de\/#organization","name":"Panorama-Fotografie","url":"https:\/\/www.aktiv-panorama.de\/","logo":{"@type":"ImageObject","inLanguage":"de","@id":"https:\/\/www.aktiv-panorama.de\/#\/schema\/logo\/image\/","url":"https:\/\/i0.wp.com\/www.aktiv-panorama.de\/wp-content\/uploads\/2014\/11\/logo_aktiv-panorama-360_250px.png?fit=250%2C239","contentUrl":"https:\/\/i0.wp.com\/www.aktiv-panorama.de\/wp-content\/uploads\/2014\/11\/logo_aktiv-panorama-360_250px.png?fit=250%2C239","width":250,"height":239,"caption":"Panorama-Fotografie"},"image":{"@id":"https:\/\/www.aktiv-panorama.de\/#\/schema\/logo\/image\/"}}]}},"_links":{"self":[{"href":"https:\/\/www.aktiv-panorama.de\/index.php?rest_route=\/wp\/v2\/pages\/2523","targetHints":{"allow":["GET"]}}],"collection":[{"href":"https:\/\/www.aktiv-panorama.de\/index.php?rest_route=\/wp\/v2\/pages"}],"about":[{"href":"https:\/\/www.aktiv-panorama.de\/index.php?rest_route=\/wp\/v2\/types\/page"}],"author":[{"embeddable":true,"href":"https:\/\/www.aktiv-panorama.de\/index.php?rest_route=\/wp\/v2\/users\/1"}],"replies":[{"embeddable":true,"href":"https:\/\/www.aktiv-panorama.de\/index.php?rest_route=%2Fwp%2Fv2%2Fcomments&post=2523"}],"version-history":[{"count":0,"href":"https:\/\/www.aktiv-panorama.de\/index.php?rest_route=\/wp\/v2\/pages\/2523\/revisions"}],"wp:attachment":[{"href":"https:\/\/www.aktiv-panorama.de\/index.php?rest_route=%2Fwp%2Fv2%2Fmedia&parent=2523"}],"curies":[{"name":"wp","href":"https:\/\/api.w.org\/{rel}","templated":true}]}}