{"id":2560,"date":"2015-01-12T16:07:57","date_gmt":"2015-01-12T15:07:57","guid":{"rendered":"https:\/\/www.aktiv-panorama.de\/?page_id=2560"},"modified":"2015-01-14T16:10:32","modified_gmt":"2015-01-14T15:10:32","slug":"paris-schloss-versailles","status":"publish","type":"page","link":"https:\/\/www.aktiv-panorama.de\/?page_id=2560","title":{"rendered":"360\u00b0-Panoramen vom Schloss Versailles"},"content":{"rendered":"<h2><a title=\"Paris - Schloss Versailles (Eingang zum k\u00f6niglichen Hof)\" href=\"https:\/\/www.aktiv-panorama.de\/360panoramen\/paris\/Paris_-_Schloss-Versailles_Eingang.html\">Paris &#8211; Schloss Versailles Eingang zum k\u00f6niglichen Hof<\/a><\/h2>\n[pano file=&#8220;https:\/\/www.aktiv-panorama.de\/360panoramen\/paris\/Paris_-_Schloss-Versailles_Eingang.html&#8220; width=&#8220;860&#8243; height=&#8220;300&#8243; title=&#8220;Paris &#8211; Schloss Versailles (Eingang zum k\u00f6niglichen Hof)&#8220; alt=&#8220;Paris &#8211; Schloss Versailles (Eingang zum k\u00f6niglichen Hof)&#8220; preview=&#8220;https:\/\/www.aktiv-panorama.de\/wp-content\/uploads\/2014\/05\/Paris-Schloss-Versailles_Eingang.jpg&#8220;]\n<hr \/>\n<p>&nbsp;<\/p>\n<h2><a title=\"Paris - Schloss Versailles (Eingang zum Ehrenhof)\" href=\"https:\/\/www.aktiv-panorama.de\/360panoramen\/paris\/Paris_-_Schloss-Versailles_Ehrenhof-Eingang_zum_koeniglichen_Hof.html\">Paris &#8211; Schloss Versailles Eingang zum Ehrenhof<\/a><\/h2>\n[pano file=&#8220;https:\/\/www.aktiv-panorama.de\/360panoramen\/paris\/Paris_-_Schloss-Versailles_Ehrenhof-Eingang_zum_koeniglichen_Hof.html&#8220; width=&#8220;860&#8243; height=&#8220;300&#8243; title=&#8220;Paris &#8211; Schloss Versailles (Eingang zum Ehrenhof)&#8220; alt=&#8220;Paris &#8211; Schloss Versailles (Eingang zum Ehrenhof)&#8220; preview=&#8220;https:\/\/www.aktiv-panorama.de\/wp-content\/uploads\/2014\/05\/Paris-Schloss-Versailles_Ehrenhof-Eingang-zum-koeniglichen-Hof.jpg&#8220;]\n<hr \/>\n<p>&nbsp;<\/p>\n<h2><a title=\"Paris - Schloss Versailles (Ehrenhof)\" href=\"https:\/\/www.aktiv-panorama.de\/360panoramen\/paris\/Paris_-_Schloss-Versaille_Ehrenhof_2.html\">Paris &#8211; Schloss Versailles Ehrenhof<\/a><\/h2>\n[pano file=&#8220;https:\/\/www.aktiv-panorama.de\/360panoramen\/paris\/Paris_-_Schloss-Versaille_Ehrenhof_2.html&#8220; width=&#8220;860&#8243; height=&#8220;300&#8243; title=&#8220;Paris &#8211; Schloss Versailles (Ehrenhof)&#8220; alt=&#8220;Paris &#8211; Schloss Versailles (Ehrenhof)&#8220; preview=&#8220;https:\/\/www.aktiv-panorama.de\/wp-content\/uploads\/2014\/05\/Paris-Schloss-Versaille_Ehrenhof_2.jpg&#8220;]\n<hr \/>\n<p>&nbsp;<\/p>\n<h2><a title=\"Paris - Schloss Versailles (S\u00fcdparterre am Brunnen)\" href=\"https:\/\/www.aktiv-panorama.de\/360panoramen\/paris\/Paris_-_Schloss-Versailles_Suedparterre_1_-_am_Brunnen.html\">Paris &#8211; S\u00fcdparterre vom Schloss Versailles<\/a><\/h2>\n[pano file=&#8220;https:\/\/www.aktiv-panorama.de\/360panoramen\/paris\/Paris_-_Schloss-Versailles_Suedparterre_1_-_am_Brunnen.html&#8220; width=&#8220;860&#8243; height=&#8220;300&#8243; title=&#8220;Paris &#8211; Schloss Versailles (S\u00fcdparterre am Brunnen)&#8220; alt=&#8220;Paris &#8211; Schloss Versailles (S\u00fcdparterre am Brunnen)&#8220; preview=&#8220;https:\/\/www.aktiv-panorama.de\/wp-content\/uploads\/2014\/05\/Paris-Schloss-Versailles_Suedparterre_1-am-Brunnen.jpg&#8220;]\n<hr \/>\n<p>&nbsp;<\/p>\n<h2><a title=\"Paris - Schloss Versailles (S\u00fcdparterre)\" href=\"https:\/\/www.aktiv-panorama.de\/360panoramen\/paris\/Paris_-_Schloss-Versailles_Suedparterre_2.html\">Paris &#8211; S\u00fcdparterre vom Schloss Versailles<\/a><\/h2>\n[pano file=&#8220;https:\/\/www.aktiv-panorama.de\/360panoramen\/paris\/Paris_-_Schloss-Versailles_Suedparterre_2.html&#8220; width=&#8220;860&#8243; height=&#8220;300&#8243; title=&#8220;Paris &#8211; Schloss Versailles (S\u00fcdparterre)&#8220; alt=&#8220;Paris &#8211; Schloss Versailles (S\u00fcdparterre)&#8220; preview=&#8220;https:\/\/www.aktiv-panorama.de\/wp-content\/uploads\/2014\/05\/Paris-Schloss-Versailles_Suedparterre_2.jpg&#8220;]\n<hr \/>\n<p>&nbsp;<\/p>\n<h2><a title=\"Paris - Schloss Versailles (S\u00fcdparterre)\" href=\"https:\/\/www.aktiv-panorama.de\/360panoramen\/paris\/Paris_-_Schloss-Versailles_Suedparterre_3.html\">Paris &#8211; S\u00fcdparterre vom Schloss Versailles<\/a><\/h2>\n[pano file=&#8220;https:\/\/www.aktiv-panorama.de\/360panoramen\/paris\/Paris_-_Schloss-Versailles_Suedparterre_3.html&#8220; width=&#8220;860&#8243; height=&#8220;300&#8243; title=&#8220;Paris &#8211; Schloss Versailles (S\u00fcdparterre)&#8220; alt=&#8220;Paris &#8211; Schloss Versailles (S\u00fcdparterre)&#8220; preview=&#8220;https:\/\/www.aktiv-panorama.de\/wp-content\/uploads\/2014\/05\/Paris-Schloss-Versailles_Suedparterre_3.jpg&#8220;]\n<hr \/>\n<p>&nbsp;<\/p>\n<h2><a title=\"Paris - Schloss Versailles (S\u00fcdparterre)\" href=\"https:\/\/www.aktiv-panorama.de\/360panoramen\/paris\/Paris_-_Schloss-Versailles_Suedparterre_4.html\">Paris &#8211; S\u00fcdparterre vom Schloss Versailles<\/a><\/h2>\n[pano file=&#8220;https:\/\/www.aktiv-panorama.de\/360panoramen\/paris\/Paris_-_Schloss-Versailles_Suedparterre_4.html&#8220; width=&#8220;860&#8243; height=&#8220;300&#8243; title=&#8220;Paris &#8211; Schloss Versailles (S\u00fcdparterre)&#8220; alt=&#8220;Paris &#8211; Schloss Versailles (S\u00fcdparterre)&#8220; preview=&#8220;https:\/\/www.aktiv-panorama.de\/wp-content\/uploads\/2014\/05\/Paris-Schloss-Versailles_Suedparterre_4.jpg&#8220;]\n<hr \/>\n<p>&nbsp;<\/p>\n<h2><a title=\"Paris - Schloss Versailles (Parterre d' Eau)\" href=\"https:\/\/www.aktiv-panorama.de\/360panoramen\/paris\/Paris_-_Schloss_Versailles_Parterre_d_Eau.html\">Paris &#8211; Wasserparterre vom Schloss Versailles<\/a><\/h2>\n[pano file=&#8220;https:\/\/www.aktiv-panorama.de\/360panoramen\/paris\/Paris_-_Schloss_Versailles_Parterre_d_Eau.html&#8220; width=&#8220;860&#8243; height=&#8220;300&#8243; title=&#8220;Paris &#8211; Schloss Versailles (Parterre d&#8216; Eau)&#8220; alt=&#8220;Paris &#8211; Schloss Versailles (Parterre d&#8216; Eau)&#8220; preview=&#8220;https:\/\/www.aktiv-panorama.de\/wp-content\/uploads\/2014\/05\/Paris-Schloss-Versailles_Parterre-d-Eau.jpg&#8220;]\n<hr \/>\n<p>&nbsp;<\/p>\n<h2><a title=\"Paris - Schloss Versailles (Wasserparterre)\" href=\"https:\/\/www.aktiv-panorama.de\/360panoramen\/paris\/Paris_-_Schloss-Versailles_Wasserparterre.html\">Paris &#8211; Wasserparterre vom Schloss Versailles<\/a><\/h2>\n[pano file=&#8220;https:\/\/www.aktiv-panorama.de\/360panoramen\/paris\/Paris_-_Schloss-Versailles_Wasserparterre.html&#8220; width=&#8220;860&#8243; height=&#8220;300&#8243; title=&#8220;Paris &#8211; Schloss Versailles (Wasserparterre)&#8220; alt=&#8220;Paris &#8211; Schloss Versailles (Wasserparterre)&#8220; preview=&#8220;https:\/\/www.aktiv-panorama.de\/wp-content\/uploads\/2014\/05\/Paris-Schloss-Versailles_Wasserparterre.jpg&#8220;]\n<hr \/>\n<p>&nbsp;<\/p>\n<h2><a title=\"Paris - Schloss Versailles (Wasserparterre)\" href=\"https:\/\/www.aktiv-panorama.de\/360panoramen\/paris\/Paris_-_Schloss-Versailles_Wasserparterre_2.html\">Paris &#8211; Wasserparterre vom Schloss Versailles<\/a><\/h2>\n[pano file=&#8220;https:\/\/www.aktiv-panorama.de\/360panoramen\/paris\/Paris_-_Schloss-Versailles_Wasserparterre_2.html&#8220; width=&#8220;860&#8243; height=&#8220;300&#8243; title=&#8220;Paris &#8211; Schloss Versailles (Wasserparterre)&#8220; alt=&#8220;Paris &#8211; Schloss Versailles (Wasserpaterre)&#8220; preview=&#8220;https:\/\/www.aktiv-panorama.de\/wp-content\/uploads\/2014\/05\/Paris-Schloss-Versailles_Wasserparterre_2.jpg&#8220;]\n<hr \/>\n<p>&nbsp;<\/p>\n<h3><a title=\"Paris - Schloss Versailles (Marmorkunst im Park)\" href=\"https:\/\/www.aktiv-panorama.de\/360panoramen\/paris\/Paris_-_Schloss-Versailles_Marmorkunst.html\">Paris &#8211; Marmorkunst im Schlosspark von Versailles<\/a><\/h3>\n[pano file=&#8220;https:\/\/www.aktiv-panorama.de\/360panoramen\/paris\/Paris_-_Schloss-Versailles_Marmorkunst.html&#8220; width=&#8220;860&#8243; height=&#8220;300&#8243; title=&#8220;Paris &#8211; Schloss Versailles (Marmorkunst im Park vom Schloss Versailles)&#8220; alt=&#8220;Paris &#8211; Schloss Versailles (Marmorkunst im Park vom Schloss Versailles)&#8220; preview=&#8220;https:\/\/www.aktiv-panorama.de\/wp-content\/uploads\/2014\/05\/Paris-Schloss-Versailles_Marmorkunst.jpg&#8220;]\n<hr \/>\n<p>&nbsp;<\/p>\n<h2><a title=\"Paris - Schloss Versailles (Bassin Apollon)\" href=\"https:\/\/www.aktiv-panorama.de\/360panoramen\/paris\/Paris_-_Schloss-Versailles_Bassin-Apollon.html\">Paris &#8211; Bassin Apollon im Schlosspark von Versailles<\/a><\/h2>\n[pano file=&#8220;https:\/\/www.aktiv-panorama.de\/360panoramen\/paris\/Paris_-_Schloss-Versailles_Bassin-Apollon.html&#8220; width=&#8220;860&#8243; height=&#8220;300&#8243; title=&#8220;Paris &#8211; Schloss Versailles (Bassin Apollon)&#8220; alt=&#8220;Paris &#8211; Schloss Versailles (Bassin Apollon)&#8220; preview=&#8220;https:\/\/www.aktiv-panorama.de\/wp-content\/uploads\/2014\/05\/Paris-Schloss-Versailles_Bassin-Apollon.jpg&#8220;]\n<hr \/>\n<p>&nbsp;<\/p>\n<h2><a title=\"Paris - Schloss Versailles (Ino und Melicerte beim Bassin d'Apollon)\" href=\"https:\/\/www.aktiv-panorama.de\/360panoramen\/paris\/Paris_-_Schloss-Versailles__Ino_und_Melicerte_beim_Bassin_d_Apollon.html\">Paris &#8211; Ino und Melicerte beim Bassin d&#8217;Apollon im Schlosspark von Versailles<\/a><\/h2>\n[pano file=&#8220;https:\/\/www.aktiv-panorama.de\/360panoramen\/paris\/Paris_-_Schloss-Versailles__Ino_und_Melicerte_beim_Bassin_d_Apollon.html&#8220; width=&#8220;860&#8243; height=&#8220;300&#8243; title=&#8220;Paris &#8211; Schloss Versailles (Ino und Melicerte beim Bassin d&#8217;Apollon)&#8220; alt=&#8220;Paris &#8211; Schloss Versailles (Ino und Melicerte beim Bassin d&#8217;Apollon)&#8220; preview=&#8220;https:\/\/www.aktiv-panorama.de\/wp-content\/uploads\/2014\/05\/Paris-Schloss-Versailles_-Ino-und-Melicerte-beim-Bassin-dApollon.jpg&#8220;]\n<hr \/>\n<p>&nbsp;<\/p>\n<h2><a title=\"Paris - Schloss Versailles (Flora-Brunnen im Park)\" href=\"https:\/\/www.aktiv-panorama.de\/360panoramen\/paris\/Paris_-_Schloss-Versailles_Flora-Brunnen.html\">Paris &#8211; Flora-Brunnen im Schlosspark von Versailles<\/a><\/h2>\n[pano file=&#8220;https:\/\/www.aktiv-panorama.de\/360panoramen\/paris\/Paris_-_Schloss-Versailles_Flora-Brunnen.html&#8220; width=&#8220;860&#8243; height=&#8220;300&#8243; title=&#8220;Paris &#8211; Schloss Versailles (FloraBrunnen im Park vom Schloss Versailles)&#8220; alt=&#8220;Paris &#8211; Schloss Versailles (Flora-Brunnen im Park vom Schloss Versailles)&#8220; preview=&#8220;https:\/\/www.aktiv-panorama.de\/wp-content\/uploads\/2014\/05\/Paris-Schloss-Versailles_Flora-Brunnen.jpg&#8220;]\n<hr \/>\n<p>&nbsp;<\/p>\n<h2><a title=\"Paris - Schloss Versailles (Grand Canal)\" href=\"https:\/\/www.aktiv-panorama.de\/360panoramen\/paris\/Paris_-_Schloss-Versailles_Grand_Canal_East.html\">Paris &#8211; Grand Canal vom Schloss Versailles<\/a><\/h2>\n[pano file=&#8220;https:\/\/www.aktiv-panorama.de\/360panoramen\/paris\/Paris_-_Schloss-Versailles_Grand_Canal_East.html&#8220; width=&#8220;860&#8243; height=&#8220;300&#8243; title=&#8220;Paris &#8211; Schloss Versailles (Gran Canal)&#8220; alt=&#8220;Paris &#8211; Schloss Versailles (Grand Canal)&#8220; preview=&#8220;https:\/\/www.aktiv-panorama.de\/wp-content\/uploads\/2014\/05\/Paris-Schloss-Versailles_Grand-Canal_East.jpg&#8220;]\n<hr \/>\n<p>&nbsp;<\/p>\n<h2><a title=\"Paris - Schloss Versailles (Grand Canal Nord)\" href=\"https:\/\/www.aktiv-panorama.de\/360panoramen\/paris\/Paris_-_Schloss-Versailles_Grand_Canal_north.html\">Paris &#8211; n\u00f6rdlicher Grand Canal vom Schloss Versailles<\/a><\/h2>\n[pano file=&#8220;https:\/\/www.aktiv-panorama.de\/360panoramen\/paris\/Paris_-_Schloss-Versailles_Grand_Canal_north.html&#8220; width=&#8220;860&#8243; height=&#8220;300&#8243; title=&#8220;Paris &#8211; Schloss Versailles (Gran Canal Nord)&#8220; alt=&#8220;Paris &#8211; Schloss Versailles (Grand Canal nord)&#8220; preview=&#8220;https:\/\/www.aktiv-panorama.de\/wp-content\/uploads\/2014\/05\/Paris-Schloss-Versailles_Grand_Canal_north.jpg&#8220;]\n<hr \/>\n<p>&nbsp;<\/p>\n<div class=\"gp-wrap gpcenter gpovh entry-sep bwi-entry-sep\" style=\"\"><\/div>\n<div class=\"gp-wrap gpcenter gpovh accent-bg-nh fp-bf-container\" style=\"\"> <div class=\"gp-container gpcenter gpovh \" style=\"\">\n<h1 class=\"altfont fp-bf-title\" style=\"text-align: center;\"><span style=\"color: #dbdbdb;\">Bildergalerie zu den Panoramen vom Schloss Versailles<br \/>\n<\/span><\/h1>\n<div class=\"fp-bf-underline tac\" style=\"\"><\/div><\/div><\/div>\n<!--gallery output starts here --><script type=\"text\/javascript\"> jQuery(document).ready(function(){ $('.mfp-gallery-2801').magnificPopup({ type: 'image', cursor: 'mfp-cursor', gallery: { enabled: true } }); var itemsPerRow02801 = 3; var itemsPerRow2801 = 3; var horSpace2801 = 10; var innerContainerWidth2801 = jQuery(\"#fgallery-2801-inner-container\").width(); var ItemWidth2801 = Math.floor( ( innerContainerWidth2801 - ( horSpace2801 * itemsPerRow2801 ) ) \/ itemsPerRow2801 ); var minItemWidth2801 = 130; while ( ItemWidth2801 < minItemWidth2801  && itemsPerRow2801 > 1 ) { itemsPerRow2801 = itemsPerRow2801 - 1; ItemWidth2801 = Math.floor( ( innerContainerWidth2801 - ( horSpace2801 * itemsPerRow2801 ) ) \/ itemsPerRow2801 ); } var newinnerContainerWidth2801 = ( ( itemsPerRow2801 * ItemWidth2801 ) ) + ( horSpace2801 *  itemsPerRow2801 ); jQuery(\".fgallery-2801-item\").css({\"width\": ItemWidth2801}); jQuery(\"#fgallery-2801-inner-container\").css({\"width\": newinnerContainerWidth2801}); var newThumbContainerPaddingTop2801 = Math.floor( ItemWidth2801 * 33.333333333333 \/ 100 ); jQuery(\".fgallery-2801-thumb-container\").css({\"padding-top\": newThumbContainerPaddingTop2801}); (function($) { $(window).resize(galleryResizeFunction); function galleryResizeFunction () { jQuery(\"#fgallery-2801-inner-container\").css({\"width\": \"100%\"}); innerContainerWidth2801 = jQuery(\"#fgallery-2801-inner-container\").width(); itemsPerRow2801 = itemsPerRow02801; ItemWidth2801 = Math.floor( ( innerContainerWidth2801 - ( horSpace2801 * itemsPerRow2801 ) ) \/ itemsPerRow2801 ); while ( ItemWidth2801 < minItemWidth2801  && itemsPerRow2801 > 1 ) { itemsPerRow2801 = itemsPerRow2801 - 1; ItemWidth2801 = Math.floor( ( innerContainerWidth2801 - ( horSpace2801 * itemsPerRow2801 ) ) \/ itemsPerRow2801 ); } newinnerContainerWidth2801 = ( ( itemsPerRow2801 * ItemWidth2801 ) ) + ( horSpace2801 *  itemsPerRow2801 ); jQuery(\".fgallery-2801-item\").css({\"width\": ItemWidth2801}); jQuery(\"#fgallery-2801-inner-container\").css({\"width\": newinnerContainerWidth2801}); newThumbContainerPaddingTop2801 = Math.floor( ItemWidth2801 * 33.333333333333 \/ 100 ); jQuery(\".fgallery-2801-thumb-container\").css({\"padding-top\": newThumbContainerPaddingTop2801}); }; })(jQuery); }); <\/script><!-- gallery wrapper start --><div class=\"gp-wrap gpovh fgallery-wrapper fgallery-wrapper-2801 mfp-gallery\"><style type=\"text\/css\" scoped>.fgallery-wrapper-2801 { padding-top: 10px; padding-bottom: 10px; z-index: 1; position: relative; } .fgallery-2801-item { width: 33.333333333333%; } <\/style><!-- gallery container start --><div id=\"fgallery-container-2801\"><!-- gallery inner container start --><div id=\"fgallery-2801-inner-container\" class=\"fgallery-inner-container\"><!-- gallery item start --><div class=\"fgallery-item fgallery-2801-item\" style=\"margin: 0 5px; margin-bottom: 10px;\"><div class=\"fgallery-thumb-container fgallery-thumb-container1 fgallery-2801-thumb-container shadoweffect zoomeffect1\" style=\"padding-top: 33.333333333333%; background-image: url('https:\/\/www.aktiv-panorama.de\/wp-content\/uploads\/2014\/11\/Paris-Schloss-Versaille_Ehrenhof_2-512x256.jpg')\"><a href=\"https:\/\/www.aktiv-panorama.de\/wp-content\/uploads\/2014\/11\/Paris-Schloss-Versaille_Ehrenhof_2.jpg\" class=\"fgallery-tlink mfp-gallery-2801\" style=\"display: block;\" title=\"\"><div class=\"fgallery-thumb-content vignette\"><\/div><span class=\"fg-imgl2m\"><\/span><\/a><\/div><\/div><!-- gallery item end - $gallery_postCount = 1 $gallery_total_images = 3--><!-- gallery item start --><div class=\"fgallery-item fgallery-2801-item\" style=\"margin: 0 5px; margin-bottom: 10px;\"><div class=\"fgallery-thumb-container fgallery-thumb-container1 fgallery-2801-thumb-container shadoweffect zoomeffect1\" style=\"padding-top: 33.333333333333%; background-image: url('https:\/\/www.aktiv-panorama.de\/wp-content\/uploads\/2014\/11\/Paris-Schloss-Versailles_Eingang-512x256.jpg')\"><a href=\"https:\/\/www.aktiv-panorama.de\/wp-content\/uploads\/2014\/11\/Paris-Schloss-Versailles_Eingang.jpg\" class=\"fgallery-tlink mfp-gallery-2801\" style=\"display: block;\" title=\"\"><div class=\"fgallery-thumb-content vignette\"><\/div><span class=\"fg-imgl2m\"><\/span><\/a><\/div><\/div><!-- gallery item end - $gallery_postCount = 2 $gallery_total_images = 3--><!-- gallery item start --><div class=\"fgallery-item fgallery-2801-item fgallery-last-item\" style=\"margin: 0 5px; margin-bottom: 10px;\"><div class=\"fgallery-thumb-container fgallery-thumb-container1 fgallery-2801-thumb-container shadoweffect zoomeffect1\" style=\"padding-top: 33.333333333333%; background-image: url('https:\/\/www.aktiv-panorama.de\/wp-content\/uploads\/2014\/11\/Paris-Schloss-Versailles_Ehrenhof-Eingang-zum-koeniglichen-Hof-512x256.jpg')\"><a href=\"https:\/\/www.aktiv-panorama.de\/wp-content\/uploads\/2014\/11\/Paris-Schloss-Versailles_Ehrenhof-Eingang-zum-koeniglichen-Hof.jpg\" class=\"fgallery-tlink mfp-gallery-2801\" style=\"display: block;\" title=\"\"><div class=\"fgallery-thumb-content vignette\"><\/div><span class=\"fg-imgl2m\"><\/span><\/a><\/div><\/div><!-- gallery item end - $gallery_postCount = 3 $gallery_total_images = 3--><!-- gallery item start --><div class=\"fgallery-item fgallery-2801-item\" style=\"margin: 0 5px; margin-bottom: 10px;\"><div class=\"fgallery-thumb-container fgallery-thumb-container1 fgallery-2801-thumb-container shadoweffect zoomeffect1\" style=\"padding-top: 33.333333333333%; background-image: url('https:\/\/www.aktiv-panorama.de\/wp-content\/uploads\/2014\/11\/Paris-Schloss-Versailles_Wasserparterre-512x256.jpg')\"><a href=\"https:\/\/www.aktiv-panorama.de\/wp-content\/uploads\/2014\/11\/Paris-Schloss-Versailles_Wasserparterre.jpg\" class=\"fgallery-tlink mfp-gallery-2801\" style=\"display: block;\" title=\"\"><div class=\"fgallery-thumb-content vignette\"><\/div><span class=\"fg-imgl2m\"><\/span><\/a><\/div><\/div><!-- gallery item end - $gallery_postCount = 4 $gallery_total_images = 3--><!-- gallery item start --><div class=\"fgallery-item fgallery-2801-item\" style=\"margin: 0 5px; margin-bottom: 10px;\"><div class=\"fgallery-thumb-container fgallery-thumb-container1 fgallery-2801-thumb-container shadoweffect zoomeffect1\" style=\"padding-top: 33.333333333333%; background-image: url('https:\/\/www.aktiv-panorama.de\/wp-content\/uploads\/2014\/11\/Paris-Schloss-Versailles_Parterre-d-Eau-512x256.jpg')\"><a href=\"https:\/\/www.aktiv-panorama.de\/wp-content\/uploads\/2014\/11\/Paris-Schloss-Versailles_Parterre-d-Eau.jpg\" class=\"fgallery-tlink mfp-gallery-2801\" style=\"display: block;\" title=\"\"><div class=\"fgallery-thumb-content vignette\"><\/div><span class=\"fg-imgl2m\"><\/span><\/a><\/div><\/div><!-- gallery item end - $gallery_postCount = 5 $gallery_total_images = 3--><!-- gallery item start --><div class=\"fgallery-item fgallery-2801-item fgallery-last-item\" style=\"margin: 0 5px; margin-bottom: 10px;\"><div class=\"fgallery-thumb-container fgallery-thumb-container1 fgallery-2801-thumb-container shadoweffect zoomeffect1\" style=\"padding-top: 33.333333333333%; background-image: url('https:\/\/www.aktiv-panorama.de\/wp-content\/uploads\/2014\/11\/Paris-Schloss-Versailles_Wasserparterre_2-512x256.jpg')\"><a href=\"https:\/\/www.aktiv-panorama.de\/wp-content\/uploads\/2014\/11\/Paris-Schloss-Versailles_Wasserparterre_2.jpg\" class=\"fgallery-tlink mfp-gallery-2801\" style=\"display: block;\" title=\"\"><div class=\"fgallery-thumb-content vignette\"><\/div><span class=\"fg-imgl2m\"><\/span><\/a><\/div><\/div><!-- gallery item end - $gallery_postCount = 6 $gallery_total_images = 3--><!-- gallery item start --><div class=\"fgallery-item fgallery-2801-item\" style=\"margin: 0 5px; margin-bottom: 10px;\"><div class=\"fgallery-thumb-container fgallery-thumb-container1 fgallery-2801-thumb-container shadoweffect zoomeffect1\" style=\"padding-top: 33.333333333333%; background-image: url('https:\/\/www.aktiv-panorama.de\/wp-content\/uploads\/2014\/11\/Paris-Schloss-Versailles_Suedparterre_4-512x256.jpg')\"><a href=\"https:\/\/www.aktiv-panorama.de\/wp-content\/uploads\/2014\/11\/Paris-Schloss-Versailles_Suedparterre_4.jpg\" class=\"fgallery-tlink mfp-gallery-2801\" style=\"display: block;\" title=\"\"><div class=\"fgallery-thumb-content vignette\"><\/div><span class=\"fg-imgl2m\"><\/span><\/a><\/div><\/div><!-- gallery item end - $gallery_postCount = 7 $gallery_total_images = 3--><!-- gallery item start --><div class=\"fgallery-item fgallery-2801-item\" style=\"margin: 0 5px; margin-bottom: 10px;\"><div class=\"fgallery-thumb-container fgallery-thumb-container1 fgallery-2801-thumb-container shadoweffect zoomeffect1\" style=\"padding-top: 33.333333333333%; background-image: url('https:\/\/www.aktiv-panorama.de\/wp-content\/uploads\/2014\/11\/Paris-Schloss-Versailles_Suedparterre_3-512x256.jpg')\"><a href=\"https:\/\/www.aktiv-panorama.de\/wp-content\/uploads\/2014\/11\/Paris-Schloss-Versailles_Suedparterre_3.jpg\" class=\"fgallery-tlink mfp-gallery-2801\" style=\"display: block;\" title=\"\"><div class=\"fgallery-thumb-content vignette\"><\/div><span class=\"fg-imgl2m\"><\/span><\/a><\/div><\/div><!-- gallery item end - $gallery_postCount = 8 $gallery_total_images = 3--><!-- gallery item start --><div class=\"fgallery-item fgallery-2801-item fgallery-last-item\" style=\"margin: 0 5px; margin-bottom: 10px;\"><div class=\"fgallery-thumb-container fgallery-thumb-container1 fgallery-2801-thumb-container shadoweffect zoomeffect1\" style=\"padding-top: 33.333333333333%; background-image: url('https:\/\/www.aktiv-panorama.de\/wp-content\/uploads\/2014\/11\/Paris-Schloss-Versailles_Suedparterre_2-512x256.jpg')\"><a href=\"https:\/\/www.aktiv-panorama.de\/wp-content\/uploads\/2014\/11\/Paris-Schloss-Versailles_Suedparterre_2.jpg\" class=\"fgallery-tlink mfp-gallery-2801\" style=\"display: block;\" title=\"\"><div class=\"fgallery-thumb-content vignette\"><\/div><span class=\"fg-imgl2m\"><\/span><\/a><\/div><\/div><!-- gallery item end - $gallery_postCount = 9 $gallery_total_images = 3--><!-- gallery item start --><div class=\"fgallery-item fgallery-2801-item\" style=\"margin: 0 5px; margin-bottom: 10px;\"><div class=\"fgallery-thumb-container fgallery-thumb-container1 fgallery-2801-thumb-container shadoweffect zoomeffect1\" style=\"padding-top: 33.333333333333%; background-image: url('https:\/\/www.aktiv-panorama.de\/wp-content\/uploads\/2014\/11\/Paris-Schloss-Versailles_Suedparterre_1-am-Brunnen-512x256.jpg')\"><a href=\"https:\/\/www.aktiv-panorama.de\/wp-content\/uploads\/2014\/11\/Paris-Schloss-Versailles_Suedparterre_1-am-Brunnen.jpg\" class=\"fgallery-tlink mfp-gallery-2801\" style=\"display: block;\" title=\"\"><div class=\"fgallery-thumb-content vignette\"><\/div><span class=\"fg-imgl2m\"><\/span><\/a><\/div><\/div><!-- gallery item end - $gallery_postCount = 10 $gallery_total_images = 3--><!-- gallery item start --><div class=\"fgallery-item fgallery-2801-item\" style=\"margin: 0 5px; margin-bottom: 10px;\"><div class=\"fgallery-thumb-container fgallery-thumb-container1 fgallery-2801-thumb-container shadoweffect zoomeffect1\" style=\"padding-top: 33.333333333333%; background-image: url('https:\/\/www.aktiv-panorama.de\/wp-content\/uploads\/2014\/11\/Paris-Schloss-Versailles_Marmorkunst-512x256.jpg')\"><a href=\"https:\/\/www.aktiv-panorama.de\/wp-content\/uploads\/2014\/11\/Paris-Schloss-Versailles_Marmorkunst.jpg\" class=\"fgallery-tlink mfp-gallery-2801\" style=\"display: block;\" title=\"\"><div class=\"fgallery-thumb-content vignette\"><\/div><span class=\"fg-imgl2m\"><\/span><\/a><\/div><\/div><!-- gallery item end - $gallery_postCount = 11 $gallery_total_images = 3--><!-- gallery item start --><div class=\"fgallery-item fgallery-2801-item fgallery-last-item\" style=\"margin: 0 5px; margin-bottom: 10px;\"><div class=\"fgallery-thumb-container fgallery-thumb-container1 fgallery-2801-thumb-container shadoweffect zoomeffect1\" style=\"padding-top: 33.333333333333%; background-image: url('https:\/\/www.aktiv-panorama.de\/wp-content\/uploads\/2014\/11\/Paris-Schloss-Versailles_Grand-Canal_East-512x256.jpg')\"><a href=\"https:\/\/www.aktiv-panorama.de\/wp-content\/uploads\/2014\/11\/Paris-Schloss-Versailles_Grand-Canal_East.jpg\" class=\"fgallery-tlink mfp-gallery-2801\" style=\"display: block;\" title=\"\"><div class=\"fgallery-thumb-content vignette\"><\/div><span class=\"fg-imgl2m\"><\/span><\/a><\/div><\/div><!-- gallery item end - $gallery_postCount = 12 $gallery_total_images = 3--><!-- gallery item start --><div class=\"fgallery-item fgallery-2801-item\" style=\"margin: 0 5px; margin-bottom: 10px;\"><div class=\"fgallery-thumb-container fgallery-thumb-container1 fgallery-2801-thumb-container shadoweffect zoomeffect1\" style=\"padding-top: 33.333333333333%; background-image: url('https:\/\/www.aktiv-panorama.de\/wp-content\/uploads\/2014\/11\/Paris-Schloss-Versailles_Grand_Canal_north-512x256.jpg')\"><a href=\"https:\/\/www.aktiv-panorama.de\/wp-content\/uploads\/2014\/11\/Paris-Schloss-Versailles_Grand_Canal_north.jpg\" class=\"fgallery-tlink mfp-gallery-2801\" style=\"display: block;\" title=\"\"><div class=\"fgallery-thumb-content vignette\"><\/div><span class=\"fg-imgl2m\"><\/span><\/a><\/div><\/div><!-- gallery item end - $gallery_postCount = 13 $gallery_total_images = 3--><!-- gallery item start --><div class=\"fgallery-item fgallery-2801-item\" style=\"margin: 0 5px; margin-bottom: 10px;\"><div class=\"fgallery-thumb-container fgallery-thumb-container1 fgallery-2801-thumb-container shadoweffect zoomeffect1\" style=\"padding-top: 33.333333333333%; background-image: url('https:\/\/www.aktiv-panorama.de\/wp-content\/uploads\/2014\/11\/Paris-Schloss-Versailles_Flora-Brunnen-512x256.jpg')\"><a href=\"https:\/\/www.aktiv-panorama.de\/wp-content\/uploads\/2014\/11\/Paris-Schloss-Versailles_Flora-Brunnen.jpg\" class=\"fgallery-tlink mfp-gallery-2801\" style=\"display: block;\" title=\"\"><div class=\"fgallery-thumb-content vignette\"><\/div><span class=\"fg-imgl2m\"><\/span><\/a><\/div><\/div><!-- gallery item end - $gallery_postCount = 14 $gallery_total_images = 3--><!-- gallery item start --><div class=\"fgallery-item fgallery-2801-item fgallery-last-item\" style=\"margin: 0 5px; margin-bottom: 10px;\"><div class=\"fgallery-thumb-container fgallery-thumb-container1 fgallery-2801-thumb-container shadoweffect zoomeffect1\" style=\"padding-top: 33.333333333333%; background-image: url('https:\/\/www.aktiv-panorama.de\/wp-content\/uploads\/2014\/11\/Paris-Schloss-Versailles_Bassin-Apollon-512x256.jpg')\"><a href=\"https:\/\/www.aktiv-panorama.de\/wp-content\/uploads\/2014\/11\/Paris-Schloss-Versailles_Bassin-Apollon.jpg\" class=\"fgallery-tlink mfp-gallery-2801\" style=\"display: block;\" title=\"\"><div class=\"fgallery-thumb-content vignette\"><\/div><span class=\"fg-imgl2m\"><\/span><\/a><\/div><\/div><!-- gallery item end - $gallery_postCount = 15 $gallery_total_images = 3--><!-- gallery item start --><div class=\"fgallery-item fgallery-2801-item\" style=\"margin: 0 5px; margin-bottom: 10px;\"><div class=\"fgallery-thumb-container fgallery-thumb-container2 fgallery-2801-thumb-container shadoweffect zoomeffect2\" style=\"padding-top: 33.333333333333%; background-image: url('https:\/\/www.aktiv-panorama.de\/wp-content\/uploads\/2014\/11\/Paris-Schloss-Versailles_koeniglicher-Hof_5000x1024-512x104.jpg')\"><a href=\"https:\/\/www.aktiv-panorama.de\/wp-content\/uploads\/2014\/11\/Paris-Schloss-Versailles_koeniglicher-Hof_5000x1024.jpg\" class=\"fgallery-tlink mfp-gallery-2801\" style=\"display: block;\" title=\"\"><div class=\"fgallery-thumb-content vignette\"><\/div><span class=\"fg-imgl2m\"><\/span><\/a><\/div><\/div><!-- gallery item end - $gallery_postCount = 16 $gallery_total_images = 3--><!-- gallery item start --><div class=\"fgallery-item fgallery-2801-item\" style=\"margin: 0 5px; margin-bottom: 10px;\"><div class=\"fgallery-thumb-container fgallery-thumb-container2 fgallery-2801-thumb-container shadoweffect zoomeffect2\" style=\"padding-top: 33.333333333333%; background-image: url('https:\/\/www.aktiv-panorama.de\/wp-content\/uploads\/2014\/11\/Zeichnung-Wasserfarben-2-von-Paris-Schloss-Versailles_koeniglicher-Hof_5000x10241-512x104.jpg')\"><a href=\"https:\/\/www.aktiv-panorama.de\/wp-content\/uploads\/2014\/11\/Zeichnung-Wasserfarben-2-von-Paris-Schloss-Versailles_koeniglicher-Hof_5000x10241.jpg\" class=\"fgallery-tlink mfp-gallery-2801\" style=\"display: block;\" title=\"\"><div class=\"fgallery-thumb-content vignette\"><\/div><span class=\"fg-imgl2m\"><\/span><\/a><\/div><\/div><!-- gallery item end - $gallery_postCount = 17 $gallery_total_images = 3--><\/div><!-- gallery inner container end --><\/div><!-- gallery container end --><\/div><!-- gallery wrapper end -->\n<div class=\"gp-wrap gpcenter gpovh entry-sep bwi-entry-sep\" style=\"\"><\/div>\n<div class=\"gp-container gpcenter gpovh \" style=\"\"><\/div>\n<div class=\"gp-wrap gpcenter gpovh accent-bg-nh fp-bf-container\" style=\"\"> <div class=\"gp-container gpcenter gpovh \" style=\"\"><\/div>\n<h1 class=\"altfont fp-bf-title\" style=\"text-align: center;\"><span style=\"color: #dbdbdb;\">Wissenswertes zum Schloss Versailles<br \/>\n<\/span><\/h1>\n<\/div>\n<p style=\"text-align: justify;\">Das Schloss Versailles (Ch\u00e2teau de Versailles) in der gleichnamigen Nachbarstadt von Paris ist eine der gr\u00f6\u00dften Palastanlagen Europas und war von der Mitte des 17. Jahrhunderts bis zum Ausbruch der Franz\u00f6sischen Revolution die Hauptresidenz der K\u00f6nige von Frankreich. Der Barock-Bau, dessen gr\u00f6\u00dfte Ausdehnung mehr als einen halben Kilometer betr\u00e4gt, gilt als ein H\u00f6hepunkt europ\u00e4ischer Palastarchitektur und diente vom 17. bis zum 19. Jahrhundert als Vorbild f\u00fcr zahlreiche weitere Schlossbauten.<\/p>\n<p style=\"text-align: justify;\">Urspr\u00fcnglich von Philibert Le Roy als Jagdschloss f\u00fcr K\u00f6nig Ludwig XIII. errichtet, wurde die Anlage ab 1661 unter Ludwig XIV. durch Louis Le Vau, Fran\u00e7ois d\u2019Orbay, Jules Hardouin-Mansart und Robert de Cotte in mehreren Phasen um- und ausgebaut. Die Innenausstattung schuf Charles Lebrun, die ber\u00fchmten Gartenanlagen stammen von Andr\u00e9 Le N\u00f4tre. In seiner Zeit als Residenz war der Palast fast durchgehend von einem mehrere tausend Personen umfassenden Hofstaat bewohnt und bildete das kulturelle und politische Zentrum Frankreichs.<\/p>\n<p style=\"text-align: justify;\">Seit dem 19. Jahrhundert wird das Schloss als Museum genutzt. Wie die drei weiteren im Park befindlichen Lustschl\u00f6sser und die weitl\u00e4ufigen Gartenanlagen steht es heute f\u00fcr Besucher offen. W\u00e4hrend der Mittelbau mit den Staatss\u00e4len des 17. und 18. Jahrhunderts in der urspr\u00fcnglichen Form zu sehen ist, beherbergen die gro\u00dfen Seitenfl\u00fcgel das im 19. Jahrhundert eingerichtete Museum der Geschichte Frankreichs. 1979 wurde Schloss Versailles in die Liste des UNESCO-Weltkulturerbes aufgenommen.<\/p>\n<h3 style=\"text-align: justify;\">Das Bauwerk<\/h3>\n<h4 style=\"text-align: justify;\">Der Ursprung: Ein kleines Jagdschloss<\/h4>\n<p style=\"text-align: justify;\">Der Ort Versailles vor den Toren der Hauptstadt Paris wurde 1038 erstmals urkundlich erw\u00e4hnt.<br \/>\nDer Wortstamm \u2013 versare, d.h. umgraben, umwenden \u2013 l\u00e4sst seine urspr\u00fcngliche Bedeutung noch erkennen und verweist auf das kleine Bauerndorf und seine \u00c4cker, die einst hier lagen. Im Dorf Versailles befanden sich im 17. Jahrhundert ein verfallenes kleines Schloss und eine M\u00fchle. Die L\u00e4ndereien und das Anwesen geh\u00f6rten zum gr\u00f6\u00dften Teil der ans\u00e4ssigen Familie Gondi, ein kleinerer Teil befand sich in k\u00f6niglichem Besitz. Ludwig XIII., der das wildreiche Gebiet der Galie h\u00e4ufig bei Jagdausfl\u00fcgen aufsuchte, n\u00e4chtigte gelegentlich in dem mittelalterlichen Versailler Schloss und sogar in der M\u00fchle.<br \/>\nDas Schloss um 1668, Blick auf die stadtw\u00e4rts gerichtete Seite mit dem Marmorhof kurz vor dem Bau der Ummantelung<\/p>\n<p style=\"text-align: justify;\">1623 lie\u00df sich der K\u00f6nig anstelle der M\u00fchle ein kleines Jagdhaus errichten, in dem er 1624 das erste Mal \u00fcbernachtete. Dieser gelegentlich als Kartenschloss verspottete Ansitz war so klein, dass er nicht einmal R\u00e4umlichkeiten f\u00fcr die K\u00f6nigin enthielt. Fran\u00e7ois de Bassompierre bezeichnete das Jagdhaus als \u201eein armseliges Schloss, bei dem nicht mal ein einfacher Edelmann Neid empfindet\u201c. Nachdem der K\u00f6nig L\u00e4ndereien der Gondi in Versailles hinzu erwarb, lie\u00df er das Geb\u00e4ude von 1631 bis 1634 durch Philibert Le Roy zu einem dreifl\u00fcgeligen Jagdschloss erweitern. Das verfallene alte Schloss wurde sp\u00e4ter abgetragen. Das von einem Graben umgebene, aus Backstein erbaute und mit Sandsteinelementen gegliederte neue Versailler Schloss wurde im Stil des fr\u00fchen franz\u00f6sischen Barock errichtet. Dieses Jagdschloss bildet bis heute den Kern der Anlage, es umschlie\u00dft den Marmorhof, den letzten und kleinsten der drei Ehrenh\u00f6fe, die der Stadtseite des Palastes vorgelagert sind. Nach dem Tode Ludwig XIII. ging das Geb\u00e4ude als Teil des Erbes an seinen Sohn und Nachfolger Ludwig XIV. \u00fcber. Der junge K\u00f6nig residierte nach seiner Regierungs\u00fcbernahme 1661 regelm\u00e4\u00dfig in Versailles, das ihm zun\u00e4chst vor allem als Lustschloss und Sommersitz diente und in dem er gro\u00dfe Hoffeste ausrichten lie\u00df.<\/p>\n<p style=\"text-align: justify;\">Den entscheidenden Impuls zum Ausbau des Palastes lieferte wohl der Finanzminister Nicolas Fouquet. Dieser lie\u00df sich mit Vaux-le-Vicomte ein aufsehenerregendes Schloss erbauen, das nicht nur die Kunst des h\u00f6fischen Barock in Frankreich nachhaltig pr\u00e4gen sollte, sondern auch den Zorn des K\u00f6nigs erregte. Ludwig XIV. vermutete, dass Fouquet die Pracht zu einem gro\u00dfen Teil mit Griffen in die Staatskasse finanzierte. Er warf seinem Minister Untreue vor und lie\u00df ihn verhaften. Das in Vaux geschaffene Gesamtkunstwerk aus Bauarchitektur und Gartenkunst best\u00e4tigte den K\u00f6nig in seinem Vorhaben, sich eine zeitgem\u00e4\u00dfe Residenz errichten zu lassen. Er zog Fouquets Architekten und K\u00fcnstler zu Rate und beauftragte sie schlie\u00dflich mit dem Ausbau des kleinen Schlosses seines Vaters.<\/p>\n<h3 style=\"text-align: justify;\">Ausbau zum Residenzschloss<\/h3>\n<p style=\"text-align: justify;\">Entgegen dem Ratschlag des Finanzministers Colberts, der aus Kosten- und Prestigegr\u00fcnden einen Neubau empfahl, weigerte sich Ludwig XIV. f\u00fcr die Versailler Residenz das alte Jagdschloss aufzugeben und so wurde das den sp\u00e4teren Marmorhof umschlie\u00dfende Geb\u00e4ude im Laufe der Zeit umbaut und in mehreren Abschnitten in den Neubau integriert. Der K\u00f6nig schrieb in seinen Memoiren sogar, selbst wenn das alte Schloss h\u00e4tte abgerissen werden m\u00fcssen, so h\u00e4tte er es ganz genauso wieder errichten lassen, wie es war. Nach anf\u00e4nglichen kleineren Umbauten ab 1661 bildete der Aachener Frieden von 1668 den Auftakt zu einer ersten Erweiterung des Schlosses. Der U-f\u00f6rmige Mittelbau Ludwigs XIII., Kern des heutigen Corps de Logis, erhielt von 1668 bis 1671 durch Le Vau die envelopp\u00e9. Dabei handelte es sich um eine bauliche, sogenannte Ummantelung des alten Schlosses durch zwei neue, \u00e4u\u00dfere Trakte. Die s\u00fcdlichen Fl\u00fcgel der Ummantelung nahmen die Paradezimmer der K\u00f6nigin auf, die n\u00f6rdlichen jene des K\u00f6nigs. Dieser Bau besa\u00df anstelle der sp\u00e4teren Spiegelgalerie noch eine gro\u00dfe Terrasse \u00fcber den gartenseitigen Arkaden des Erdgeschosses.<\/p>\n<p style=\"text-align: justify;\">1677 verk\u00fcndete der K\u00f6nig, Versailles zum k\u00fcnftigen Regierungssitz zu bestimmen. Der damit verbundene Ausbau des Palastes begann im Zuge des Friedens von Nimwegen, der Umzug des Hofstaats erfolgte ab dem 5. Mai 1682. Von 1678 bis 1684 wurde die Terrasse des Corps de Logis samt den ihr benachbarten Salons durch Jules Hardouin-Mansart \u00fcber- und umgebaut und die Spiegelgalerie, sowie die Salons des Krieges und des Friedens installiert. Die urspr\u00fcnglich waagerechten Fensterabschl\u00fcsse des ersten Stockwerkes wurden durch Rundbogenfenster ersetzt, welche mit den Spiegeln der gro\u00dfen Galerie korrespondierten. Mit diesen Bauma\u00dfnahmen erhielt die Gartenfassade des Hauptgeb\u00e4udes ihre heutige Gestalt.<\/p>\n<p style=\"text-align: justify;\">Um Platz f\u00fcr den Hofstaat zu schaffen, wurden gleichzeitig mit den Erweiterungen am Corps de Logis 1678 die Arbeiten am S\u00fcdfl\u00fcgel und ab 1685 die am Nordfl\u00fcgel begonnen. Mansart pl\u00e4dierte zudem daf\u00fcr, das Schloss um ein weiteres Stockwerk zu erh\u00f6hen um so mehr Wohnraum zu erhalten, was der K\u00f6nig jedoch aus unbekannten Gr\u00fcnden ablehnte. Beide Fl\u00fcgelbauten bestehen aus jeweils zwei parallel zueinander errichteten langen Geb\u00e4uderiegeln, je einer auf der Garten- und einer auf der Stadtseite. Diese sind durch Querbauten mehrfach miteinander verbunden und beinhalten so eine Anzahl kleinerer Lichth\u00f6fe. Der S\u00fcdfl\u00fcgel war 1684 weitgehend fertig gestellt, der sp\u00e4ter begonnene Nordfl\u00fcgel f\u00fcnf Jahre darauf. Die Arbeiten an dessen stadtseitig gelegenem Trakt wurden wegen der Kosten des Pf\u00e4lzischen Erbfolgekrieges jedoch eingestellt und der Bau erst im 19. Jahrhundert vollendet. F\u00fcr den Bau des Nordfl\u00fcgels musste die Thetis-Grotte, ein mit Statuen geschm\u00fccktes Brunnenhaus von 1664, abgerissen werden. Die darin ausgestellten Skulpturen befinden sich heute zum Teil im sogenannten Boskett des Apollo-Bades im Park des Schlosses. Auf dem Standort der Thetis-Grotte erhebt sich der Bau der 1710 durch Robert de Cotte fertiggestellten Schlosskapelle, deren Zugang durch den Nordfl\u00fcgel erfolgt.<\/p>\n<p style=\"text-align: justify;\">Die Fl\u00fcgel des Versailler Schlosses und seiner Nebengeb\u00e4ude gruppieren sich um drei in einer Achse gelegene Hofpl\u00e4tze, welche zusammen eine weitgehend zusammenh\u00e4ngende Fl\u00e4che bilden und vom Zentrum des Schlosses in Richtung der Stadt f\u00fchren. Den Ausgangspunkt bildet der kleine Marmorhof (Cour de Marbre) des umbauten Jagdschlosses, auf diesen folgt der von den Verl\u00e4ngerungstrakten des Corps de Logis umgebene K\u00f6nigshof (Cour Royale) und schlie\u00dflich der gro\u00dfe Platz des Ministerhofs (Cour des Ministres) mit den freistehenden Ministerfl\u00fcgeln. Da Versailles nicht nur k\u00f6nigliche Residenz, sondern auch Regierungssitz war, wurde mit diesen Geb\u00e4uden Platz f\u00fcr die Hofbeamten geschaffen. Den H\u00f6fen stadtseitig gegen\u00fcber stehen der kleine und der gro\u00dfe Marstall, umfangreiche Geb\u00e4ude f\u00fcr die Pferde und den Fuhrpark der k\u00f6niglichen Familie. \u00d6stlich, vom S\u00fcdfl\u00fcgel des Schlosses und dem s\u00fcdlichen Ministertrakt begrenzt, befindet sich au\u00dferdem das vierfl\u00fcgelige Grand Commun, ein solit\u00e4r stehender Wirtschaftsbau von 1682, der die Schlossk\u00fcchen und Bedienstetenwohnungen f\u00fcr \u00fcber 1.000 Hofangestellte enthielt.<\/p>\n<p style=\"text-align: justify;\">Nach dem Umzugs des Hofes 1682 arbeiteten zeitweise \u00fcber 22.000 Menschen an und in Versailles, nach den Angaben eines Zeitgenossen erreichte die Zahl der Arbeiter im Jahr 1685 sogar 36.000. Zum Ende des 18. Jahrhunderts war Versailles in seinen heutigen Dimensionen weitgehend fertiggestellt; die Gartenfassade ist 570 Meter breit.<\/p>\n<h3 style=\"text-align: justify;\">Stilistische Einordnung<\/h3>\n<p style=\"text-align: justify;\">Das \u00c4u\u00dfere des Schlosses ist in zwei verschiedenen Stilformen gehalten, welche zudem durch die unterschiedliche Addition der einzelnen Bauk\u00f6rper einen kontr\u00e4ren Eindruck vermitteln. Die Stadtfassaden bestehen aus zahlreichen Einzelgeb\u00e4uden, so dass sich dem Betrachter erst beim n\u00e4heren hinsehen erschlie\u00dft, dass sie alle gemeinsam ein gro\u00dfes, zusammenh\u00e4ngendes Geb\u00e4ude bilden. Die Fassaden des Schlosses folgen hier dem \u00e4lteren Stil des urspr\u00fcnglichen Jagdschlosses rund um den Marmorhof und entsprechen noch dem fr\u00fchen franz\u00f6sischen Barock. Sie sind aus rotem Ziegelstein errichtet, der mit Sandsteinelementen gegliedert ist, die Bauk\u00f6rper tragen sichtbare Mansardd\u00e4cher.<\/p>\n<p style=\"text-align: justify;\">Die Gartenfassaden des Schlosses sind im Stil des f\u00fcr Frankreich typischen klassizistischen Barocks gestaltet und gehen damit auf die Vorgabe von Le Vaus Ummantelung zur\u00fcck. Horizontale Linien dominieren das Bauwerk und nur risalitartig hervorspringende Portale lockern die strengen Sandsteinfassaden auf. Die abschlie\u00dfende Balustrade des Obergeschosses ist mit steinernen Vasen und Troph\u00e4endarstellungen dekoriert und verbirgt hinter sich flache D\u00e4cher. Die Gartenfassade fasst die Geb\u00e4udeteile zu einem gro\u00dfen Block zusammen, dessen Breitenwirkung durch die horizontale Gliederung noch gesteigert wird.<\/p>\n<p style=\"text-align: justify;\">Die verschiedenen Baustile des Schlosses, die majest\u00e4tisch-monotone Garten- und die kleinteiligeren Stadtfassaden riefen nicht nur Bewunderung, sondern auch Kritik hervor. Versailles steht im v\u00f6lligen Kontrast zu den anderen Barockschl\u00f6ssern Frankreichs, die zumeist nicht nur kleiner, sondern wie Vaux-le-Vicomte oder Maisons-Laffitte auch im Pavillonsystem errichtet wurden. In der Kunstgeschichte werden insbesondere die Gartenfassaden zwar h\u00e4ufig als \u00fcberw\u00e4ltigend in ihrer Wirkung, aber auch als eint\u00f6nig beschrieben, Colbert nannte das Schloss einen \u201eMann mit gro\u00dfen Armen und einem dicken Kopf.\u201c Der Herzog Saint-Simon bezeichnete den Kontrast der Baustile als \u201esch\u00f6nes und h\u00e4\u00dfliches, das zusammengen\u00e4ht wurde\u201c und \u00fcber das hinter der Attika verborgene Flachdach schrieb er \u201eman glaubt einen abgebrannten Palast zu sehen, dem das obere Stockwerk und das Dach fehlen.\u201c Die Kapelle wurde als Riesenkatafalk verspottet und Voltaire bezeichnete sie als einen \u201eerstaunlichen Firlefanz\u201c.<\/p>\n<p style=\"text-align: justify;\">Zur Zeit Ludwigs XV. wurde eine als grand dessin bezeichnete Neugestaltung der Stadtseite im Stil des Klassizismus erwogen. Die alten Fassaden dort sollten, den Gartenfassaden \u00e4hnlich, mit Haustein \u00fcberbaut werden. Auch war \u00fcber dem Hauptgeb\u00e4ude eine Kuppel geplant. Die Leitung dieses Projekts \u00fcbernahm Ange-Jacques Gabriel. Letztlich erfolgte aus finanziellen Gr\u00fcnden jedoch ab 1771 nur der Umbau eines zu dieser Zeit bauf\u00e4lligen, stadtw\u00e4rts gerichteten Trakts, der seit jener Zeit Gabrielfl\u00fcgel genannt wird. Der Pavillon des gegen\u00fcberliegenden Geb\u00e4udes, des Dufourfl\u00fcgels, wurde erst um 1820 angepasst und die Symmetrie der Hoffassade knapp ein halbes Jahrhundert nach Beginn der Umbauarbeiten halbwegs wiederhergestellt. Die parallel gegen\u00fcberstehenden Geb\u00e4udeteile tragen noch heute verschiedene Fassadenstile. 1780 durch \u00c9tienne-Louis Boull\u00e9e vorgelegte Pl\u00e4ne zu einer vollst\u00e4ndigen Neugestaltung des Schlosses im Sinne der Revolutionsarchitektur wurden nicht realisiert.<\/p>\n<p style=\"text-align: justify;\">Quelle: <a title=\"Wikipedia - Schloss Versailles (2014)\" href=\"http:\/\/de.wikipedia.org\/wiki\/Schloss_Versailles\" target=\"_blank\">Wikipedia (2014)<\/a><\/p>\n","protected":false},"excerpt":{"rendered":"<p>Paris &#8211; Schloss Versailles Eingang zum k\u00f6niglichen Hof [pano file=&#8220;https:\/\/www.aktiv-panorama.de\/360panoramen\/paris\/Paris_-_Schloss-Versailles_Eingang.html&#8220; width=&#8220;860&#8243; height=&#8220;300&#8243; title=&#8220;Paris &#8211; Schloss Versailles (Eingang zum k\u00f6niglichen Hof)&#8220; alt=&#8220;Paris &#8211; Schloss Versailles (Eingang zum k\u00f6niglichen Hof)&#8220; preview=&#8220;https:\/\/www.aktiv-panorama.de\/wp-content\/uploads\/2014\/05\/Paris-Schloss-Versailles_Eingang.jpg&#8220;] &nbsp; Paris &#8211; Schloss Versailles Eingang zum Ehrenhof [pano file=&#8220;https:\/\/www.aktiv-panorama.de\/360panoramen\/paris\/Paris_-_Schloss-Versailles_Ehrenhof-Eingang_zum_koeniglichen_Hof.html&#8220; width=&#8220;860&#8243; height=&#8220;300&#8243; title=&#8220;Paris &#8211; Schloss Versailles (Eingang zum Ehrenhof)&#8220; alt=&#8220;Paris &#8211; Schloss Versailles (Eingang zum Ehrenhof)&#8220; [&hellip;]<\/p>\n","protected":false},"author":1,"featured_media":0,"parent":0,"menu_order":0,"comment_status":"closed","ping_status":"closed","template":"","meta":{"footnotes":""},"class_list":["post-2560","page","type-page","status-publish","hentry"],"yoast_head":"<!-- This site is optimized with the Yoast SEO plugin v27.5 - https:\/\/yoast.com\/product\/yoast-seo-wordpress\/ -->\n<title>360\u00b0-Panoramen vom Schloss Versailles mit seinem Park<\/title>\n<meta name=\"description\" content=\"360\u00b0-Panoramen vom Schloss Versailles bei Paris. Der virtuelle Spatziergang beginnt am Eingang (Ehrenhof) und geht quer durch den Schlosspark.\" \/>\n<meta name=\"robots\" content=\"index, follow, max-snippet:-1, max-image-preview:large, max-video-preview:-1\" \/>\n<link rel=\"canonical\" href=\"https:\/\/www.aktiv-panorama.de\/?page_id=2560\" \/>\n<meta property=\"og:locale\" content=\"de_DE\" \/>\n<meta property=\"og:type\" content=\"article\" \/>\n<meta property=\"og:title\" content=\"360\u00b0-Panoramen vom Schloss Versailles mit seinem Park\" \/>\n<meta property=\"og:description\" content=\"360\u00b0-Panoramen vom Schloss Versailles bei Paris. Der virtuelle Spatziergang beginnt am Eingang (Ehrenhof) und geht quer durch den Schlosspark.\" \/>\n<meta property=\"og:url\" content=\"https:\/\/www.aktiv-panorama.de\/?page_id=2560\" \/>\n<meta property=\"og:site_name\" content=\"Aktiv-Panorama\" \/>\n<meta property=\"article:modified_time\" content=\"2015-01-14T15:10:32+00:00\" \/>\n<meta name=\"twitter:label1\" content=\"Gesch\u00e4tzte Lesezeit\" \/>\n\t<meta name=\"twitter:data1\" content=\"14\u00a0Minuten\" \/>\n<script type=\"application\/ld+json\" class=\"yoast-schema-graph\">{\"@context\":\"https:\\\/\\\/schema.org\",\"@graph\":[{\"@type\":\"WebPage\",\"@id\":\"https:\\\/\\\/www.aktiv-panorama.de\\\/?page_id=2560\",\"url\":\"https:\\\/\\\/www.aktiv-panorama.de\\\/?page_id=2560\",\"name\":\"360\u00b0-Panoramen vom Schloss Versailles mit seinem Park\",\"isPartOf\":{\"@id\":\"https:\\\/\\\/www.aktiv-panorama.de\\\/#website\"},\"datePublished\":\"2015-01-12T15:07:57+00:00\",\"dateModified\":\"2015-01-14T15:10:32+00:00\",\"description\":\"360\u00b0-Panoramen vom Schloss Versailles bei Paris. Der virtuelle Spatziergang beginnt am Eingang (Ehrenhof) und geht quer durch den Schlosspark.\",\"breadcrumb\":{\"@id\":\"https:\\\/\\\/www.aktiv-panorama.de\\\/?page_id=2560#breadcrumb\"},\"inLanguage\":\"de\",\"potentialAction\":[{\"@type\":\"ReadAction\",\"target\":[\"https:\\\/\\\/www.aktiv-panorama.de\\\/?page_id=2560\"]}]},{\"@type\":\"BreadcrumbList\",\"@id\":\"https:\\\/\\\/www.aktiv-panorama.de\\\/?page_id=2560#breadcrumb\",\"itemListElement\":[{\"@type\":\"ListItem\",\"position\":1,\"name\":\"Startseite\",\"item\":\"https:\\\/\\\/www.aktiv-panorama.de\\\/\"},{\"@type\":\"ListItem\",\"position\":2,\"name\":\"360\u00b0-Panoramen vom Schloss Versailles\"}]},{\"@type\":\"WebSite\",\"@id\":\"https:\\\/\\\/www.aktiv-panorama.de\\\/#website\",\"url\":\"https:\\\/\\\/www.aktiv-panorama.de\\\/\",\"name\":\"Aktiv-Panorama\",\"description\":\"360\u00b0-Panoramafotografie\",\"publisher\":{\"@id\":\"https:\\\/\\\/www.aktiv-panorama.de\\\/#organization\"},\"potentialAction\":[{\"@type\":\"SearchAction\",\"target\":{\"@type\":\"EntryPoint\",\"urlTemplate\":\"https:\\\/\\\/www.aktiv-panorama.de\\\/?s={search_term_string}\"},\"query-input\":{\"@type\":\"PropertyValueSpecification\",\"valueRequired\":true,\"valueName\":\"search_term_string\"}}],\"inLanguage\":\"de\"},{\"@type\":\"Organization\",\"@id\":\"https:\\\/\\\/www.aktiv-panorama.de\\\/#organization\",\"name\":\"Panorama-Fotografie\",\"url\":\"https:\\\/\\\/www.aktiv-panorama.de\\\/\",\"logo\":{\"@type\":\"ImageObject\",\"inLanguage\":\"de\",\"@id\":\"https:\\\/\\\/www.aktiv-panorama.de\\\/#\\\/schema\\\/logo\\\/image\\\/\",\"url\":\"https:\\\/\\\/i0.wp.com\\\/www.aktiv-panorama.de\\\/wp-content\\\/uploads\\\/2014\\\/11\\\/logo_aktiv-panorama-360_250px.png?fit=250%2C239\",\"contentUrl\":\"https:\\\/\\\/i0.wp.com\\\/www.aktiv-panorama.de\\\/wp-content\\\/uploads\\\/2014\\\/11\\\/logo_aktiv-panorama-360_250px.png?fit=250%2C239\",\"width\":250,\"height\":239,\"caption\":\"Panorama-Fotografie\"},\"image\":{\"@id\":\"https:\\\/\\\/www.aktiv-panorama.de\\\/#\\\/schema\\\/logo\\\/image\\\/\"}}]}<\/script>\n<!-- \/ Yoast SEO plugin. -->","yoast_head_json":{"title":"360\u00b0-Panoramen vom Schloss Versailles mit seinem Park","description":"360\u00b0-Panoramen vom Schloss Versailles bei Paris. Der virtuelle Spatziergang beginnt am Eingang (Ehrenhof) und geht quer durch den Schlosspark.","robots":{"index":"index","follow":"follow","max-snippet":"max-snippet:-1","max-image-preview":"max-image-preview:large","max-video-preview":"max-video-preview:-1"},"canonical":"https:\/\/www.aktiv-panorama.de\/?page_id=2560","og_locale":"de_DE","og_type":"article","og_title":"360\u00b0-Panoramen vom Schloss Versailles mit seinem Park","og_description":"360\u00b0-Panoramen vom Schloss Versailles bei Paris. Der virtuelle Spatziergang beginnt am Eingang (Ehrenhof) und geht quer durch den Schlosspark.","og_url":"https:\/\/www.aktiv-panorama.de\/?page_id=2560","og_site_name":"Aktiv-Panorama","article_modified_time":"2015-01-14T15:10:32+00:00","twitter_misc":{"Gesch\u00e4tzte Lesezeit":"14\u00a0Minuten"},"schema":{"@context":"https:\/\/schema.org","@graph":[{"@type":"WebPage","@id":"https:\/\/www.aktiv-panorama.de\/?page_id=2560","url":"https:\/\/www.aktiv-panorama.de\/?page_id=2560","name":"360\u00b0-Panoramen vom Schloss Versailles mit seinem Park","isPartOf":{"@id":"https:\/\/www.aktiv-panorama.de\/#website"},"datePublished":"2015-01-12T15:07:57+00:00","dateModified":"2015-01-14T15:10:32+00:00","description":"360\u00b0-Panoramen vom Schloss Versailles bei Paris. Der virtuelle Spatziergang beginnt am Eingang (Ehrenhof) und geht quer durch den Schlosspark.","breadcrumb":{"@id":"https:\/\/www.aktiv-panorama.de\/?page_id=2560#breadcrumb"},"inLanguage":"de","potentialAction":[{"@type":"ReadAction","target":["https:\/\/www.aktiv-panorama.de\/?page_id=2560"]}]},{"@type":"BreadcrumbList","@id":"https:\/\/www.aktiv-panorama.de\/?page_id=2560#breadcrumb","itemListElement":[{"@type":"ListItem","position":1,"name":"Startseite","item":"https:\/\/www.aktiv-panorama.de\/"},{"@type":"ListItem","position":2,"name":"360\u00b0-Panoramen vom Schloss Versailles"}]},{"@type":"WebSite","@id":"https:\/\/www.aktiv-panorama.de\/#website","url":"https:\/\/www.aktiv-panorama.de\/","name":"Aktiv-Panorama","description":"360\u00b0-Panoramafotografie","publisher":{"@id":"https:\/\/www.aktiv-panorama.de\/#organization"},"potentialAction":[{"@type":"SearchAction","target":{"@type":"EntryPoint","urlTemplate":"https:\/\/www.aktiv-panorama.de\/?s={search_term_string}"},"query-input":{"@type":"PropertyValueSpecification","valueRequired":true,"valueName":"search_term_string"}}],"inLanguage":"de"},{"@type":"Organization","@id":"https:\/\/www.aktiv-panorama.de\/#organization","name":"Panorama-Fotografie","url":"https:\/\/www.aktiv-panorama.de\/","logo":{"@type":"ImageObject","inLanguage":"de","@id":"https:\/\/www.aktiv-panorama.de\/#\/schema\/logo\/image\/","url":"https:\/\/i0.wp.com\/www.aktiv-panorama.de\/wp-content\/uploads\/2014\/11\/logo_aktiv-panorama-360_250px.png?fit=250%2C239","contentUrl":"https:\/\/i0.wp.com\/www.aktiv-panorama.de\/wp-content\/uploads\/2014\/11\/logo_aktiv-panorama-360_250px.png?fit=250%2C239","width":250,"height":239,"caption":"Panorama-Fotografie"},"image":{"@id":"https:\/\/www.aktiv-panorama.de\/#\/schema\/logo\/image\/"}}]}},"_links":{"self":[{"href":"https:\/\/www.aktiv-panorama.de\/index.php?rest_route=\/wp\/v2\/pages\/2560","targetHints":{"allow":["GET"]}}],"collection":[{"href":"https:\/\/www.aktiv-panorama.de\/index.php?rest_route=\/wp\/v2\/pages"}],"about":[{"href":"https:\/\/www.aktiv-panorama.de\/index.php?rest_route=\/wp\/v2\/types\/page"}],"author":[{"embeddable":true,"href":"https:\/\/www.aktiv-panorama.de\/index.php?rest_route=\/wp\/v2\/users\/1"}],"replies":[{"embeddable":true,"href":"https:\/\/www.aktiv-panorama.de\/index.php?rest_route=%2Fwp%2Fv2%2Fcomments&post=2560"}],"version-history":[{"count":0,"href":"https:\/\/www.aktiv-panorama.de\/index.php?rest_route=\/wp\/v2\/pages\/2560\/revisions"}],"wp:attachment":[{"href":"https:\/\/www.aktiv-panorama.de\/index.php?rest_route=%2Fwp%2Fv2%2Fmedia&parent=2560"}],"curies":[{"name":"wp","href":"https:\/\/api.w.org\/{rel}","templated":true}]}}