{"id":2582,"date":"2015-01-12T16:59:38","date_gmt":"2015-01-12T15:59:38","guid":{"rendered":"https:\/\/www.aktiv-panorama.de\/?page_id=2582"},"modified":"2015-01-14T14:30:23","modified_gmt":"2015-01-14T13:30:23","slug":"paris-arc-de-triomphe","status":"publish","type":"page","link":"https:\/\/www.aktiv-panorama.de\/?page_id=2582","title":{"rendered":"360\u00b0-Panoramen vom Arc de Triomphe"},"content":{"rendered":"<h2><span class=\"xr_tl xr_s4\" style=\"top: -13px;\"><a title=\"Arc de Triomphe\" href=\"https:\/\/www.aktiv-panorama.de\/360panoramen\/Paris_-_Arc_de_Triomphe.html\">Arc de Triomphe<\/a><br \/>\n<\/span><\/h2>\n<div class=\"xr_s4\" style=\"position: absolute; left: 504px; top: 496px; text-shadow: 5px 5px 3px rgba(0, 0, 0, 0.25);\"><\/div>\n[pano file=&#8220;https:\/\/www.aktiv-panorama.de\/360panoramen\/Paris_-_Arc_de_Triomphe.html&#8220; width=&#8220;860&#8243; height=&#8220;300&#8243; title=&#8220;Arc de Triomphe&#8220; alt=&#8220;Arc de Triomphe&#8220; preview=&#8220;https:\/\/www.aktiv-panorama.de\/wp-content\/uploads\/2014\/05\/Paris-Arc-de-Triomphe.jpg&#8220;]\n<hr \/>\n<p>&nbsp;<\/p>\n<h3><a title=\"Arc de Triomphe und die Avenue de Champs Elysees\" href=\"https:\/\/www.aktiv-panorama.de\/360panoramen\/Paris_-_Arc_de_Triomphe_Champs_Elysees.html\"><span class=\"xr_tl xr_s4\" style=\"top: -13px;\">Arc de Triomphe<\/span> und die\u00a0<span dir=\"auto\">Avenue des Champs-\u00c9lys\u00e9es<\/span><\/a><\/h3>\n<div class=\"xr_s4\" style=\"position: absolute; left: 504px; top: 496px; text-shadow: 5px 5px 3px rgba(0, 0, 0, 0.25);\"><\/div>\n[pano file=&#8220;https:\/\/www.aktiv-panorama.de\/360panoramen\/Paris_-_Arc_de_Triomphe_Champs_Elysees.html&#8220; width=&#8220;860&#8243; height=&#8220;300&#8243; title=&#8220;Arc de Triomphe und die Avenue de Champs Elysees&#8220; alt=&#8220;Arc de Triomphe und die Avenue de Champs Elysees&#8220; preview=&#8220;https:\/\/www.aktiv-panorama.de\/wp-content\/uploads\/2014\/05\/Paris-Arc-de-Triomphe-Champs-Elysees.jpg&#8220;]\n<hr \/>\n<p>&nbsp;<\/p>\n<h3><a title=\"Arc de Triomphe von der Avenue de Champs Elysees\" href=\"https:\/\/www.aktiv-panorama.de\/360panoramen\/paris\/Paris_-_Arche_de_Triomphe_2.html\"><span class=\"xr_tl xr_s4\" style=\"top: -13px;\">Arc de Triomphe von der <\/span><span dir=\"auto\">Avenue des Champs-\u00c9lys\u00e9es<\/span><\/a><\/h3>\n<div class=\"xr_s4\" style=\"position: absolute; left: 504px; top: 496px; text-shadow: 5px 5px 3px rgba(0, 0, 0, 0.25);\"><\/div>\n[pano file=&#8220;https:\/\/www.aktiv-panorama.de\/360panoramen\/paris\/Paris_-_Arche_de_Triomphe_2.html&#8220; width=&#8220;860&#8243; height=&#8220;300&#8243; title=&#8220;Arc de Triomphe von der Avenue de Champs Elysees&#8220; alt=&#8220;Arc de Triomphe von der Avenue de Champs Elysees&#8220; preview=&#8220;https:\/\/www.aktiv-panorama.de\/wp-content\/uploads\/2014\/05\/Paris-Arche-de-Triomphe_21.jpg&#8220;]\n<hr \/>\n<p>&nbsp;<\/p>\n<h3><a title=\"Aussicht vom Arc de Triomphe auf Paris la Defense\" href=\"https:\/\/www.aktiv-panorama.de\/panoramen\/paris\/Paris - Aussicht vom Arc de nach La Defense.html\"><span class=\"xr_tl xr_s4\" style=\"top: -13px;\">Aussicht vom Arc de Triomphe auf La Defense<\/span><\/a><\/h3>\n<div class=\"xr_s4\" style=\"position: absolute; left: 504px; top: 496px; text-shadow: 5px 5px 3px rgba(0, 0, 0, 0.25);\"><\/div>\n[pano file=&#8220;https:\/\/www.aktiv-panorama.de\/panoramen\/paris\/Paris &#8211; Aussicht vom Arc de nach La Defense.html&#8220; width=&#8220;860&#8243; height=&#8220;300&#8243; title=&#8220;Aussicht vom Arc de Triomphe auf Paris la Defense&#8220; alt=&#8220;Aussicht vom Arc de Triomphe auf Paris la Defense&#8220; preview=&#8220;https:\/\/www.aktiv-panorama.de\/wp-content\/uploads\/2014\/05\/Paris-Aussicht-vom-Arche-de-Triomphe-1.jpg&#8220;]\n<hr \/>\n<h3><\/h3>\n<h3><a title=\"Aussicht vom Arc de Triomphe zum Louvre \u00fcber die Avenuen de Champs Eslysees\" href=\"https:\/\/www.aktiv-panorama.de\/panoramen\/paris\/Paris%20- Aussicht vom Arc de Triomphe zum Louvre.html\"><span class=\"xr_tl xr_s4\" style=\"top: -13px;\">Aussicht vom Arc de Triomphe zum Louvre \u00fcber die <\/span><span dir=\"auto\">Avenue des Champs-\u00c9lys\u00e9es<\/span><\/a><\/h3>\n<div class=\"xr_s4\" style=\"position: absolute; left: 504px; top: 496px; text-shadow: 5px 5px 3px rgba(0, 0, 0, 0.25);\"><\/div>\n[pano file=&#8220;https:\/\/www.aktiv-panorama.de\/panoramen\/paris\/Paris &#8211; Aussicht vom Arc de Triomphe zum Louvre.html&#8220; width=&#8220;860&#8243; height=&#8220;300&#8243; title=&#8220;Aussicht vom Arc de Triomphe zum Louvre \u00fcber die Avenuen de Champs Eslysees&#8220; alt=&#8220;Aussicht vom Arc de Triomphe zum Louvre \u00fcber die Avenuen de Champs Eslysees&#8220; preview=&#8220;https:\/\/www.aktiv-panorama.de\/wp-content\/uploads\/2014\/05\/Paris-Aussicht-vom-Arche-de-Triomphe-2.jpg&#8220;]\n<hr \/>\n<h3><\/h3>\n<h3><a title=\"Aussicht vom Arc de Triomphe nach Montmartre mit der Basilique du Sacr\u00e9-C\u0153ur de Montmartre\" href=\"https:\/\/www.aktiv-panorama.de\/panoramen\/paris\/Paris%20- Aussicht vom Arc de Triomphe nach Montmartre.html\"><span class=\"xr_tl xr_s4\" style=\"top: -13px;\">Aussicht vom Arc de Triomphe nach Montmartre mit der <\/span><\/a><span class=\"xr_tl xr_s4\" style=\"top: -13px;\"><a title=\"Aussicht vom Arc de Triomphe nach Montmartre mit der Basilique du Sacr\u00e9-C\u0153ur de Montmartre\" href=\"https:\/\/www.aktiv-panorama.de\/panoramen\/paris\/Paris%20- Aussicht vom Arc de Triomphe nach Montmartre.html\"><b>Basilique du Sacr\u00e9-C\u0153ur de Montmartre<\/b><\/a><br \/>\n<\/span><\/h3>\n<div class=\"xr_s4\" style=\"position: absolute; left: 504px; top: 496px; text-shadow: 5px 5px 3px rgba(0, 0, 0, 0.25);\"><\/div>\n[pano file=&#8220;https:\/\/www.aktiv-panorama.de\/panoramen\/paris\/Paris &#8211; Aussicht vom Arc de Triomphe nach Montmartre.html&#8220; width=&#8220;860&#8243; height=&#8220;300&#8243; title=&#8220;Aussicht vom Arc de Triomphe nach Montmartre mit der Basilique du Sacr\u00e9-C\u0153ur de Montmartre&#8220; alt=&#8220;Aussicht vom Arc de Triomphe nach Montmartre mit der Basilique du Sacr\u00e9-C\u0153ur de Montmartre&#8220; preview=&#8220;https:\/\/www.aktiv-panorama.de\/wp-content\/uploads\/2014\/05\/Paris-Aussicht-vom-Arche-de-Triomphe-3.jpg&#8220;]\n<hr \/>\n<h3><\/h3>\n<div class=\"gp-wrap gpcenter gpovh entry-sep bwi-entry-sep\" style=\"\"><\/div>\n<div class=\"gp-wrap gpcenter gpovh accent-bg-nh fp-bf-container\" style=\"\"> <div class=\"gp-container gpcenter gpovh \" style=\"\">\n<h1 class=\"altfont fp-bf-title\" style=\"text-align: center;\"><span style=\"color: #dbdbdb;\">Bildergalerie zu den Panoramen vom Arc de Triomphe<br \/>\n<\/span><\/h1>\n<div class=\"fp-bf-underline tac\" style=\"\"><\/div><\/div><\/div>\n<!--gallery output starts here --><script type=\"text\/javascript\"> jQuery(document).ready(function(){ $('.mfp-gallery-2778').magnificPopup({ type: 'image', cursor: 'mfp-cursor', gallery: { enabled: true } }); var itemsPerRow02778 = 3; var itemsPerRow2778 = 3; var horSpace2778 = 10; var innerContainerWidth2778 = jQuery(\"#fgallery-2778-inner-container\").width(); var ItemWidth2778 = Math.floor( ( innerContainerWidth2778 - ( horSpace2778 * itemsPerRow2778 ) ) \/ itemsPerRow2778 ); var minItemWidth2778 = 130; while ( ItemWidth2778 < minItemWidth2778  && itemsPerRow2778 > 1 ) { itemsPerRow2778 = itemsPerRow2778 - 1; ItemWidth2778 = Math.floor( ( innerContainerWidth2778 - ( horSpace2778 * itemsPerRow2778 ) ) \/ itemsPerRow2778 ); } var newinnerContainerWidth2778 = ( ( itemsPerRow2778 * ItemWidth2778 ) ) + ( horSpace2778 *  itemsPerRow2778 ); jQuery(\".fgallery-2778-item\").css({\"width\": ItemWidth2778}); jQuery(\"#fgallery-2778-inner-container\").css({\"width\": newinnerContainerWidth2778}); var newThumbContainerPaddingTop2778 = Math.floor( ItemWidth2778 * 33.333333333333 \/ 100 ); jQuery(\".fgallery-2778-thumb-container\").css({\"padding-top\": newThumbContainerPaddingTop2778}); (function($) { $(window).resize(galleryResizeFunction); function galleryResizeFunction () { jQuery(\"#fgallery-2778-inner-container\").css({\"width\": \"100%\"}); innerContainerWidth2778 = jQuery(\"#fgallery-2778-inner-container\").width(); itemsPerRow2778 = itemsPerRow02778; ItemWidth2778 = Math.floor( ( innerContainerWidth2778 - ( horSpace2778 * itemsPerRow2778 ) ) \/ itemsPerRow2778 ); while ( ItemWidth2778 < minItemWidth2778  && itemsPerRow2778 > 1 ) { itemsPerRow2778 = itemsPerRow2778 - 1; ItemWidth2778 = Math.floor( ( innerContainerWidth2778 - ( horSpace2778 * itemsPerRow2778 ) ) \/ itemsPerRow2778 ); } newinnerContainerWidth2778 = ( ( itemsPerRow2778 * ItemWidth2778 ) ) + ( horSpace2778 *  itemsPerRow2778 ); jQuery(\".fgallery-2778-item\").css({\"width\": ItemWidth2778}); jQuery(\"#fgallery-2778-inner-container\").css({\"width\": newinnerContainerWidth2778}); newThumbContainerPaddingTop2778 = Math.floor( ItemWidth2778 * 33.333333333333 \/ 100 ); jQuery(\".fgallery-2778-thumb-container\").css({\"padding-top\": newThumbContainerPaddingTop2778}); }; })(jQuery); }); <\/script><!-- gallery wrapper start --><div class=\"gp-wrap gpovh fgallery-wrapper fgallery-wrapper-2778 mfp-gallery\"><style type=\"text\/css\" scoped>.fgallery-wrapper-2778 { padding-top: 10px; padding-bottom: 10px; z-index: 1; position: relative; } .fgallery-2778-item { width: 33.333333333333%; } <\/style><!-- gallery container start --><div id=\"fgallery-container-2778\"><!-- gallery inner container start --><div id=\"fgallery-2778-inner-container\" class=\"fgallery-inner-container\"><!-- gallery item start --><div class=\"fgallery-item fgallery-2778-item\" style=\"margin: 0 5px; margin-bottom: 10px;\"><div class=\"fgallery-thumb-container fgallery-thumb-container1 fgallery-2778-thumb-container shadoweffect zoomeffect1\" style=\"padding-top: 33.333333333333%; background-image: url('https:\/\/www.aktiv-panorama.de\/wp-content\/uploads\/2014\/11\/Paris-Arc-de-Triomphe-Champs-Elysees-512x256.jpg')\"><a href=\"https:\/\/www.aktiv-panorama.de\/wp-content\/uploads\/2014\/11\/Paris-Arc-de-Triomphe-Champs-Elysees.jpg\" class=\"fgallery-tlink mfp-gallery-2778\" style=\"display: block;\" title=\"\"><div class=\"fgallery-thumb-content vignette\"><\/div><span class=\"fg-imgl2m\"><\/span><\/a><\/div><\/div><!-- gallery item end - $gallery_postCount = 1 $gallery_total_images = 3--><!-- gallery item start --><div class=\"fgallery-item fgallery-2778-item\" style=\"margin: 0 5px; margin-bottom: 10px;\"><div class=\"fgallery-thumb-container fgallery-thumb-container1 fgallery-2778-thumb-container shadoweffect zoomeffect1\" style=\"padding-top: 33.333333333333%; background-image: url('https:\/\/www.aktiv-panorama.de\/wp-content\/uploads\/2014\/11\/Paris-Arc-de-Triomphe-512x256.jpg')\"><a href=\"https:\/\/www.aktiv-panorama.de\/wp-content\/uploads\/2014\/11\/Paris-Arc-de-Triomphe.jpg\" class=\"fgallery-tlink mfp-gallery-2778\" style=\"display: block;\" title=\"\"><div class=\"fgallery-thumb-content vignette\"><\/div><span class=\"fg-imgl2m\"><\/span><\/a><\/div><\/div><!-- gallery item end - $gallery_postCount = 2 $gallery_total_images = 3--><!-- gallery item start --><div class=\"fgallery-item fgallery-2778-item fgallery-last-item\" style=\"margin: 0 5px; margin-bottom: 10px;\"><div class=\"fgallery-thumb-container fgallery-thumb-container1 fgallery-2778-thumb-container shadoweffect zoomeffect1\" style=\"padding-top: 33.333333333333%; background-image: url('https:\/\/www.aktiv-panorama.de\/wp-content\/uploads\/2014\/11\/Paris-Aussicht-vom-Arche-de-Triomphe-1-512x256.jpg')\"><a href=\"https:\/\/www.aktiv-panorama.de\/wp-content\/uploads\/2014\/11\/Paris-Aussicht-vom-Arche-de-Triomphe-1.jpg\" class=\"fgallery-tlink mfp-gallery-2778\" style=\"display: block;\" title=\"\"><div class=\"fgallery-thumb-content vignette\"><\/div><span class=\"fg-imgl2m\"><\/span><\/a><\/div><\/div><!-- gallery item end - $gallery_postCount = 3 $gallery_total_images = 3--><!-- gallery item start --><div class=\"fgallery-item fgallery-2778-item\" style=\"margin: 0 5px; margin-bottom: 10px;\"><div class=\"fgallery-thumb-container fgallery-thumb-container1 fgallery-2778-thumb-container shadoweffect zoomeffect1\" style=\"padding-top: 33.333333333333%; background-image: url('https:\/\/www.aktiv-panorama.de\/wp-content\/uploads\/2014\/11\/Paris-Aussicht-vom-Arche-de-Triomphe-2-512x256.jpg')\"><a href=\"https:\/\/www.aktiv-panorama.de\/wp-content\/uploads\/2014\/11\/Paris-Aussicht-vom-Arche-de-Triomphe-2.jpg\" class=\"fgallery-tlink mfp-gallery-2778\" style=\"display: block;\" title=\"\"><div class=\"fgallery-thumb-content vignette\"><\/div><span class=\"fg-imgl2m\"><\/span><\/a><\/div><\/div><!-- gallery item end - $gallery_postCount = 4 $gallery_total_images = 3--><!-- gallery item start --><div class=\"fgallery-item fgallery-2778-item\" style=\"margin: 0 5px; margin-bottom: 10px;\"><div class=\"fgallery-thumb-container fgallery-thumb-container1 fgallery-2778-thumb-container shadoweffect zoomeffect1\" style=\"padding-top: 33.333333333333%; background-image: url('https:\/\/www.aktiv-panorama.de\/wp-content\/uploads\/2014\/11\/Paris-Aussicht-vom-Arche-de-Triomphe-3-512x256.jpg')\"><a href=\"https:\/\/www.aktiv-panorama.de\/wp-content\/uploads\/2014\/11\/Paris-Aussicht-vom-Arche-de-Triomphe-3.jpg\" class=\"fgallery-tlink mfp-gallery-2778\" style=\"display: block;\" title=\"\"><div class=\"fgallery-thumb-content vignette\"><\/div><span class=\"fg-imgl2m\"><\/span><\/a><\/div><\/div><!-- gallery item end - $gallery_postCount = 5 $gallery_total_images = 3--><!-- gallery item start --><div class=\"fgallery-item fgallery-2778-item fgallery-last-item\" style=\"margin: 0 5px; margin-bottom: 10px;\"><div class=\"fgallery-thumb-container fgallery-thumb-container1 fgallery-2778-thumb-container shadoweffect zoomeffect1\" style=\"padding-top: 33.333333333333%; background-image: url('https:\/\/www.aktiv-panorama.de\/wp-content\/uploads\/2014\/11\/Paris-die-Avenue-des-Champs-Elysees-vom-Arc-de-Triomphe_1200x600-512x256.png')\"><a href=\"https:\/\/www.aktiv-panorama.de\/wp-content\/uploads\/2014\/11\/Paris-die-Avenue-des-Champs-Elysees-vom-Arc-de-Triomphe_1200x600.png\" class=\"fgallery-tlink mfp-gallery-2778\" style=\"display: block;\" title=\"\"><div class=\"fgallery-thumb-content vignette\"><\/div><span class=\"fg-imgl2m\"><\/span><\/a><\/div><\/div><!-- gallery item end - $gallery_postCount = 6 $gallery_total_images = 3--><\/div><!-- gallery inner container end --><\/div><!-- gallery container end --><\/div><!-- gallery wrapper end -->\n<div class=\"gp-wrap gpcenter gpovh entry-sep bwi-entry-sep\" style=\"\"><\/div>\n<div class=\"gp-container gpcenter gpovh \" style=\"\"><\/div>\n<div class=\"gp-wrap gpcenter gpovh accent-bg-nh fp-bf-container\" style=\"\"> <div class=\"gp-container gpcenter gpovh \" style=\"\"><\/div>\n<h1 class=\"altfont fp-bf-title\" style=\"text-align: center;\"><span style=\"color: #dbdbdb;\">Wissenswertes zum Arc de Triomphe<br \/>\n<\/span><\/h1>\n<\/div>\n<p style=\"text-align: justify;\">Der Pariser Triumphbogen ist ein 1806 bis 1836 errichtetes Denkmal an der Place Charles-de-Gaulle in Paris. Er geh\u00f6rt neben dem Eiffelturm zu den Wahrzeichen der Metropole. Unter dem Bogen liegt das Grabmal des unbekannten Soldaten aus dem Ersten Weltkrieg mit der t\u00e4glich gewarteten Ewigen Flamme, im Franz\u00f6sischen Flamme du Souvenir (dt. Flamme der Erinnerung) genannt, im Gedenken an die Toten, die nie identifiziert wurden. Das ganze Jahr hindurch finden Kranzniederlegungen und Ehrungen statt, die ihren H\u00f6hepunkt in der Parade am 11. November finden, dem Jahrestag des Waffenstillstands zwischen Frankreich und Deutschland im Jahr 1918.<\/p>\n<p style=\"text-align: justify;\">Als Fu\u00dfg\u00e4nger gelangt man zum Arc de Triomphe nur durch eine Unterf\u00fchrung; der Triumphbogen verf\u00fcgt \u00fcber eine Aussichtsplattform.<\/p>\n<h3 style=\"text-align: justify;\">Geschichte<\/h3>\n<p style=\"text-align: justify;\">Der Triumphbogen diente dem Ruhm der kaiserlichen Armeen und erscheint manchen heute als \u201eAltar des Vaterlandes\u201c, an dem die feierlichsten staatlichen Zeremonien Frankreichs stattfinden, die h\u00e4ufig von hier aus die Avenue des Champs-\u00c9lys\u00e9es hinuntergehen bzw. hier enden.<\/p>\n<p style=\"text-align: justify;\">Er steht im Zentrum des Place Charles de Gaulle (bis 1970 Place de l\u2019\u00c9toile), am westlichen Ausl\u00e4ufer der Avenue des Champs-\u00c9lys\u00e9es. Er ist Teil der \u201ehistorischen Achse\u201c, einer Reihe von Monumenten und gro\u00dfen Stra\u00dfen, die aus Paris herausf\u00fchren. Zw\u00f6lf Avenuen gehen sternf\u00f6rmig von diesem Triumphbogen aus. Die heutige Form des Platzes entstand 1854, war in Grundz\u00fcgen aber bereits seit dem sp\u00e4ten 18. Jahrhundert so \u00e4hnlich angelegt worden, wenn auch nur mit vier Stra\u00dfen.<\/p>\n<p style=\"text-align: justify;\">Der Triumphbogen selbst wurde von Napoleon nach der Schlacht von Austerlitz zur Verherrlichung seiner Siege 1806 in Auftrag gegeben. Am 15. August 1806 wurde der Grundstein zum Bau gelegt.[1] Zwei Jahre nahmen die Fundamente in Anspruch. 1810 erhoben sich die vier Pylonen des Triumphbogens aber erst bis zu einer H\u00f6he von 1 m. Aus Anlass von Napoleons Heirat mit der habsburgischen Prinzessin Marie-Louise lie\u00df der Kaiser ein provisorisches Modell des Triumphbogens aus Holz und Stuck in originaler Gr\u00f6\u00dfe errichten. \u00c4hnlich dem Elefanten der Bastille stand diese Ehrenpforte l\u00e4ngere Zeit als Platzhalter des unfertigen Monuments. Anders als im Falle des Elefanten kam es aber letztlich zum Weiterbau.<\/p>\n<p style=\"text-align: justify;\">Als der zust\u00e4ndige Architekt Jean-Fran\u00e7ois Chalgrin 1811 gestorben war und Napoleon 1814 abdankte, wurden die Bauarbeiten gestoppt. Louis XVIII. lie\u00df sie 1824 unter der Leitung von H\u00e9ricart de Thury wieder aufnehmen. 1830 entschied sich der \u201eB\u00fcrgerk\u00f6nig\u201c Louis-Philippe zur napoleonischen Konzeption zur\u00fcckzukehren. Er und Adolphe Thiers entschieden \u00fcber den figurativen Schmuck und seine Ausf\u00fchrenden. 1836, unter der Regierung des \u201eB\u00fcrgerk\u00f6nigs\u201c, wurde der Bogen von Huyot und Blouet fertiggestellt. Die feierliche Einweihung war am 29. Juli.<\/p>\n<p style=\"text-align: justify;\">Der Triumphbogen ist 49,54 m hoch, 44,82 m breit und 22 m tief. Der gro\u00dfe Gew\u00f6lbebogen misst 29,19 m in der H\u00f6he und 14,62 m in der Breite, der kleine Bogen 18,68 m in der H\u00f6he und 8,44 m in der Breite. Der Entwurf ist im Stil der antiken r\u00f6mischen Architektur gehalten. Die vier Figurengruppen an der Basis des Bogens zeigen Der Triumph von 1810, Widerstand, Frieden und La Marseillaise oder Auszug der Freiwilligen von 1792 (von Fran\u00e7ois Rude). Oben sind auf den Fl\u00e4chen rund um den Bogen Flachreliefs mit Nachbildungen von wichtigen revolution\u00e4ren und napoleonischen Siegen eingelassen. Die Innenw\u00e4nde des Triumphbogens beherbergen ein kleines Museum und f\u00fchren die Namen von 558 franz\u00f6sischen Milit\u00e4rs, vorwiegend Gener\u00e4len auf. Die Namen derjenigen, die im Kampf gefallen sind, sind unterstrichen.<\/p>\n<p style=\"text-align: justify;\">Quelle: <a title=\"Wikipedia - Triumphbogen (2014)\" href=\"http:\/\/de.wikipedia.org\/wiki\/Triumphbogen_%28Paris%29\" target=\"_blank\">Wikipedia (2014)<\/a><\/p>\n","protected":false},"excerpt":{"rendered":"<p>Arc de Triomphe [pano file=&#8220;https:\/\/www.aktiv-panorama.de\/360panoramen\/Paris_-_Arc_de_Triomphe.html&#8220; width=&#8220;860&#8243; height=&#8220;300&#8243; title=&#8220;Arc de Triomphe&#8220; alt=&#8220;Arc de Triomphe&#8220; preview=&#8220;https:\/\/www.aktiv-panorama.de\/wp-content\/uploads\/2014\/05\/Paris-Arc-de-Triomphe.jpg&#8220;] &nbsp; Arc de Triomphe und die\u00a0Avenue des Champs-\u00c9lys\u00e9es [pano file=&#8220;https:\/\/www.aktiv-panorama.de\/360panoramen\/Paris_-_Arc_de_Triomphe_Champs_Elysees.html&#8220; width=&#8220;860&#8243; height=&#8220;300&#8243; title=&#8220;Arc de Triomphe und die Avenue de Champs Elysees&#8220; alt=&#8220;Arc de Triomphe und die Avenue de Champs Elysees&#8220; preview=&#8220;https:\/\/www.aktiv-panorama.de\/wp-content\/uploads\/2014\/05\/Paris-Arc-de-Triomphe-Champs-Elysees.jpg&#8220;] &nbsp; Arc de Triomphe von der Avenue des Champs-\u00c9lys\u00e9es [pano [&hellip;]<\/p>\n","protected":false},"author":1,"featured_media":0,"parent":0,"menu_order":0,"comment_status":"closed","ping_status":"closed","template":"","meta":{"footnotes":""},"class_list":["post-2582","page","type-page","status-publish","hentry"],"yoast_head":"<!-- This site is optimized with the Yoast SEO plugin v27.4 - https:\/\/yoast.com\/product\/yoast-seo-wordpress\/ -->\n<title>360\u00b0-Panoramen vom Arc de Triomphe<\/title>\n<meta name=\"description\" content=\"360\u00b0-Panoramen vom Arc de Triomphe in Paris.\" \/>\n<meta name=\"robots\" content=\"index, follow, max-snippet:-1, max-image-preview:large, max-video-preview:-1\" \/>\n<link rel=\"canonical\" href=\"https:\/\/www.aktiv-panorama.de\/?page_id=2582\" \/>\n<meta property=\"og:locale\" content=\"de_DE\" \/>\n<meta property=\"og:type\" content=\"article\" \/>\n<meta property=\"og:title\" content=\"360\u00b0-Panoramen vom Arc de Triomphe\" \/>\n<meta property=\"og:description\" content=\"360\u00b0-Panoramen vom Arc de Triomphe in Paris.\" \/>\n<meta property=\"og:url\" content=\"https:\/\/www.aktiv-panorama.de\/?page_id=2582\" \/>\n<meta property=\"og:site_name\" content=\"Aktiv-Panorama\" \/>\n<meta property=\"article:modified_time\" content=\"2015-01-14T13:30:23+00:00\" \/>\n<meta name=\"twitter:label1\" content=\"Gesch\u00e4tzte Lesezeit\" \/>\n\t<meta name=\"twitter:data1\" content=\"5\u00a0Minuten\" \/>\n<script type=\"application\/ld+json\" class=\"yoast-schema-graph\">{\"@context\":\"https:\\\/\\\/schema.org\",\"@graph\":[{\"@type\":\"WebPage\",\"@id\":\"https:\\\/\\\/www.aktiv-panorama.de\\\/?page_id=2582\",\"url\":\"https:\\\/\\\/www.aktiv-panorama.de\\\/?page_id=2582\",\"name\":\"360\u00b0-Panoramen vom Arc de Triomphe\",\"isPartOf\":{\"@id\":\"https:\\\/\\\/www.aktiv-panorama.de\\\/#website\"},\"datePublished\":\"2015-01-12T15:59:38+00:00\",\"dateModified\":\"2015-01-14T13:30:23+00:00\",\"description\":\"360\u00b0-Panoramen vom Arc de Triomphe in Paris.\",\"breadcrumb\":{\"@id\":\"https:\\\/\\\/www.aktiv-panorama.de\\\/?page_id=2582#breadcrumb\"},\"inLanguage\":\"de\",\"potentialAction\":[{\"@type\":\"ReadAction\",\"target\":[\"https:\\\/\\\/www.aktiv-panorama.de\\\/?page_id=2582\"]}]},{\"@type\":\"BreadcrumbList\",\"@id\":\"https:\\\/\\\/www.aktiv-panorama.de\\\/?page_id=2582#breadcrumb\",\"itemListElement\":[{\"@type\":\"ListItem\",\"position\":1,\"name\":\"Startseite\",\"item\":\"https:\\\/\\\/www.aktiv-panorama.de\\\/\"},{\"@type\":\"ListItem\",\"position\":2,\"name\":\"360\u00b0-Panoramen vom Arc de Triomphe\"}]},{\"@type\":\"WebSite\",\"@id\":\"https:\\\/\\\/www.aktiv-panorama.de\\\/#website\",\"url\":\"https:\\\/\\\/www.aktiv-panorama.de\\\/\",\"name\":\"Aktiv-Panorama\",\"description\":\"360\u00b0-Panoramafotografie\",\"publisher\":{\"@id\":\"https:\\\/\\\/www.aktiv-panorama.de\\\/#organization\"},\"potentialAction\":[{\"@type\":\"SearchAction\",\"target\":{\"@type\":\"EntryPoint\",\"urlTemplate\":\"https:\\\/\\\/www.aktiv-panorama.de\\\/?s={search_term_string}\"},\"query-input\":{\"@type\":\"PropertyValueSpecification\",\"valueRequired\":true,\"valueName\":\"search_term_string\"}}],\"inLanguage\":\"de\"},{\"@type\":\"Organization\",\"@id\":\"https:\\\/\\\/www.aktiv-panorama.de\\\/#organization\",\"name\":\"Panorama-Fotografie\",\"url\":\"https:\\\/\\\/www.aktiv-panorama.de\\\/\",\"logo\":{\"@type\":\"ImageObject\",\"inLanguage\":\"de\",\"@id\":\"https:\\\/\\\/www.aktiv-panorama.de\\\/#\\\/schema\\\/logo\\\/image\\\/\",\"url\":\"https:\\\/\\\/i0.wp.com\\\/www.aktiv-panorama.de\\\/wp-content\\\/uploads\\\/2014\\\/11\\\/logo_aktiv-panorama-360_250px.png?fit=250%2C239\",\"contentUrl\":\"https:\\\/\\\/i0.wp.com\\\/www.aktiv-panorama.de\\\/wp-content\\\/uploads\\\/2014\\\/11\\\/logo_aktiv-panorama-360_250px.png?fit=250%2C239\",\"width\":250,\"height\":239,\"caption\":\"Panorama-Fotografie\"},\"image\":{\"@id\":\"https:\\\/\\\/www.aktiv-panorama.de\\\/#\\\/schema\\\/logo\\\/image\\\/\"}}]}<\/script>\n<!-- \/ Yoast SEO plugin. -->","yoast_head_json":{"title":"360\u00b0-Panoramen vom Arc de Triomphe","description":"360\u00b0-Panoramen vom Arc de Triomphe in Paris.","robots":{"index":"index","follow":"follow","max-snippet":"max-snippet:-1","max-image-preview":"max-image-preview:large","max-video-preview":"max-video-preview:-1"},"canonical":"https:\/\/www.aktiv-panorama.de\/?page_id=2582","og_locale":"de_DE","og_type":"article","og_title":"360\u00b0-Panoramen vom Arc de Triomphe","og_description":"360\u00b0-Panoramen vom Arc de Triomphe in Paris.","og_url":"https:\/\/www.aktiv-panorama.de\/?page_id=2582","og_site_name":"Aktiv-Panorama","article_modified_time":"2015-01-14T13:30:23+00:00","twitter_misc":{"Gesch\u00e4tzte Lesezeit":"5\u00a0Minuten"},"schema":{"@context":"https:\/\/schema.org","@graph":[{"@type":"WebPage","@id":"https:\/\/www.aktiv-panorama.de\/?page_id=2582","url":"https:\/\/www.aktiv-panorama.de\/?page_id=2582","name":"360\u00b0-Panoramen vom Arc de Triomphe","isPartOf":{"@id":"https:\/\/www.aktiv-panorama.de\/#website"},"datePublished":"2015-01-12T15:59:38+00:00","dateModified":"2015-01-14T13:30:23+00:00","description":"360\u00b0-Panoramen vom Arc de Triomphe in Paris.","breadcrumb":{"@id":"https:\/\/www.aktiv-panorama.de\/?page_id=2582#breadcrumb"},"inLanguage":"de","potentialAction":[{"@type":"ReadAction","target":["https:\/\/www.aktiv-panorama.de\/?page_id=2582"]}]},{"@type":"BreadcrumbList","@id":"https:\/\/www.aktiv-panorama.de\/?page_id=2582#breadcrumb","itemListElement":[{"@type":"ListItem","position":1,"name":"Startseite","item":"https:\/\/www.aktiv-panorama.de\/"},{"@type":"ListItem","position":2,"name":"360\u00b0-Panoramen vom Arc de Triomphe"}]},{"@type":"WebSite","@id":"https:\/\/www.aktiv-panorama.de\/#website","url":"https:\/\/www.aktiv-panorama.de\/","name":"Aktiv-Panorama","description":"360\u00b0-Panoramafotografie","publisher":{"@id":"https:\/\/www.aktiv-panorama.de\/#organization"},"potentialAction":[{"@type":"SearchAction","target":{"@type":"EntryPoint","urlTemplate":"https:\/\/www.aktiv-panorama.de\/?s={search_term_string}"},"query-input":{"@type":"PropertyValueSpecification","valueRequired":true,"valueName":"search_term_string"}}],"inLanguage":"de"},{"@type":"Organization","@id":"https:\/\/www.aktiv-panorama.de\/#organization","name":"Panorama-Fotografie","url":"https:\/\/www.aktiv-panorama.de\/","logo":{"@type":"ImageObject","inLanguage":"de","@id":"https:\/\/www.aktiv-panorama.de\/#\/schema\/logo\/image\/","url":"https:\/\/i0.wp.com\/www.aktiv-panorama.de\/wp-content\/uploads\/2014\/11\/logo_aktiv-panorama-360_250px.png?fit=250%2C239","contentUrl":"https:\/\/i0.wp.com\/www.aktiv-panorama.de\/wp-content\/uploads\/2014\/11\/logo_aktiv-panorama-360_250px.png?fit=250%2C239","width":250,"height":239,"caption":"Panorama-Fotografie"},"image":{"@id":"https:\/\/www.aktiv-panorama.de\/#\/schema\/logo\/image\/"}}]}},"_links":{"self":[{"href":"https:\/\/www.aktiv-panorama.de\/index.php?rest_route=\/wp\/v2\/pages\/2582","targetHints":{"allow":["GET"]}}],"collection":[{"href":"https:\/\/www.aktiv-panorama.de\/index.php?rest_route=\/wp\/v2\/pages"}],"about":[{"href":"https:\/\/www.aktiv-panorama.de\/index.php?rest_route=\/wp\/v2\/types\/page"}],"author":[{"embeddable":true,"href":"https:\/\/www.aktiv-panorama.de\/index.php?rest_route=\/wp\/v2\/users\/1"}],"replies":[{"embeddable":true,"href":"https:\/\/www.aktiv-panorama.de\/index.php?rest_route=%2Fwp%2Fv2%2Fcomments&post=2582"}],"version-history":[{"count":0,"href":"https:\/\/www.aktiv-panorama.de\/index.php?rest_route=\/wp\/v2\/pages\/2582\/revisions"}],"wp:attachment":[{"href":"https:\/\/www.aktiv-panorama.de\/index.php?rest_route=%2Fwp%2Fv2%2Fmedia&parent=2582"}],"curies":[{"name":"wp","href":"https:\/\/api.w.org\/{rel}","templated":true}]}}